{"id":22172,"date":"2018-01-02T01:05:57","date_gmt":"2018-01-02T01:05:57","guid":{"rendered":"http:\/\/biblian.is\/videy\/onnur-makkabeabok-2-kafli\/"},"modified":"2018-01-02T01:05:57","modified_gmt":"2018-01-02T01:05:57","slug":"onnur-makkabeabok-2-kafli","status":"publish","type":"page","link":"https:\/\/biblian.is\/videy\/onnur-makkabeabok-2-kafli\/","title":{"rendered":"\u00d6nnur Makkabeab\u00f3k 2. kafli"},"content":{"rendered":"<div class=\"fyrirsognVidey\">Sama efni, og um s\u00f6gu Jasons fr\u00e1 Kyrene.<\/div>\n<p><a name=\"1\"><span class=\"versanumer\">1<\/span><\/a>En \u00fea\u00f0 finnst \u00ed ritningunum, a\u00f0 Jerem\u00edas sp\u00e1ma\u00f0ur hafi bo\u00f0i\u00f0 \u00feeim herteknu, a\u00f0 taka af eldinum, eins og fr\u00e1 var sagt,<a name=\"2\"><span class=\"versanumer\">2<\/span><\/a>og \u00feegar sp\u00e1ma\u00f0urinn bau\u00f0 \u00feeim herteknu, \u00ed \u00fev\u00ed hann f\u00e9kk \u00feeim l\u00f6gm\u00e1li\u00f0, a\u00f0 \u00feeir skyldu ekki gleyma Drottins bo\u00f0or\u00f0um, n\u00e9 l\u00e1ta s\u00edn hj\u00f6rtu afvegalei\u00f0a, \u00feegar \u00feeir mundu sj\u00e1 go\u00f0ab\u00edl\u00e6tin af silfri og gulli og skarti\u00f0 \u00e1 \u00feeim.<a name=\"3\"><span class=\"versanumer\">3<\/span><\/a>Og talandi anna\u00f0 \u00feessh\u00e1ttar, \u00e1minnti hann \u00fe\u00e1 um \u00fea\u00f0 a\u00f0 l\u00e1ta s\u00e9r ekki gleymast l\u00f6gm\u00e1li\u00f0.<a name=\"4\"><span class=\"versanumer\">4<\/span><\/a>En \u00fea\u00f0 st\u00f3\u00f0 l\u00edka \u00ed ritinu, hv\u00f6rsu a\u00f0 sp\u00e1ma\u00f0urinn, eftir gu\u00f0legri opinberan, l\u00e9t eftir s\u00e9r bera tjaldi\u00f0 og \u00f6rkina, og hv\u00f6rsu hann gekk upp \u00e1 fjalli\u00f0, \u00fea\u00f0 sem M\u00f3ses st\u00e9 upp\u00e1, og s\u00e1 \u00fea\u00f0an Gu\u00f0s erf\u00f0aland.<a name=\"5\"><span class=\"versanumer\">5<\/span><\/a>\u00deegar Jerem\u00edas var n\u00fa \u00feanga\u00f0 kominn, fann hann \u00fear hellir, og f\u00f3r \u00feanga\u00f0 me\u00f0 tjaldi\u00f0 og \u00f6rkina og reykaltari\u00f0, og hl\u00f3\u00f0 fyrir munnann.<a name=\"6\"><span class=\"versanumer\">6<\/span><\/a>Og nokkrir af hans fylgdarm\u00f6nnum komu \u00fear a\u00f0, til a\u00f0 setja \u00e1 sig veginn, en g\u00e1tu ekki fundi\u00f0.<a name=\"7\"><span class=\"versanumer\">7<\/span><\/a>En sem Jerem\u00edas f\u00e9kk \u00fea\u00f0 a\u00f0 vita, \u00e1v\u00edtti hann \u00fe\u00e1 og m\u00e6lti: sta\u00f0urinn ver\u00f0ur \u00f3kunnur, \u00feanga\u00f0 til Gu\u00f0 saman heimtir sitt f\u00f3lk og ver\u00f0ur \u00fev\u00ed n\u00e1\u00f0ugur.<a name=\"8\"><span class=\"versanumer\">8<\/span><\/a>Og \u00fe\u00e1 mun Drottinn l\u00e1ta hann finnast, og d\u00fdr\u00f0 Drottins og sk\u00fdi\u00f0 munu birtast, eins sem \u00fea\u00f0 s\u00e1st \u00e1 M\u00f3sis <span class='VideyAth'>(d\u00f6gum)<\/span>, og sem Sal\u00f3mon ba\u00f0, a\u00f0 sta\u00f0urinn yr\u00f0i einkanlega heilagur.<a name=\"9\"><span class=\"versanumer\">9<\/span><\/a>\u00deess var og geti\u00f0, hv\u00f6rsu \u00feessi, fullur v\u00edsd\u00f3ms, frambar v\u00edgsluf\u00f3rnina, \u00fe\u00e1 musterisbyggingunni var loki\u00f0.<a name=\"10\"><span class=\"versanumer\">10<\/span><\/a>Eins og M\u00f3ses l\u00edka ba\u00f0 til Drottins og eldur f\u00e9ll af himni og eyddi f\u00f3rninni: svo a\u00f0 og Sal\u00f3mon, og s\u00e1 ni\u00f0urfallni eldur eyddi brennif\u00f3rninni.<a name=\"11\"><span class=\"versanumer\">11<\/span><\/a>Og M\u00f3ses m\u00e6lti: af \u00fev\u00ed syndaf\u00f3rnin er ekki etin, er henni eytt.<a name=\"12\"><span class=\"versanumer\">12<\/span><\/a>\u00c1 sama h\u00e1tt h\u00e9lt Sal\u00f3mon helga \u00fe\u00e1 \u00e1tta daga.<a name=\"13\"><span class=\"versanumer\">13<\/span><\/a>Fr\u00e1 \u00fev\u00ed sama er l\u00edka sagt \u00ed ritum og minnisb\u00f3kum Nehem\u00eda, og hv\u00f6rsu hann lag\u00f0i grundv\u00f6ll til b\u00f3kasafns og samansafna\u00f0i b\u00f3kum k\u00f3nganna og sp\u00e1mannanna og Dav\u00ed\u00f0s, og br\u00e9fum k\u00f3nganna vi\u00f0v\u00edkjandi musterisg\u00e1funum.<a name=\"14\"><span class=\"versanumer\">14<\/span><\/a>S\u00f6mulei\u00f0is hefir og J\u00fadas \u00f6llum <span class='VideyAth'>(ritum)<\/span> safna\u00f0, sem sakir \u00feess h\u00e1\u00f0a str\u00ed\u00f0s voru tv\u00edstru\u00f0, og \u00feau eru oss vi\u00f0 h\u00f6nd.<a name=\"15\"><span class=\"versanumer\">15<\/span><\/a>Ef \u00fe\u00e9r n\u00fa \u00feurfi\u00f0 \u00feessara vi\u00f0, svo sendi\u00f0 menn sem s\u00e6ki \u00feau. <br \/><a name=\"16\"><span class=\"versanumer\">16<\/span><\/a>\u00dear e\u00f0 v\u00e9r n\u00fa viljum halda helga hreinsun <span class='VideyAth'>(musterisins)<\/span> svo skrifum v\u00e9r y\u00f0ur. \u00de\u00e9r gj\u00f6ri\u00f0 n\u00fa vel ef \u00fe\u00e9r haldi\u00f0 dagana helga.<a name=\"17\"><span class=\"versanumer\">17<\/span><\/a>En Gu\u00f0, sem hefir frelsa\u00f0 allt sitt f\u00f3lk, og veitt alla eign og k\u00f3ngsr\u00edki og prestskap og helgid\u00f3m,<a name=\"18\"><span class=\"versanumer\">18<\/span><\/a>eins og hann h\u00e9t \u00ed l\u00f6gm\u00e1linu: v\u00e9r h\u00f6fum \u00fe\u00e1 von til Gu\u00f0s, a\u00f0 hann skj\u00f3tt miskunni oss og safni oss saman \u00far \u00f6llum h\u00e9r\u00f6\u00f0um undir himninum \u00ed \u00fea\u00f0 heilaga land, \u00fev\u00ed hann hefir frelsa\u00f0 oss \u00far mikilli \u00f3g\u00e6fu og hreinsa\u00f0 musteri\u00f0. <br \/><a name=\"19\"><span class=\"versanumer\">19<\/span><\/a>En s\u00f6gu J\u00fada Makkabeans og hans br\u00e6\u00f0ra og hreinsun \u00feess mikla musteris og v\u00edgsla altarisins,<a name=\"20\"><span class=\"versanumer\">20<\/span><\/a>s\u00f6mulei\u00f0is str\u00ed\u00f0in vi\u00f0 Ant\u00edokus g\u00f6fga <span class='VideyAth'>(Epifanes)<\/span> og hans son Evpator,<a name=\"21\"><span class=\"versanumer\">21<\/span><\/a>og \u00fe\u00e1 fr\u00e1 himnum bers\u00fdnilega sendu li\u00f0semd, \u00feeim til g\u00f3\u00f0s sem me\u00f0 e\u00f0allyndi b\u00f6r\u00f0ust fyrir J\u00fadad\u00f3minn, svo a\u00f0 f\u00e1ir a\u00f0 t\u00f6lu eyddu allt landi\u00f0, og hr\u00f6ktu burt \u00feann \u00fatlenda her,<a name=\"22\"><span class=\"versanumer\">22<\/span><\/a>og settu aftur \u00ed lag \u00fea\u00f0, \u00ed \u00f6llum heimi fr\u00e6ga musteri, og frelsu\u00f0u borgina, og vi\u00f0r\u00e9ttu l\u00f6gm\u00e1li\u00f0 sem menn \u00e6tlu\u00f0u a\u00f0 aftaka, af \u00fev\u00ed Gu\u00f0 me\u00f0 allri g\u00f3\u00f0semi var \u00feeim n\u00e1\u00f0ugur,<a name=\"23\"><span class=\"versanumer\">23<\/span><\/a>\u00fea\u00f0, sem Jason fr\u00e1 Kyrene hefir sagt fr\u00e1 \u00ed fimm b\u00f3kum, \u00fea\u00f0 viljum v\u00e9r reyna til a\u00f0 samandraga \u00ed eina.<a name=\"24\"><span class=\"versanumer\">24<\/span><\/a>\u00dev\u00ed n\u00e6r v\u00e9r huglei\u00f0um \u00fe\u00e6r m\u00f6rgu t\u00f6lur og erfi\u00f0leikann, sakir \u00feess mikla efnis, sem \u00feeim m\u00e6tir, er s\u00f6gur vilja segja,<a name=\"25\"><span class=\"versanumer\">25<\/span><\/a>h\u00f6fum v\u00e9r vilja\u00f0 vinna \u00feeim, sem s\u00f6gur lesa, til \u00e1n\u00e6gju, og \u00feeim sem \u00fe\u00e6r \u00e1stunda a\u00f0 muna, til l\u00e9ttirs, og \u00f6llum sem b\u00f3k \u00feessi kemur \u00ed h\u00f6nd, til nytsemi. <br \/><a name=\"26\"><span class=\"versanumer\">26<\/span><\/a>S\u00fa fyrirh\u00f6fn er v\u00e9r t\u00f6kumst \u00e1 hendur, a\u00f0 gj\u00f6ra \u00feetta \u00e1grip, er ekki l\u00edtil, heldur svita og svefnleysis starf,<a name=\"27\"><span class=\"versanumer\">27<\/span><\/a>eins og \u00feeim ver\u00f0ur \u00fea\u00f0 ekki l\u00e9tt sem gestabo\u00f0 tilrei\u00f0ir, og \u00f6\u00f0rum til gagns \u00e6tlar; en samt viljum v\u00e9r gjarnan bera m\u00e6\u00f0una, sakir \u00feeirrar \u00feakkar sem v\u00e9r b\u00faumst vi\u00f0 af m\u00f6rgum.<a name=\"28\"><span class=\"versanumer\">28<\/span><\/a>N\u00e1kv\u00e6mnina \u00ed hv\u00f6rju einst\u00f6ku, h\u00f6fum v\u00e9r yfirl\u00e1ti\u00f0 h\u00f6fundinum, en gj\u00f6rum oss annt um a\u00f0 fylgja \u00feeim \u00e1\u00f0ur dregnu \u00e1gripsstrikum.<a name=\"29\"><span class=\"versanumer\">29<\/span><\/a>\u00dev\u00ed eins og s\u00e1 sem byggir n\u00fdtt h\u00fas, ver\u00f0ur a\u00f0 hugsa um alla bygginguna, en hinn sem tekst \u00e1 hendur a\u00f0 pr\u00fd\u00f0a hana og m\u00e1la, hann \u00e1 a\u00f0eins a\u00f0 grennslast eftir \u00fev\u00ed sem er hentugt til pr\u00fd\u00f0i, svo er \u00fev\u00ed h\u00e1tta\u00f0 hva\u00f0 mig \u00e1hr\u00e6rir.<a name=\"30\"><span class=\"versanumer\">30<\/span><\/a>H\u00f6fundi s\u00f6gunnar ber a\u00f0 rekja hana, gj\u00f6ra skil fyrir \u00f6llu, og grennslast vandlega eftir \u00f6llu einst\u00f6ku.<a name=\"31\"><span class=\"versanumer\">31<\/span><\/a>En \u00feeim ver\u00f0ur a\u00f0 leyfast sem ummyndar verki\u00f0, a\u00f0 stytta or\u00f0f\u00e6ri\u00f0 og sleppa \u00fev\u00ed erfi\u00f0asta \u00far s\u00f6gunni.<a name=\"32\"><span class=\"versanumer\">32<\/span><\/a>Og n\u00fa viljum v\u00e9r byrja fr\u00e1s\u00f6guna, eftir a\u00f0 v\u00e9r h\u00f6fum sett \u00feenna litla inngang; \u00fev\u00ed \u00fea\u00f0 er f\u00e1v\u00edslegt a\u00f0 vera margor\u00f0ur \u00ed s\u00f6gunnar form\u00e1la, en stytta s\u00f6guna sj\u00e1lfa.<\/p>\n<div class=\"footnoteVidey\"><\/div>\n","protected":false},"excerpt":{"rendered":"<p>Sama efni, og um s\u00f6gu Jasons fr\u00e1 Kyrene. 1En \u00fea\u00f0 finnst \u00ed ritningunum, a\u00f0 Jerem\u00edas sp\u00e1ma\u00f0ur hafi bo\u00f0i\u00f0 \u00feeim herteknu, a\u00f0 taka af eldinum, eins og fr\u00e1 var sagt,2og \u00feegar sp\u00e1ma\u00f0urinn bau\u00f0 \u00feeim herteknu, \u00ed \u00fev\u00ed hann f\u00e9kk \u00feeim l\u00f6gm\u00e1li\u00f0, a\u00f0 \u00feeir skyldu ekki gleyma Drottins bo\u00f0or\u00f0um, n\u00e9 l\u00e1ta s\u00edn hj\u00f6rtu afvegalei\u00f0a, \u00feegar \u00feeir mundu sj\u00e1 go\u00f0ab\u00edl\u00e6tin af silfri og gulli og skarti\u00f0 \u00e1 \u00feeim.3Og talandi anna\u00f0 \u00feessh\u00e1ttar, \u00e1minnti hann \u00fe\u00e1 um \u00fea\u00f0 a\u00f0 l\u00e1ta s\u00e9r ekki gleymast l\u00f6gm\u00e1li\u00f0.4En \u00fea\u00f0 st\u00f3\u00f0 l\u00edka \u00ed ritinu, hv\u00f6rsu a\u00f0 sp\u00e1ma\u00f0urinn, eftir gu\u00f0legri opinberan, l\u00e9t eftir s\u00e9r bera tjaldi\u00f0 og \u00f6rkina, og hv\u00f6rsu hann <a href=\"https:\/\/biblian.is\/videy\/onnur-makkabeabok-2-kafli\/\"> [&#8230;]<\/a><\/p>\n","protected":false},"author":1,"featured_media":0,"parent":0,"menu_order":0,"comment_status":"open","ping_status":"open","template":"bibliukaflar.php","meta":{"footnotes":""},"class_list":["post-22172","page","type-page","status-publish","hentry"],"_links":{"self":[{"href":"https:\/\/biblian.is\/videy\/wp-json\/wp\/v2\/pages\/22172","targetHints":{"allow":["GET"]}}],"collection":[{"href":"https:\/\/biblian.is\/videy\/wp-json\/wp\/v2\/pages"}],"about":[{"href":"https:\/\/biblian.is\/videy\/wp-json\/wp\/v2\/types\/page"}],"author":[{"embeddable":true,"href":"https:\/\/biblian.is\/videy\/wp-json\/wp\/v2\/users\/1"}],"replies":[{"embeddable":true,"href":"https:\/\/biblian.is\/videy\/wp-json\/wp\/v2\/comments?post=22172"}],"version-history":[{"count":0,"href":"https:\/\/biblian.is\/videy\/wp-json\/wp\/v2\/pages\/22172\/revisions"}],"wp:attachment":[{"href":"https:\/\/biblian.is\/videy\/wp-json\/wp\/v2\/media?parent=22172"}],"curies":[{"name":"wp","href":"https:\/\/api.w.org\/{rel}","templated":true}]}}