{"id":22060,"date":"2018-01-02T01:05:23","date_gmt":"2018-01-02T01:05:23","guid":{"rendered":"http:\/\/biblian.is\/videy\/juditarbok-8-kafli\/"},"modified":"2018-01-02T01:05:23","modified_gmt":"2018-01-02T01:05:23","slug":"juditarbok-8-kafli","status":"publish","type":"page","link":"https:\/\/biblian.is\/videy\/juditarbok-8-kafli\/","title":{"rendered":"J\u00fad\u00edtarb\u00f3k 8. kafli"},"content":{"rendered":"<div class=\"fyrirsognVidey\">J\u00fadit lastar \u00fe\u00e1 gj\u00f6r\u00f0u \u00e1lyktun, lofar a\u00f0 gj\u00f6ra hva\u00f0 h\u00fan geti.<\/div>\n<p><a name=\"1\"><span class=\"versanumer\">1<\/span><\/a>\u00deetta f\u00e9kk J\u00fadit strax a\u00f0 heyra, d\u00f3ttir Merari, sonar Ox, sonar J\u00f3seps, sonar Os\u00edels, sonar Elk\u00eda, sonar El\u00eda, sonar Kelk\u00eda, sonar El\u00edabs, sonar Natanaels, sonar Salam\u00edels, sonar Sarasadai, sonar \u00cdsraels.<a name=\"2\"><span class=\"versanumer\">2<\/span><\/a>Og ma\u00f0ur hennar var Manasse, af s\u00f6mu kynkv\u00edsl og s\u00f6mu \u00e6tt, og hann haf\u00f0i s\u00e1last um bygguppskerut\u00edmann;<a name=\"3\"><span class=\"versanumer\">3<\/span><\/a>\u00dev\u00ed \u00fe\u00e1 hann st\u00f3\u00f0 hj\u00e1 \u00feeim sem bundu kerfin \u00e1 akrinum, kom steikjandi s\u00f3larhiti \u00e1 hans h\u00f6fu\u00f0, og hann lag\u00f0ist \u00ed r\u00fam, og d\u00f3 \u00ed Betylua, s\u00ednum sta\u00f0, og var grafin hj\u00e1 s\u00ednum fe\u00f0rum, \u00e1 akrinum milli D\u00f3taim og Belamon.<a name=\"4\"><span class=\"versanumer\">4<\/span><\/a>Og J\u00fadit lif\u00f0i \u00ed s\u00ednu h\u00fasi sem ekkja 3 \u00e1r og 4 m\u00e1nu\u00f0i.<a name=\"5\"><span class=\"versanumer\">5<\/span><\/a>Og h\u00fan gj\u00f6r\u00f0i s\u00e9r kofa \u00e1 \u00feaki s\u00edns h\u00fass, og lag\u00f0i sekk um s\u00ednar mja\u00f0mir, og bar sinn ekkjub\u00faning.<a name=\"6\"><span class=\"versanumer\">6<\/span><\/a>Og h\u00fan fasta\u00f0i alla daga s\u00edns ekkjud\u00f3ms, nema kv\u00f6ldi\u00f0 fyrir hv\u00edldar daginn, og hv\u00edldar daginn, og kv\u00f6ldi\u00f0 fyrir tunglkomudaginn, og tunglkomudaginn, og \u00e1 h\u00e1t\u00ed\u00f0um og gle\u00f0id\u00f6gum \u00cdsraels h\u00fass.<a name=\"7\"><span class=\"versanumer\">7<\/span><\/a>Og h\u00fan var fr\u00ed\u00f0 s\u00fdnum og mj\u00f6g v\u00e6n \u00ed \u00fatliti, og ma\u00f0ur hennar Manasse haf\u00f0i eftirskili\u00f0 henni gull, silfur og \u00fer\u00e6la og \u00feernur og f\u00e9na\u00f0 og akra sem h\u00fan f\u00e9kk a\u00f0 halda.<a name=\"8\"><span class=\"versanumer\">8<\/span><\/a>Og engin var s\u00e9 sem b\u00e6ri henni nokku\u00f0 misjafnt, \u00fear e\u00f0 h\u00fan var mj\u00f6g gu\u00f0hr\u00e6dd.<a name=\"9\"><span class=\"versanumer\">9<\/span><\/a>Og h\u00fan heyr\u00f0i \u00fea\u00f0 sl\u00e6ma tal f\u00f3lksins gegn fyrirli\u00f0unum, \u00fev\u00ed \u00feeir voru huglausir af vatns skorti; og J\u00fadit heyr\u00f0i allt \u00fea\u00f0 tal sem Osia haf\u00f0i vi\u00f0 \u00fe\u00e1 \u00e1tt, hv\u00f6rsu hann haf\u00f0i svari\u00f0 \u00feeim, a\u00f0 gefa upp sta\u00f0inn vi\u00f0 ass\u00fdriska, innan 5 daga. <br \/><a name=\"10\"><span class=\"versanumer\">10<\/span><\/a>\u00de\u00e1 sendi h\u00fan s\u00edna stofumey, sem sett var yfir allar hennar eigur, og l\u00e9t kalla Osia og Kabris og Karmis, \u00fe\u00e1 elstu \u00ed sta\u00f0num.<a name=\"11\"><span class=\"versanumer\">11<\/span><\/a>Og \u00feeir komu til hennar, og h\u00fan sag\u00f0i vi\u00f0 \u00fe\u00e1: heyri\u00f0 mig n\u00fa, \u00fe\u00e9r yfirmenn Betyl\u00fauinnb\u00faa. \u00dev\u00ed ekki er y\u00f0ar or\u00f0 r\u00e9tt sem \u00fe\u00e9r hafi\u00f0 tala\u00f0 fyrir f\u00f3lkinu \u00e1 \u00feessum degi og haf\u00f0i svari\u00f0 ei\u00f0, hv\u00f6rn \u00fe\u00e9r framm\u00e6ltu\u00f0 milli Gu\u00f0s og y\u00f0ar, og hafi\u00f0 sagt, a\u00f0 \u00fe\u00e9r mundu\u00f0 gefa sta\u00f0inn upp vi\u00f0 vora \u00f3vini, nema Herrann \u00fev\u00ed fyrr sneri s\u00e9r oss til li\u00f0veislu.<a name=\"12\"><span class=\"versanumer\">12<\/span><\/a>Og hv\u00f6rjir eru\u00f0 \u00fe\u00e9r, a\u00f0 \u00fe\u00e9r hafi\u00f0 freista\u00f0 Gu\u00f0s \u00ed dag, og sett y\u00f0ur \u00ed Gu\u00f0s sta\u00f0 me\u00f0al mannanna?<a name=\"13\"><span class=\"versanumer\">13<\/span><\/a>Og n\u00fa vilji\u00f0 \u00fe\u00e9r komast fyrir <span class='VideyAth'>(rannsaka)<\/span> Drottin \u00feann alm\u00e1ttuga, en \u00fe\u00e9r munu\u00f0 einkis ver\u00f0a v\u00edsari a\u00f0 eil\u00edfu.<a name=\"14\"><span class=\"versanumer\">14<\/span><\/a>\u00dev\u00ed d\u00fdpt mannsins hjarta munu\u00f0 \u00fe\u00e9r ekki finna, og hugsanir hans sinnis ekki gr\u00edpa; og hv\u00f6rnig vilji\u00f0 \u00fe\u00e9r \u00fe\u00e1 f\u00e1 rannsaka\u00f0 Gu\u00f0, og \u00feekkt hans hugsanir, og skili\u00f0 hans \u00feanka? Enganveginn m\u00ednir br\u00e6\u00f0ur! egni\u00f0 ei Drottin vorn Gu\u00f0 til rei\u00f0i.<a name=\"15\"><span class=\"versanumer\">15<\/span><\/a>\u00dev\u00ed \u00fe\u00f3 hann vilji ekki hj\u00e1lpa oss \u00e1 fimm d\u00f6gum, hefir hann r\u00e1\u00f0 til a\u00f0 verja oss, \u00e1 hv\u00f6rjum degi sem hann vill, e\u00f0ur og a\u00f0 l\u00e1ta oss b\u00ed\u00f0a tj\u00f3n af vorum \u00f3vinum.<a name=\"16\"><span class=\"versanumer\">16<\/span><\/a>En \u00fe\u00e9r skulu\u00f0 ekki leitast vi\u00f0 a\u00f0 ney\u00f0a \u00fat af Drottni vorum Gu\u00f0i hans r\u00e1\u00f0agj\u00f6r\u00f0ir! \u00dev\u00ed Gu\u00f0 er ei eins og ma\u00f0ur a\u00f0 honum ver\u00f0i h\u00f3ta\u00f0, ei heldur eins og mannsins barn a\u00f0 hann me\u00f0 b\u00e6num ver\u00f0i unninn.<a name=\"17\"><span class=\"versanumer\">17<\/span><\/a>V\u00e9r skulum \u00fev\u00ed v\u00e6nta vorrar frelsunar fr\u00e1 honum, og \u00e1kalla hann oss til hj\u00e1lpar; og hann mun heyra oss, ef honum \u00fe\u00f3knast.<a name=\"18\"><span class=\"versanumer\">18<\/span><\/a>\u00dev\u00ed ekki hefir uppkomi\u00f0 \u00e1 vorri t\u00ed\u00f0, og ekki er til \u00e1 \u00feessum degi, kynkv\u00edsl e\u00f0ur \u00e6tt e\u00f0ur f\u00f3lk e\u00f0ur sta\u00f0ur vor \u00e1 me\u00f0al, sem tilbi\u00f0ji gu\u00f0i me\u00f0 h\u00f6ndum gj\u00f6r\u00f0a, sem \u00fe\u00f3 ske\u00f0 hefir \u00e1 fyrri t\u00edmum,<a name=\"19\"><span class=\"versanumer\">19<\/span><\/a>hv\u00f6rs vegna vorir fe\u00f0ur voru ofurgefnir sver\u00f0inu og r\u00e1ninu og li\u00f0u miki\u00f0 manntj\u00f3n fyrir vorum \u00f3vinum.<a name=\"20\"><span class=\"versanumer\">20<\/span><\/a>En v\u00e9r \u00feekkjum engan annan Gu\u00f0 en hann: hv\u00f6rs vegna v\u00e9r vonum, a\u00f0 hann muni ekki gleyma oss e\u00f0a nokkru af voru f\u00f3lki.<a name=\"21\"><span class=\"versanumer\">21<\/span><\/a>\u00dev\u00ed ef v\u00e9r ver\u00f0um unnir, svo mun allt J\u00fadaland undirokast, og vor helgid\u00f3mur mun ver\u00f0a r\u00e6ndur, og hann <span class='VideyAth'>(Drottinn)<\/span> mun krefjast hans vanhelgunar af vorum munni.<a name=\"22\"><span class=\"versanumer\">22<\/span><\/a>Og hann mun l\u00e1ta oss \u00ed koll koma me\u00f0al \u00feess f\u00f3lks, hvar v\u00e9r \u00fej\u00f3num, dr\u00e1p vorra br\u00e6\u00f0ra, undirokun landsins, ey\u00f0ilegging vorra eigna, og v\u00e9r munum ver\u00f0a \u00e1steyting og h\u00e1\u00f0ung vorum h\u00fassb\u00e6ndum <span class='VideyAth'>(sigurvegurum)<\/span>.<a name=\"23\"><span class=\"versanumer\">23<\/span><\/a>\u00dev\u00ed ekki mun vor \u00fer\u00e6ld\u00f3mur sn\u00faast til n\u00e1\u00f0ar, heldur mun Herrann vor Gu\u00f0 gj\u00f6ra hann a\u00f0 h\u00e1\u00f0ung.<a name=\"24\"><span class=\"versanumer\">24<\/span><\/a>Og n\u00fa br\u00e6\u00f0ur, l\u00e1tum oss s\u00fdna vorum br\u00e6\u00f0rum, a\u00f0 \u00feeirra l\u00edf er \u00ed vorri hendi, og helgid\u00f3murinn og musteri\u00f0 og altari\u00f0 sty\u00f0st vi\u00f0 oss.<a name=\"25\"><span class=\"versanumer\">25<\/span><\/a>En fremur l\u00e1tum oss gj\u00f6ra \u00feakkir Drottni vorum Gu\u00f0i, sem reynir oss, eins og vora fe\u00f0ur.<a name=\"26\"><span class=\"versanumer\">26<\/span><\/a>Muni\u00f0 \u00fea\u00f0 hv\u00f6rnig hann f\u00f3r me\u00f0 Abraham, og hv\u00f6rsu hann reyndi \u00cdsak, og hva\u00f0 framkom vi\u00f0 Jakob \u00ed Mes\u00f3p\u00f3tam\u00edu, \u00fe\u00e1 hann geymdi sau\u00f0a Labans m\u00f3\u00f0urbr\u00f3\u00f0ur s\u00edns.<a name=\"27\"><span class=\"versanumer\">27<\/span><\/a>\u00dev\u00ed eins og hann pr\u00f3fa\u00f0i \u00fe\u00e1 til a\u00f0 rannsaka \u00feeirra hjarta, svo refsar hann oss ekki, heldur agar Herrann \u00fe\u00e1 sem hann a\u00f0hyllast til betrunar. <br \/><a name=\"28\"><span class=\"versanumer\">28<\/span><\/a>Og Os\u00eda sag\u00f0i til hennar: allt sem \u00fe\u00fa sag\u00f0ir hefir \u00fe\u00fa tala\u00f0 af g\u00f3\u00f0um huga, og enginn ma\u00f0ur er s\u00e1, sem setur sig \u00e1 m\u00f3ti \u00fe\u00ednum or\u00f0um.<a name=\"29\"><span class=\"versanumer\">29<\/span><\/a>\u00dev\u00ed ekki ver\u00f0ur \u00fe\u00edn viska fyrst \u00ed dag opinber, heldur hefir f\u00f3lki\u00f0 fyrri \u00feekkt \u00fe\u00edn hyggindi, hv\u00f6rsu hugsanir \u00fe\u00edns hjarta eru g\u00f3\u00f0ar.<a name=\"30\"><span class=\"versanumer\">30<\/span><\/a>En f\u00f3lki\u00f0 \u00feolir mikinn \u00feorsta, og hefir \u00fevinga\u00f0 oss til a\u00f0 gj\u00f6ra, eins og v\u00e9r h\u00f6fum tala\u00f0 vi\u00f0 \u00fea\u00f0, og lagt \u00e1 oss ei\u00f0, sem v\u00e9r gefum ekki rofi\u00f0.<a name=\"31\"><span class=\"versanumer\">31<\/span><\/a>Og bi\u00f0 \u00fe\u00fa n\u00fa fyrir oss, a\u00f0 Drottinn sendi regn, til a\u00f0 fylla vora brunna, og svo v\u00e9r ekki framar \u00f6rm\u00f6gnumst.<a name=\"32\"><span class=\"versanumer\">32<\/span><\/a>Og J\u00fadit svara\u00f0i \u00feeim: heyri\u00f0 mig, eg vil gj\u00f6ra \u00fea\u00f0 verk, sem spyrjast skal til sona m\u00edns f\u00f3lks, til allra ni\u00f0ja m\u00edns f\u00f3lks.<a name=\"33\"><span class=\"versanumer\">33<\/span><\/a>Standi\u00f0 vi\u00f0 <span class='VideyAth'>(borgar)<\/span>hli\u00f0i\u00f0 \u00feessa n\u00f3tt og eg vil \u00fatganga me\u00f0 minni stofumey, og \u00e1 \u00feeim s\u00f6mu d\u00f6gum, a\u00f0 hv\u00f6rjum li\u00f0num \u00fe\u00e9r hafi\u00f0 sagt, a\u00f0 \u00fe\u00e9r vildu\u00f0 gefa upp sta\u00f0inn vi\u00f0 vora \u00f3vini, mun \u00cdsraels Drottinn vitja vor, fyrir m\u00edna h\u00f6nd.<a name=\"34\"><span class=\"versanumer\">34<\/span><\/a>En \u00fe\u00e9r skulu\u00f0 ei grennslast eftir m\u00ednu \u00e1formi, \u00fev\u00ed eg mun ekki segja y\u00f0ur \u00fea\u00f0, fyrr en \u00fea\u00f0 er gj\u00f6rt, sem eg \u00e6tla a\u00f0 gj\u00f6ra.<a name=\"35\"><span class=\"versanumer\">35<\/span><\/a>Og Os\u00eda m\u00e6lti og fyrirmennirnir vi\u00f0 hana: far \u00fe\u00fa \u00ed fri\u00f0i, og Gu\u00f0 Drottinn s\u00e9 \u00e1 undan \u00fe\u00e9r til hegningar vorum \u00f3vinum!<a name=\"36\"><span class=\"versanumer\">36<\/span><\/a>Og \u00feeir f\u00f3ru burt \u00far kofanum, og gengu \u00e1 sinn v\u00f6r\u00f0.<\/p>\n<div class=\"footnoteVidey\"><\/div>\n","protected":false},"excerpt":{"rendered":"<p>J\u00fadit lastar \u00fe\u00e1 gj\u00f6r\u00f0u \u00e1lyktun, lofar a\u00f0 gj\u00f6ra hva\u00f0 h\u00fan geti. 1\u00deetta f\u00e9kk J\u00fadit strax a\u00f0 heyra, d\u00f3ttir Merari, sonar Ox, sonar J\u00f3seps, sonar Os\u00edels, sonar Elk\u00eda, sonar El\u00eda, sonar Kelk\u00eda, sonar El\u00edabs, sonar Natanaels, sonar Salam\u00edels, sonar Sarasadai, sonar \u00cdsraels.2Og ma\u00f0ur hennar var Manasse, af s\u00f6mu kynkv\u00edsl og s\u00f6mu \u00e6tt, og hann haf\u00f0i s\u00e1last um bygguppskerut\u00edmann;3\u00dev\u00ed \u00fe\u00e1 hann st\u00f3\u00f0 hj\u00e1 \u00feeim sem bundu kerfin \u00e1 akrinum, kom steikjandi s\u00f3larhiti \u00e1 hans h\u00f6fu\u00f0, og hann lag\u00f0ist \u00ed r\u00fam, og d\u00f3 \u00ed Betylua, s\u00ednum sta\u00f0, og var grafin hj\u00e1 s\u00ednum fe\u00f0rum, \u00e1 akrinum milli D\u00f3taim og Belamon.4Og J\u00fadit lif\u00f0i \u00ed s\u00ednu <a href=\"https:\/\/biblian.is\/videy\/juditarbok-8-kafli\/\"> [&#8230;]<\/a><\/p>\n","protected":false},"author":1,"featured_media":0,"parent":0,"menu_order":0,"comment_status":"open","ping_status":"open","template":"bibliukaflar.php","meta":{"footnotes":""},"class_list":["post-22060","page","type-page","status-publish","hentry"],"_links":{"self":[{"href":"https:\/\/biblian.is\/videy\/wp-json\/wp\/v2\/pages\/22060","targetHints":{"allow":["GET"]}}],"collection":[{"href":"https:\/\/biblian.is\/videy\/wp-json\/wp\/v2\/pages"}],"about":[{"href":"https:\/\/biblian.is\/videy\/wp-json\/wp\/v2\/types\/page"}],"author":[{"embeddable":true,"href":"https:\/\/biblian.is\/videy\/wp-json\/wp\/v2\/users\/1"}],"replies":[{"embeddable":true,"href":"https:\/\/biblian.is\/videy\/wp-json\/wp\/v2\/comments?post=22060"}],"version-history":[{"count":0,"href":"https:\/\/biblian.is\/videy\/wp-json\/wp\/v2\/pages\/22060\/revisions"}],"wp:attachment":[{"href":"https:\/\/biblian.is\/videy\/wp-json\/wp\/v2\/media?parent=22060"}],"curies":[{"name":"wp","href":"https:\/\/api.w.org\/{rel}","templated":true}]}}