{"id":21997,"date":"2018-01-02T01:05:07","date_gmt":"2018-01-02T01:05:07","guid":{"rendered":"http:\/\/biblian.is\/videy\/jakobsbrefid-2-kafli\/"},"modified":"2018-01-02T01:05:07","modified_gmt":"2018-01-02T01:05:07","slug":"jakobsbrefid-2-kafli","status":"publish","type":"page","link":"https:\/\/biblian.is\/videy\/jakobsbrefid-2-kafli\/","title":{"rendered":"Jakobsbr\u00e9fi\u00f0 2. kafli"},"content":{"rendered":"<div class=\"fyrirsognVidey\">Menn skulu ekki fara \u00ed manngreinar\u00e1lit. Au\u00f0s\u00fdna \u00f6llum k\u00e6rleika og hl\u00fd\u00f0nast \u00f6llum Gu\u00f0s bo\u00f0or\u00f0um. Tr\u00fain er dau\u00f0 \u00e1n verka.<\/div>\n<p><a name=\"1\"><span class=\"versanumer\">1<\/span><\/a>Br\u00e6\u00f0ur m\u00ednir! hrindi\u00f0 ekki tr\u00fa vors d\u00fdr\u00f0lega Drottins Jes\u00fa Krists, me\u00f0 \u00fev\u00ed a\u00f0 fara a\u00f0 mannvir\u00f0ingum.<a name=\"2\"><span class=\"versanumer\">2<\/span><\/a>\u00dev\u00ed \u00feegar ma\u00f0ur gengur inn \u00ed y\u00f0ar s\u00f6fnu\u00f0, sem gullhring hefir \u00e1 hendi og er \u00ed sk\u00ednandi kl\u00e6\u00f0um, en annar f\u00e1t\u00e6kur \u00ed t\u00f6turlegum f\u00f6tum,<a name=\"3\"><span class=\"versanumer\">3<\/span><\/a>og y\u00f0ur ver\u00f0ur stars\u00fdnt \u00e1 \u00feann, sem vel er b\u00fainn og \u00fe\u00e9r segi\u00f0 til hans: set \u00feig h\u00e9r hei\u00f0urlega, og til hins f\u00e1t\u00e6ka: statt\u00fa \u00fear, e\u00f0a sett\u00fa \u00feig h\u00e9r vi\u00f0 f\u00f3tsk\u00f6r m\u00edna,<a name=\"4\"><span class=\"versanumer\">4<\/span><\/a>gj\u00f6ri\u00f0 \u00fe\u00e9r \u00fe\u00e1 ekki greinarmun me\u00f0 sj\u00e1lfum y\u00f0ur og gj\u00f6rist d\u00f3mendur vondra hugsana.<a name=\"5\"><span class=\"versanumer\">5<\/span><\/a>Heyri\u00f0, br\u00e6\u00f0ur m\u00ednir elskulegir! hefir Gu\u00f0 ekki \u00fatvali\u00f0 \u00fe\u00e1 f\u00e1t\u00e6ku \u00ed heiminum, a\u00f0 \u00feeir au\u00f0ugir ver\u00f0i a\u00f0 tr\u00fa og erfingjar \u00feess r\u00edkis, er hann hefir heiti\u00f0 \u00feeim sem hann elska?<a name=\"6\"><span class=\"versanumer\">6<\/span><\/a>En \u00fe\u00e9r \u00f3vir\u00f0i\u00f0 hina f\u00e1t\u00e6ku. Eru \u00fea\u00f0 \u00fe\u00f3 ekki hinir r\u00edku, sem undiroka y\u00f0ur og draga fyrir d\u00f3m?<a name=\"7\"><span class=\"versanumer\">7<\/span><\/a>Koma \u00feeir ekki \u00f3or\u00f0i \u00e1 \u00fea\u00f0 g\u00f3\u00f0a nafn, eftir hv\u00f6rju \u00fe\u00e9r eru\u00f0 nefndir?<a name=\"8\"><span class=\"versanumer\">8<\/span><\/a>\u00dear fyrir ef a\u00f0 \u00fe\u00e9r gj\u00f6ri\u00f0 fullnustu \u00fev\u00ed konunglega bo\u00f0or\u00f0i samkv\u00e6mt Ritningunni: \u201eelska skalt\u00fa n\u00e1unga \u00feinn sem sj\u00e1lfan \u00feig,\u201c \u00fe\u00e1 gj\u00f6ri\u00f0 \u00fe\u00e9r vel;<a name=\"9\"><span class=\"versanumer\">9<\/span><\/a>en ef \u00fe\u00e9r fari\u00f0 \u00ed manngreinar\u00e1lit, \u00fe\u00e1 dr\u00fdgi\u00f0 \u00fe\u00e9r synd og l\u00f6gm\u00e1li\u00f0 f\u00e6rir y\u00f0ur heim sanninn a\u00f0 \u00fe\u00e9r s\u00e9u\u00f0 yfirtro\u00f0slumenn.<a name=\"10\"><span class=\"versanumer\">10<\/span><\/a>\u00dev\u00ed \u00fe\u00f3 einhv\u00f6r h\u00e9ldi allt l\u00f6gm\u00e1li\u00f0, ef hann ver\u00f0ur brotlegur \u00ed einu <span class='VideyAth'>(bo\u00f0or\u00f0i)<\/span>, \u00fe\u00e1 er hann or\u00f0inn sekur vi\u00f0 \u00feau \u00f6ll.<a name=\"11\"><span class=\"versanumer\">11<\/span><\/a>\u00dev\u00ed s\u00e1, sem bau\u00f0: \u00fe\u00fa skalt ekki h\u00f3r dr\u00fdgja, hann bau\u00f0 l\u00edka: \u00fe\u00fa skalt ekki mann vega; en \u00fe\u00f3 a\u00f0 \u00fe\u00fa ekki dr\u00fdgir h\u00f3r, ef a\u00f0 \u00fe\u00fa vegur mann, ert\u00fa or\u00f0inn l\u00f6gm\u00e1lsins yfirtro\u00f0sluma\u00f0ur.<a name=\"12\"><span class=\"versanumer\">12<\/span><\/a>\u00deannig tali\u00f0 og \u00feannig breyti\u00f0, sem \u00feeir, er d\u00e6mast munu eftir frelsisins l\u00f6gm\u00e1li.<a name=\"13\"><span class=\"versanumer\">13<\/span><\/a>\u00dev\u00ed \u00f3miskunnsamur d\u00f3mur mun ganga yfir \u00feann, sem ekki au\u00f0s\u00fdnir miskunn; miskunnsemin gle\u00f0ur sig vi\u00f0 d\u00f3minn. <br \/><a name=\"14\"><span class=\"versanumer\">14<\/span><\/a>Hva\u00f0 sto\u00f0ar \u00fea\u00f0, br\u00e6\u00f0ur m\u00ednir! \u00fe\u00f3tt einhv\u00f6r segist hafa tr\u00fa, en hefir ekki verkin? mun tr\u00fain geta frelsa\u00f0 hann?<a name=\"15\"><span class=\"versanumer\">15<\/span><\/a>Ef a\u00f0 br\u00f3\u00f0ir e\u00f0a systir eru nakin og vantar daglegt vi\u00f0urv\u00e6ri,<a name=\"16\"><span class=\"versanumer\">16<\/span><\/a>en einhv\u00f6r y\u00f0ar seg\u00f0i til \u00feeirra: fari\u00f0 \u00ed fri\u00f0i, vermi\u00f0 y\u00f0ur og metti\u00f0, en gefi\u00f0 \u00feeim ekki \u00fea\u00f0, sem l\u00edkaminn \u00fearf me\u00f0, hva\u00f0 sto\u00f0ar \u00fea\u00f0?<a name=\"17\"><span class=\"versanumer\">17<\/span><\/a>Svo er og tr\u00fain, hafi h\u00fan ekki verkin, \u00fe\u00e1 er h\u00fan dau\u00f0 \u00fat af fyrir sig.<a name=\"18\"><span class=\"versanumer\">18<\/span><\/a>En einhv\u00f6r kannske segi: \u00fe\u00fa hefir tr\u00fa, en eg hefi verk, s\u00fdn m\u00e9r \u00fe\u00e1 tr\u00fa \u00fe\u00edna \u00e1n verka \u00feinna; eg skal s\u00fdna \u00fe\u00e9r m\u00edna af m\u00ednum verkum.<a name=\"19\"><span class=\"versanumer\">19<\/span><\/a>\u00de\u00fa tr\u00fair a\u00f0 Gu\u00f0 s\u00e9 einn, \u00fe\u00fa gj\u00f6rir vel; en dj\u00f6flarnir tr\u00faa \u00fev\u00ed l\u00edka og skelfast.<a name=\"20\"><span class=\"versanumer\">20<\/span><\/a>En, f\u00e1v\u00edsi ma\u00f0ur! \u00fe\u00fa skalt vita a\u00f0 tr\u00fain er dau\u00f0 \u00e1n verkanna.<a name=\"21\"><span class=\"versanumer\">21<\/span><\/a>Abraham, fa\u00f0ir vor, \u00farskur\u00f0a\u00f0ist hann ekki a\u00f0 vera r\u00e9ttl\u00e1tur vegna verkanna, eftir \u00fea\u00f0 a\u00f0 hann haf\u00f0i lagt son sinn \u00cdsaak upp \u00e1 altari\u00f0?<a name=\"22\"><span class=\"versanumer\">22<\/span><\/a>S\u00e9r \u00fe\u00fa ekki a\u00f0 tr\u00fain var samtaka verkum hans og a\u00f0 tr\u00fain fullkomna\u00f0ist me\u00f0 verkunum?<a name=\"23\"><span class=\"versanumer\">23<\/span><\/a>Og Ritningin svo r\u00e6ttist, sem segir: \u201eAbraham tr\u00fa\u00f0i Gu\u00f0i og \u00fea\u00f0 reikna\u00f0ist honum til r\u00e9ttl\u00e6tis,\u201c og hann var kalla\u00f0ur Gu\u00f0s vinur.<a name=\"24\"><span class=\"versanumer\">24<\/span><\/a>Sj\u00e1i\u00f0! a\u00f0 ma\u00f0ur r\u00e9ttl\u00e6tist af verkunum og ekki af tr\u00fanni einungis.<a name=\"25\"><span class=\"versanumer\">25<\/span><\/a>S\u00f6mulei\u00f0is einnig sk\u00e6kjan Rahab, r\u00e9ttl\u00e6ttist <span class='VideyAth'>a)<\/span> h\u00fan ekki af verkunum, \u00fev\u00ed h\u00fan t\u00f3k vi\u00f0 nj\u00f3snurunum og l\u00e9t \u00fe\u00e1 fara fr\u00e1 s\u00e9r a\u00f0ra lei\u00f0.<a name=\"26\"><span class=\"versanumer\">26<\/span><\/a>\u00dev\u00ed eins og l\u00edkaminn er dau\u00f0ur \u00e1n andans, svo er og tr\u00fain dau\u00f0 \u00e1n verkanna.<\/p>\n<div class=\"footnoteVidey\">V. 1. sbr. Or\u00f0skv.b. 24,23. 5 M\u00f3s. 1,17.  V. 5. 1 Kor. 1,26.  V. 7. nl. koma \u00f3or\u00f0i \u00e1 kristnina yfirh\u00f6fu\u00f0.  V. 8. 3 M\u00f3s.b. 19,18. Matt. 22,39.  V. 9. 3 M\u00f3s.b. 19,15. fl.  V. 10. 5 M\u00f3s.b. 27,26. Matt. 5,19. fl.  V. 13. sbr. Matt. 5,34. 18,35. 25,34\u201346.  V. 14. sbr. Matt. 7,26.  V. 16. 1 J\u00f3h. 3,18.  V. 18. T\u00edt. 3,8.  V. 19. sbr. Mark. 1,24.  V. 21. 1 M\u00f3s.b. 22,9\u201312.15\u201318.  V. 23. 1 M\u00f3s.b. 15,6. sbr. Esa. 41.8. 2 Kron. 20,7.  V. 25. a. R\u00e9ttl\u00e6ttist af verkunum, \u00fe. e. verkin frelsu\u00f0u hana fr\u00e1 ey\u00f0ileggingunni, sem hinir Jer\u00edk\u00f3menn ur\u00f0u fyrir, sbr. J\u00f3s.b. 2,1. 6,13.<\/div>\n","protected":false},"excerpt":{"rendered":"<p>Menn skulu ekki fara \u00ed manngreinar\u00e1lit. Au\u00f0s\u00fdna \u00f6llum k\u00e6rleika og hl\u00fd\u00f0nast \u00f6llum Gu\u00f0s bo\u00f0or\u00f0um. Tr\u00fain er dau\u00f0 \u00e1n verka. 1Br\u00e6\u00f0ur m\u00ednir! hrindi\u00f0 ekki tr\u00fa vors d\u00fdr\u00f0lega Drottins Jes\u00fa Krists, me\u00f0 \u00fev\u00ed a\u00f0 fara a\u00f0 mannvir\u00f0ingum.2\u00dev\u00ed \u00feegar ma\u00f0ur gengur inn \u00ed y\u00f0ar s\u00f6fnu\u00f0, sem gullhring hefir \u00e1 hendi og er \u00ed sk\u00ednandi kl\u00e6\u00f0um, en annar f\u00e1t\u00e6kur \u00ed t\u00f6turlegum f\u00f6tum,3og y\u00f0ur ver\u00f0ur stars\u00fdnt \u00e1 \u00feann, sem vel er b\u00fainn og \u00fe\u00e9r segi\u00f0 til hans: set \u00feig h\u00e9r hei\u00f0urlega, og til hins f\u00e1t\u00e6ka: statt\u00fa \u00fear, e\u00f0a sett\u00fa \u00feig h\u00e9r vi\u00f0 f\u00f3tsk\u00f6r m\u00edna,4gj\u00f6ri\u00f0 \u00fe\u00e9r \u00fe\u00e1 ekki greinarmun me\u00f0 sj\u00e1lfum y\u00f0ur og gj\u00f6rist d\u00f3mendur vondra <a href=\"https:\/\/biblian.is\/videy\/jakobsbrefid-2-kafli\/\"> [&#8230;]<\/a><\/p>\n","protected":false},"author":1,"featured_media":0,"parent":0,"menu_order":0,"comment_status":"open","ping_status":"open","template":"bibliukaflar.php","meta":{"footnotes":""},"class_list":["post-21997","page","type-page","status-publish","hentry"],"_links":{"self":[{"href":"https:\/\/biblian.is\/videy\/wp-json\/wp\/v2\/pages\/21997","targetHints":{"allow":["GET"]}}],"collection":[{"href":"https:\/\/biblian.is\/videy\/wp-json\/wp\/v2\/pages"}],"about":[{"href":"https:\/\/biblian.is\/videy\/wp-json\/wp\/v2\/types\/page"}],"author":[{"embeddable":true,"href":"https:\/\/biblian.is\/videy\/wp-json\/wp\/v2\/users\/1"}],"replies":[{"embeddable":true,"href":"https:\/\/biblian.is\/videy\/wp-json\/wp\/v2\/comments?post=21997"}],"version-history":[{"count":0,"href":"https:\/\/biblian.is\/videy\/wp-json\/wp\/v2\/pages\/21997\/revisions"}],"wp:attachment":[{"href":"https:\/\/biblian.is\/videy\/wp-json\/wp\/v2\/media?parent=21997"}],"curies":[{"name":"wp","href":"https:\/\/api.w.org\/{rel}","templated":true}]}}