{"id":21988,"date":"2018-01-02T01:05:02","date_gmt":"2018-01-02T01:05:02","guid":{"rendered":"http:\/\/biblian.is\/videy\/hebreabrefid-6-kafli\/"},"modified":"2018-01-02T01:05:02","modified_gmt":"2018-01-02T01:05:02","slug":"hebreabrefid-6-kafli","status":"publish","type":"page","link":"https:\/\/biblian.is\/videy\/hebreabrefid-6-kafli\/","title":{"rendered":"Hebreabr\u00e9fi\u00f0 6. kafli"},"content":{"rendered":"<div class=\"fyrirsognVidey\">Postulinn \u00e1minnir hebreska, a\u00f0 \u00feeir l\u00edkist \u00feeim ekki, sem falli\u00f0 hafa fr\u00e1 l\u00e6rd\u00f3minum, svo a\u00f0 \u00feeir fari ekki \u00e1 mis vi\u00f0 \u00fea\u00f0 lofor\u00f0, sem Abraham var gefi\u00f0.<\/div>\n<p><a name=\"1\"><span class=\"versanumer\">1<\/span><\/a>\u00dear fyrir viljum v\u00e9r sleppa a\u00f0 \u00fatlista fyrsta grundv\u00f6ll Krists l\u00e6rd\u00f3m og halda \u00e1fram til \u00feess, sem fullkomnara er, a\u00f0 ekki f\u00f6rum v\u00e9r aftur a\u00f0 leggja grundv\u00f6llinn til l\u00e6rd\u00f3msins um afturhvarf fr\u00e1 dau\u00f0um verkum,<a name=\"2\"><span class=\"versanumer\">2<\/span><\/a>um tr\u00fana \u00e1 Gu\u00f0, um l\u00e6rd\u00f3m sk\u00edrnarinnar, handanna upp\u00e1leggingu, upprisu hinna dau\u00f0u og \u00feann eil\u00edfa d\u00f3m.<a name=\"3\"><span class=\"versanumer\">3<\/span><\/a>Og \u00feetta viljum v\u00e9r \u00fe\u00e1 gj\u00f6ra, ef Gu\u00f0 lofar.<a name=\"4\"><span class=\"versanumer\">4<\/span><\/a>\u00dev\u00ed \u00fea\u00f0 er \u00f3m\u00f6gulegt, a\u00f0 \u00feeir, sem eitt sinn eru or\u00f0nir uppl\u00fdstir, og hafa fengi\u00f0 smekk \u00e1 \u00feeirri himnesku g\u00e1fu og hluttakandi eru or\u00f0nir hins heilaga Anda,<a name=\"5\"><span class=\"versanumer\">5<\/span><\/a>og hafa smakka\u00f0 Gu\u00f0s g\u00f3\u00f0a or\u00f0 og kraft komandi aldar og hafa \u00fe\u00f3 falli\u00f0 fr\u00e1,<a name=\"6\"><span class=\"versanumer\">6<\/span><\/a>a\u00f0 \u00feeir muni endurn\u00fdjast til betrunar, \u00fear \u00feeir hafa fyrir sitt leyti a\u00f0 n\u00fd krossfest Gu\u00f0s Son og haft hann a\u00f0 spotti.<a name=\"7\"><span class=\"versanumer\">7<\/span><\/a>\u00dev\u00ed j\u00f6r\u00f0 s\u00fa, er drekkur \u00fea\u00f0 regn, sem oft fellur yfir hana og f\u00e6rir \u00feeim hagkv\u00e6man gr\u00f3\u00f0ur, er hana yrkja, h\u00fan me\u00f0tekur blessun af Drottni;<a name=\"8\"><span class=\"versanumer\">8<\/span><\/a>en hin, sem ber \u00feyrna og \u00feistla, er engu n\u00fdt og finnur br\u00e1\u00f0a form\u00e6lingu og ver\u00f0ur um s\u00ed\u00f0ir eldi svi\u00f0in.<a name=\"9\"><span class=\"versanumer\">9<\/span><\/a>En v\u00e9r vonum annars betra og heilsusamlegra um y\u00f0ur, elskanlegir! \u00fe\u00f3tt v\u00e9r t\u00f6lum \u00feannig.<a name=\"10\"><span class=\"versanumer\">10<\/span><\/a>\u00dev\u00ed Gu\u00f0 er ekki rangl\u00e1tur, a\u00f0 hann gleymi gj\u00f6r\u00f0um y\u00f0ar og k\u00e6rleika, er au\u00f0s\u00fdnt hafi\u00f0 honum til d\u00fdr\u00f0ar, me\u00f0 \u00fev\u00ed a\u00f0 \u00fe\u00e9r hafi\u00f0 \u00fej\u00f3na\u00f0 og \u00fej\u00f3ni\u00f0 heil\u00f6gum.<a name=\"11\"><span class=\"versanumer\">11<\/span><\/a>Einungis viljum v\u00e9r \u00f3ska: a\u00f0 s\u00e9rhv\u00f6r y\u00f0ar kostg\u00e6fi hi\u00f0 sama allt til \u00e6viloka, svo a\u00f0 y\u00f0ar von m\u00e6tti fullkomnast,<a name=\"12\"><span class=\"versanumer\">12<\/span><\/a>a\u00f0 ekki ver\u00f0i\u00f0 \u00fe\u00e9r annarra eftirb\u00e1tar, heldur \u00feeirra eftirbreytendur, sem vegna tr\u00faar og bi\u00f0lundar \u00f6\u00f0last hafa \u00fea\u00f0 fyrirheitna.<a name=\"13\"><span class=\"versanumer\">13<\/span><\/a>\u00dev\u00ed, \u00fe\u00e1 Gu\u00f0 veitti Abraham fyrirheiti\u00f0, s\u00f3r hann vi\u00f0 sj\u00e1lfan sig, af \u00fev\u00ed hann haf\u00f0i engan \u00e6\u00f0ri vi\u00f0 a\u00f0 sverja og sag\u00f0i:<a name=\"14\"><span class=\"versanumer\">14<\/span><\/a>sannlega vil eg blessa \u00feig og margfalda.<a name=\"15\"><span class=\"versanumer\">15<\/span><\/a>\u00deannig \u00f6\u00f0la\u00f0ist hann \u00fea\u00f0 fyrirheitna af \u00fev\u00ed hann bei\u00f0 \u00feess me\u00f0 bi\u00f0lundarge\u00f0i.<a name=\"16\"><span class=\"versanumer\">16<\/span><\/a>En mennirnir sverja ei\u00f0 vi\u00f0 \u00feann, sem \u00feeim er \u00e6\u00f0ri og ei\u00f0urinn gj\u00f6rir enda \u00e1 allri \u00feeirra \u00fer\u00e6tu og sta\u00f0festir sannleikann.<a name=\"17\"><span class=\"versanumer\">17<\/span><\/a>\u00dear fyrir styrkti Gu\u00f0 heityr\u00f0i sitt me\u00f0 ei\u00f0i, \u00fe\u00e1 hann enn yfirgn\u00e6fanlegar vildi s\u00fdna erfingjum fyrirheitsins \u00f3raskanlegleika sinna \u00e1lyktana,<a name=\"18\"><span class=\"versanumer\">18<\/span><\/a>svo a\u00f0 v\u00e9r vegna tveggja \u00f3brig\u00f0ulla hluta, s\u00f6kum hv\u00f6rra Gu\u00f0 \u00f3m\u00f6gulega gat hafa skr\u00f6kva\u00f0 a\u00f0 oss, skyldum hafa \u00f6ruggt traust, sem til hans fl\u00fdjum, til a\u00f0 h\u00f6ndla \u00fe\u00e1 s\u00e6lu von, sem oss er geymd;<a name=\"19\"><span class=\"versanumer\">19<\/span><\/a>hv\u00f6rja v\u00e9r h\u00f6fum l\u00edka sem akkeri s\u00e1larinnar \u00f3bifanlega og st\u00f6\u00f0uga,<a name=\"20\"><span class=\"versanumer\">20<\/span><\/a>sem s\u00e9r inn\u00ferengir \u00ed \u00fea\u00f0 allra helgasta, hv\u00f6rt Jes\u00fas, vor fyrirrennari, er inngenginn fyrir oss og or\u00f0inn ypparsti prestur a\u00f0 eil\u00edfu eins og Melkisedek.<\/p>\n<div class=\"footnoteVidey\">V. 1. Kap. 9,14.  V. 3. Post. g. b. 18,21. Jak. 4,15.  V. 4. Kap. 10,26. 1 J\u00f3h. 5,16. 2 P\u00e9t. 2,20. Matt. 12,31.45.  V. 8. Matt. 21,19.  V. 10. R\u00f3m. 14,31. 2 Kron. b. 15,7. Or\u00f0skv. b. 14,31. Matt. 10,42. 25,40. 1 Kor. 15,58.  V. 11. Kap. 3,6.14. Matt. 24,13.  V. 12. v. 15.  V. 13. 1 M\u00f3s. b. 17,4. 22,16. S\u00e1lm. 105,9. L\u00fak. 1,73.  V. 14. 1 M\u00f3s. b. 12,2. 22,17.  V. 15. kap. 10,36.  V. 16. 2 M\u00f3s. b. 22,11.  V. 17. v. 13.  V. 18. T\u00edt. 1,2.  V. 20. Kap. 3,1. 4,14. 5,6.<\/div>\n","protected":false},"excerpt":{"rendered":"<p>Postulinn \u00e1minnir hebreska, a\u00f0 \u00feeir l\u00edkist \u00feeim ekki, sem falli\u00f0 hafa fr\u00e1 l\u00e6rd\u00f3minum, svo a\u00f0 \u00feeir fari ekki \u00e1 mis vi\u00f0 \u00fea\u00f0 lofor\u00f0, sem Abraham var gefi\u00f0. 1\u00dear fyrir viljum v\u00e9r sleppa a\u00f0 \u00fatlista fyrsta grundv\u00f6ll Krists l\u00e6rd\u00f3m og halda \u00e1fram til \u00feess, sem fullkomnara er, a\u00f0 ekki f\u00f6rum v\u00e9r aftur a\u00f0 leggja grundv\u00f6llinn til l\u00e6rd\u00f3msins um afturhvarf fr\u00e1 dau\u00f0um verkum,2um tr\u00fana \u00e1 Gu\u00f0, um l\u00e6rd\u00f3m sk\u00edrnarinnar, handanna upp\u00e1leggingu, upprisu hinna dau\u00f0u og \u00feann eil\u00edfa d\u00f3m.3Og \u00feetta viljum v\u00e9r \u00fe\u00e1 gj\u00f6ra, ef Gu\u00f0 lofar.4\u00dev\u00ed \u00fea\u00f0 er \u00f3m\u00f6gulegt, a\u00f0 \u00feeir, sem eitt sinn eru or\u00f0nir uppl\u00fdstir, og hafa fengi\u00f0 smekk \u00e1 <a href=\"https:\/\/biblian.is\/videy\/hebreabrefid-6-kafli\/\"> [&#8230;]<\/a><\/p>\n","protected":false},"author":1,"featured_media":0,"parent":0,"menu_order":0,"comment_status":"open","ping_status":"open","template":"bibliukaflar.php","meta":{"footnotes":""},"class_list":["post-21988","page","type-page","status-publish","hentry"],"_links":{"self":[{"href":"https:\/\/biblian.is\/videy\/wp-json\/wp\/v2\/pages\/21988","targetHints":{"allow":["GET"]}}],"collection":[{"href":"https:\/\/biblian.is\/videy\/wp-json\/wp\/v2\/pages"}],"about":[{"href":"https:\/\/biblian.is\/videy\/wp-json\/wp\/v2\/types\/page"}],"author":[{"embeddable":true,"href":"https:\/\/biblian.is\/videy\/wp-json\/wp\/v2\/users\/1"}],"replies":[{"embeddable":true,"href":"https:\/\/biblian.is\/videy\/wp-json\/wp\/v2\/comments?post=21988"}],"version-history":[{"count":0,"href":"https:\/\/biblian.is\/videy\/wp-json\/wp\/v2\/pages\/21988\/revisions"}],"wp:attachment":[{"href":"https:\/\/biblian.is\/videy\/wp-json\/wp\/v2\/media?parent=21988"}],"curies":[{"name":"wp","href":"https:\/\/api.w.org\/{rel}","templated":true}]}}