{"id":21965,"date":"2018-01-02T01:04:57","date_gmt":"2018-01-02T01:04:57","guid":{"rendered":"http:\/\/biblian.is\/videy\/fyrra-thessalonikubref-5-kafli\/"},"modified":"2018-01-02T01:04:57","modified_gmt":"2018-01-02T01:04:57","slug":"fyrra-thessalonikubref-5-kafli","status":"publish","type":"page","link":"https:\/\/biblian.is\/videy\/fyrra-thessalonikubref-5-kafli\/","title":{"rendered":"Fyrra \u00deessalon\u00edkubr\u00e9f 5. kafli"},"content":{"rendered":"<div class=\"fyrirsognVidey\">P\u00e1ll hvetur til a\u00f0 vanda l\u00edferni sitt, \u00fear e\u00f0 Krists koma til d\u00f3msins s\u00e9 hulin; \u00e1minnir til elsku vi\u00f0 kennife\u00f0ur, til fri\u00f0semi og fleiri dygg\u00f0a, og \u00e1rnar m\u00f6nnum \u00fear til Gu\u00f0s a\u00f0sto\u00f0ar; kve\u00f0ur og skipan a\u00f0 l\u00e1ta alla lesa pistilinn.<\/div>\n<p><a name=\"1\"><span class=\"versanumer\">1<\/span><\/a>En um \u00e1kve\u00f0na t\u00edma <span class='VideyAth'>(n\u00e6r \u00feetta skuli ske)<\/span> er ekki \u00fe\u00f6rf eg skrifi y\u00f0ur, br\u00e6\u00f0ur!<a name=\"2\"><span class=\"versanumer\">2<\/span><\/a>\u00fev\u00ed sj\u00e1lfir viti\u00f0 \u00fe\u00e9r gj\u00f6rla, a\u00f0 dagur Drottins mun koma sem \u00fej\u00f3fur \u00e1 n\u00f3ttu.<a name=\"3\"><span class=\"versanumer\">3<\/span><\/a>\u00deegar menn segja: \u201en\u00fa er fri\u00f0ur og \u00f6llu \u00f3h\u00e6tt,\u201c \u00fe\u00e1 mun sn\u00f6gg ey\u00f0ilegging koma yfir \u00fe\u00e1, eins og j\u00f3\u00f0s\u00f3tt yfir \u00f3l\u00e9tta konu; og \u00feeir munu ekki geta umfl\u00fai\u00f0.<a name=\"4\"><span class=\"versanumer\">4<\/span><\/a>En \u00fe\u00e9r, br\u00e6\u00f0ur! eru\u00f0 ekki \u00ed myrkri, svo a\u00f0 s\u00e1 dagur geti yfir y\u00f0ur komi\u00f0 sem \u00fej\u00f3fur.<a name=\"5\"><span class=\"versanumer\">5<\/span><\/a>\u00dev\u00ed allir eru\u00f0 \u00fe\u00e9r lj\u00f3ssins synir og dagsins synir. V\u00e9r erum ekki <span class='VideyAth'>(synir)<\/span> n\u00e6turinnar og myrkursins;<a name=\"6\"><span class=\"versanumer\">6<\/span><\/a>l\u00e1tum oss \u00fev\u00ed ekki sofa, <span class='VideyAth'>a)<\/span> eins og a\u00f0rir gj\u00f6ra, heldur vaka og vera \u00f3drukkna <span class='VideyAth'>b)<\/span>;<a name=\"7\"><span class=\"versanumer\">7<\/span><\/a>\u00fev\u00ed \u00feeir, sem sofa, sofa um n\u00e6tur, og \u00feeir, sem drekka, drekka \u00e1 n\u00f3ttum.<a name=\"8\"><span class=\"versanumer\">8<\/span><\/a>En l\u00e1tum oss, sem erum dagsins synir, vera \u00f3drukkna, \u00edkl\u00e6dda \u00ed brynju tr\u00faarinnar og k\u00e6rleikans og hj\u00e1lma\u00f0a me\u00f0 von hj\u00e1lpr\u00e6\u00f0isins;<a name=\"9\"><span class=\"versanumer\">9<\/span><\/a>\u00fev\u00ed Gu\u00f0 hefir ekki \u00e6tla\u00f0 oss til \u00f3fars\u00e6ldar, heldur til a\u00f0 \u00f6\u00f0last s\u00e1luhj\u00e1lp vegna Drottins vors Jes\u00fa Krists,<a name=\"10\"><span class=\"versanumer\">10<\/span><\/a>sem d\u00f3 fyrir oss, svo hv\u00f6rt v\u00e9r vektum e\u00f0ur sv\u00e6fum \u00fe\u00e1 skyldum v\u00e9r \u00e1samt honum lifa.<a name=\"11\"><span class=\"versanumer\">11<\/span><\/a>\u00c1minni\u00f0 \u00fev\u00ed hv\u00f6r annan, og efli hv\u00f6r y\u00f0ar s\u00e1larheillir annars, eins og \u00fe\u00e9r og gj\u00f6ri\u00f0. <br \/><a name=\"12\"><span class=\"versanumer\">12<\/span><\/a>\u00deess bi\u00f0jum v\u00e9r y\u00f0ur, br\u00e6\u00f0ur! a\u00f0 \u00fe\u00e9r hafi\u00f0 m\u00e6tur \u00e1 \u00feeim, sem vinna hj\u00e1 y\u00f0ur og veita y\u00f0ur forst\u00f6\u00f0u, af Drottins h\u00e1lfu og \u00e1minna y\u00f0ur,<a name=\"13\"><span class=\"versanumer\">13<\/span><\/a>og a\u00f0 \u00fe\u00e9r au\u00f0s\u00fdni\u00f0 \u00feeim s\u00e9rlega vir\u00f0ingu og elsku fyrir verk \u00feeirra. Veri\u00f0 fri\u00f0samir innbyr\u00f0is.<a name=\"14\"><span class=\"versanumer\">14<\/span><\/a>Enn framar \u00e1minni eg y\u00f0ur, br\u00e6\u00f0ur, a\u00f0 \u00fe\u00e9r \u00e1minni\u00f0 hina \u00f3st\u00fdril\u00e1tu, huggi\u00f0 \u00edst\u00f6\u00f0ulitla, sty\u00f0ji\u00f0 \u00fe\u00e1, sem veikir eru, hafi\u00f0 umbur\u00f0arlyndi vi\u00f0 alla.<a name=\"15\"><span class=\"versanumer\">15<\/span><\/a>Sj\u00e1i\u00f0 til, a\u00f0 enginn gjaldi illt me\u00f0 illu, en stundi\u00f0 \u00e1vallt gott a\u00f0 gj\u00f6ra, b\u00e6\u00f0i hv\u00f6r \u00f6\u00f0rum innbyr\u00f0is og \u00f6llum \u00fat \u00ed fr\u00e1.<a name=\"16\"><span class=\"versanumer\">16<\/span><\/a>Veri\u00f0 \u00e6t\u00ed\u00f0 gla\u00f0ir.<a name=\"17\"><span class=\"versanumer\">17<\/span><\/a>Bi\u00f0ji\u00f0 \u00e1n afl\u00e1ts.<a name=\"18\"><span class=\"versanumer\">18<\/span><\/a>Gj\u00f6ri\u00f0 \u00feakkir fyrir allt, \u00fev\u00ed \u00fea\u00f0 er Gu\u00f0s vilji, y\u00f0ur kunnur gj\u00f6r fyrir Jes\u00fam Krist.<a name=\"19\"><span class=\"versanumer\">19<\/span><\/a>\u00datsl\u00f6kkvi\u00f0 ekki andann.<a name=\"20\"><span class=\"versanumer\">20<\/span><\/a>Fyrirl\u00edti\u00f0 ekki sp\u00e1d\u00f3msg\u00e1fur,<a name=\"21\"><span class=\"versanumer\">21<\/span><\/a>pr\u00f3fi\u00f0 heldur allt, og haldi\u00f0 \u00fev\u00ed, sem gott er.<a name=\"22\"><span class=\"versanumer\">22<\/span><\/a>Haldi\u00f0 y\u00f0ur fr\u00e1 illu, \u00ed hv\u00f6rri mynd, sem \u00fea\u00f0 s\u00fdnir sig.<a name=\"23\"><span class=\"versanumer\">23<\/span><\/a>En sj\u00e1lfur fri\u00f0arins Gu\u00f0 helgi y\u00f0ur algj\u00f6rlega, og allur y\u00f0ar andi, s\u00e1la og l\u00edkami, var\u00f0veitist flekklaust \u00ed tilkomu Drottins vors Jes\u00fa Krists.<a name=\"24\"><span class=\"versanumer\">24<\/span><\/a>Tr\u00fafastur er s\u00e1, er y\u00f0ur hefir kalla\u00f0, hv\u00f6r e\u00f0 og mun binda enda \u00e1 sitt fyrirheiti.<a name=\"25\"><span class=\"versanumer\">25<\/span><\/a>Br\u00e6\u00f0ur! bi\u00f0ji\u00f0 fyrir oss. <br \/><a name=\"26\"><span class=\"versanumer\">26<\/span><\/a>Heilsi\u00f0 \u00f6llum br\u00e6\u00f0runum me\u00f0 heil\u00f6gum kossi.<a name=\"27\"><span class=\"versanumer\">27<\/span><\/a>Eg s\u00e6ri y\u00f0ur \u00ed nafni Drottins, a\u00f0 \u00fe\u00e9r l\u00e1ti\u00f0 lesa br\u00e9f \u00feetta fyrir \u00f6llum heil\u00f6gum br\u00e6\u00f0rum. <br \/><a name=\"28\"><span class=\"versanumer\">28<\/span><\/a>N\u00e1\u00f0in Drottins vors Jes\u00fa Krists s\u00e9 me\u00f0 y\u00f0ur.<\/p>\n<div class=\"footnoteVidey\">V. 2. L\u00fak. 12,39.40. 2 P\u00e9t. 3,10. Opinb. b. 3,3.  V. 3. Jer. 6,14. 8,11. L\u00fak. 24,34.  V. 4. \u00fea\u00f0 er: van\u00feekkingu, viti\u00f0 \u00fev\u00ed hv\u00f6rnig \u00fe\u00e9r eigi\u00f0 a\u00f0 b\u00faa y\u00f0ur undir \u00feessa t\u00ed\u00f0. Efes. 5,8. Opinb. b. 16, 15.  V. 5. Lj\u00f3s og dags synir kallast \u00feeir, sem uppl\u00fdstir eru af Krists l\u00e6rd\u00f3mi. L\u00fak. 16,8. J\u00f3h. 8,12. 12,46. R\u00f3m. 13,12.13.  V. 6. a. \u00fe. e. vera hugsunarlaus um breytni vora. Efes. 5,14. L\u00fak. 21,36. 1 Kor. 15,34. b. \u00fea\u00f0 er: g\u00e6tnir og haldandi girndum \u00ed taumi.  V. 8. Esa. 59,17. R\u00f3m. 13,12. Efes. 6,14.17.  V. 9. R\u00f3m. 6,23.  V. 10. R\u00f3m. 14,8.9. 2 Kor. 5,15.  V. 11. Hebr. 10,24. fl.  V. 12. 1 Kor. 16,18. Gal. 6,6. Fil. 2,29. 1 T\u00edm. 5,17.  V. 13. 1 Kor. 9,11.  V. 14. Matt. 18,15. 2 Tess. 3,6.11. R\u00f3m. 14,1. Kap. 15,1.  V. 15. Or\u00f0skv. b. 17,13. 20,22. Matt. 5,39. Hebr. 12,14.  V. 16. L\u00fak. 10,22. R\u00f3m. 12,12.  V. 17. L\u00fak. 18,1. K\u00f3l. 4,2.  V. 18. Efes. 5,20. K\u00f3l. 2,7.  V. 19. Efes. 4,23.30.  V. 20. 1 Kor. 12,10.  V. 21. R\u00f3m. 2,18. Fil. 1,10.  V. 20. Fil. 4,8.  V. 23. R\u00f3m. 15,33. 1 Kor. 1,8. K\u00f3l. 1,22.  V. 24. 1 Kor. 1,9. 10,13. 2 Tess. 3,3.  V. 25. K\u00f3l. 4,3.  V. 26. R\u00f3m. 16,16. 1 Kor. 16,20.  V. 27. K\u00f3l. 4,16.  V. 28. Fil. 4,23.<\/div>\n","protected":false},"excerpt":{"rendered":"<p>P\u00e1ll hvetur til a\u00f0 vanda l\u00edferni sitt, \u00fear e\u00f0 Krists koma til d\u00f3msins s\u00e9 hulin; \u00e1minnir til elsku vi\u00f0 kennife\u00f0ur, til fri\u00f0semi og fleiri dygg\u00f0a, og \u00e1rnar m\u00f6nnum \u00fear til Gu\u00f0s a\u00f0sto\u00f0ar; kve\u00f0ur og skipan a\u00f0 l\u00e1ta alla lesa pistilinn. 1En um \u00e1kve\u00f0na t\u00edma (n\u00e6r \u00feetta skuli ske) er ekki \u00fe\u00f6rf eg skrifi y\u00f0ur, br\u00e6\u00f0ur!2\u00fev\u00ed sj\u00e1lfir viti\u00f0 \u00fe\u00e9r gj\u00f6rla, a\u00f0 dagur Drottins mun koma sem \u00fej\u00f3fur \u00e1 n\u00f3ttu.3\u00deegar menn segja: \u201en\u00fa er fri\u00f0ur og \u00f6llu \u00f3h\u00e6tt,\u201c \u00fe\u00e1 mun sn\u00f6gg ey\u00f0ilegging koma yfir \u00fe\u00e1, eins og j\u00f3\u00f0s\u00f3tt yfir \u00f3l\u00e9tta konu; og \u00feeir munu ekki geta umfl\u00fai\u00f0.4En \u00fe\u00e9r, br\u00e6\u00f0ur! eru\u00f0 ekki \u00ed <a href=\"https:\/\/biblian.is\/videy\/fyrra-thessalonikubref-5-kafli\/\"> [&#8230;]<\/a><\/p>\n","protected":false},"author":1,"featured_media":0,"parent":0,"menu_order":0,"comment_status":"open","ping_status":"open","template":"bibliukaflar.php","meta":{"footnotes":""},"class_list":["post-21965","page","type-page","status-publish","hentry"],"_links":{"self":[{"href":"https:\/\/biblian.is\/videy\/wp-json\/wp\/v2\/pages\/21965","targetHints":{"allow":["GET"]}}],"collection":[{"href":"https:\/\/biblian.is\/videy\/wp-json\/wp\/v2\/pages"}],"about":[{"href":"https:\/\/biblian.is\/videy\/wp-json\/wp\/v2\/types\/page"}],"author":[{"embeddable":true,"href":"https:\/\/biblian.is\/videy\/wp-json\/wp\/v2\/users\/1"}],"replies":[{"embeddable":true,"href":"https:\/\/biblian.is\/videy\/wp-json\/wp\/v2\/comments?post=21965"}],"version-history":[{"count":0,"href":"https:\/\/biblian.is\/videy\/wp-json\/wp\/v2\/pages\/21965\/revisions"}],"wp:attachment":[{"href":"https:\/\/biblian.is\/videy\/wp-json\/wp\/v2\/media?parent=21965"}],"curies":[{"name":"wp","href":"https:\/\/api.w.org\/{rel}","templated":true}]}}