{"id":21961,"date":"2018-01-02T01:04:57","date_gmt":"2018-01-02T01:04:57","guid":{"rendered":"http:\/\/biblian.is\/videy\/fyrra-thessalonikubref-1-kafli\/"},"modified":"2018-01-02T01:04:57","modified_gmt":"2018-01-02T01:04:57","slug":"fyrra-thessalonikubref-1-kafli","status":"publish","type":"page","link":"https:\/\/biblian.is\/videy\/fyrra-thessalonikubref-1-kafli\/","title":{"rendered":"Fyrra \u00deessalon\u00edkubr\u00e9f 1. kafli"},"content":{"rendered":"<div class=\"fyrirsognVidey\">G\u00f3\u00f0ar \u00f3skir. P\u00e1ll \u00feakkar Gu\u00f0i og hr\u00f3sar \u00feeirra f\u00fasleika a\u00f0 taka kristni, \u00feeirra br\u00f3\u00f0urk\u00e6rleika og \u00feolinm\u00e6\u00f0i.<\/div>\n<p><a name=\"1\"><span class=\"versanumer\">1<\/span><\/a>P\u00e1ll og Silvanus og T\u00edm\u00f3teus, \u00f3ska y\u00f0ur, s\u00f6fnu\u00f0i Gu\u00f0s F\u00f6\u00f0urs og Drottins Jes\u00fa Krists \u00ed Tessalon\u00edku, n\u00e1\u00f0ar og fri\u00f0ar af Gu\u00f0i vorum F\u00f6\u00f0ur og Drottni Jes\u00fa Kristi.<a name=\"2\"><span class=\"versanumer\">2<\/span><\/a>\u00c1vallt \u00fe\u00f6kkum v\u00e9r Gu\u00f0i fyrir y\u00f0ur alla, \u00fe\u00e1 v\u00e9r minnumst y\u00f0ar \u00ed vorum b\u00e6num,<a name=\"3\"><span class=\"versanumer\">3<\/span><\/a>og erum s\u00edfelldlega minnugir y\u00f0ar atorkus\u00f6mu tr\u00faar og \u00f3\u00fereytanlegu elsku og st\u00f6\u00f0ugu vonar \u00e1 Drottni vorum Jes\u00fa Kristi fyrir augliti Gu\u00f0s og F\u00f6\u00f0ur vors.<a name=\"4\"><span class=\"versanumer\">4<\/span><\/a>V\u00e9r vitum, g\u00f3\u00f0ir br\u00e6\u00f0ur! af Gu\u00f0i elska\u00f0ir! hv\u00f6rnig y\u00f0ar \u00fatvalningu var h\u00e1tta\u00f0,<a name=\"5\"><span class=\"versanumer\">5<\/span><\/a>a\u00f0 eg bo\u00f0a\u00f0i ekki n\u00e1\u00f0arl\u00e6rd\u00f3minn y\u00f0ar \u00e1 me\u00f0al me\u00f0 or\u00f0um einum, heldur me\u00f0 krafti, heil\u00f6gum Anda og fullkominni sannf\u00e6ringu. \u00de\u00e9r viti\u00f0 einninn, hv\u00edl\u00edka v\u00e9r s\u00fdndum oss y\u00f0ur til handa hj\u00e1 y\u00f0ur.<a name=\"6\"><span class=\"versanumer\">6<\/span><\/a>Og \u00fe\u00e9r eru\u00f0 vorir eftirfylgjarar or\u00f0nir og Drottins, me\u00f0 \u00fev\u00ed \u00fe\u00e9r me\u00f0t\u00f3ku\u00f0 l\u00e6rd\u00f3minn undir miklum \u00ferengingum me\u00f0 f\u00f6gnu\u00f0i heilags Anda,<a name=\"7\"><span class=\"versanumer\">7<\/span><\/a>svo a\u00f0 \u00fe\u00e9r eru\u00f0 or\u00f0nir fyrirmynd allra tr\u00faa\u00f0ra \u00ed Makedon\u00edu og Akkealandi;<a name=\"8\"><span class=\"versanumer\">8<\/span><\/a>\u00fev\u00ed a\u00f0 fr\u00e1 y\u00f0ur hefir or\u00f0 Drottins hlj\u00f3ma\u00f0, ekki einungis \u00ed Makedon\u00edu og Akkealandi, heldur er og tr\u00fa y\u00f0ar \u00e1 Gu\u00f0i kunnug or\u00f0in alls sta\u00f0ar, svo v\u00e9r ekki \u00feurfum um \u00fea\u00f0 a\u00f0 tala;<a name=\"9\"><span class=\"versanumer\">9<\/span><\/a>\u00fev\u00ed menn gj\u00f6ra or\u00f0 \u00e1 \u00fev\u00ed, hv\u00edl\u00edka komu v\u00e9r \u00e1ttum til y\u00f0ar, og hv\u00f6rnig \u00fe\u00e9r sneru\u00f0 y\u00f0ur til Gu\u00f0s fr\u00e1 skur\u00f0go\u00f0unum, til a\u00f0 \u00fej\u00f3na lifanda og s\u00f6nnum Gu\u00f0i,<a name=\"10\"><span class=\"versanumer\">10<\/span><\/a>og a\u00f0 v\u00e6nta hans Sonar fr\u00e1 himni, \u00feann er hann uppvakti af dau\u00f0a, Jes\u00fa er frelsar oss fr\u00e1 hinni yfirvofandi hegningu.<\/p>\n<div class=\"footnoteVidey\">V. 1. 2 Tess. 1,1. R\u00f3m. 1,7. fl.  V. 2. R\u00f3m. 1,8.9. 2 Tess. 1,3. fl.  V. 3. Hebr. 6,10. K\u00f3l. 1,27.  V. 4. 2 Tess. 2,13.  V. 5. 1 Kor. 2,5. 4,20. 1 Tess. 2,13. sbr. Post. g. b. 17,4. y\u00f0ur til fullkomnunar.  V. 6. 1 Kor. 4,16. 11,1. Fil. 3,17. Post. gb. 5,41. Hebr. 10,34.  V. 7. Kap. 4,10.  V. 9. Kap. 2,1. Post. g. b. 26,18. 1 Kor. 12,2. Hebr. 9,14.  V. 10. Post. g. b. 1,11. Fil. 3,20. Opinb. b. 1,7. Post. g. b. 2,24. Matt. 3,7. R\u00f3m. 2,5.<\/div>\n","protected":false},"excerpt":{"rendered":"<p>G\u00f3\u00f0ar \u00f3skir. P\u00e1ll \u00feakkar Gu\u00f0i og hr\u00f3sar \u00feeirra f\u00fasleika a\u00f0 taka kristni, \u00feeirra br\u00f3\u00f0urk\u00e6rleika og \u00feolinm\u00e6\u00f0i. 1P\u00e1ll og Silvanus og T\u00edm\u00f3teus, \u00f3ska y\u00f0ur, s\u00f6fnu\u00f0i Gu\u00f0s F\u00f6\u00f0urs og Drottins Jes\u00fa Krists \u00ed Tessalon\u00edku, n\u00e1\u00f0ar og fri\u00f0ar af Gu\u00f0i vorum F\u00f6\u00f0ur og Drottni Jes\u00fa Kristi.2\u00c1vallt \u00fe\u00f6kkum v\u00e9r Gu\u00f0i fyrir y\u00f0ur alla, \u00fe\u00e1 v\u00e9r minnumst y\u00f0ar \u00ed vorum b\u00e6num,3og erum s\u00edfelldlega minnugir y\u00f0ar atorkus\u00f6mu tr\u00faar og \u00f3\u00fereytanlegu elsku og st\u00f6\u00f0ugu vonar \u00e1 Drottni vorum Jes\u00fa Kristi fyrir augliti Gu\u00f0s og F\u00f6\u00f0ur vors.4V\u00e9r vitum, g\u00f3\u00f0ir br\u00e6\u00f0ur! af Gu\u00f0i elska\u00f0ir! hv\u00f6rnig y\u00f0ar \u00fatvalningu var h\u00e1tta\u00f0,5a\u00f0 eg bo\u00f0a\u00f0i ekki n\u00e1\u00f0arl\u00e6rd\u00f3minn y\u00f0ar \u00e1 me\u00f0al me\u00f0 or\u00f0um einum, <a href=\"https:\/\/biblian.is\/videy\/fyrra-thessalonikubref-1-kafli\/\"> [&#8230;]<\/a><\/p>\n","protected":false},"author":1,"featured_media":0,"parent":0,"menu_order":0,"comment_status":"open","ping_status":"open","template":"bibliukaflar.php","meta":{"footnotes":""},"class_list":["post-21961","page","type-page","status-publish","hentry"],"_links":{"self":[{"href":"https:\/\/biblian.is\/videy\/wp-json\/wp\/v2\/pages\/21961","targetHints":{"allow":["GET"]}}],"collection":[{"href":"https:\/\/biblian.is\/videy\/wp-json\/wp\/v2\/pages"}],"about":[{"href":"https:\/\/biblian.is\/videy\/wp-json\/wp\/v2\/types\/page"}],"author":[{"embeddable":true,"href":"https:\/\/biblian.is\/videy\/wp-json\/wp\/v2\/users\/1"}],"replies":[{"embeddable":true,"href":"https:\/\/biblian.is\/videy\/wp-json\/wp\/v2\/comments?post=21961"}],"version-history":[{"count":0,"href":"https:\/\/biblian.is\/videy\/wp-json\/wp\/v2\/pages\/21961\/revisions"}],"wp:attachment":[{"href":"https:\/\/biblian.is\/videy\/wp-json\/wp\/v2\/media?parent=21961"}],"curies":[{"name":"wp","href":"https:\/\/api.w.org\/{rel}","templated":true}]}}