{"id":21940,"date":"2018-01-02T01:04:52","date_gmt":"2018-01-02T01:04:52","guid":{"rendered":"http:\/\/biblian.is\/videy\/sidara-korintubref-13-kafli\/"},"modified":"2018-01-02T01:04:52","modified_gmt":"2018-01-02T01:04:52","slug":"sidara-korintubref-13-kafli","status":"publish","type":"page","link":"https:\/\/biblian.is\/videy\/sidara-korintubref-13-kafli\/","title":{"rendered":"S\u00ed\u00f0ara Korintubr\u00e9f 13. kafli"},"content":{"rendered":"<div class=\"fyrirsognVidey\">P\u00e1ll gj\u00f6rir r\u00e1\u00f0 fyrir a\u00f0 koma enn \u00e1 n\u00fd til Korintu. \u00c1minnir til betrunar svo a\u00f0 hann \u00fe\u00e1 ekki \u00feurfi a\u00f0 s\u00fdna h\u00f6rku. G\u00f3\u00f0ar \u00f3skir.<\/div>\n<p><a name=\"1\"><span class=\"versanumer\">1<\/span><\/a>\u00deegar eg \u00ed \u00feri\u00f0ja sinni kem til y\u00f0ar skal s\u00e9rhv\u00f6rt m\u00e1l sta\u00f0festast milli tveggja e\u00f0ur \u00feriggja manna vitnisbur\u00f0i.<a name=\"2\"><span class=\"versanumer\">2<\/span><\/a>Eg hefi sagt \u00fea\u00f0 \u00e1\u00f0ur og segi \u00fea\u00f0 n\u00fa \u00ed anna\u00f0 sinn sem n\u00e6rverandi, \u00fe\u00f3 n\u00fa fj\u00e6rverandi \u00feeim sem \u00e1\u00f0ur hafa syndga\u00f0 og \u00f6llum \u00f6\u00f0rum, a\u00f0 eg muni ekki hl\u00edfa \u00feeim \u00feegar eg kem aftur.<a name=\"3\"><span class=\"versanumer\">3<\/span><\/a>Me\u00f0 \u00fev\u00ed \u00fe\u00e9r krefji\u00f0 r\u00f6ksemd fyrir \u00fev\u00ed a\u00f0 Kristur tali \u00ed m\u00e9r\u2014hann hefir \u00fe\u00f3 ekki s\u00fdnt sig \u00f3m\u00e1ttugan me\u00f0al y\u00f0ar heldur m\u00e1ttugan,<a name=\"4\"><span class=\"versanumer\">4<\/span><\/a>\u00fev\u00ed jafnvel \u00fe\u00f3 hann v\u00e6ri krossfestur \u00ed veikleika lifir hann n\u00fa fyrir Gu\u00f0s kraft, s\u00f6mulei\u00f0is og \u00fe\u00f3 a\u00f0 v\u00e9r veikir s\u00e9um hans vegna munum v\u00e9r fyrir Gu\u00f0s kraft \u00e1samt honum lifa hj\u00e1 y\u00f0ur\u2014:<a name=\"5\"><span class=\"versanumer\">5<\/span><\/a>Reynir y\u00f0ur sj\u00e1lfa, hv\u00f6rt \u00fe\u00e9r eru\u00f0 \u00ed tr\u00fanni, pr\u00f3fi\u00f0 y\u00f0ur sj\u00e1lfa. E\u00f0ur \u00feekki\u00f0 \u00fe\u00e9r y\u00f0ur ekki sj\u00e1lfa, a\u00f0 Jes\u00fas Kristur er \u00ed y\u00f0ur, nema \u00fe\u00e9r s\u00e9u\u00f0 r\u00e6kir?<a name=\"6\"><span class=\"versanumer\">6<\/span><\/a>En eg vona a\u00f0 \u00fe\u00e9r muni\u00f0 komast a\u00f0 raun um a\u00f0 v\u00e9r s\u00e9um ekki r\u00e6kir.<a name=\"7\"><span class=\"versanumer\">7<\/span><\/a>\u00deess bi\u00f0 eg Gu\u00f0 a\u00f0 eg \u00feurfi ekkert illt a\u00f0 gj\u00f6ra y\u00f0ur. Ekki \u00feess vegna a\u00f0 \u00fea\u00f0 skuli sj\u00e1st a\u00f0 v\u00e9r erum duglegir heldur til \u00feess a\u00f0 \u00fe\u00e9r gj\u00f6ri\u00f0 \u00fea\u00f0 sem gott er \u00fe\u00f3 v\u00e9r \u00fear fyrir s\u00fdnast kynnum mi\u00f0ur \u00e1rei\u00f0anlegir.<a name=\"8\"><span class=\"versanumer\">8<\/span><\/a>\u00dev\u00ed ekkert megnum v\u00e9r gegn sannleikanum heldur einungis me\u00f0 honum.<a name=\"9\"><span class=\"versanumer\">9<\/span><\/a>V\u00e9r gle\u00f0jumst \u00fe\u00f3 a\u00f0 v\u00e9r s\u00e9um veikir, ef \u00fe\u00e9r eru\u00f0 sterkir. Y\u00f0ar lei\u00f0r\u00e9tting er \u00fea\u00f0 sem v\u00e9r bi\u00f0jum Gu\u00f0 um.<a name=\"10\"><span class=\"versanumer\">10<\/span><\/a>\u00deess vegna skrifa eg \u00feetta fr\u00e1verandi a\u00f0 eg n\u00e6rverandi ekki \u00feurfi a\u00f0 br\u00faka h\u00f6rku eftir \u00feeim myndugleika sem Drottinn hefir gefi\u00f0 m\u00e9r y\u00f0ur til uppbyggingar en ekki til ska\u00f0a.<br \/><a name=\"11\"><span class=\"versanumer\">11<\/span><\/a>A\u00f0 endingu, br\u00e6\u00f0ur, veri\u00f0 gla\u00f0ir, fullkomnir, upphvetji\u00f0 hv\u00f6r annan, veri\u00f0 samhuga og fri\u00f0samir. \u00de\u00e1 mun k\u00e6rleikans og fri\u00f0arins Gu\u00f0 vera me\u00f0 y\u00f0ur.<a name=\"12\"><span class=\"versanumer\">12<\/span><\/a>Heilsi\u00f0 hv\u00f6r \u00f6\u00f0rum me\u00f0 heil\u00f6gum kossi. Y\u00f0ur heilsa allir heilagir.<a name=\"13\"><span class=\"versanumer\">13<\/span><\/a>N\u00e1\u00f0 Drottins Jes\u00fa Krists, k\u00e6rleiki Gu\u00f0s og hluttekning Heilags Anda s\u00e9 me\u00f0 y\u00f0ur \u00f6llum.<\/p>\n<div class=\"footnoteVidey\">V. 1. 5 M\u00f3s. b. 19,15.  V. 4. Fil. 2,7.8. Opinb.b. 1,18.  V. 15. samanb. R\u00f3m. 8,7\u20139.<\/div>\n","protected":false},"excerpt":{"rendered":"<p>P\u00e1ll gj\u00f6rir r\u00e1\u00f0 fyrir a\u00f0 koma enn \u00e1 n\u00fd til Korintu. \u00c1minnir til betrunar svo a\u00f0 hann \u00fe\u00e1 ekki \u00feurfi a\u00f0 s\u00fdna h\u00f6rku. G\u00f3\u00f0ar \u00f3skir. 1\u00deegar eg \u00ed \u00feri\u00f0ja sinni kem til y\u00f0ar skal s\u00e9rhv\u00f6rt m\u00e1l sta\u00f0festast milli tveggja e\u00f0ur \u00feriggja manna vitnisbur\u00f0i.2Eg hefi sagt \u00fea\u00f0 \u00e1\u00f0ur og segi \u00fea\u00f0 n\u00fa \u00ed anna\u00f0 sinn sem n\u00e6rverandi, \u00fe\u00f3 n\u00fa fj\u00e6rverandi \u00feeim sem \u00e1\u00f0ur hafa syndga\u00f0 og \u00f6llum \u00f6\u00f0rum, a\u00f0 eg muni ekki hl\u00edfa \u00feeim \u00feegar eg kem aftur.3Me\u00f0 \u00fev\u00ed \u00fe\u00e9r krefji\u00f0 r\u00f6ksemd fyrir \u00fev\u00ed a\u00f0 Kristur tali \u00ed m\u00e9r\u2014hann hefir \u00fe\u00f3 ekki s\u00fdnt sig \u00f3m\u00e1ttugan me\u00f0al y\u00f0ar heldur m\u00e1ttugan,4\u00fev\u00ed jafnvel \u00fe\u00f3 <a href=\"https:\/\/biblian.is\/videy\/sidara-korintubref-13-kafli\/\"> [&#8230;]<\/a><\/p>\n","protected":false},"author":1,"featured_media":0,"parent":0,"menu_order":0,"comment_status":"open","ping_status":"open","template":"bibliukaflar.php","meta":{"footnotes":""},"class_list":["post-21940","page","type-page","status-publish","hentry"],"_links":{"self":[{"href":"https:\/\/biblian.is\/videy\/wp-json\/wp\/v2\/pages\/21940","targetHints":{"allow":["GET"]}}],"collection":[{"href":"https:\/\/biblian.is\/videy\/wp-json\/wp\/v2\/pages"}],"about":[{"href":"https:\/\/biblian.is\/videy\/wp-json\/wp\/v2\/types\/page"}],"author":[{"embeddable":true,"href":"https:\/\/biblian.is\/videy\/wp-json\/wp\/v2\/users\/1"}],"replies":[{"embeddable":true,"href":"https:\/\/biblian.is\/videy\/wp-json\/wp\/v2\/comments?post=21940"}],"version-history":[{"count":0,"href":"https:\/\/biblian.is\/videy\/wp-json\/wp\/v2\/pages\/21940\/revisions"}],"wp:attachment":[{"href":"https:\/\/biblian.is\/videy\/wp-json\/wp\/v2\/media?parent=21940"}],"curies":[{"name":"wp","href":"https:\/\/api.w.org\/{rel}","templated":true}]}}