{"id":21931,"date":"2018-01-02T01:04:52","date_gmt":"2018-01-02T01:04:52","guid":{"rendered":"http:\/\/biblian.is\/videy\/sidara-korintubref-4-kafli\/"},"modified":"2018-01-02T01:04:52","modified_gmt":"2018-01-02T01:04:52","slug":"sidara-korintubref-4-kafli","status":"publish","type":"page","link":"https:\/\/biblian.is\/videy\/sidara-korintubref-4-kafli\/","title":{"rendered":"S\u00ed\u00f0ara Korintubr\u00e9f 4. kafli"},"content":{"rendered":"<div class=\"fyrirsognVidey\">P\u00e1ll forsvarar sinn kennslum\u00e1ta. Talar um s\u00ednar \u00ferautir og huggun.<\/div>\n<p><a name=\"1\"><span class=\"versanumer\">1<\/span><\/a>Me\u00f0 \u00fev\u00ed v\u00e9r h\u00f6fum \u00fev\u00edl\u00edka \u00fej\u00f3nustu \u00e1 hendi, eftir \u00feeirri n\u00e1\u00f0, sem oss er veitt, \u00fe\u00e1 letjumst v\u00e9r ekki,<a name=\"2\"><span class=\"versanumer\">2<\/span><\/a>heldur afsegjum alla leynilega sv\u00edvir\u00f0ingu, br\u00fakum hv\u00f6rki v\u00e9lar n\u00e9 f\u00f6lsum Gu\u00f0s or\u00f0, heldur, l\u00edka sem fyrir Gu\u00f0s augliti, m\u00e6lum fram me\u00f0 oss fyrir hv\u00f6rs samvisku, me\u00f0 sannleikans augl\u00fdsingu.<a name=\"3\"><span class=\"versanumer\">3<\/span><\/a>Ef nokkrum er vor kenning hulin, \u00fe\u00e1 er \u00fea\u00f0 fort\u00f6pu\u00f0um,<a name=\"4\"><span class=\"versanumer\">4<\/span><\/a>hv\u00f6rra skilning \u00feessarar aldar h\u00f6f\u00f0ingi hefir svo blinda\u00f0, a\u00f0 \u00feeir ekki sj\u00e1 birtu \u00feess d\u00fdr\u00f0lega n\u00e1\u00f0arl\u00e6rd\u00f3ms Krists, sem er Gu\u00f0s mynd.<a name=\"5\"><span class=\"versanumer\">5<\/span><\/a>Ekki pr\u00e9dikum v\u00e9r oss sj\u00e1lfa, heldur Drottinn Jes\u00fam Krist, en oss y\u00f0ar \u00fej\u00f3na Krists vegna;<a name=\"6\"><span class=\"versanumer\">6<\/span><\/a>\u00fev\u00ed Gu\u00f0, sem bau\u00f0 a\u00f0 lj\u00f3s skyldi sk\u00edna \u00far myrkri, hefir l\u00e1ti\u00f0 lj\u00f3s sk\u00edna \u00ed vor hj\u00f6rtu, svo \u00feekking Gu\u00f0s d\u00fdr\u00f0ar \u00ed Kristi Jes\u00fa skyldi auglj\u00f3s ver\u00f0a. <br \/><a name=\"7\"><span class=\"versanumer\">7<\/span><\/a>En \u00feenna fj\u00e1rsj\u00f3\u00f0 berum v\u00e9r \u00ed leirkerum, svo a\u00f0 kraftarins st\u00e6r\u00f0 s\u00e9 Gu\u00f0s, en ekki af oss.<a name=\"8\"><span class=\"versanumer\">8<\/span><\/a>\u00cd \u00f6llu \u00fej\u00f6kumst v\u00e9r, en l\u00e1tum \u00fe\u00f3 ekki hugfallast; erum vonlitlir, en \u00f6rvilnumst \u00fe\u00f3 ekki; ofs\u00f3ttir, en \u00fe\u00f3 ekki hj\u00e1lparlausir;<a name=\"9\"><span class=\"versanumer\">9<\/span><\/a>felldir til jar\u00f0ar, en tort\u00fdnumst \u00fe\u00f3 ekki.<a name=\"10\"><span class=\"versanumer\">10<\/span><\/a>Jafnan berum v\u00e9r dey\u00f0ingu Jes\u00fa \u00e1 l\u00edkamanum, svo a\u00f0 Jes\u00fa l\u00edf augl\u00fdsist \u00e1 vorum l\u00edkama;<a name=\"11\"><span class=\"versanumer\">11<\/span><\/a>\u00fev\u00ed \u00fe\u00f3tt v\u00e9r lifum, erum v\u00e9r jafnan til dau\u00f0a seldir vegna Jes\u00fa, svo a\u00f0 hans l\u00edf einnig auglj\u00f3st ve\u00f0ri \u00ed vorum dau\u00f0lega l\u00edkama.<a name=\"12\"><span class=\"versanumer\">12<\/span><\/a>Dau\u00f0inn <span class='VideyAth'>e)<\/span> s\u00fdnir \u00fev\u00ed sinn kraft \u00ed oss, en l\u00edfi\u00f0 <span class='VideyAth'>f)<\/span> \u00e1 y\u00f0ur.<a name=\"13\"><span class=\"versanumer\">13<\/span><\/a>En me\u00f0 \u00fev\u00ed v\u00e9r h\u00f6fum hinn sama anda tr\u00faarinnar, eins og skrifa\u00f0 stendur: \u201eeg tr\u00fa\u00f0i, \u00fear fyrir tala\u00f0i eg\u201c, \u00feannig einnig tr\u00faum v\u00e9r og \u00fear fyrir t\u00f6lum v\u00e9r,<a name=\"14\"><span class=\"versanumer\">14<\/span><\/a>\u00fear e\u00f0 v\u00e9r vitum, a\u00f0 s\u00e1, sem uppvakti Drottin Jes\u00fam, muni fyrir Jes\u00fam uppvekja oss og framlei\u00f0a \u00e1samt y\u00f0ur.<a name=\"15\"><span class=\"versanumer\">15<\/span><\/a>\u00dev\u00ed allt \u00feetta er y\u00f0ar vegna, svo a\u00f0 hin mikla n\u00e1\u00f0 vegna margra \u00feakkargj\u00f6r\u00f0ar yfirgn\u00e6fi Gu\u00f0i til d\u00fdr\u00f0ar.<a name=\"16\"><span class=\"versanumer\">16<\/span><\/a>\u00dear fyrir letjumst v\u00e9r ekki, \u00fev\u00ed jafnvel \u00fe\u00f3 vor ytri ma\u00f0ur hr\u00f6rni, endurn\u00fdjast samt vor innri ma\u00f0ur dag eftir dag;<a name=\"17\"><span class=\"versanumer\">17<\/span><\/a>\u00fev\u00ed vor \u00ferenging, sem skammvinn er og l\u00e9ttb\u00e6r, aflar oss yfirgn\u00e6fanlegrar eil\u00edfrar d\u00fdr\u00f0ar;<a name=\"18\"><span class=\"versanumer\">18<\/span><\/a>oss, sem l\u00edtum ekki til \u00feess s\u00fdnilega, heldur \u00f3s\u00fdnilega; \u00fev\u00ed hi\u00f0 s\u00fdnilega er t\u00edmanlegt, en hi\u00f0 \u00f3s\u00fdnilega eil\u00edft.<\/p>\n<div class=\"footnoteVidey\">V. 4. sbr. Post. g. b. 5,3. Efes. 2,2. J\u00f3h. 12,31. 14,30.  V. 5. Post. g. b. 2,36. 10,36.  V. 6. 1 M\u00f3s. b. 1,3.16.  V. 7. 1 Kor. 3,5.  V. 10. 1 Kor. 15,19.  V. 12. e. nl. dau\u00f0ans h\u00e6tta (v. 11). f. nl. var\u00f0veisla l\u00edfs m\u00edns.  V. 13. S\u00e1lm. 116,10.  V. 14. 1 Kor. 5,1.10. sbr. R\u00f3m. 8,11.  V. 17. R\u00f3m. 8,18.<\/div>\n","protected":false},"excerpt":{"rendered":"<p>P\u00e1ll forsvarar sinn kennslum\u00e1ta. Talar um s\u00ednar \u00ferautir og huggun. 1Me\u00f0 \u00fev\u00ed v\u00e9r h\u00f6fum \u00fev\u00edl\u00edka \u00fej\u00f3nustu \u00e1 hendi, eftir \u00feeirri n\u00e1\u00f0, sem oss er veitt, \u00fe\u00e1 letjumst v\u00e9r ekki,2heldur afsegjum alla leynilega sv\u00edvir\u00f0ingu, br\u00fakum hv\u00f6rki v\u00e9lar n\u00e9 f\u00f6lsum Gu\u00f0s or\u00f0, heldur, l\u00edka sem fyrir Gu\u00f0s augliti, m\u00e6lum fram me\u00f0 oss fyrir hv\u00f6rs samvisku, me\u00f0 sannleikans augl\u00fdsingu.3Ef nokkrum er vor kenning hulin, \u00fe\u00e1 er \u00fea\u00f0 fort\u00f6pu\u00f0um,4hv\u00f6rra skilning \u00feessarar aldar h\u00f6f\u00f0ingi hefir svo blinda\u00f0, a\u00f0 \u00feeir ekki sj\u00e1 birtu \u00feess d\u00fdr\u00f0lega n\u00e1\u00f0arl\u00e6rd\u00f3ms Krists, sem er Gu\u00f0s mynd.5Ekki pr\u00e9dikum v\u00e9r oss sj\u00e1lfa, heldur Drottinn Jes\u00fam Krist, en oss y\u00f0ar \u00fej\u00f3na Krists vegna;6\u00fev\u00ed Gu\u00f0, <a href=\"https:\/\/biblian.is\/videy\/sidara-korintubref-4-kafli\/\"> [&#8230;]<\/a><\/p>\n","protected":false},"author":1,"featured_media":0,"parent":0,"menu_order":0,"comment_status":"open","ping_status":"open","template":"bibliukaflar.php","meta":{"footnotes":""},"class_list":["post-21931","page","type-page","status-publish","hentry"],"_links":{"self":[{"href":"https:\/\/biblian.is\/videy\/wp-json\/wp\/v2\/pages\/21931","targetHints":{"allow":["GET"]}}],"collection":[{"href":"https:\/\/biblian.is\/videy\/wp-json\/wp\/v2\/pages"}],"about":[{"href":"https:\/\/biblian.is\/videy\/wp-json\/wp\/v2\/types\/page"}],"author":[{"embeddable":true,"href":"https:\/\/biblian.is\/videy\/wp-json\/wp\/v2\/users\/1"}],"replies":[{"embeddable":true,"href":"https:\/\/biblian.is\/videy\/wp-json\/wp\/v2\/comments?post=21931"}],"version-history":[{"count":0,"href":"https:\/\/biblian.is\/videy\/wp-json\/wp\/v2\/pages\/21931\/revisions"}],"wp:attachment":[{"href":"https:\/\/biblian.is\/videy\/wp-json\/wp\/v2\/media?parent=21931"}],"curies":[{"name":"wp","href":"https:\/\/api.w.org\/{rel}","templated":true}]}}