{"id":21917,"date":"2018-01-02T01:04:46","date_gmt":"2018-01-02T01:04:46","guid":{"rendered":"http:\/\/biblian.is\/videy\/fyrra-korintubref-6-kafli\/"},"modified":"2018-01-02T01:04:46","modified_gmt":"2018-01-02T01:04:46","slug":"fyrra-korintubref-6-kafli","status":"publish","type":"page","link":"https:\/\/biblian.is\/videy\/fyrra-korintubref-6-kafli\/","title":{"rendered":"Fyrra Korintubr\u00e9f 6. kafli"},"content":{"rendered":"<div class=\"fyrirsognVidey\">Lastar, a\u00f0 kl\u00f6gum\u00e1l kristinna \u00e1 milli borin s\u00e9u undir hei\u00f0na d\u00f3mendur og yfir h\u00f6fu\u00f0, a\u00f0 lestir skuli vi\u00f0gangast me\u00f0al kristinna. Straffar \u00fe\u00e1, sem taka lausl\u00e6ti \u00ed forsvar.<\/div>\n<p><a name=\"1\"><span class=\"versanumer\">1<\/span><\/a>Hv\u00f6r y\u00f0ar getur fengi\u00f0 \u00fea\u00f0 af s\u00e9r, ef hann hefir m\u00e1l \u00f6\u00f0rum \u00e1 m\u00f3ti, a\u00f0 l\u00e1ta \u00fea\u00f0 koma undir d\u00f3m hei\u00f0inna, en ekki heldur undir d\u00f3m heilagra <span class='VideyAth'>a)<\/span>?<a name=\"2\"><span class=\"versanumer\">2<\/span><\/a>e\u00f0ur viti\u00f0 \u00fe\u00e9r ekki a\u00f0 \u00feeir heil\u00f6gu munu heiminn d\u00e6ma <span class='VideyAth'>b)<\/span>? en ef heimurinn ver\u00f0ur af y\u00f0ur d\u00e6mdur, eru\u00f0 \u00fe\u00e9r \u00fe\u00e1 \u00f3ver\u00f0ugir a\u00f0 d\u00e6ma \u00ed minnstu m\u00e1lum?<a name=\"3\"><span class=\"versanumer\">3<\/span><\/a>Viti\u00f0 \u00fe\u00e9r ekki a\u00f0 v\u00e9r munum englana d\u00e6ma, \u00fev\u00ed \u00fe\u00e1 ekki \u00fea\u00f0 t\u00edmanlega!<a name=\"4\"><span class=\"versanumer\">4<\/span><\/a>Ef a\u00f0 \u00fe\u00e9r hafi\u00f0 m\u00e1l um \u00fea\u00f0 t\u00edmanlega, \u00fe\u00e1 setji\u00f0 \u00fe\u00e9r \u00fe\u00e1 <span class='VideyAth'>c)<\/span> til d\u00f3mara, sem \u00ed fyrirlitningu eru \u00ed s\u00f6fnu\u00f0inum.<a name=\"5\"><span class=\"versanumer\">5<\/span><\/a>\u00deetta segi eg y\u00f0ur til blyg\u00f0unar. Er \u00fe\u00e1 ekki einu einasti svo vitur \u00e1 me\u00f0al y\u00f0ar, a\u00f0 hann geti skori\u00f0 \u00far m\u00e1lum milli br\u00e6\u00f0ra sinna?<a name=\"6\"><span class=\"versanumer\">6<\/span><\/a>heldur gengur br\u00f3\u00f0ir \u00ed r\u00e9tt \u00e1 m\u00f3ti br\u00f3\u00f0ur og \u00fea\u00f0 fyrir d\u00f3mst\u00f3li vantr\u00faa\u00f0ra.<a name=\"7\"><span class=\"versanumer\">7<\/span><\/a>Yfir h\u00f6fu\u00f0 a\u00f0 tala er \u00fea\u00f0 y\u00f0ur til sm\u00e1nar, a\u00f0 \u00fe\u00e9r hafi\u00f0 lagadeilur hv\u00f6r vi\u00f0 annan;<a name=\"8\"><span class=\"versanumer\">8<\/span><\/a>\u00fev\u00ed l\u00ed\u00f0i\u00f0 \u00fe\u00e9r ekki heldur \u00f3r\u00e9tt og \u00fev\u00ed l\u00e1ti\u00f0 \u00fe\u00e9r ekki heldur \u00e1s\u00e6last y\u00f0ur? en \u00fe\u00e9r gj\u00f6ri\u00f0 sj\u00e1lfir \u00f3r\u00e9tt og \u00e1s\u00e6list a\u00f0ra og \u00fea\u00f0 y\u00f0ar br\u00e6\u00f0ur.<a name=\"9\"><span class=\"versanumer\">9<\/span><\/a>Viti\u00f0 \u00fe\u00e9r ekki a\u00f0 \u00f3r\u00e9ttv\u00edsir munu ekki Gu\u00f0s r\u00edki erfa? dragi\u00f0 y\u00f0ur ekki sj\u00e1lfa \u00e1 t\u00e1lar; hv\u00f6rki frillul\u00edfismenn, n\u00e9 skur\u00f0go\u00f0ad\u00fdrkarar, n\u00e9 h\u00f3rd\u00f3msmenn, n\u00e9 mannbley\u00f0ur, e\u00f0ur \u00feeir, sem leggjast me\u00f0 karlm\u00f6nnum,<a name=\"10\"><span class=\"versanumer\">10<\/span><\/a>n\u00e9 \u00fej\u00f3far, n\u00e9 \u00e1s\u00e6lnir, n\u00e9 drykkjumen, n\u00e9 or\u00f0h\u00e1kar, n\u00e9 r\u00e1nsmen, munu Gu\u00f0s r\u00edki erfa.<a name=\"11\"><span class=\"versanumer\">11<\/span><\/a>\u00dev\u00edl\u00edkir voru nokkrir af y\u00f0ur \u00e1\u00f0ur, en n\u00fa eru\u00f0 \u00fe\u00e9r \u00fevegnir, helga\u00f0ir og r\u00e9ttl\u00e6ttir fyrir Jes\u00fam Krist og Gu\u00f0s vors Anda. <br \/><a name=\"12\"><span class=\"versanumer\">12<\/span><\/a>Allt er m\u00e9r leyfilegt, en allt er samt ekki \u00fe\u00e9nanlegt. Allt er m\u00e9r leyfilegt, en eg m\u00e1 ekki l\u00e1ta nokkurn hlut f\u00e1 vald yfir m\u00e9r.<a name=\"13\"><span class=\"versanumer\">13<\/span><\/a>F\u00e6\u00f0an er fyrir magann og maginn fyrir f\u00e6\u00f0una, en Gu\u00f0 mun gj\u00f6ra enda \u00e1 b\u00e6\u00f0i henni og honum.<a name=\"14\"><span class=\"versanumer\">14<\/span><\/a>En l\u00edkaminn er ekki <span class='VideyAth'>(gefinn)<\/span> til frillul\u00edfis, heldur Drottni til \u00fej\u00f3nustu, og Drottinn er fyrir l\u00edkamann; \u00fev\u00ed Gu\u00f0, sem uppvakti Drottinn, mun og uppvekja oss fyrir kraft sinn.<a name=\"15\"><span class=\"versanumer\">15<\/span><\/a>Viti\u00f0 \u00fe\u00e9r ekki, a\u00f0 y\u00f0ar l\u00edkamir eru Krists limir? skyldi eg taka Krists limi og gj\u00f6ra \u00fe\u00e1 a\u00f0 limum sk\u00e6kjunnar? fj\u00e6rri s\u00e9 \u00fev\u00ed !<a name=\"16\"><span class=\"versanumer\">16<\/span><\/a>e\u00f0ur viti\u00f0 \u00fe\u00e9r ekki, a\u00f0 s\u00e1, sem samlagar sig sk\u00e6kjunni, er einn l\u00edkami me\u00f0 henni ? \u00fev\u00ed \u00feau tv\u00f6 munu ver\u00f0a einn l\u00edkami, segir Ritningin.<a name=\"17\"><span class=\"versanumer\">17<\/span><\/a>En s\u00e1, sem samlagar sig Drottni, er einn andi me\u00f0 honum.<a name=\"18\"><span class=\"versanumer\">18<\/span><\/a>For\u00f0ist frillulifna\u00f0! s\u00e9rhv\u00f6r \u00f6nnur synd, sem ma\u00f0urinn dr\u00fdgir, er l\u00edkamanum \u00f3vi\u00f0komandi, en s\u00e1, sem saurl\u00edfi dr\u00fdgir, syndgar \u00e1 m\u00f3ti s\u00ednum eigin l\u00edkama.<a name=\"19\"><span class=\"versanumer\">19<\/span><\/a>E\u00f0ur viti\u00f0 \u00fe\u00e9r ekki a\u00f0 y\u00f0ar l\u00edkami er musteri \u00feess heilaga Anda, sem \u00ed y\u00f0ur b\u00fdr, hv\u00f6rn \u00fe\u00e9r hafi\u00f0 fr\u00e1 Gu\u00f0i og a\u00f0 \u00fe\u00e9r eru\u00f0 ekki y\u00f0ar eigin herrar;<a name=\"20\"><span class=\"versanumer\">20<\/span><\/a>\u00fev\u00ed fyrir ver\u00f0 eru\u00f0 \u00fe\u00e9r keyptir; vegsami\u00f0 \u00fev\u00ed Gu\u00f0 me\u00f0 y\u00f0ar l\u00edkama.<\/p>\n<div class=\"footnoteVidey\">V. 1. a. \u00de. e. kristinna.  V. 2. b. Matt. 19,28. L\u00fak. 22,29\u201330. sbr. Dan. 7,22.  V. 4. c. nl. heldur.  V. 9. 3 M\u00f3s. b. 18,22. R\u00f3m. 1,27.  V. 11. Efes. 2,2. f. T\u00edt. 3,3.  V. 12. Kap. 10,23. f.  V. 13. R\u00f3m. 14,15.17.  V. 14. R\u00f3m. 6,5.8. sbr. 1 Kor. 15,13. ff.  V. 15. Efes. 4,12.15.  V. 16. 1 M\u00f3s. b. 2,24. Matt. 19,5.  V. 17. J\u00f3h. 17,21.  V. 19. Kap. 3,16. R\u00f3m. 8,14.15. sbr. vi\u00f0 8,2.5.6.9.  V. 20. T\u00edt. 2,14. 1 P\u00e9t. 1,18.19. Efes. 1,7. Post. gb. 20,28.<\/div>\n","protected":false},"excerpt":{"rendered":"<p>Lastar, a\u00f0 kl\u00f6gum\u00e1l kristinna \u00e1 milli borin s\u00e9u undir hei\u00f0na d\u00f3mendur og yfir h\u00f6fu\u00f0, a\u00f0 lestir skuli vi\u00f0gangast me\u00f0al kristinna. Straffar \u00fe\u00e1, sem taka lausl\u00e6ti \u00ed forsvar. 1Hv\u00f6r y\u00f0ar getur fengi\u00f0 \u00fea\u00f0 af s\u00e9r, ef hann hefir m\u00e1l \u00f6\u00f0rum \u00e1 m\u00f3ti, a\u00f0 l\u00e1ta \u00fea\u00f0 koma undir d\u00f3m hei\u00f0inna, en ekki heldur undir d\u00f3m heilagra a)?2e\u00f0ur viti\u00f0 \u00fe\u00e9r ekki a\u00f0 \u00feeir heil\u00f6gu munu heiminn d\u00e6ma b)? en ef heimurinn ver\u00f0ur af y\u00f0ur d\u00e6mdur, eru\u00f0 \u00fe\u00e9r \u00fe\u00e1 \u00f3ver\u00f0ugir a\u00f0 d\u00e6ma \u00ed minnstu m\u00e1lum?3Viti\u00f0 \u00fe\u00e9r ekki a\u00f0 v\u00e9r munum englana d\u00e6ma, \u00fev\u00ed \u00fe\u00e1 ekki \u00fea\u00f0 t\u00edmanlega!4Ef a\u00f0 \u00fe\u00e9r hafi\u00f0 m\u00e1l um \u00fea\u00f0 t\u00edmanlega, <a href=\"https:\/\/biblian.is\/videy\/fyrra-korintubref-6-kafli\/\"> [&#8230;]<\/a><\/p>\n","protected":false},"author":1,"featured_media":0,"parent":0,"menu_order":0,"comment_status":"open","ping_status":"open","template":"bibliukaflar.php","meta":{"footnotes":""},"class_list":["post-21917","page","type-page","status-publish","hentry"],"_links":{"self":[{"href":"https:\/\/biblian.is\/videy\/wp-json\/wp\/v2\/pages\/21917","targetHints":{"allow":["GET"]}}],"collection":[{"href":"https:\/\/biblian.is\/videy\/wp-json\/wp\/v2\/pages"}],"about":[{"href":"https:\/\/biblian.is\/videy\/wp-json\/wp\/v2\/types\/page"}],"author":[{"embeddable":true,"href":"https:\/\/biblian.is\/videy\/wp-json\/wp\/v2\/users\/1"}],"replies":[{"embeddable":true,"href":"https:\/\/biblian.is\/videy\/wp-json\/wp\/v2\/comments?post=21917"}],"version-history":[{"count":0,"href":"https:\/\/biblian.is\/videy\/wp-json\/wp\/v2\/pages\/21917\/revisions"}],"wp:attachment":[{"href":"https:\/\/biblian.is\/videy\/wp-json\/wp\/v2\/media?parent=21917"}],"curies":[{"name":"wp","href":"https:\/\/api.w.org\/{rel}","templated":true}]}}