{"id":21916,"date":"2018-01-02T01:04:46","date_gmt":"2018-01-02T01:04:46","guid":{"rendered":"http:\/\/biblian.is\/videy\/fyrra-korintubref-5-kafli\/"},"modified":"2018-01-02T01:04:46","modified_gmt":"2018-01-02T01:04:46","slug":"fyrra-korintubref-5-kafli","status":"publish","type":"page","link":"https:\/\/biblian.is\/videy\/fyrra-korintubref-5-kafli\/","title":{"rendered":"Fyrra Korintubr\u00e9f 5. kafli"},"content":{"rendered":"<div class=\"fyrirsognVidey\">Postulinn varar vi\u00f0 lausl\u00e6ti og frillulifna\u00f0i.<\/div>\n<p><a name=\"1\"><span class=\"versanumer\">1<\/span><\/a>Alr\u00e6mt er a\u00f0 lausl\u00e6ti s\u00e9 hj\u00e1 y\u00f0ur drottnandi og \u00fev\u00edl\u00edkt lausl\u00e6ti, a\u00f0 ekki eru d\u00e6mi til sl\u00edks me\u00f0al hei\u00f0inna, a\u00f0 nokkur skal halda vi\u00f0 f\u00f6\u00f0ur s\u00edns eiginkonu.<a name=\"2\"><span class=\"versanumer\">2<\/span><\/a>Og \u00fe\u00f3 eru\u00f0 \u00fe\u00e9r upphroka\u00f0ir og l\u00e1ti\u00f0 y\u00f0ur ekki miklu heldur vera annt um \u00fea\u00f0, a\u00f0 s\u00e1, sem \u00feetta verk hefir dr\u00fdgt, rekist burt fr\u00e1 y\u00f0ur.<a name=\"3\"><span class=\"versanumer\">3<\/span><\/a>Eg fyrir mitt leyti, \u00fe\u00f3tt eg s\u00e9 fr\u00e1verandi a\u00f0 l\u00edkamanum til, samt n\u00e1l\u00e6gur \u00ed huga,<a name=\"4\"><span class=\"versanumer\">4<\/span><\/a>hefi \u00ed nafni Drottins vors Jes\u00fa Krists og eftir \u00feeim myndugleika, sem hann hefir m\u00e9r gefi\u00f0, svo sem n\u00e1l\u00e6gur \u00farskur\u00f0a\u00f0 <span class='VideyAth'>(a\u00f0 ykkur samank\u00f6llu\u00f0um \u00e1samt m\u00ednum anda)<\/span><a name=\"5\"><span class=\"versanumer\">5<\/span><\/a>a\u00f0 gefa \u00feann, er \u00fev\u00edl\u00edkt hefir dr\u00fdgt, \u00ed Satans vald til dey\u00f0ingar holdinu, svo s\u00e1lin m\u00e6tti h\u00f3lpin ver\u00f0a \u00e1 degi Drottins vors Jes\u00fa Krists.<a name=\"6\"><span class=\"versanumer\">6<\/span><\/a>Ekki er y\u00f0ar st\u00e6ril\u00e6ti fallegt! viti\u00f0 \u00fe\u00e9r ekki a\u00f0 l\u00edti\u00f0 s\u00fardeig getur s\u00fdrt allt deigi\u00f0?<a name=\"7\"><span class=\"versanumer\">7<\/span><\/a>taki\u00f0 burt hi\u00f0 gamla s\u00fardeigi\u00f0, eins og \u00fe\u00e9r n\u00fa eru\u00f0 \u00f3s\u00fdr\u00f0ir; \u00fev\u00ed vort p\u00e1skalamb er og vor vegna sl\u00e1tra\u00f0, nefnilega: Kristur.<a name=\"8\"><span class=\"versanumer\">8<\/span><\/a>H\u00f6ldum \u00fev\u00ed h\u00e1t\u00ed\u00f0, ekki me\u00f0 hinu gamla s\u00fardeiginu, e\u00f0ur me\u00f0 s\u00fardeigi vonskunnar og prettv\u00edsinnar, heldur me\u00f0 \u00f3s\u00fdr\u00f0u brau\u00f0i hreinskilninnar og sannleikans.<a name=\"9\"><span class=\"versanumer\">9<\/span><\/a>Eg skrifa y\u00f0ur \u00ed br\u00e9fi m\u00ednu a\u00f0 \u00fe\u00e9r skyldu\u00f0 ekki hafa afskipti af frillul\u00edfism\u00f6nnum;<a name=\"10\"><span class=\"versanumer\">10<\/span><\/a>en eg meinti \u00f6ldungis ekki til frillul\u00edfismanna \u00fat um heiminn, e\u00f0ur til \u00e1s\u00e6linna, r\u00e1nsmanna, e\u00f0ur skur\u00f0go\u00f0ad\u00fdrkara \u00fear, \u00fev\u00ed \u00fe\u00e1 yr\u00f0u\u00f0 \u00fe\u00e9r a\u00f0 fara \u00fat \u00far heiminum.<a name=\"11\"><span class=\"versanumer\">11<\/span><\/a>En n\u00fa skrifa eg y\u00f0ur, a\u00f0 \u00fe\u00e9r skuli\u00f0 ekki samlaga y\u00f0ur \u00feeim br\u00f3\u00f0ur, sem er frillul\u00edfisma\u00f0ur, e\u00f0ur \u00e1s\u00e6linn, e\u00f0ur skur\u00f0go\u00f0ad\u00fdrkari, e\u00f0ur or\u00f0h\u00e1kur, e\u00f0ur drykkjuma\u00f0ur e\u00f0ur r\u00e1nsma\u00f0ur; me\u00f0 \u00fev\u00edl\u00edkum skulu\u00f0 \u00fe\u00e9r ekki hafa m\u00f6tuneyti.<a name=\"12\"><span class=\"versanumer\">12<\/span><\/a>\u00dev\u00ed hva\u00f0 kemur \u00fea\u00f0 m\u00e9r vi\u00f0 a\u00f0 d\u00e6ma um \u00fe\u00e1, sem fyrir utan s\u00f6fnu\u00f0inn eru? \u00fev\u00ed d\u00e6mi\u00f0 \u00fe\u00e9r ekki \u00fe\u00e1, sem \u00ed s\u00f6fnu\u00f0inum eru? En hina, sem fyrir utan hann eru, mun Gu\u00f0 d\u00e6ma. Reki\u00f0 \u00feann vonda burt fr\u00e1 y\u00f0ur.<\/p>\n<div class=\"footnoteVidey\">V. 1. Kap. 5,5.9.  V. 5. \u00de. e. \u00fatiloka \u00far s\u00f6fnu\u00f0inum, 1 T\u00edm. 1,20. R\u00f3m. 6,6.  V. 7. 2 M\u00f3s. b. 12,15\u201320.<\/div>\n","protected":false},"excerpt":{"rendered":"<p>Postulinn varar vi\u00f0 lausl\u00e6ti og frillulifna\u00f0i. 1Alr\u00e6mt er a\u00f0 lausl\u00e6ti s\u00e9 hj\u00e1 y\u00f0ur drottnandi og \u00fev\u00edl\u00edkt lausl\u00e6ti, a\u00f0 ekki eru d\u00e6mi til sl\u00edks me\u00f0al hei\u00f0inna, a\u00f0 nokkur skal halda vi\u00f0 f\u00f6\u00f0ur s\u00edns eiginkonu.2Og \u00fe\u00f3 eru\u00f0 \u00fe\u00e9r upphroka\u00f0ir og l\u00e1ti\u00f0 y\u00f0ur ekki miklu heldur vera annt um \u00fea\u00f0, a\u00f0 s\u00e1, sem \u00feetta verk hefir dr\u00fdgt, rekist burt fr\u00e1 y\u00f0ur.3Eg fyrir mitt leyti, \u00fe\u00f3tt eg s\u00e9 fr\u00e1verandi a\u00f0 l\u00edkamanum til, samt n\u00e1l\u00e6gur \u00ed huga,4hefi \u00ed nafni Drottins vors Jes\u00fa Krists og eftir \u00feeim myndugleika, sem hann hefir m\u00e9r gefi\u00f0, svo sem n\u00e1l\u00e6gur \u00farskur\u00f0a\u00f0 (a\u00f0 ykkur samank\u00f6llu\u00f0um \u00e1samt m\u00ednum anda)5a\u00f0 gefa \u00feann, er <a href=\"https:\/\/biblian.is\/videy\/fyrra-korintubref-5-kafli\/\"> [&#8230;]<\/a><\/p>\n","protected":false},"author":1,"featured_media":0,"parent":0,"menu_order":0,"comment_status":"open","ping_status":"open","template":"bibliukaflar.php","meta":{"footnotes":""},"class_list":["post-21916","page","type-page","status-publish","hentry"],"_links":{"self":[{"href":"https:\/\/biblian.is\/videy\/wp-json\/wp\/v2\/pages\/21916","targetHints":{"allow":["GET"]}}],"collection":[{"href":"https:\/\/biblian.is\/videy\/wp-json\/wp\/v2\/pages"}],"about":[{"href":"https:\/\/biblian.is\/videy\/wp-json\/wp\/v2\/types\/page"}],"author":[{"embeddable":true,"href":"https:\/\/biblian.is\/videy\/wp-json\/wp\/v2\/users\/1"}],"replies":[{"embeddable":true,"href":"https:\/\/biblian.is\/videy\/wp-json\/wp\/v2\/comments?post=21916"}],"version-history":[{"count":0,"href":"https:\/\/biblian.is\/videy\/wp-json\/wp\/v2\/pages\/21916\/revisions"}],"wp:attachment":[{"href":"https:\/\/biblian.is\/videy\/wp-json\/wp\/v2\/media?parent=21916"}],"curies":[{"name":"wp","href":"https:\/\/api.w.org\/{rel}","templated":true}]}}