{"id":21892,"date":"2018-01-02T01:04:40","date_gmt":"2018-01-02T01:04:40","guid":{"rendered":"http:\/\/biblian.is\/videy\/postulasagan-25-kafli\/"},"modified":"2018-01-02T01:04:40","modified_gmt":"2018-01-02T01:04:40","slug":"postulasagan-25-kafli","status":"publish","type":"page","link":"https:\/\/biblian.is\/videy\/postulasagan-25-kafli\/","title":{"rendered":"Postulasagan 25. kafli"},"content":{"rendered":"<div class=\"fyrirsognVidey\">Festus bo\u00f0ar Gy\u00f0inga til Sesareu; en P\u00e1ll sk\u00fdtur m\u00e1li s\u00ednu til keisarans, og Festus \u00farskur\u00f0ar, a\u00f0 m\u00e1li\u00f0 gangi \u00feanga\u00f0; Festus talar um P\u00e1l vi\u00f0 Agrippa konung, er sj\u00e1lfur vill heyra hann.<\/div>\n<p><a name=\"1\"><span class=\"versanumer\">1<\/span><\/a>\u00deremur d\u00f6gum eftir a\u00f0 Festus haf\u00f0i teki\u00f0 vi\u00f0 s\u00fdslu sinni, f\u00f3r hann fr\u00e1 Sesareu upp til Jer\u00fasalem.<a name=\"2\"><span class=\"versanumer\">2<\/span><\/a>\u00de\u00e1 m\u00e6ttu fyrir honum \u00e6\u00f0sti presturinn og helstu menn Gy\u00f0inga, gegn P\u00e1li, gj\u00f6r\u00f0u s\u00e9r far um a\u00f0 f\u00e1 hann \u00e1 sitt m\u00e1l,<a name=\"3\"><span class=\"versanumer\">3<\/span><\/a>og beiddust \u00feeirrar n\u00e1\u00f0ar, a\u00f0 Festus l\u00e9ti senda hann til Jer\u00fasalem; en \u00feeir gj\u00f6r\u00f0u honum ums\u00e1tur og \u00e6tlu\u00f0u a\u00f0 drepa hann \u00e1 lei\u00f0inni.<a name=\"4\"><span class=\"versanumer\">4<\/span><\/a>Festus svara\u00f0i, a\u00f0 P\u00e1ll v\u00e6ri \u00ed var\u00f0haldi \u00ed Sesareu, en sj\u00e1lfur \u00e6tla\u00f0i hann br\u00e1\u00f0um \u00feanga\u00f0:<a name=\"5\"><span class=\"versanumer\">5<\/span><\/a>L\u00e1ti\u00f0 \u00fev\u00ed\u2014sag\u00f0i hann\u2014duglega menn af y\u00f0ar h\u00e1lfu, fara \u00feanga\u00f0 me\u00f0 m\u00e9r, til a\u00f0 \u00e1k\u00e6ra hann, s\u00e9 nokku\u00f0 sakn\u00e6mt \u00ed hans fari.<a name=\"6\"><span class=\"versanumer\">6<\/span><\/a>En sem hann haf\u00f0i dvali\u00f0 hj\u00e1 \u00feeim, mest \u00e1tta e\u00f0ur t\u00edu daga, sneri hann aftur til Sesareu, og daginn eftir settist hann \u00e1 d\u00f3mst\u00f3linn og skipa\u00f0i a\u00f0 lei\u00f0a P\u00e1l fram.<a name=\"7\"><span class=\"versanumer\">7<\/span><\/a>En er P\u00e1ll var \u00fear kominn, umkringdu hann Gy\u00f0ingarnir, sem ni\u00f0ur h\u00f6f\u00f0u fari\u00f0 fr\u00e1 Jer\u00fasalem, og b\u00e1ru upp \u00e1 hann margar og \u00feungar sakargiftir, hv\u00f6rjar \u00feeir \u00fe\u00f3 ekki g\u00e1tu sanna\u00f0,<a name=\"8\"><span class=\"versanumer\">8<\/span><\/a>\u00fev\u00ed hann kom fyrir sig \u00feeirri v\u00f6rn, a\u00f0 hann ekkert hef\u00f0i misbroti\u00f0, hverki m\u00f3ti l\u00f6gum Gy\u00f0inga, n\u00e9 musterinu, ekki heldur keisaranum.<a name=\"9\"><span class=\"versanumer\">9<\/span><\/a>\u00de\u00e1 spur\u00f0i Festus P\u00e1l, til a\u00f0 \u00edvilna Gy\u00f0ingum; vilt\u00fa\u2014segir hann\u2014fara upp til Jer\u00fasalem, a\u00f0 eg \u00fear d\u00e6mi \u00feetta m\u00e1l \u00feitt?<a name=\"10\"><span class=\"versanumer\">10<\/span><\/a>P\u00e1ll svara\u00f0i: eg stend fyrir keisarans d\u00f3mi, \u00fear \u00e1 eg a\u00f0 d\u00e6mast. Gy\u00f0ingum hefi eg engan \u00f3r\u00e9tt gj\u00f6rt, eins og \u00fe\u00fa gj\u00f6rla veist.<a name=\"11\"><span class=\"versanumer\">11<\/span><\/a>\u00dear fyrir, s\u00e9 eg brotlegur, e\u00f0ur hafi frami\u00f0 nokku\u00f0 dau\u00f0a vert, \u00fe\u00e1 skora eg mig ekki undan l\u00edfl\u00e1ti; en ef ekkert er tilh\u00e6ft \u00ed \u00fev\u00ed, sem \u00feessir skulda mig fyrir, svo \u00e1 enginn me\u00f0 a\u00f0 gefa \u00feeim l\u00edf mitt. Eg sk\u00fdt m\u00e1li m\u00ednu til keisarans.<a name=\"12\"><span class=\"versanumer\">12<\/span><\/a>Eftir a\u00f0 Festus haf\u00f0i tala\u00f0 vi\u00f0 sitt r\u00e1\u00f0aneyti, var\u00f0 \u00feetta hans atkv\u00e6\u00f0i: \u201efyrir keisarann hefir \u00fe\u00fa skoti\u00f0 m\u00e1lefni \u00fe\u00ednu, til keisarans skalt\u00fa fara\u201c.<br \/><a name=\"13\"><span class=\"versanumer\">13<\/span><\/a>A\u00f0 nokkrum d\u00f6gum li\u00f0num kom Agrippa og Bern\u00edke til Sesareu, til a\u00f0 segja Festus velkominn;<a name=\"14\"><span class=\"versanumer\">14<\/span><\/a>og \u00fear \u00feau dv\u00f6ldu \u00fear um hr\u00ed\u00f0, innti Festus konunginum fr\u00e1 m\u00e1lefni P\u00e1ls og sag\u00f0i: Felix hefir skili\u00f0 eftir bandingja nokkurn,<a name=\"15\"><span class=\"versanumer\">15<\/span><\/a>m\u00f3ti hverjum prestah\u00f6f\u00f0ingjar og \u00f6ldungar Gy\u00f0inga m\u00e6ttu, \u00fe\u00e1 eg var \u00ed Jer\u00fasalem og \u00e6sktu d\u00f3msatkv\u00e6\u00f0is yfir honum.<a name=\"16\"><span class=\"versanumer\">16<\/span><\/a>Eg svara\u00f0i \u00feeim: a\u00f0 \u00fea\u00f0 v\u00e6ri ekki h\u00e1ttur R\u00f3mverja, a\u00f0 ofurselja \u00ed dau\u00f0a nokkurn mann \u00f6\u00f0rum \u00ed vil, fyrri en \u00e1klagendur og s\u00e1 \u00e1k\u00e6r\u00f0i v\u00e6ru b\u00e1\u00f0ir n\u00e1l\u00e6gir, og \u00feessi fengi t\u00e6kif\u00e6ri til forsvars, m\u00f3ti sakargiftinni.<a name=\"17\"><span class=\"versanumer\">17<\/span><\/a>En er \u00feeir komu me\u00f0 m\u00e9r hinga\u00f0, gj\u00f6r\u00f0i eg engan dr\u00e1tt, heldur settist \u00ed d\u00f3mst\u00f3linn daginn eftir, og skipa\u00f0i a\u00f0 lei\u00f0a manninn fram.<a name=\"18\"><span class=\"versanumer\">18<\/span><\/a>\u00c1klagendurnir, sem m\u00e6ttu gegn honum, b\u00e1ru n\u00fa enga \u00feessh\u00e1ttar s\u00f6k fram, er eg haf\u00f0i \u00e6tla\u00f0,<a name=\"19\"><span class=\"versanumer\">19<\/span><\/a>heldur h\u00f6f\u00f0u \u00feeir einhver \u00fer\u00e6tuspursm\u00e1l gegn honum um sj\u00e1lfra \u00feeirra \u00e1tr\u00fana\u00f0, og um einhv\u00f6rn d\u00e1inn Jes\u00fas, hv\u00f6rn P\u00e1ll segir lifa.<a name=\"20\"><span class=\"versanumer\">20<\/span><\/a>\u00dear eg n\u00fa vantreysti m\u00e9r a\u00f0 skera \u00far \u00feesskonar \u00fer\u00e6tu, leiddi eg \u00ed tal, hv\u00f6rt P\u00e1ll vildi fara upp til Jer\u00fasalem og l\u00e1ta \u00fear d\u00e6ma \u00ed \u00feessu m\u00e1li.<a name=\"21\"><span class=\"versanumer\">21<\/span><\/a>En eftir \u00fev\u00ed P\u00e1ll \u00e6skti, a\u00f0 hann geymdist til keisarans \u00farskur\u00f0ar, skipa\u00f0i eg a\u00f0 var\u00f0veita hann, uns eg sendi hann keisaranum.<a name=\"22\"><span class=\"versanumer\">22<\/span><\/a>Agrippa sag\u00f0i \u00fe\u00e1 vi\u00f0 Festus: mig girnir a\u00f0 heyra sj\u00e1lfur manninn. Hinn ansa\u00f0i: \u00e1 morgun skalt\u00fa heyra hann.<a name=\"23\"><span class=\"versanumer\">23<\/span><\/a>Daginn eftir kom Agrippa og Bern\u00edke, me\u00f0 miklu skrauti, og gengu \u00e1samt \u00fe\u00fashundra\u00f0sh\u00f6f\u00f0ingjunum og enum \u00e6\u00f0stu m\u00f6nnum borgarinnar \u00ed d\u00f3mh\u00fasi\u00f0; var svo P\u00e1ll a\u00f0 bo\u00f0i Festusar framleiddur.<a name=\"24\"><span class=\"versanumer\">24<\/span><\/a>\u00de\u00e1 m\u00e6lti Festus: Agrippa konungur! og \u00fe\u00e9r allir, sem me\u00f0 oss eru n\u00e6rstaddir! \u00fear sj\u00e1i\u00f0 \u00fe\u00e9r \u00feann mann, hv\u00f6rn gj\u00f6rvallur Gy\u00f0ingam\u00fagur hefir \u00e1k\u00e6rt fyrir m\u00e9r, b\u00e6\u00f0i \u00ed Jer\u00fasalem og h\u00e9r, og h\u00e1st\u00f6fum sagt, a\u00f0 ekki \u00e6tti lengur a\u00f0 lifa.<a name=\"25\"><span class=\"versanumer\">25<\/span><\/a>Eg er kominn a\u00f0 raun um, a\u00f0 hann ekkert hefir a\u00f0hafst, \u00fea\u00f0 dau\u00f0astraffi s\u00e6ti, og \u00fear e\u00f0 hann sj\u00e1lfur hefir skoti\u00f0 m\u00e1li s\u00ednu til keisarans, \u00fe\u00e1 hefi eg \u00e1lykta\u00f0, a\u00f0 hann skyldi sendast \u00feanga\u00f0.<a name=\"26\"><span class=\"versanumer\">26<\/span><\/a>En me\u00f0 \u00fev\u00ed eg hefi ekkert \u00e1rei\u00f0anlegt a\u00f0 skrifa herranum um hann, \u00fe\u00e1 hefi eg framleitt hann fyrir y\u00f0ur, og einkum fyrir \u00feig, Agrippa konungur! upp \u00e1 \u00fea\u00f0 a\u00f0 eg, a\u00f0 h\u00f6ldnu \u00feessu rannsaki, hef\u00f0i eitthva\u00f0 a\u00f0 skrifa;<a name=\"27\"><span class=\"versanumer\">27<\/span><\/a>\u00fev\u00ed m\u00e9r l\u00edst \u00f3skynsamlegt a\u00f0 senda bandingja, \u00e1n \u00feess sakargift hans s\u00e9 tilgreind.<\/p>\n<div class=\"footnoteVidey\"><\/div>\n","protected":false},"excerpt":{"rendered":"<p>Festus bo\u00f0ar Gy\u00f0inga til Sesareu; en P\u00e1ll sk\u00fdtur m\u00e1li s\u00ednu til keisarans, og Festus \u00farskur\u00f0ar, a\u00f0 m\u00e1li\u00f0 gangi \u00feanga\u00f0; Festus talar um P\u00e1l vi\u00f0 Agrippa konung, er sj\u00e1lfur vill heyra hann. 1\u00deremur d\u00f6gum eftir a\u00f0 Festus haf\u00f0i teki\u00f0 vi\u00f0 s\u00fdslu sinni, f\u00f3r hann fr\u00e1 Sesareu upp til Jer\u00fasalem.2\u00de\u00e1 m\u00e6ttu fyrir honum \u00e6\u00f0sti presturinn og helstu menn Gy\u00f0inga, gegn P\u00e1li, gj\u00f6r\u00f0u s\u00e9r far um a\u00f0 f\u00e1 hann \u00e1 sitt m\u00e1l,3og beiddust \u00feeirrar n\u00e1\u00f0ar, a\u00f0 Festus l\u00e9ti senda hann til Jer\u00fasalem; en \u00feeir gj\u00f6r\u00f0u honum ums\u00e1tur og \u00e6tlu\u00f0u a\u00f0 drepa hann \u00e1 lei\u00f0inni.4Festus svara\u00f0i, a\u00f0 P\u00e1ll v\u00e6ri \u00ed var\u00f0haldi \u00ed Sesareu, en <a href=\"https:\/\/biblian.is\/videy\/postulasagan-25-kafli\/\"> [&#8230;]<\/a><\/p>\n","protected":false},"author":1,"featured_media":0,"parent":0,"menu_order":0,"comment_status":"open","ping_status":"open","template":"bibliukaflar.php","meta":{"footnotes":""},"class_list":["post-21892","page","type-page","status-publish","hentry"],"_links":{"self":[{"href":"https:\/\/biblian.is\/videy\/wp-json\/wp\/v2\/pages\/21892","targetHints":{"allow":["GET"]}}],"collection":[{"href":"https:\/\/biblian.is\/videy\/wp-json\/wp\/v2\/pages"}],"about":[{"href":"https:\/\/biblian.is\/videy\/wp-json\/wp\/v2\/types\/page"}],"author":[{"embeddable":true,"href":"https:\/\/biblian.is\/videy\/wp-json\/wp\/v2\/users\/1"}],"replies":[{"embeddable":true,"href":"https:\/\/biblian.is\/videy\/wp-json\/wp\/v2\/comments?post=21892"}],"version-history":[{"count":0,"href":"https:\/\/biblian.is\/videy\/wp-json\/wp\/v2\/pages\/21892\/revisions"}],"wp:attachment":[{"href":"https:\/\/biblian.is\/videy\/wp-json\/wp\/v2\/media?parent=21892"}],"curies":[{"name":"wp","href":"https:\/\/api.w.org\/{rel}","templated":true}]}}