{"id":21884,"date":"2018-01-02T01:04:35","date_gmt":"2018-01-02T01:04:35","guid":{"rendered":"http:\/\/biblian.is\/videy\/postulasagan-17-kafli\/"},"modified":"2018-01-02T01:04:35","modified_gmt":"2018-01-02T01:04:35","slug":"postulasagan-17-kafli","status":"publish","type":"page","link":"https:\/\/biblian.is\/videy\/postulasagan-17-kafli\/","title":{"rendered":"Postulasagan 17. kafli"},"content":{"rendered":"<div class=\"fyrirsognVidey\">P\u00e1ll kennir, en m\u00e6tir ofs\u00f3kn \u00ed Tessalon\u00edku og Ber\u00f3eaborg; fer til Atenuborgar, pr\u00e9dikar m\u00f3t afgu\u00f0ad\u00fdrkun og um Jes\u00fam; sn\u00fdr nokkrum.<\/div>\n<p><a name=\"1\"><span class=\"versanumer\">1<\/span><\/a>En er \u00feeir h\u00f6f\u00f0u fari\u00f0 um Amf\u00edp\u00f3lis og Appollon\u00edu komu \u00feeir til Tessalon\u00edku, hvar e\u00f0 var samkunduh\u00fas Gy\u00f0inga.<a name=\"2\"><span class=\"versanumer\">2<\/span><\/a>P\u00e1ll gekk \u00fear inn til \u00feeirra, eftir venju sinni, og \u00ferj\u00e1 helgidaga \u00e1tti hann tal vi\u00f0 \u00fe\u00e1, \u00fatlag\u00f0i fyrir \u00feeim Ritningarnar og setti \u00feeim fyrir sj\u00f3nir,<a name=\"3\"><span class=\"versanumer\">3<\/span><\/a>a\u00f0 Kristur hef\u00f0i \u00e1tt a\u00f0 l\u00ed\u00f0a p\u00edslir og r\u00edsa upp fr\u00e1 dau\u00f0um; og \u00feessi er s\u00e1 Jes\u00fas Kristur\u2014sag\u00f0i hann\u2014hv\u00f6rn eg kunngj\u00f6ri y\u00f0ur.<a name=\"4\"><span class=\"versanumer\">4<\/span><\/a>Nokkrir af \u00feeim l\u00e9tu s\u00e9r segjast, og saml\u00f6gu\u00f0u sig P\u00e1li og S\u00edlasi, svo og mikill fj\u00f6ldi gu\u00f0r\u00e6kinna Grikkja og mikilsh\u00e1ttar konur ekki allf\u00e1ar.<a name=\"5\"><span class=\"versanumer\">5<\/span><\/a>En Gy\u00f0ingarnir t\u00f3ku me\u00f0 s\u00e9r nokkra vonda menn af \u00feorparal\u00fd\u00f0num, dr\u00f3gu flokk saman og gj\u00f6r\u00f0u upphlaup \u00ed borginni, \u00feustu svo a\u00f0 h\u00fasi Jasons og leitu\u00f0u a\u00f0 \u00feeim, til a\u00f0 f\u00e6ra \u00fe\u00e1 fyrir l\u00fd\u00f0inn.<a name=\"6\"><span class=\"versanumer\">6<\/span><\/a>En er \u00feeir fundu \u00fe\u00e1 ekki, dr\u00f3gu \u00feeir Jason og nokkra br\u00e6\u00f0ur fyrir yfirmenn borgarinnar, og hr\u00f3pu\u00f0u: \u00feeir menn, sem vaki\u00f0 hafa \u00f3eir\u00f0ir um allan heim, eru h\u00e9r komnir,<a name=\"7\"><span class=\"versanumer\">7<\/span><\/a>Jason h\u00fdsir \u00fe\u00e1 og allir \u00feessir breyta \u00e1 m\u00f3ti keisarans bo\u00f0um, \u00fev\u00ed \u00feeir segja: a\u00f0 annar s\u00e9 konungur, og \u00fea\u00f0 s\u00e9 Jes\u00fas.<a name=\"8\"><span class=\"versanumer\">8<\/span><\/a>\u00de\u00e1 var\u00f0 alm\u00faginn uppv\u00e6gur og yfirmenn borgarinnar, er \u00feeir heyr\u00f0u \u00feetta,<a name=\"9\"><span class=\"versanumer\">9<\/span><\/a>og l\u00e9tu Jason og hina a\u00f0ra setja v\u00f6rslur fyrir sig, og slepptu \u00feeim svo;<a name=\"10\"><span class=\"versanumer\">10<\/span><\/a>en br\u00e6\u00f0urnir komu P\u00e1li og S\u00edlasi undan strax um n\u00f3ttina til Ber\u00f3ea. \u00deegar \u00fear var komi\u00f0, gengu \u00feeir inn \u00ed samkunduh\u00fas Gy\u00f0inga,<a name=\"11\"><span class=\"versanumer\">11<\/span><\/a>hverjir betur v\u00f3ru sinna\u00f0ir, en \u00feeir \u00ed Tessalon\u00edku, svo \u00feeir me\u00f0t\u00f3ku l\u00e6rd\u00f3minn me\u00f0 f\u00fasu ge\u00f0i og ranns\u00f6ku\u00f0u hv\u00f6rn dag Ritningarnar, hv\u00f6rt svo v\u00e6ri <span class='VideyAth'>(sem \u00feeim var kennt)<\/span>;<a name=\"12\"><span class=\"versanumer\">12<\/span><\/a>margir ur\u00f0u \u00fev\u00ed tr\u00faa\u00f0ir af \u00feeim og ekki allf\u00e1tt af gr\u00edskum konum \u00ed betri r\u00f6\u00f0, samt karlm\u00f6nnum.<a name=\"13\"><span class=\"versanumer\">13<\/span><\/a>En er J\u00fa\u00f0arnir \u00ed Tessalon\u00edku fr\u00e9ttu, a\u00f0 \u00ed Ber\u00f3ea v\u00e6ri einnig bo\u00f0a\u00f0 Gu\u00f0s or\u00f0 af P\u00e1li, komu \u00feeir og upp\u00e6stu l\u00fd\u00f0inn einninn \u00fear.<a name=\"14\"><span class=\"versanumer\">14<\/span><\/a>Br\u00e6\u00f0urnir skutu \u00fev\u00ed P\u00e1li strax undan, a\u00f0 hann f\u00e6ri \u00fat me\u00f0 sj\u00f3, en S\u00edlas og T\u00edm\u00f3teus ur\u00f0u \u00fear eftir.<a name=\"15\"><span class=\"versanumer\">15<\/span><\/a>Lei\u00f0s\u00f6gumenn P\u00e1ls fylgdu honum allt til Atenuborgar og b\u00e1ru aftur \u00feau skilabo\u00f0 til S\u00edlasar og T\u00edm\u00f3teusar, a\u00f0 \u00feeir hi\u00f0 snarasta k\u00e6mu til hans.<a name=\"16\"><span class=\"versanumer\">16<\/span><\/a>Me\u00f0an P\u00e1ll bei\u00f0 \u00feeirra \u00ed Atenuborg, gramdist honum hugur a\u00f0 sj\u00e1 hv\u00edl\u00edkt afgu\u00f0ab\u00e6li s\u00fa borg var;<a name=\"17\"><span class=\"versanumer\">17<\/span><\/a>samt kenndi hann \u00ed samkunduh\u00fasinu, b\u00e6\u00f0i Gy\u00f0ingum og \u00f6\u00f0rum gu\u00f0hr\u00e6ddum, l\u00edka hvern dag \u00e1 torginu \u00feeim, er \u00fear var a\u00f0 hitta;<a name=\"18\"><span class=\"versanumer\">18<\/span><\/a>en nokkrir ep\u00edk\u00far\u00edskir og st\u00f3\u00edskir spekingar g\u00e1fu sig \u00ed or\u00f0akast vi\u00f0 hann; nokkrir s\u00f6g\u00f0u: hva\u00f0 mun skraffinnur s\u00e1 \u00e6tla s\u00e9r? a\u00f0rir s\u00f6g\u00f0u: \u00f3kennda Gu\u00f0i s\u00fdnist hann bo\u00f0a; af \u00fev\u00ed P\u00e1ll bo\u00f0a\u00f0i Jes\u00fam og upprisuna.<a name=\"19\"><span class=\"versanumer\">19<\/span><\/a>\u00deeir leiddu hann n\u00fa upp \u00e1 Are\u00f3pagus <span class='VideyAth'>a)<\/span> og s\u00f6g\u00f0u: megum v\u00e9r f\u00e1 a\u00f0 vita hver s\u00e1 n\u00fdi l\u00e6rd\u00f3mur er, sem \u00fe\u00fa fer me\u00f0?<a name=\"20\"><span class=\"versanumer\">20<\/span><\/a>\u00fev\u00ed eitthva\u00f0 n\u00fdst\u00e1rlegt flytur \u00fe\u00fa oss til eyrna, og oss f\u00fdsir a\u00f0 vita hva\u00f0 \u00feetta er.<a name=\"21\"><span class=\"versanumer\">21<\/span><\/a>En \u00f6llum Atenum\u00f6nnum, eins \u00feeim, er dv\u00f6ldu \u00fear sem a\u00f0komandi, var um ekkert svo t\u00edtt, sem a\u00f0 segja e\u00f0ur heyra eitthva\u00f0 n\u00fdst\u00e1rlegt.<a name=\"22\"><span class=\"versanumer\">22<\/span><\/a>\u00deegar P\u00e1ll \u00feanninn st\u00f3\u00f0 mitt \u00e1 Are\u00f3pagus, m\u00e6lti hann: Atenumenn! \u00fea\u00f0 s\u00e9 eg hvervetna, a\u00f0 \u00fe\u00e9r eru\u00f0 miklir tr\u00famenn;<a name=\"23\"><span class=\"versanumer\">23<\/span><\/a>\u00fev\u00ed \u00fe\u00e1 eg gekk h\u00e9r um og skyggndist eftir y\u00f0ar helgid\u00f3mum, fann eg me\u00f0al annars eitt Altari, hvar yfir skrifa\u00f0 st\u00f3\u00f0: \u201e\u00feeim \u00f3kunna Gu\u00f0i\u201c. \u00deennan, er \u00fe\u00e9r \u00f3vitandi d\u00fdrki\u00f0, bo\u00f0a eg y\u00f0ur.<a name=\"24\"><span class=\"versanumer\">24<\/span><\/a>S\u00e1 Gu\u00f0, sem gj\u00f6r\u00f0i heiminn og allt hva\u00f0 \u00ed honum er, hann sem er Herra himins og jar\u00f0ar, b\u00fdr ekki \u00ed musterum, sem me\u00f0 h\u00f6ndum eru gj\u00f6r\u00f0,<a name=\"25\"><span class=\"versanumer\">25<\/span><\/a>ekki heldur ver\u00f0ur honum \u00fej\u00f3na\u00f0 me\u00f0 mannah\u00f6ndum, svo sem \u00feyrfti hann nokkurs vi\u00f0, \u00fear hann sj\u00e1lfur gefur \u00f6llu l\u00edf og andardr\u00e1tt og s\u00e9rhva\u00f0 anna\u00f0.<a name=\"26\"><span class=\"versanumer\">26<\/span><\/a>Hann l\u00e9t, af einum \u00e6ttstofni, allra manna kyn\u00fe\u00e6tti \u00fatkv\u00edslast um gj\u00f6rvalla jar\u00f0arkringluna, og hann hefir fastsett \u00e1kv\u00f6r\u00f0u\u00f0 t\u00edmabil og takm\u00f6rk fyrir \u00fej\u00f3\u00f0anna b\u00fasta\u00f0i,<a name=\"27\"><span class=\"versanumer\">27<\/span><\/a>svo \u00fe\u00e6r skyldu leita Gu\u00f0s, ef ske m\u00e6tti \u00fe\u00e6r \u00fereifu\u00f0u \u00e1 honum og fyndu hann, jafnvel \u00fe\u00f3 hann s\u00e9 n\u00e1l\u00e6gur hverjum einum af oss;<a name=\"28\"><span class=\"versanumer\">28<\/span><\/a>\u00fev\u00ed \u00ed honum lifum, hr\u00e6rumst og erum v\u00e9r; eins og nokkur sk\u00e1ld y\u00f0ar hafa sagt: v\u00e9r erum hans \u00e6ttar.<a name=\"29\"><span class=\"versanumer\">29<\/span><\/a>Fyrst v\u00e9r erum n\u00fa Gu\u00f0s \u00e6ttar, megum v\u00e9r ekki hugsa a\u00f0 Gu\u00f0d\u00f3murinn s\u00e9 l\u00edkur gulli, silfri, e\u00f0ur steini, myndu\u00f0u me\u00f0 hagleik af hugviti manna.<a name=\"30\"><span class=\"versanumer\">30<\/span><\/a>A\u00f0 s\u00f6nnu hefir Gu\u00f0 s\u00e9\u00f0 \u00ed gegnum fingur vi\u00f0 vanviskunnar t\u00ed\u00f0ir, en n\u00fa l\u00e6tur hann \u00f6llum m\u00f6nnum allssta\u00f0ar bj\u00f3\u00f0a, a\u00f0 \u00feeir taki h\u00e1ttaskipti;<a name=\"31\"><span class=\"versanumer\">31<\/span><\/a>\u00fev\u00ed hann hefir fastsett dag, \u00e1 hverjum hann \u00e6tlar a\u00f0 d\u00e6ma heimsbygg\u00f0ina me\u00f0 r\u00e9ttv\u00edsi, af manni, er hann hefir \u00fear til kj\u00f6ri\u00f0, og gaf \u00f6llum fullvissu \u00fear um, me\u00f0 \u00fev\u00ed a\u00f0 reisa hinn sama fr\u00e1 dau\u00f0um.<a name=\"32\"><span class=\"versanumer\">32<\/span><\/a>En er \u00feeir heyr\u00f0u nefnda upprisu framli\u00f0inna, gj\u00f6r\u00f0u sumir gys a\u00f0, en a\u00f0rir s\u00f6g\u00f0u: v\u00e9r viljum heyra \u00feig \u00f6\u00f0ru sinni tala um \u00feetta.<a name=\"33\"><span class=\"versanumer\">33<\/span><\/a>\u00deannig komst P\u00e1ll fr\u00e1 \u00feeim.<a name=\"34\"><span class=\"versanumer\">34<\/span><\/a>Nokkrir menn, sem h\u00e9ldu sig til hans, ur\u00f0u tr\u00faa\u00f0ir, me\u00f0al \u00feeirra var D\u00edonys\u00edus, einn af \u00e6\u00f0stu d\u00f3mherrunum, og kona nokkur, a\u00f0 nafni Damaris, og a\u00f0rir, fleiri.<\/p>\n<div class=\"footnoteVidey\">V. 19. a. \u00deetta var L\u00f6gberg Athenumanna, P\u00e1ll var h\u00e9r ekki leiddur fyrir d\u00f3m, heldur til \u00feess hann skyldi betur heyrast.<\/div>\n","protected":false},"excerpt":{"rendered":"<p>P\u00e1ll kennir, en m\u00e6tir ofs\u00f3kn \u00ed Tessalon\u00edku og Ber\u00f3eaborg; fer til Atenuborgar, pr\u00e9dikar m\u00f3t afgu\u00f0ad\u00fdrkun og um Jes\u00fam; sn\u00fdr nokkrum. 1En er \u00feeir h\u00f6f\u00f0u fari\u00f0 um Amf\u00edp\u00f3lis og Appollon\u00edu komu \u00feeir til Tessalon\u00edku, hvar e\u00f0 var samkunduh\u00fas Gy\u00f0inga.2P\u00e1ll gekk \u00fear inn til \u00feeirra, eftir venju sinni, og \u00ferj\u00e1 helgidaga \u00e1tti hann tal vi\u00f0 \u00fe\u00e1, \u00fatlag\u00f0i fyrir \u00feeim Ritningarnar og setti \u00feeim fyrir sj\u00f3nir,3a\u00f0 Kristur hef\u00f0i \u00e1tt a\u00f0 l\u00ed\u00f0a p\u00edslir og r\u00edsa upp fr\u00e1 dau\u00f0um; og \u00feessi er s\u00e1 Jes\u00fas Kristur\u2014sag\u00f0i hann\u2014hv\u00f6rn eg kunngj\u00f6ri y\u00f0ur.4Nokkrir af \u00feeim l\u00e9tu s\u00e9r segjast, og saml\u00f6gu\u00f0u sig P\u00e1li og S\u00edlasi, svo og mikill fj\u00f6ldi gu\u00f0r\u00e6kinna <a href=\"https:\/\/biblian.is\/videy\/postulasagan-17-kafli\/\"> [&#8230;]<\/a><\/p>\n","protected":false},"author":1,"featured_media":0,"parent":0,"menu_order":0,"comment_status":"open","ping_status":"open","template":"bibliukaflar.php","meta":{"footnotes":""},"class_list":["post-21884","page","type-page","status-publish","hentry"],"_links":{"self":[{"href":"https:\/\/biblian.is\/videy\/wp-json\/wp\/v2\/pages\/21884","targetHints":{"allow":["GET"]}}],"collection":[{"href":"https:\/\/biblian.is\/videy\/wp-json\/wp\/v2\/pages"}],"about":[{"href":"https:\/\/biblian.is\/videy\/wp-json\/wp\/v2\/types\/page"}],"author":[{"embeddable":true,"href":"https:\/\/biblian.is\/videy\/wp-json\/wp\/v2\/users\/1"}],"replies":[{"embeddable":true,"href":"https:\/\/biblian.is\/videy\/wp-json\/wp\/v2\/comments?post=21884"}],"version-history":[{"count":0,"href":"https:\/\/biblian.is\/videy\/wp-json\/wp\/v2\/pages\/21884\/revisions"}],"wp:attachment":[{"href":"https:\/\/biblian.is\/videy\/wp-json\/wp\/v2\/media?parent=21884"}],"curies":[{"name":"wp","href":"https:\/\/api.w.org\/{rel}","templated":true}]}}