{"id":21881,"date":"2018-01-02T01:04:35","date_gmt":"2018-01-02T01:04:35","guid":{"rendered":"http:\/\/biblian.is\/videy\/postulasagan-14-kafli\/"},"modified":"2018-01-02T01:04:35","modified_gmt":"2018-01-02T01:04:35","slug":"postulasagan-14-kafli","status":"publish","type":"page","link":"https:\/\/biblian.is\/videy\/postulasagan-14-kafli\/","title":{"rendered":"Postulasagan 14. kafli"},"content":{"rendered":"<div class=\"fyrirsognVidey\">P\u00e1ll og Barnabas kenna \u00ed Ikon\u00edu og Lystra; P\u00e1ll l\u00e6knar haltan mann; \u00feeir eru haldnir vera Gu\u00f0ir; P\u00e1ll er gr\u00fdttur, en kemst til Derbe. \u00deeir Barnabas sn\u00faa aftur til Ant\u00edokk\u00edu.<\/div>\n<p><a name=\"1\"><span class=\"versanumer\">1<\/span><\/a>\u00dea\u00f0 ske\u00f0i \u00ed Ikon\u00edu borg, \u00fe\u00e1 \u00feeir \u00e1samt gengu inn \u00ed samkunduh\u00fas Gy\u00f0inga, a\u00f0 \u00feeir kenndu svo, a\u00f0 mikill fj\u00f6ldi Gy\u00f0inga og Grikkja ur\u00f0u tr\u00faa\u00f0ir.<a name=\"2\"><span class=\"versanumer\">2<\/span><\/a>En \u00feverlyndir Gy\u00f0ingar risu \u00e1 m\u00f3ti og spilltu hugar\u00feeli hei\u00f0ingjanna vi\u00f0 br\u00e6\u00f0urna.<a name=\"3\"><span class=\"versanumer\">3<\/span><\/a>Samt dv\u00f6ldu \u00feeir \u00fear langan t\u00edma og pr\u00e9diku\u00f0u sk\u00f6ruglega \u00ed Drottni <span class='VideyAth'>c)<\/span>, hv\u00f6r e\u00f0 veitti me\u00f0vitni or\u00f0i sinnar n\u00e1\u00f0ar og l\u00e9t jarteiknir og st\u00f3rmerki ske af \u00feeim.<a name=\"4\"><span class=\"versanumer\">4<\/span><\/a>Tv\u00edskiptist \u00fe\u00e1 borgarm\u00fagurinn svo, a\u00f0 nokkrir h\u00e9ldu me\u00f0 Gy\u00f0ingum, en a\u00f0rir me\u00f0 postulunum.<a name=\"5\"><span class=\"versanumer\">5<\/span><\/a>En er \u00feessir ur\u00f0u varir vi\u00f0, a\u00f0 hugur til hei\u00f0ingja og Gy\u00f0inga, sem og yfirmanna \u00feeirra, hneig\u00f0ist til a\u00f0 sm\u00e1na \u00fe\u00e1 <span class='VideyAth'>d)<\/span> og gr\u00fdta,<a name=\"6\"><span class=\"versanumer\">6<\/span><\/a>fl\u00fa\u00f0u \u00feeir burt til borga Lykaon\u00edulands, Lystra og Derbe, samt h\u00e9ra\u00f0sins \u00ed kring,<a name=\"7\"><span class=\"versanumer\">7<\/span><\/a>og bo\u00f0u\u00f0u \u00fear n\u00e1\u00f0arbo\u00f0skapinn.<a name=\"8\"><span class=\"versanumer\">8<\/span><\/a>\u00cd Lystra var ma\u00f0ur f\u00f3thrumur, hv\u00f6r e\u00f0 sat, af \u00fev\u00ed hann var haltur fr\u00e1 m\u00f3\u00f0url\u00edfi og haf\u00f0i aldrei geta\u00f0 gengi\u00f0.<a name=\"9\"><span class=\"versanumer\">9<\/span><\/a>Hann hlusta\u00f0i \u00e1 r\u00e6\u00f0u P\u00e1ls, og er \u00feessi festi auga \u00e1 honum og merkti tr\u00fa hans, a\u00f0 s\u00e9r yr\u00f0i l\u00e6kningar au\u00f0i\u00f0, sag\u00f0i hann me\u00f0 h\u00e1rri raustu:<a name=\"10\"><span class=\"versanumer\">10<\/span><\/a>statt\u00fa uppr\u00e9ttur \u00e1 \u00fe\u00ednar f\u00e6tur! og hann st\u00f6kk upp og gekk.<a name=\"11\"><span class=\"versanumer\">11<\/span><\/a>\u00deegar m\u00fagurinn s\u00e1, hva\u00f0 P\u00e1ll gj\u00f6r\u00f0i, h\u00f3f hann s\u00edna raust og sag\u00f0i \u00e1 lyka\u00f3n\u00edsku: Gu\u00f0irnir eru \u00ed manna l\u00edki ni\u00f0urstignir til vor.<a name=\"12\"><span class=\"versanumer\">12<\/span><\/a>Barnabas nefndu \u00feeir Seif <span class='VideyAth'>a)<\/span>, en P\u00e1l Hermes, af \u00fev\u00ed hann frambar or\u00f0i\u00f0;<a name=\"13\"><span class=\"versanumer\">13<\/span><\/a>en prestur Seifs, hv\u00f6rs hof st\u00f3\u00f0 fyri framan borgina, kom me\u00f0 naut og kransa til dyranna <span class='VideyAth'>b)<\/span> og vildi f\u00f3rnf\u00e6ra \u00e1samt me\u00f0 f\u00f3lkinu.<a name=\"14\"><span class=\"versanumer\">14<\/span><\/a>\u00deegar postularnir Barnabas og P\u00e1ll fengu \u00feetta a\u00f0 heyra, sundurrifu \u00feeir kl\u00e6\u00f0i s\u00edn og stukku fram \u00ed mann\u00fer\u00f6ngina, k\u00f6llu\u00f0u og s\u00f6g\u00f0u:<a name=\"15\"><span class=\"versanumer\">15<\/span><\/a>g\u00f3\u00f0ir menn! hv\u00ed gj\u00f6ri\u00f0 \u00fe\u00e9r sl\u00edkt? v\u00e9r erum menn breyskir, eins og \u00fe\u00e9r; en bo\u00f0um y\u00f0ur \u00feann fagna\u00f0arsi\u00f0, a\u00f0 \u00fe\u00e9r sn\u00faist fr\u00e1 \u00feessum f\u00e1n\u00fdtu gu\u00f0um til lifanda Gu\u00f0s, hv\u00f6r e\u00f0 gj\u00f6rt hefir himin, j\u00f6r\u00f0 og sj\u00f3, og allt hva\u00f0 \u00ed \u00feeim er;<a name=\"16\"><span class=\"versanumer\">16<\/span><\/a>s\u00e1 e\u00f0 um fyrirfarandi aldir hefir li\u00f0i\u00f0, a\u00f0 s\u00e9rhv\u00f6r \u00fej\u00f3\u00f0 gengi sinn sj\u00e1lfvalda feril,<a name=\"17\"><span class=\"versanumer\">17<\/span><\/a>\u00fe\u00f3 hann aldrei hafi l\u00e1ti\u00f0 sig \u00e1n vitnisbur\u00f0ar, \u00fear e\u00f0 hann hvervetna gj\u00f6r\u00f0i y\u00f0ur gott, veitti regn af himnum og frj\u00f3vsamar \u00e1rst\u00ed\u00f0ir, og metta\u00f0i y\u00f0ur me\u00f0 f\u00e6\u00f0u og f\u00f6gnu\u00f0i.<a name=\"18\"><span class=\"versanumer\">18<\/span><\/a>A\u00f0 svo m\u00e6ltu g\u00e1tu \u00feeir naumast stillt f\u00f3lki\u00f0, a\u00f0 \u00fea\u00f0 f\u00e6r\u00f0i \u00feeim ekki f\u00f3rnir.<a name=\"19\"><span class=\"versanumer\">19<\/span><\/a>S\u00ed\u00f0an komu fr\u00e1 Ant\u00edokk\u00edu og Ikon\u00edu Gy\u00f0ingar, \u00feeir e\u00f0 fengu l\u00fd\u00f0inn \u00e1 sitt m\u00e1l, svo hann \u00feeytti steinum \u00e1 P\u00e1l og dr\u00f3 hann \u00fat \u00far borginni og \u00e6tla\u00f0i hann dau\u00f0an vera.<a name=\"20\"><span class=\"versanumer\">20<\/span><\/a>En er l\u00e6risveinarnir \u00feyrptust kringum hann, st\u00f3\u00f0 hann upp og gekk \u00ed borgina. Um morguninn eftir f\u00f3r hann me\u00f0 Barnabasi til Derbe.<br \/><a name=\"21\"><span class=\"versanumer\">21<\/span><\/a>Og sem \u00feeir h\u00f6f\u00f0u bo\u00f0a\u00f0 gu\u00f0spjalli\u00f0 \u00ed \u00feeirri borg og fengu \u00fear marga l\u00e6risveina, sneru \u00feeir aftur til Lystra, Ikon\u00edu og Ant\u00edokk\u00edu,<a name=\"22\"><span class=\"versanumer\">22<\/span><\/a>styrktu s\u00e1lir l\u00e6risveinanna og \u00e1minntu \u00fe\u00e1 a\u00f0 standa st\u00f6\u00f0ugt \u00ed tr\u00fanni, og a\u00f0 oss byrja\u00f0i fyrir margfaldar \u00ferautir a\u00f0 komast \u00ed Gu\u00f0s r\u00edki.<a name=\"23\"><span class=\"versanumer\">23<\/span><\/a>\u00d6ldunga l\u00e9tu \u00feeir hvervetna \u00fatvelja \u00ed s\u00f6fnu\u00f0unum, b\u00e1\u00f0ust svo fyrir og f\u00f6stu\u00f0u, og f\u00f3lu \u00fe\u00e1 s\u00ed\u00f0an \u00feeim Drottni, vi\u00f0 hv\u00f6rs tr\u00fa \u00feeir h\u00f6f\u00f0u teki\u00f0.<a name=\"24\"><span class=\"versanumer\">24<\/span><\/a>\u00de\u00e1 \u00feeir h\u00f6f\u00f0u yfirfari\u00f0 Pisid\u00edu, komu \u00feeir til Pamfil\u00edu,<a name=\"25\"><span class=\"versanumer\">25<\/span><\/a>og kunngj\u00f6r\u00f0u or\u00f0i\u00f0 \u00ed Perge;<a name=\"26\"><span class=\"versanumer\">26<\/span><\/a>svo f\u00f3ru \u00feeir ni\u00f0ur til Attal\u00edu og sigldu \u00fea\u00f0an til Ant\u00edokk\u00edu, hva\u00f0an \u00feeir, me\u00f0 \u00e1rnun Gu\u00f0s fulltingis, h\u00f6f\u00f0u gengi\u00f0 \u00ed \u00fea\u00f0 verk, sem \u00feeir n\u00fa voru b\u00fanir a\u00f0 aflj\u00faka.<a name=\"27\"><span class=\"versanumer\">27<\/span><\/a>\u00deegar \u00feeir voru \u00feanga\u00f0 komnir, k\u00f6llu\u00f0u \u00feeir s\u00f6fnu\u00f0inn saman og s\u00f6g\u00f0u fr\u00e1, hva\u00f0 Gu\u00f0 hef\u00f0i framkv\u00e6mt fyrir \u00feeirra h\u00f6nd, og a\u00f0 hann hef\u00f0i opna\u00f0 hei\u00f0ingjunum dyr tr\u00faarinnar,<a name=\"28\"><span class=\"versanumer\">28<\/span><\/a>og dv\u00f6ldu ekki allstutta t\u00ed\u00f0 hj\u00e1 l\u00e6risveinunum.<\/p>\n<div class=\"footnoteVidey\">V. 1. sj\u00e1 Kap. 6,1.  V. 3. c. \u00cd trausti Gu\u00f0s fulltingis.  V. 5. d. P\u00e1l og Barnabas.  V. 12. a. Seifur, \u00e6\u00f0sti Gu\u00f0 Grikkja, en Hermes, erindsreki gu\u00f0anna.  V. 13. b. L\u00edklega dyranna \u00e1 h\u00fasi \u00fev\u00ed, er P\u00e1ll og Barnabas voru \u00ed.<\/div>\n","protected":false},"excerpt":{"rendered":"<p>P\u00e1ll og Barnabas kenna \u00ed Ikon\u00edu og Lystra; P\u00e1ll l\u00e6knar haltan mann; \u00feeir eru haldnir vera Gu\u00f0ir; P\u00e1ll er gr\u00fdttur, en kemst til Derbe. \u00deeir Barnabas sn\u00faa aftur til Ant\u00edokk\u00edu. 1\u00dea\u00f0 ske\u00f0i \u00ed Ikon\u00edu borg, \u00fe\u00e1 \u00feeir \u00e1samt gengu inn \u00ed samkunduh\u00fas Gy\u00f0inga, a\u00f0 \u00feeir kenndu svo, a\u00f0 mikill fj\u00f6ldi Gy\u00f0inga og Grikkja ur\u00f0u tr\u00faa\u00f0ir.2En \u00feverlyndir Gy\u00f0ingar risu \u00e1 m\u00f3ti og spilltu hugar\u00feeli hei\u00f0ingjanna vi\u00f0 br\u00e6\u00f0urna.3Samt dv\u00f6ldu \u00feeir \u00fear langan t\u00edma og pr\u00e9diku\u00f0u sk\u00f6ruglega \u00ed Drottni c), hv\u00f6r e\u00f0 veitti me\u00f0vitni or\u00f0i sinnar n\u00e1\u00f0ar og l\u00e9t jarteiknir og st\u00f3rmerki ske af \u00feeim.4Tv\u00edskiptist \u00fe\u00e1 borgarm\u00fagurinn svo, a\u00f0 nokkrir h\u00e9ldu me\u00f0 Gy\u00f0ingum, <a href=\"https:\/\/biblian.is\/videy\/postulasagan-14-kafli\/\"> [&#8230;]<\/a><\/p>\n","protected":false},"author":1,"featured_media":0,"parent":0,"menu_order":0,"comment_status":"open","ping_status":"open","template":"bibliukaflar.php","meta":{"footnotes":""},"class_list":["post-21881","page","type-page","status-publish","hentry"],"_links":{"self":[{"href":"https:\/\/biblian.is\/videy\/wp-json\/wp\/v2\/pages\/21881","targetHints":{"allow":["GET"]}}],"collection":[{"href":"https:\/\/biblian.is\/videy\/wp-json\/wp\/v2\/pages"}],"about":[{"href":"https:\/\/biblian.is\/videy\/wp-json\/wp\/v2\/types\/page"}],"author":[{"embeddable":true,"href":"https:\/\/biblian.is\/videy\/wp-json\/wp\/v2\/users\/1"}],"replies":[{"embeddable":true,"href":"https:\/\/biblian.is\/videy\/wp-json\/wp\/v2\/comments?post=21881"}],"version-history":[{"count":0,"href":"https:\/\/biblian.is\/videy\/wp-json\/wp\/v2\/pages\/21881\/revisions"}],"wp:attachment":[{"href":"https:\/\/biblian.is\/videy\/wp-json\/wp\/v2\/media?parent=21881"}],"curies":[{"name":"wp","href":"https:\/\/api.w.org\/{rel}","templated":true}]}}