{"id":21858,"date":"2018-01-02T01:04:30","date_gmt":"2018-01-02T01:04:30","guid":{"rendered":"http:\/\/biblian.is\/videy\/johannesargudspjall-12-kafli\/"},"modified":"2018-01-02T01:04:30","modified_gmt":"2018-01-02T01:04:30","slug":"johannesargudspjall-12-kafli","status":"publish","type":"page","link":"https:\/\/biblian.is\/videy\/johannesargudspjall-12-kafli\/","title":{"rendered":"J\u00f3hannesargu\u00f0spjall 12. kafli"},"content":{"rendered":"<div class=\"fyrirsognVidey\">Jes\u00fa smurning; innrei\u00f0 til Jer\u00fasalem; Grikkjar vilja sj\u00e1 hann.<\/div>\n<p><a name=\"1\"><span class=\"versanumer\">1<\/span><\/a>En sex d\u00f6gum fyrir p\u00e1ska kom Jes\u00fas til Bethan\u00edu, hvar Lasarus var, s\u00e1, sem haf\u00f0i d\u00e1i\u00f0 og sem Jes\u00fas haf\u00f0i vaki\u00f0 upp fr\u00e1 dau\u00f0um.<a name=\"2\"><span class=\"versanumer\">2<\/span><\/a>\u00de\u00e1 gj\u00f6r\u00f0u \u00feeir honum \u00fear kv\u00f6ldver\u00f0 og Marta gekk fyrir bor\u00f0um, en Lasarus var einn af \u00feeim, sem s\u00e1tu til bor\u00f0s me\u00f0 honum.<a name=\"3\"><span class=\"versanumer\">3<\/span><\/a>\u00de\u00e1 t\u00f3k Mar\u00eda pund af \u00f3mengu\u00f0um og d\u00fdrm\u00e6tum nardussmyrslum og smur\u00f0i Jes\u00fa f\u00e6tur og \u00feerra\u00f0i me\u00f0 s\u00ednum h\u00e1rlokkum f\u00e6tur hans, en h\u00fasi\u00f0 fylltist af ilm smyrslanna.<a name=\"4\"><span class=\"versanumer\">4<\/span><\/a>\u00de\u00e1 sag\u00f0i einn af hans l\u00e6risveinum, J\u00fadas S\u00edmonsson fr\u00e1 Kar\u00edot, sem s\u00ed\u00f0an sveik hann:<a name=\"5\"><span class=\"versanumer\">5<\/span><\/a>hv\u00ed eru \u00feessi smyrsli ekki seld fyrir \u00ferj\u00fa hundru\u00f0 peninga og gefin f\u00e1t\u00e6kum.<a name=\"6\"><span class=\"versanumer\">6<\/span><\/a>En \u00feetta sag\u00f0i hann ekki af \u00fev\u00ed honum v\u00e6ri annt um f\u00e1t\u00e6ka, heldur af \u00fev\u00ed a\u00f0 hann var \u00fej\u00f3fur\u2014hann haf\u00f0i f\u00e9pyngjuna og bar \u00fea\u00f0, sem \u00ed hana var lagt.<a name=\"7\"><span class=\"versanumer\">7<\/span><\/a>\u00de\u00e1 sag\u00f0i Jes\u00fas: l\u00e1ttu hana vera! \u00feetta hefur h\u00fan geymt til m\u00edns greftrunardags;<a name=\"8\"><span class=\"versanumer\">8<\/span><\/a>\u00fev\u00ed a\u00f0 f\u00e1t\u00e6ka hafi\u00f0 \u00fe\u00e9r \u00e6t\u00ed\u00f0 hj\u00e1 y\u00f0ur, en mig ekki. <br \/><a name=\"9\"><span class=\"versanumer\">9<\/span><\/a>N\u00fa f\u00e9kk mikill fj\u00f6ldi af Gy\u00f0ingum a\u00f0 vita a\u00f0 hann v\u00e6ri \u00fear, og \u00feeir komu ekki einungis vegna Jes\u00fa, heldur og til a\u00f0 sj\u00e1 Lasarus, hv\u00f6rn hann haf\u00f0i uppvaki\u00f0 fr\u00e1 dau\u00f0um.<a name=\"10\"><span class=\"versanumer\">10<\/span><\/a>En \u00e6\u00f0stu prestarnir r\u00e1\u00f0gu\u00f0ust um a\u00f0 dey\u00f0a Lasarus;<a name=\"11\"><span class=\"versanumer\">11<\/span><\/a>\u00fev\u00ed hans vegna f\u00f3ru \u00feanga\u00f0 margir Gy\u00f0ingar og tr\u00fa\u00f0u \u00e1 Jes\u00fam.<a name=\"12\"><span class=\"versanumer\">12<\/span><\/a>Daginn eftir, \u00feegar s\u00e1 mikli fj\u00f6ldi, sem kominn var til h\u00e1t\u00ed\u00f0arinnar, heyr\u00f0i a\u00f0 Jes\u00fas k\u00e6mi til Jer\u00fasalem,<a name=\"13\"><span class=\"versanumer\">13<\/span><\/a>t\u00f3ku \u00feeir p\u00e1lmavi\u00f0argreinir og gengu \u00e1 m\u00f3ti honum og hr\u00f3pu\u00f0u: H\u00f3sanna! blessa\u00f0ur s\u00e9 s\u00e1, sem kemur \u00ed nafni Drottins, \u00cdsraelskonungurinn!<a name=\"14\"><span class=\"versanumer\">14<\/span><\/a>En Jes\u00fas f\u00e9kk s\u00e9r ungann asna og settist upp \u00e1 hann, eins og skrifa\u00f0 er:<a name=\"15\"><span class=\"versanumer\">15<\/span><\/a>\u201e\u00f3ttast ekki, S\u00edons d\u00f3ttir! sj\u00e1! \u00feinn konungur kemur r\u00ed\u00f0andi \u00e1 \u00f6snu fola.\u201c<a name=\"16\"><span class=\"versanumer\">16<\/span><\/a>\u00deetta skildu ekki hans l\u00e6risveinar \u00ed fyrstunni, heldur minntust \u00feeir \u00feess, \u00fe\u00e1 Jes\u00fas var vegsamlegur or\u00f0inn, a\u00f0 \u00feetta var skrifa\u00f0 um hann og a\u00f0 \u00feetta h\u00f6f\u00f0u \u00feeir vi\u00f0 hann gj\u00f6rt.<a name=\"17\"><span class=\"versanumer\">17<\/span><\/a>En f\u00f3lksfj\u00f6ldinn, sem me\u00f0 honum var, vitna\u00f0i a\u00f0 hann hef\u00f0i kalla\u00f0 Lasarus \u00far gr\u00f6finni og uppvaki\u00f0 hann fr\u00e1 dau\u00f0um.<a name=\"18\"><span class=\"versanumer\">18<\/span><\/a>Vegna \u00feess gekk og m\u00fagurinn honum \u00e1 m\u00f3ti, \u00fev\u00ed menn h\u00f6f\u00f0u heyrt a\u00f0 hann hef\u00f0i gj\u00f6rt \u00feetta jarteikn.<a name=\"19\"><span class=\"versanumer\">19<\/span><\/a>\u00de\u00e1 s\u00f6g\u00f0u far\u00edsearnir hv\u00f6r vi\u00f0 annan: \u00fe\u00e9r sj\u00e1i\u00f0 a\u00f0 \u00fe\u00e9r komi\u00f0 engu til vegar. Sj\u00e1! allur l\u00fd\u00f0urinn hleypur eftir honum.<br \/><a name=\"20\"><span class=\"versanumer\">20<\/span><\/a>En \u00fear voru nokkrir Grikkjar af \u00feeim, sem komnir voru til a\u00f0 bi\u00f0jast fyrir \u00e1 h\u00e1t\u00ed\u00f0inni;<a name=\"21\"><span class=\"versanumer\">21<\/span><\/a>\u00feessir gengu til Filippusar, sem var fr\u00e1 Betsa\u00edda \u00ed Gal\u00edleu og b\u00e1\u00f0u hann og s\u00f6g\u00f0u: Herra! v\u00e9r viljum sj\u00e1 Jes\u00fam.<a name=\"22\"><span class=\"versanumer\">22<\/span><\/a>Filippus f\u00f3r og sag\u00f0i Andr\u00e9si, en Andr\u00e9s og Filippus s\u00f6g\u00f0u aftur Jes\u00fa.<a name=\"23\"><span class=\"versanumer\">23<\/span><\/a>En Jes\u00fas svara\u00f0i \u00feeim og sag\u00f0i: t\u00edminn er kominn a\u00f0 Mannsins Sonur vegsamist.<a name=\"24\"><span class=\"versanumer\">24<\/span><\/a>Sannlega, segi eg y\u00f0ur: deyi ekki hveitikorni\u00f0, sem fellur \u00ed j\u00f6r\u00f0ina, ver\u00f0ur \u00fea\u00f0 \u00f3frj\u00f3vsamt, en deyi \u00fea\u00f0, ber \u00fea\u00f0 mikinn \u00e1v\u00f6xt.<a name=\"25\"><span class=\"versanumer\">25<\/span><\/a>S\u00e1, sem elskar sitt l\u00edf, hann mun missa \u00fea\u00f0, og s\u00e1 sem metur l\u00edtils sitt l\u00edf \u00ed \u00feessum heimi, hann mun var\u00f0veita \u00fea\u00f0 til eil\u00edfs l\u00edfs.<a name=\"26\"><span class=\"versanumer\">26<\/span><\/a>Ef nokkur \u00fej\u00f3nar m\u00e9r, s\u00e1 fylgi m\u00e9r og hvar sem eg er, \u00fear mun og minn \u00fej\u00f3n vera, og \u00feann, sem m\u00e9r \u00fej\u00f3nar, mun Fa\u00f0irinn hei\u00f0ra.<a name=\"27\"><span class=\"versanumer\">27<\/span><\/a>N\u00fa er s\u00e1l m\u00edn \u00f3r\u00f3leg og hva\u00f0 skal eg segja? Fa\u00f0ir! frelsa \u00fe\u00fa mig fr\u00e1 \u00feessari m\u00e6\u00f0ustundu, en til \u00feess em eg kominn, a\u00f0 \u00feessi stund komi yfir mig.<a name=\"28\"><span class=\"versanumer\">28<\/span><\/a>Fa\u00f0ir! gj\u00f6r nafn \u00feitt vegsamlegt. \u00de\u00e1 kom r\u00f6dd af himni: eg hefi gj\u00f6rt \u00fea\u00f0 vegsamlegt og mun aftur gj\u00f6ra \u00fea\u00f0 vegsamlegt.<a name=\"29\"><span class=\"versanumer\">29<\/span><\/a>\u00de\u00e1 sag\u00f0i f\u00f3lki\u00f0, sem st\u00f3\u00f0 og heyr\u00f0i: \u00fear gekk \u00feruma. A\u00f0rir s\u00f6g\u00f0u: engill tala\u00f0i vi\u00f0 hann.<a name=\"30\"><span class=\"versanumer\">30<\/span><\/a>En Jes\u00fas svara\u00f0i og sag\u00f0i: ekki m\u00edn heldur y\u00f0ar vegna ske\u00f0i r\u00f6dd \u00feessi.<a name=\"31\"><span class=\"versanumer\">31<\/span><\/a>N\u00fa gengur d\u00f3mur yfir \u00feennan heim, n\u00fa mun h\u00f6f\u00f0ingi \u00feessa heims ver\u00f0a \u00fatrekinn,<a name=\"32\"><span class=\"versanumer\">32<\/span><\/a>og \u00feegar eg ver\u00f0 hafinn fr\u00e1 j\u00f6r\u00f0u, mun eg draga alla til m\u00edn.<a name=\"33\"><span class=\"versanumer\">33<\/span><\/a>En \u00feetta sag\u00f0i hann til a\u00f0 benda til hva\u00f0a dau\u00f0daga hann mundi deyja.<a name=\"34\"><span class=\"versanumer\">34<\/span><\/a>Mannfj\u00f6ldinn svara\u00f0i honum: v\u00e9r h\u00f6fum heyrt \u00ed Ritningunni, a\u00f0 Kristur ver\u00f0i til eil\u00edf\u00f0ar og hv\u00f6rninn segir \u00fe\u00fa \u00fe\u00e1, a\u00f0 Mannsins Sonur eigi a\u00f0 ver\u00f0a hafinn upp? hv\u00f6r er s\u00e1 Mannsins Sonur?<a name=\"35\"><span class=\"versanumer\">35<\/span><\/a>\u00de\u00e1 sag\u00f0i Jes\u00fas til \u00feeirra: stutta stund ver\u00f0ur lj\u00f3si\u00f0 h\u00e9r eftir me\u00f0al y\u00f0ar; gangi\u00f0 me\u00f0an \u00fe\u00e9r hafi\u00f0 lj\u00f3si\u00f0, svo myrkri\u00f0 yfirfalli y\u00f0ur ekki; s\u00e1, sem gengur \u00ed myrkri, veit ekki hv\u00f6rt hann gengur.<a name=\"36\"><span class=\"versanumer\">36<\/span><\/a>Tr\u00fai\u00f0 \u00e1 lj\u00f3si\u00f0, me\u00f0an \u00fe\u00e9r hafi\u00f0 lj\u00f3si\u00f0, svo a\u00f0 \u00fe\u00e9r ver\u00f0i\u00f0 lj\u00f3ssins synir. \u00deetta tala\u00f0i Jes\u00fas og f\u00f3r burt og f\u00f3l sig fyrir \u00feeim.<a name=\"37\"><span class=\"versanumer\">37<\/span><\/a>En \u00fe\u00f3tt hann hef\u00f0i gj\u00f6rt svo m\u00f6rg teikn fyrir \u00feeirra augum, tr\u00fa\u00f0u \u00feeir ekki \u00e1 hann;<a name=\"38\"><span class=\"versanumer\">38<\/span><\/a>svo a\u00f0 \u00feau or\u00f0 Esajasar sp\u00e1manns r\u00e6ttust, sem hann haf\u00f0i tala\u00f0: \u201eDrottinn! hv\u00f6r tr\u00fair vorri pr\u00e9dikun og hv\u00f6rjum ver\u00f0ur s\u00fdnilegur Drottins armleggur?\u201c<a name=\"39\"><span class=\"versanumer\">39<\/span><\/a>\u00deess vegna g\u00e1tu \u00feeir ekki tr\u00faa\u00f0, \u00fev\u00ed Esajas segir \u00e1 \u00f6\u00f0rum sta\u00f0:<a name=\"40\"><span class=\"versanumer\">40<\/span><\/a>\u201ehann hefir blinda\u00f0 \u00feeirra augu og forhert \u00feeirra hj\u00f6rtu, svo \u00feeir sj\u00e1i ekki me\u00f0 augunum og skilji ekki me\u00f0 hjartanu og umvendi s\u00e9r, svo a\u00f0 eg geti l\u00e6kna\u00f0 \u00fe\u00e1.\u201c<a name=\"41\"><span class=\"versanumer\">41<\/span><\/a>\u00deetta sag\u00f0i Esajas af \u00fev\u00ed hann s\u00e1 hans d\u00fdr\u00f0 og tala\u00f0i um hann.<a name=\"42\"><span class=\"versanumer\">42<\/span><\/a>En \u00fe\u00f3 tr\u00fa\u00f0u margir einnig af h\u00f6f\u00f0ingjunum \u00e1 hann, en vegna far\u00edseanna me\u00f0kenndust \u00feeir \u00fea\u00f0 ekki, svo \u00feeir yr\u00f0u ekki samkundur\u00e6kir;<a name=\"43\"><span class=\"versanumer\">43<\/span><\/a>\u00fev\u00ed \u00feeir elsku\u00f0u hei\u00f0ur af m\u00f6nnum meira en hei\u00f0ur af Gu\u00f0i.<a name=\"44\"><span class=\"versanumer\">44<\/span><\/a>En Jes\u00fas kalla\u00f0i og sag\u00f0i: s\u00e1, sem tr\u00fair \u00e1 mig, hann tr\u00fair ekki \u00e1 mig, heldur \u00e1 \u00feann, sem mig sendi,<a name=\"45\"><span class=\"versanumer\">45<\/span><\/a>og s\u00e1, sem s\u00e9r mig, hann s\u00e9r \u00feann, sem mig sendi.<a name=\"46\"><span class=\"versanumer\">46<\/span><\/a>Eg kom lj\u00f3s \u00ed heiminn, svo a\u00f0 hv\u00f6r, sem \u00e1 mig tr\u00fair, s\u00e9 ekki \u00ed myrkrinu;<a name=\"47\"><span class=\"versanumer\">47<\/span><\/a>og \u00fe\u00f3 einhv\u00f6r heyri m\u00edn or\u00f0 og tr\u00fai ekki, \u00fe\u00e1 d\u00e6mi eg hann samt ekki, \u00fev\u00ed eg em ekki kominn til a\u00f0 d\u00e6ma, heldur til a\u00f0 frelsa heiminn.<a name=\"48\"><span class=\"versanumer\">48<\/span><\/a>S\u00e1, sem forsm\u00e1ir mig og me\u00f0tekur ekki m\u00edn or\u00f0, hefir \u00feann, sem d\u00e6mir hann; \u00fea\u00f0 or\u00f0i\u00f0, sem eg hefi tala\u00f0, mun d\u00e6ma hann \u00e1 efsta degi;<a name=\"49\"><span class=\"versanumer\">49<\/span><\/a>\u00fev\u00ed eg hefi ekki tala\u00f0 af sj\u00e1lfum m\u00e9r, heldur hefir Fa\u00f0irinn, sem mig sendi, gefi\u00f0 m\u00e9r bo\u00f0or\u00f0 um \u00fea\u00f0, hva\u00f0 eg skyldi segja, og hva\u00f0 eg skyldi tala.<a name=\"50\"><span class=\"versanumer\">50<\/span><\/a>Og eg veit a\u00f0 hans bo\u00f0or\u00f0 er eil\u00edft l\u00edf; \u00fea\u00f0, sem eg \u00fear fyrir tala, \u00fea\u00f0 tala eg eins og Fa\u00f0irinn hefir m\u00e9r sagt.<\/p>\n<div class=\"footnoteVidey\">V. 13. Matt. 21,9.  V. 15. Es. 62,6\u201311. Sakk. 9,9.  V. 16. Vegsamlegur, \u00fe. e. uppstiginn til himna.  V. 25. Matt. 10,39.  V. 32. Kap. 3,14.  V. 34. 2 Sam. 7,13. Dan. 7,13. Dan. 7,14.27.  V. 38. Es. 53,1.  V. 40. Es. 6,10. Matt. 13,14.  V. 41. Es. 6,1 og fylgjandi.<\/div>\n","protected":false},"excerpt":{"rendered":"<p>Jes\u00fa smurning; innrei\u00f0 til Jer\u00fasalem; Grikkjar vilja sj\u00e1 hann. 1En sex d\u00f6gum fyrir p\u00e1ska kom Jes\u00fas til Bethan\u00edu, hvar Lasarus var, s\u00e1, sem haf\u00f0i d\u00e1i\u00f0 og sem Jes\u00fas haf\u00f0i vaki\u00f0 upp fr\u00e1 dau\u00f0um.2\u00de\u00e1 gj\u00f6r\u00f0u \u00feeir honum \u00fear kv\u00f6ldver\u00f0 og Marta gekk fyrir bor\u00f0um, en Lasarus var einn af \u00feeim, sem s\u00e1tu til bor\u00f0s me\u00f0 honum.3\u00de\u00e1 t\u00f3k Mar\u00eda pund af \u00f3mengu\u00f0um og d\u00fdrm\u00e6tum nardussmyrslum og smur\u00f0i Jes\u00fa f\u00e6tur og \u00feerra\u00f0i me\u00f0 s\u00ednum h\u00e1rlokkum f\u00e6tur hans, en h\u00fasi\u00f0 fylltist af ilm smyrslanna.4\u00de\u00e1 sag\u00f0i einn af hans l\u00e6risveinum, J\u00fadas S\u00edmonsson fr\u00e1 Kar\u00edot, sem s\u00ed\u00f0an sveik hann:5hv\u00ed eru \u00feessi smyrsli ekki seld fyrir \u00ferj\u00fa <a href=\"https:\/\/biblian.is\/videy\/johannesargudspjall-12-kafli\/\"> [&#8230;]<\/a><\/p>\n","protected":false},"author":1,"featured_media":0,"parent":0,"menu_order":0,"comment_status":"open","ping_status":"open","template":"bibliukaflar.php","meta":{"footnotes":""},"class_list":["post-21858","page","type-page","status-publish","hentry"],"_links":{"self":[{"href":"https:\/\/biblian.is\/videy\/wp-json\/wp\/v2\/pages\/21858","targetHints":{"allow":["GET"]}}],"collection":[{"href":"https:\/\/biblian.is\/videy\/wp-json\/wp\/v2\/pages"}],"about":[{"href":"https:\/\/biblian.is\/videy\/wp-json\/wp\/v2\/types\/page"}],"author":[{"embeddable":true,"href":"https:\/\/biblian.is\/videy\/wp-json\/wp\/v2\/users\/1"}],"replies":[{"embeddable":true,"href":"https:\/\/biblian.is\/videy\/wp-json\/wp\/v2\/comments?post=21858"}],"version-history":[{"count":0,"href":"https:\/\/biblian.is\/videy\/wp-json\/wp\/v2\/pages\/21858\/revisions"}],"wp:attachment":[{"href":"https:\/\/biblian.is\/videy\/wp-json\/wp\/v2\/media?parent=21858"}],"curies":[{"name":"wp","href":"https:\/\/api.w.org\/{rel}","templated":true}]}}