{"id":21855,"date":"2018-01-02T01:04:30","date_gmt":"2018-01-02T01:04:30","guid":{"rendered":"http:\/\/biblian.is\/videy\/johannesargudspjall-9-kafli\/"},"modified":"2018-01-02T01:04:30","modified_gmt":"2018-01-02T01:04:30","slug":"johannesargudspjall-9-kafli","status":"publish","type":"page","link":"https:\/\/biblian.is\/videy\/johannesargudspjall-9-kafli\/","title":{"rendered":"J\u00f3hannesargu\u00f0spjall 9. kafli"},"content":{"rendered":"<div class=\"fyrirsognVidey\">Jes\u00fas gj\u00f6rir \u00feann sj\u00e1andi, sem blindur var f\u00e6ddur.<\/div>\n<p><a name=\"1\"><span class=\"versanumer\">1<\/span><\/a>Og \u00e1 lei\u00f0inni \u00fea\u00f0an s\u00e1 hann mann, sem var blindur borinn<a name=\"2\"><span class=\"versanumer\">2<\/span><\/a>og hans l\u00e6risveinar, spur\u00f0u hann og s\u00f6g\u00f0u: Meistari! hv\u00f6r hefir syndga\u00f0, \u00feessi, e\u00f0ur hans foreldrar, a\u00f0 hann f\u00e6ddist blindur?<a name=\"3\"><span class=\"versanumer\">3<\/span><\/a>Jes\u00fas svara\u00f0i: hv\u00f6rki syndga\u00f0i \u00feessi n\u00e9 hans foreldrar, heldur er \u00feetta ske\u00f0, svo a\u00f0 Gu\u00f0s verk ver\u00f0i \u00e1 honum opinber.<a name=\"4\"><span class=\"versanumer\">4<\/span><\/a>M\u00e9r ber a\u00f0 vinna verk \u00feess, er mig sendi, me\u00f0an dagur er; n\u00f3ttin kemur, \u00fe\u00e1 enginn getur unni\u00f0.<a name=\"5\"><span class=\"versanumer\">5<\/span><\/a>Me\u00f0an eg em \u00ed heiminum, er eg heimsins lj\u00f3s.<a name=\"6\"><span class=\"versanumer\">6<\/span><\/a>\u00de\u00e1 hann haf\u00f0i \u00feetta sagt, hr\u00e6kti hann \u00e1 j\u00f6r\u00f0ina, gj\u00f6r\u00f0i le\u00f0ju \u00far hr\u00e1kanum og rey\u00f0 henni \u00e1 augu hins blinda;<a name=\"7\"><span class=\"versanumer\">7<\/span><\/a>og hann sag\u00f0i til hans: far\u00f0u og \u00fevo\u00f0u \u00fe\u00e9r \u00ed lindinni S\u00edl\u00f3am <span class='VideyAth'>(en S\u00edl\u00f3am \u00fe\u00fd\u00f0ir: sendur)<\/span>; \u00fe\u00e1 f\u00f3r hann og \u00fevo\u00f0i s\u00e9r og kom aftur heilskyggn.<a name=\"8\"><span class=\"versanumer\">8<\/span><\/a>\u00de\u00e1 s\u00f6g\u00f0u n\u00e1grannarnir og \u00feeir, sem h\u00f6f\u00f0u s\u00e9\u00f0 hann \u00e1\u00f0ur, \u00fev\u00ed hann var \u00f6lmusuma\u00f0ur: er \u00feessi ekki s\u00e1, sem seti\u00f0 hefir og be\u00f0i\u00f0 \u00f6lmusu?<a name=\"9\"><span class=\"versanumer\">9<\/span><\/a>nokkrir s\u00f6g\u00f0u: \u00feessi er ma\u00f0urinn; en a\u00f0rir: hann er honum l\u00edkur. Hann sag\u00f0i: eg em s\u00e1 hinn sami.<a name=\"10\"><span class=\"versanumer\">10<\/span><\/a>\u00de\u00e1 s\u00f6g\u00f0u \u00feeir til hans: hv\u00f6rnig f\u00e9kkst\u00fa sj\u00f3nina?<a name=\"11\"><span class=\"versanumer\">11<\/span><\/a>Hann svara\u00f0i og sag\u00f0i: ma\u00f0ur nokkur, sem heitir Jes\u00fas, gj\u00f6r\u00f0i le\u00f0ju og rey\u00f0 \u00e1 m\u00edn augu og sag\u00f0i vi\u00f0 mig: far\u00f0\u00fa til S\u00edl\u00f3am og \u00fevo\u00f0u \u00fe\u00e9r. En er eg var \u00feanga\u00f0 kominn og haf\u00f0i \u00fevegi\u00f0 m\u00e9r, f\u00e9kk eg sj\u00f3nina.<a name=\"12\"><span class=\"versanumer\">12<\/span><\/a>\u00de\u00e1 s\u00f6g\u00f0u \u00feeir til hans: hvar er hann? hann svara\u00f0i: eg veit ekki.<a name=\"13\"><span class=\"versanumer\">13<\/span><\/a>\u00deeir leiddu \u00fe\u00e1 \u00feann, sem \u00e1\u00f0ur haf\u00f0i blindur veri\u00f0 til far\u00edseanna,<a name=\"14\"><span class=\"versanumer\">14<\/span><\/a>\u2014en \u00fe\u00e1 var helgur dagur, er Jes\u00fas bj\u00f3 til le\u00f0juna og upplauk hans augum.\u2014<a name=\"15\"><span class=\"versanumer\">15<\/span><\/a>\u00de\u00e1 spur\u00f0u og far\u00edsearnir hann aftur: hv\u00f6rnig hann hef\u00f0i fengi\u00f0 sj\u00f3nina; en hann sag\u00f0i til \u00feeirra: hann lag\u00f0i le\u00f0ju vi\u00f0 augu m\u00edn, eg \u00fevo\u00f0i m\u00e9r og eg s\u00e9.<a name=\"16\"><span class=\"versanumer\">16<\/span><\/a>\u00de\u00e1 s\u00f6g\u00f0u nokkrir af far\u00edseunum: \u00feessi ma\u00f0ur er ekki fr\u00e1 Gu\u00f0i, fyrst hann heldur ekki hv\u00edldardaginn. A\u00f0rir s\u00f6g\u00f0u: hv\u00f6rnig getur syndari gj\u00f6rt \u00fev\u00edl\u00edkt teikn? Og \u00fe\u00e1 greindi \u00e1 innbyr\u00f0is.<a name=\"17\"><span class=\"versanumer\">17<\/span><\/a>\u00deeir segja \u00fe\u00e1 aftur til hins blinda: hva\u00f0 segir \u00fe\u00fa um hann, \u00fear e\u00f0 hann upplauk \u00fe\u00ednum augum? en hann sag\u00f0i: hann er sp\u00e1ma\u00f0ur.<a name=\"18\"><span class=\"versanumer\">18<\/span><\/a>En Gy\u00f0ingar tr\u00fa\u00f0u \u00fev\u00ed ekki a\u00f0 ma\u00f0urinn hef\u00f0i veri\u00f0 blindur og v\u00e6ri or\u00f0inn heilskyggn, fyrr en \u00feeir k\u00f6llu\u00f0u foreldra \u00feess, sem haf\u00f0i fengi\u00f0 sj\u00f3nina,<a name=\"19\"><span class=\"versanumer\">19<\/span><\/a>og \u00feeir spur\u00f0u \u00fe\u00e1 og s\u00f6g\u00f0u: er \u00feessi, sem \u00fe\u00e9r segi\u00f0 hafi veri\u00f0 f\u00e6ddur blindur, ykkar sonur? hv\u00f6rnig er hann n\u00fa or\u00f0inn sj\u00e1andi?<a name=\"20\"><span class=\"versanumer\">20<\/span><\/a>Hans foreldrar sv\u00f6ru\u00f0u \u00feeim og s\u00f6g\u00f0u: vi\u00f0 vitum a\u00f0 \u00feessi ma\u00f0ur er okkar sonur og a\u00f0 hann f\u00e6ddist blindur.<a name=\"21\"><span class=\"versanumer\">21<\/span><\/a>En hv\u00f6rnig hann hefir fengi\u00f0 sj\u00f3nina vitum vi\u00f0 ekki, og hv\u00f6r hans augum hefir upploki\u00f0, \u00fea\u00f0 vitum vi\u00f0 ekki heldur; hann sj\u00e1lfur er fullt\u00ed\u00f0a ma\u00f0ur, spyrji\u00f0 hann sj\u00e1lfan.<a name=\"22\"><span class=\"versanumer\">22<\/span><\/a>\u00deetta s\u00f6g\u00f0u foreldrar hans vegna \u00feess \u00feeir \u00f3ttu\u00f0ust Gy\u00f0inga, af \u00fev\u00ed n\u00fa h\u00f6f\u00f0u Gy\u00f0ingar sami\u00f0 me\u00f0 s\u00e9r, a\u00f0 ef nokkur ma\u00f0ur vi\u00f0urkenndi a\u00f0 hann v\u00e6ri Kristur, skyldi s\u00e1 hinn sami rekast \u00far samkundunni.<a name=\"23\"><span class=\"versanumer\">23<\/span><\/a>\u00deess vegna s\u00f6g\u00f0u hans foreldrar: hann er fullt\u00ed\u00f0a, spyrji\u00f0 hann sj\u00e1lfan.<a name=\"24\"><span class=\"versanumer\">24<\/span><\/a>\u00de\u00e1 k\u00f6llu\u00f0u \u00feeir fyrir aftur \u00feann mann, sem haf\u00f0i veri\u00f0 blindur og s\u00f6g\u00f0u til hans: gef \u00fe\u00fa Gu\u00f0i d\u00fdr\u00f0ina <span class='VideyAth'>a)<\/span>; v\u00e9r vitum a\u00f0 \u00feessi ma\u00f0ur er syndari.<a name=\"25\"><span class=\"versanumer\">25<\/span><\/a>\u00de\u00e1 svara\u00f0i hann og sag\u00f0i: hv\u00f6rt hann er syndari veit eg ekki; eitt veit eg, a\u00f0 eg, sem var blindur, hefi n\u00fa sj\u00f3nina.<a name=\"26\"><span class=\"versanumer\">26<\/span><\/a>En \u00feeir s\u00f6g\u00f0u til hans aftur: hva\u00f0 gj\u00f6r\u00f0i hann vi\u00f0 \u00feig? hv\u00f6rnig lauk hann upp \u00fe\u00ednum augum?<a name=\"27\"><span class=\"versanumer\">27<\/span><\/a>Hann svara\u00f0i \u00feeim: eg hefi \u00feegar sagt y\u00f0ur \u00fea\u00f0, og \u00fe\u00e9r g\u00e1fu\u00f0 \u00fev\u00ed ekki gaum, hv\u00f6rs vegna vilji\u00f0 \u00fe\u00e9r heyra \u00fea\u00f0 aftur? vilji\u00f0 \u00fe\u00e9r og ver\u00f0a hans l\u00e6risveinar?<a name=\"28\"><span class=\"versanumer\">28<\/span><\/a>\u00de\u00e1 atyrtu \u00feeir hann og s\u00f6g\u00f0u: \u00fe\u00fa ert hans l\u00e6risveinn, en v\u00e9r erum M\u00f3sis l\u00e6risveinar.<a name=\"29\"><span class=\"versanumer\">29<\/span><\/a>V\u00e9r vitum a\u00f0 Gu\u00f0 hefir tala\u00f0 vi\u00f0 M\u00f3ses, en um \u00feennan vitum v\u00e9r ekki hva\u00f0an hann er.<a name=\"30\"><span class=\"versanumer\">30<\/span><\/a>Ma\u00f0urinn svara\u00f0i og sag\u00f0i \u00feeim: \u00fea\u00f0 er undarlegt a\u00f0 \u00fe\u00e9r viti\u00f0 ekki hva\u00f0an hann er og hann lauk upp m\u00ednum augum.<a name=\"31\"><span class=\"versanumer\">31<\/span><\/a>V\u00e9r vitum \u00fe\u00f3 a\u00f0 Gu\u00f0 heyrir ekki syndara, en ef nokkur er gu\u00f0r\u00e6kinn og gj\u00f6rir hans vilja, \u00feann heyrir hann.<a name=\"32\"><span class=\"versanumer\">32<\/span><\/a>Aldrei hefir \u00fea\u00f0 heyrst, a\u00f0 nokkur hafi opna\u00f0 augu \u00feess, sem var f\u00e6ddur blindur.<a name=\"33\"><span class=\"versanumer\">33<\/span><\/a>V\u00e6ri \u00feessi ekki fr\u00e1 Gu\u00f0i, \u00fe\u00e1 g\u00e6ti hann ekkert \u00fev\u00edl\u00edkt gj\u00f6rt.<a name=\"34\"><span class=\"versanumer\">34<\/span><\/a>\u00de\u00e1 sv\u00f6ru\u00f0u \u00feeir og s\u00f6g\u00f0u til hans: \u00fe\u00fa ert allur f\u00e6ddur \u00ed synd og \u00fe\u00fa kennir oss? og \u00feeir r\u00e1ku hann \u00fat.<a name=\"35\"><span class=\"versanumer\">35<\/span><\/a>Jes\u00fas heyr\u00f0i a\u00f0 \u00feeir hef\u00f0u reki\u00f0 hann \u00fat, og er hann fann hann, sag\u00f0i Jes\u00fas vi\u00f0 hann: tr\u00fair \u00fe\u00fa \u00e1 Gu\u00f0s Son?<a name=\"36\"><span class=\"versanumer\">36<\/span><\/a>Hann svara\u00f0i og sag\u00f0i: hver er s\u00e1, Herra! a\u00f0 eg geti \u00e1 hann tr\u00faa\u00f0?<a name=\"37\"><span class=\"versanumer\">37<\/span><\/a>en Jes\u00fas sag\u00f0i til hans: \u00fe\u00fa hefir s\u00e9\u00f0 hann og s\u00e1, sem vi\u00f0 \u00feig talar, hann er s\u00e1 hinn sami.<a name=\"38\"><span class=\"versanumer\">38<\/span><\/a>En hann sag\u00f0i: eg tr\u00fai, Herra! og f\u00e9ll fram fyrir honum.<a name=\"39\"><span class=\"versanumer\">39<\/span><\/a>Og Jes\u00fas sag\u00f0i: til d\u00f3ms er eg kominn \u00ed \u00feenna heim, a\u00f0 \u00feeir, sem ekki sj\u00e1, ver\u00f0i sj\u00e1andi, og \u00feeir, sem sj\u00e1, ver\u00f0i blindir.<a name=\"40\"><span class=\"versanumer\">40<\/span><\/a>\u00deetta heyr\u00f0u \u00feeir af far\u00edseum, sem hj\u00e1 honum v\u00f3ru og s\u00f6g\u00f0u vi\u00f0 hann: erum v\u00e9r \u00fe\u00e1 og blindir?<a name=\"41\"><span class=\"versanumer\">41<\/span><\/a>Jes\u00fas sag\u00f0i til \u00feeirra: ef a\u00f0 \u00fe\u00e9r v\u00e6ru\u00f0 blindir, hef\u00f0u\u00f0 \u00fe\u00e9r ekki synd, en n\u00fa segi\u00f0 \u00fe\u00e9r: v\u00e9r sj\u00e1um, \u00fear fyrir vi\u00f0varir y\u00f0ar synd.<\/p>\n<div class=\"footnoteVidey\">V. 4. L\u00fak. 13,2.4.  V. 24. a. A\u00f0 gefa Gu\u00f0i d\u00fdr\u00f0ina, er a\u00f0 bera vir\u00f0ingu fyrir Gu\u00f0d\u00f3minum, og var s\u00fa hugvekja oft gefin \u00feeim, er skyldu vitna fyrir r\u00e9tti, J\u00f3s. 7,19.  V. 39. Matt. 13,13.<\/div>\n","protected":false},"excerpt":{"rendered":"<p>Jes\u00fas gj\u00f6rir \u00feann sj\u00e1andi, sem blindur var f\u00e6ddur. 1Og \u00e1 lei\u00f0inni \u00fea\u00f0an s\u00e1 hann mann, sem var blindur borinn2og hans l\u00e6risveinar, spur\u00f0u hann og s\u00f6g\u00f0u: Meistari! hv\u00f6r hefir syndga\u00f0, \u00feessi, e\u00f0ur hans foreldrar, a\u00f0 hann f\u00e6ddist blindur?3Jes\u00fas svara\u00f0i: hv\u00f6rki syndga\u00f0i \u00feessi n\u00e9 hans foreldrar, heldur er \u00feetta ske\u00f0, svo a\u00f0 Gu\u00f0s verk ver\u00f0i \u00e1 honum opinber.4M\u00e9r ber a\u00f0 vinna verk \u00feess, er mig sendi, me\u00f0an dagur er; n\u00f3ttin kemur, \u00fe\u00e1 enginn getur unni\u00f0.5Me\u00f0an eg em \u00ed heiminum, er eg heimsins lj\u00f3s.6\u00de\u00e1 hann haf\u00f0i \u00feetta sagt, hr\u00e6kti hann \u00e1 j\u00f6r\u00f0ina, gj\u00f6r\u00f0i le\u00f0ju \u00far hr\u00e1kanum og rey\u00f0 henni \u00e1 augu hins blinda;7og <a href=\"https:\/\/biblian.is\/videy\/johannesargudspjall-9-kafli\/\"> [&#8230;]<\/a><\/p>\n","protected":false},"author":1,"featured_media":0,"parent":0,"menu_order":0,"comment_status":"open","ping_status":"open","template":"bibliukaflar.php","meta":{"footnotes":""},"class_list":["post-21855","page","type-page","status-publish","hentry"],"_links":{"self":[{"href":"https:\/\/biblian.is\/videy\/wp-json\/wp\/v2\/pages\/21855","targetHints":{"allow":["GET"]}}],"collection":[{"href":"https:\/\/biblian.is\/videy\/wp-json\/wp\/v2\/pages"}],"about":[{"href":"https:\/\/biblian.is\/videy\/wp-json\/wp\/v2\/types\/page"}],"author":[{"embeddable":true,"href":"https:\/\/biblian.is\/videy\/wp-json\/wp\/v2\/users\/1"}],"replies":[{"embeddable":true,"href":"https:\/\/biblian.is\/videy\/wp-json\/wp\/v2\/comments?post=21855"}],"version-history":[{"count":0,"href":"https:\/\/biblian.is\/videy\/wp-json\/wp\/v2\/pages\/21855\/revisions"}],"wp:attachment":[{"href":"https:\/\/biblian.is\/videy\/wp-json\/wp\/v2\/media?parent=21855"}],"curies":[{"name":"wp","href":"https:\/\/api.w.org\/{rel}","templated":true}]}}