{"id":21854,"date":"2018-01-02T01:04:30","date_gmt":"2018-01-02T01:04:30","guid":{"rendered":"http:\/\/biblian.is\/videy\/johannesargudspjall-8-kafli\/"},"modified":"2018-01-02T01:04:30","modified_gmt":"2018-01-02T01:04:30","slug":"johannesargudspjall-8-kafli","status":"publish","type":"page","link":"https:\/\/biblian.is\/videy\/johannesargudspjall-8-kafli\/","title":{"rendered":"J\u00f3hannesargu\u00f0spjall 8. kafli"},"content":{"rendered":"<div class=\"fyrirsognVidey\">Jes\u00fas vill ekki ford\u00e6ma h\u00f3rkonuna; talar um sig, s\u00edna burtf\u00f6r og sakleysi; \u00e1telur Gy\u00f0inga fyrir \u00fea\u00f0 \u00feeir s\u00e9u vondir og \u00f3l\u00edkir Abraham.<\/div>\n<p><a name=\"1\"><span class=\"versanumer\">1<\/span><\/a><span class='VideyAth'>(En Jes\u00fas f\u00f3r til Ol\u00edufjallsins<\/span><a name=\"2\"><span class=\"versanumer\">2<\/span><\/a><span class='VideyAth'>og snemma a\u00f0 morgni kom hann aftur \u00ed musteri\u00f0 og allt f\u00f3lki\u00f0 kom til hans og hann settist ni\u00f0ur og kenndi \u00fev\u00ed.<\/span><a name=\"3\"><span class=\"versanumer\">3<\/span><\/a><span class='VideyAth'>En \u00feeir skriftl\u00e6r\u00f0u og far\u00edsear leiddu til hans konu, sem gripin var \u00ed h\u00f3rd\u00f3mi og l\u00e9tu hana standa mitt \u00e1 me\u00f0al \u00feeirra og s\u00f6g\u00f0u til hans:<\/span><a name=\"4\"><span class=\"versanumer\">4<\/span><\/a><span class='VideyAth'>Meistari! \u00feessi kona er sta\u00f0in a\u00f0 h\u00f3rd\u00f3mi,<\/span><a name=\"5\"><span class=\"versanumer\">5<\/span><\/a><span class='VideyAth'>en M\u00f3ses bau\u00f0 oss \u00ed l\u00f6gunum: a\u00f0 \u00feessh\u00e1ttar konur skyldu gr\u00fdtast; hva\u00f0 segir \u00fe\u00fa til \u00feess?<\/span><a name=\"6\"><span class=\"versanumer\">6<\/span><\/a><span class='VideyAth'>En \u00feetta s\u00f6g\u00f0u \u00feeir til a\u00f0 freista hans, svo \u00feeir hef\u00f0u eitthva\u00f0 a\u00f0 \u00e1k\u00e6ra hann fyrir\u2014Jes\u00fas laut \u00fe\u00e1 ni\u00f0ur og rita\u00f0i me\u00f0 fingrinum \u00e1 j\u00f6r\u00f0ina.<\/span><a name=\"7\"><span class=\"versanumer\">7<\/span><\/a><span class='VideyAth'>En \u00fear e\u00f0 \u00feeir h\u00e6ttu ekki a\u00f0 spyrja, r\u00e9tti hann sig upp og sag\u00f0i til \u00feeirra: s\u00e1 af y\u00f0ur, sem er syndlaus, kasti fyrstur steini \u00e1 hana.<\/span><a name=\"8\"><span class=\"versanumer\">8<\/span><\/a><span class='VideyAth'>Svo laut hann aftur og rita\u00f0i \u00e1 j\u00f6r\u00f0ina.<\/span><a name=\"9\"><span class=\"versanumer\">9<\/span><\/a><span class='VideyAth'>En er \u00feeir heyr\u00f0u \u00feetta og voru slegnir af \u00feeirra samvisku, gengu \u00feeir burt hv\u00f6r eftir annan fr\u00e1 \u00feeim \u00e6\u00f0stu til \u00feeirra l\u00e6gstu, svo Jes\u00fas var\u00f0 einn eftir og konan, sem st\u00f3\u00f0 \u00fear.<\/span><a name=\"10\"><span class=\"versanumer\">10<\/span><\/a><span class='VideyAth'>En er Jes\u00fas r\u00e9tti sig upp og s\u00e1 engan nema konuna, sag\u00f0i hann til hennar: kona! hvar eru \u00feeir, sem \u00e1k\u00e6r\u00f0u \u00feig? enginn ford\u00e6mdi \u00feig? h\u00fan svara\u00f0i: Herra! enginn.<\/span><a name=\"11\"><span class=\"versanumer\">11<\/span><\/a><span class='VideyAth'>En Jes\u00fas sag\u00f0i til hennar: ekki ford\u00e6mi eg \u00feig heldur, far \u00fe\u00fa h\u00e9\u00f0an og syndga ekki h\u00e9r eftir)<\/span>.<br \/><a name=\"12\"><span class=\"versanumer\">12<\/span><\/a>\u00cd anna\u00f0 sinn tala\u00f0i Jes\u00fas til \u00feeirra og sag\u00f0i: eg em heimsins lj\u00f3s, hv\u00f6r, sem fylgir m\u00e9r, mun ekki ganga \u00ed myrkri, heldur hafa l\u00edfsins lj\u00f3s.<a name=\"13\"><span class=\"versanumer\">13<\/span><\/a>\u00de\u00e1 s\u00f6g\u00f0u far\u00edsear til hans: \u00fe\u00fa vitnar um sj\u00e1lfan \u00feig, \u00feinn vitnisbur\u00f0ur er ekki sannur.<a name=\"14\"><span class=\"versanumer\">14<\/span><\/a>Jes\u00fas svara\u00f0i \u00feeim og sag\u00f0i: \u00fe\u00f3 eg vitni um sj\u00e1lfan mig, er minn vitnisbur\u00f0ur sannur, \u00fev\u00ed eg veit hva\u00f0an eg kom og hv\u00f6rt eg fer.<a name=\"15\"><span class=\"versanumer\">15<\/span><\/a>\u00de\u00e9r d\u00e6mi\u00f0 eftir holdinu <span class='VideyAth'>a)<\/span>, eg d\u00e6mi engan,<a name=\"16\"><span class=\"versanumer\">16<\/span><\/a>en \u00fe\u00f3 eg d\u00e6mi um mig, er minn d\u00f3mur r\u00e9ttur, \u00fev\u00ed eg em ekki einn, heldur b\u00e6\u00f0i eg, og Fa\u00f0irinn sem sendi mig.<a name=\"17\"><span class=\"versanumer\">17<\/span><\/a>\u00dea\u00f0 er og skrifa\u00f0 \u00ed y\u00f0ar l\u00f6gum, a\u00f0 tveggja manna vitnisbur\u00f0ur s\u00e9 sannur.<a name=\"18\"><span class=\"versanumer\">18<\/span><\/a>Eg em s\u00e1, sem vitna um mig sj\u00e1lfan og Fa\u00f0irinn, sem sendi mig, vitnar um mig.<a name=\"19\"><span class=\"versanumer\">19<\/span><\/a>N\u00fa s\u00f6g\u00f0u \u00feeir vi\u00f0 hann: hvar er Fa\u00f0ir \u00feinn? Jes\u00fas svara\u00f0i: hv\u00f6rki \u00feekki\u00f0 \u00fe\u00e9r mig n\u00e9 F\u00f6\u00f0ur minn; ef a\u00f0 \u00fe\u00e9r \u00feekktu\u00f0 mig, \u00fe\u00e1 \u00feekktu\u00f0 \u00fe\u00e9r og minn F\u00f6\u00f0ur.<a name=\"20\"><span class=\"versanumer\">20<\/span><\/a>\u00deessi or\u00f0 tala\u00f0i Jes\u00fas hj\u00e1 fj\u00e1rkistunni \u00fear, sem hann kenndi \u00ed musterinu og enginn lag\u00f0i h\u00f6nd \u00e1 hann, \u00fev\u00ed enn var ekki hans t\u00edmi kominn.<a name=\"21\"><span class=\"versanumer\">21<\/span><\/a>\u00de\u00e1 sag\u00f0i Jes\u00fas aftur til \u00feeirra: eg fer burt og \u00fe\u00e9r munu\u00f0 leita m\u00edn og deyja \u00ed y\u00f0ar syndum. \u00deanga\u00f0, sem eg fer, geti\u00f0 \u00fe\u00e9r ekki komist.<a name=\"22\"><span class=\"versanumer\">22<\/span><\/a>\u00de\u00e1 s\u00f6g\u00f0u Gy\u00f0ingar: mun hann \u00e6tla a\u00f0 dey\u00f0a sj\u00e1lfan sig, \u00fear e\u00f0 hann segir: \u00feanga\u00f0, sem eg fer geti\u00f0 \u00fe\u00e9r ekki komist?<a name=\"23\"><span class=\"versanumer\">23<\/span><\/a>Og hann sag\u00f0i til \u00feeirra: \u00fe\u00e9r eru\u00f0 ne\u00f0an a\u00f0, eg em ofan a\u00f0; \u00fe\u00e9r eru\u00f0 af \u00feessum heimi, eg em ekki af \u00feessum heimi.<a name=\"24\"><span class=\"versanumer\">24<\/span><\/a>\u00deess vegna sag\u00f0a eg y\u00f0ur: a\u00f0 \u00fe\u00e9r mundu\u00f0 deyja \u00ed y\u00f0ar syndum; \u00fev\u00ed ef \u00fe\u00e9r tr\u00fai\u00f0 ekki a\u00f0 eg s\u00e9 ofan a\u00f0 <span class='VideyAth'>b)<\/span>, munu\u00f0 \u00fe\u00e9r deyja \u00ed y\u00f0ar syndum.<a name=\"25\"><span class=\"versanumer\">25<\/span><\/a>\u00deeir s\u00f6g\u00f0u \u00fe\u00e1 vi\u00f0 hann: hv\u00f6r ert\u00fa? Jes\u00fas svara\u00f0i \u00feeim: einmitt \u00fea\u00f0, sem eg segi y\u00f0ur.<a name=\"26\"><span class=\"versanumer\">26<\/span><\/a>Eg hefi margt um y\u00f0ur a\u00f0 segja og d\u00e6ma; en s\u00e1, sem sendi mig, er sannor\u00f0ur og \u00fea\u00f0, sem eg heyr\u00f0i af honum, \u00fea\u00f0 tala eg til heimsins.<a name=\"27\"><span class=\"versanumer\">27<\/span><\/a>En \u00feeir skildu ekki a\u00f0 hann meinti F\u00f6\u00f0urinn;<a name=\"28\"><span class=\"versanumer\">28<\/span><\/a>\u00fev\u00ed sag\u00f0i Jes\u00fas til \u00feeirra: \u00feegar \u00fe\u00e9r <span class='VideyAth'>c)<\/span> hefji\u00f0 upp Mannsins Son, \u00fe\u00e1 munu\u00f0 \u00fe\u00e9r \u00feekkja a\u00f0 eg em \u00fea\u00f0 og a\u00f0 eg gj\u00f6ri ekkert af sj\u00e1lfum m\u00e9r, heldur eins og Fa\u00f0ir minn kenndi m\u00e9r, tala eg<a name=\"29\"><span class=\"versanumer\">29<\/span><\/a>og s\u00e1, sem sendi mig, er me\u00f0 m\u00e9r; Fa\u00f0irinn l\u00e9t mig ekki einan, \u00fev\u00ed eg gj\u00f6ri \u00e6t\u00ed\u00f0 \u00fea\u00f0, sem honum \u00fe\u00f3knast.<br \/><a name=\"30\"><span class=\"versanumer\">30<\/span><\/a>\u00deegar hann tala\u00f0i \u00feetta, tr\u00fa\u00f0u margir \u00e1 hann.<a name=\"31\"><span class=\"versanumer\">31<\/span><\/a>Jes\u00fas sag\u00f0i \u00fe\u00e1 til \u00feeirra Gy\u00f0inga, sem \u00e1 hann h\u00f6f\u00f0u tr\u00faa\u00f0: ef a\u00f0 \u00fe\u00e9r haldi\u00f0 st\u00f6\u00f0ugt vi\u00f0 mitt or\u00f0, \u00fe\u00e1 eru\u00f0 \u00fe\u00e9r sannarlega m\u00ednir l\u00e6risveinar.<a name=\"32\"><span class=\"versanumer\">32<\/span><\/a>\u00de\u00e9r munu\u00f0 \u00feekkja sannleikann og sannleikurinn mun gj\u00f6ra y\u00f0ur frj\u00e1lsa.<a name=\"33\"><span class=\"versanumer\">33<\/span><\/a>\u00deeir sv\u00f6ru\u00f0u honum: v\u00e9r erum Abrahams ni\u00f0jar og aldrei h\u00f6fum v\u00e9r veri\u00f0 \u00fer\u00e6lar nokkurs manns, hv\u00f6rnig segir \u00fe\u00fa \u00fe\u00e1: \u00fe\u00e9r skulu\u00f0 ver\u00f0a frj\u00e1lsir?<a name=\"34\"><span class=\"versanumer\">34<\/span><\/a>Jes\u00fas svara\u00f0i \u00feeim: sannlega, sannlega segi eg y\u00f0ur: s\u00e1, sem gj\u00f6rir syndina, er syndarinnar \u00fer\u00e6ll;<a name=\"35\"><span class=\"versanumer\">35<\/span><\/a>en \u00fer\u00e6llinn er ekki \u00e1vallt \u00ed h\u00fasinu, sonurinn ver\u00f0ur \u00fear \u00e6t\u00ed\u00f0.<a name=\"36\"><span class=\"versanumer\">36<\/span><\/a>Ef a\u00f0 sonurinn gefur y\u00f0ur \u00fe\u00e1 frelsi, svo ver\u00f0i\u00f0 \u00fe\u00e9r sannarlega frj\u00e1lsir.<a name=\"37\"><span class=\"versanumer\">37<\/span><\/a>Eg veit a\u00f0 \u00fe\u00e9r eru\u00f0 Abrahams ni\u00f0jar, en \u00fe\u00e9r leitist \u00fe\u00f3 vi\u00f0 a\u00f0 l\u00edfl\u00e1ta mig, af \u00fev\u00ed mitt or\u00f0 f\u00e6r ekki r\u00fam hj\u00e1 y\u00f0ur.<a name=\"38\"><span class=\"versanumer\">38<\/span><\/a>Eg tala \u00fea\u00f0, sem eg hefi s\u00e9\u00f0 hj\u00e1 m\u00ednum F\u00f6\u00f0ur og \u00fe\u00e9r gj\u00f6ri\u00f0 \u00fea\u00f0, sem \u00fe\u00e9r hafi\u00f0 s\u00e9\u00f0 hj\u00e1 y\u00f0ar F\u00f6\u00f0ur.<a name=\"39\"><span class=\"versanumer\">39<\/span><\/a>\u00deeir sv\u00f6ru\u00f0u og s\u00f6g\u00f0u til hans: Abraham er vor fa\u00f0ir. Jes\u00fas sag\u00f0i til \u00feeirra: ef a\u00f0 \u00fe\u00e9r v\u00e6ru\u00f0 Abrahams b\u00f6rn, \u00fe\u00e1 gj\u00f6r\u00f0u\u00f0 \u00fe\u00e9r Abrahams verk.<a name=\"40\"><span class=\"versanumer\">40<\/span><\/a>En n\u00fa leiti\u00f0 \u00fe\u00e9r eftir a\u00f0 dey\u00f0a mig, mann, sem hefi sagt y\u00f0ur sannleikann, \u00feann, sem eg heyr\u00f0i af Gu\u00f0i, \u00feetta hef\u00f0i Abraham ekki gj\u00f6rt; \u00fe\u00e9r gj\u00f6ri\u00f0 verk y\u00f0ar f\u00f6\u00f0urs.<a name=\"41\"><span class=\"versanumer\">41<\/span><\/a>\u00de\u00e1 s\u00f6g\u00f0u \u00feeir til hans: v\u00e9r erum ekki h\u00f3rgetnir, v\u00e9r h\u00f6fum einn f\u00f6\u00f0ur, nefnilega: Gu\u00f0.<a name=\"42\"><span class=\"versanumer\">42<\/span><\/a>\u00de\u00e1 sag\u00f0i Jes\u00fas til \u00feeirra: ef a\u00f0 Gu\u00f0 v\u00e6ri y\u00f0ar fa\u00f0ir, \u00fe\u00e1 elsku\u00f0u\u00f0 \u00fe\u00e9r mig, \u00fev\u00ed eg em \u00fatgenginn og kominn fr\u00e1 Gu\u00f0i, og eg em ekki kominn af sj\u00e1lfum m\u00e9r, heldur hefir hann sent mig.<a name=\"43\"><span class=\"versanumer\">43<\/span><\/a>Hv\u00ed skilji\u00f0 \u00fe\u00e9r ekki m\u00e1l mitt? af \u00fev\u00ed \u00fe\u00e9r geti\u00f0 ekki heyrt mitt or\u00f0.<a name=\"44\"><span class=\"versanumer\">44<\/span><\/a>\u00de\u00e9r eru\u00f0 af f\u00f6\u00f0urnum, fjandanum og girndum y\u00f0ar f\u00f6\u00f0urs vilji\u00f0 \u00fe\u00e9r hl\u00fd\u00f0nast. Hann var manndr\u00e1pari fr\u00e1 upphafi og var ekki sta\u00f0fastur \u00ed sannleikanum, \u00fev\u00ed sannleiki er ekki \u00ed honum; \u00feegar hann talar lygi, talar hann af s\u00ednu eigin, \u00fev\u00ed hann er lygari og lyginnar fa\u00f0ir.<a name=\"45\"><span class=\"versanumer\">45<\/span><\/a>En m\u00e9r tr\u00fai\u00f0 \u00fe\u00e9r ekki, af \u00fev\u00ed eg tala sannleikann.<a name=\"46\"><span class=\"versanumer\">46<\/span><\/a>Hv\u00f6r af y\u00f0ur getur sanna\u00f0 upp \u00e1 mig synd? en ef eg tala sannleikann, hv\u00ed tr\u00fai\u00f0 \u00fe\u00e9r m\u00e9r ekki?<a name=\"47\"><span class=\"versanumer\">47<\/span><\/a>S\u00e1, sem er af Gu\u00f0i, s\u00e1 heyrir Gu\u00f0s or\u00f0; vegna \u00feess heyri\u00f0 \u00fe\u00e9r ekki, a\u00f0 \u00fe\u00e9r eru\u00f0 ekki af Gu\u00f0i.<a name=\"48\"><span class=\"versanumer\">48<\/span><\/a>Gy\u00f0ingar sv\u00f6ru\u00f0u honum og s\u00f6g\u00f0u: segjum v\u00e9r ekki r\u00e9tt, a\u00f0 \u00fe\u00fa s\u00e9rt samverskur og hafir dj\u00f6ful?<a name=\"49\"><span class=\"versanumer\">49<\/span><\/a>Jes\u00fas svara\u00f0i: ekki hefi eg dj\u00f6ful, heldur hei\u00f0ra eg F\u00f6\u00f0ur minn, en \u00fe\u00e9r sm\u00e1i\u00f0 mig.<a name=\"50\"><span class=\"versanumer\">50<\/span><\/a>Eg leita ekki m\u00edns hei\u00f0urs, s\u00e1 er, sem hans leitar og d\u00e6mir.<a name=\"51\"><span class=\"versanumer\">51<\/span><\/a>Sannlega, sannlega segi eg y\u00f0ur: ef a\u00f0 nokkur var\u00f0veitir mitt or\u00f0, s\u00e1 skal ekki a\u00f0 eil\u00edfu sj\u00e1 dau\u00f0ann.<a name=\"52\"><span class=\"versanumer\">52<\/span><\/a>\u00de\u00e1 s\u00f6g\u00f0u Gy\u00f0ingar til hans: n\u00fa vitum v\u00e9r a\u00f0 \u00fe\u00fa hefir dj\u00f6ful; Abraham er d\u00e1inn og sp\u00e1mennirnir, og \u00fe\u00fa segir: ef nokkur var\u00f0veitir mitt or\u00f0, s\u00e1 mun a\u00f0 eil\u00edfu ekki smakka dau\u00f0ann.<a name=\"53\"><span class=\"versanumer\">53<\/span><\/a>Ert\u00fa meiri en fa\u00f0ir vor Abraham, sem er d\u00e1inn og sp\u00e1mennirnir, sem eru d\u00e1nir? hv\u00edl\u00edkan gj\u00f6rir \u00fe\u00fa sj\u00e1lfan \u00feig?<a name=\"54\"><span class=\"versanumer\">54<\/span><\/a>Jes\u00fas svara\u00f0i: ef a\u00f0 eg vegsama\u00f0i sj\u00e1lfan mig, v\u00e6ri m\u00edn vegsemd ekkert. Fa\u00f0irinn, sem \u00fe\u00e9r kalli\u00f0 y\u00f0ar Gu\u00f0, hann er s\u00e1, sem vegsamar mig;<a name=\"55\"><span class=\"versanumer\">55<\/span><\/a>og \u00fe\u00e9r \u00feekki\u00f0 hann ekki, en eg \u00feekki hann og ef eg seg\u00f0i: eg \u00feekki hann ekki, \u00fe\u00e1 v\u00e6ri eg lygari eins og \u00fe\u00e9r; en eg \u00feekki hann og geymi hans or\u00f0.<a name=\"56\"><span class=\"versanumer\">56<\/span><\/a>Abraham y\u00f0ar fa\u00f0ir gladdist \u00ed \u00feeirri von, a\u00f0 hann s\u00e6i minn dag og s\u00e1 hann og gladdist.<a name=\"57\"><span class=\"versanumer\">57<\/span><\/a>\u00de\u00e1 s\u00f6g\u00f0u Gy\u00f0ingar til hans: \u00fe\u00fa ert enn ekki fimmtugur og \u00fe\u00fa hefir s\u00e9\u00f0 Abraham?<a name=\"58\"><span class=\"versanumer\">58<\/span><\/a>Jes\u00fas sag\u00f0i til \u00feeirra: sannlega, sannlega segi eg y\u00f0ur: \u00e1\u00f0ur en Abraham var\u00f0 til, var eg.<a name=\"59\"><span class=\"versanumer\">59<\/span><\/a>\u00deeir t\u00f3ku \u00fe\u00e1 upp steina til a\u00f0 kasta \u00e1 hann, en Jes\u00fas faldi sig og f\u00f3r \u00fat \u00far musterinu.<\/p>\n<div class=\"footnoteVidey\">V. 5. 3 Msb. 20,10.  V. 15. a. Ytra \u00e1liti.  V. 17. 5 M\u00f3s. 17,6. Kap. 19,15.  V. 24. b. S\u00e1 fyrirheitni.  V. 28. c. Krossfesti\u00f0.  V. 32. R\u00f3m. 6,14.  V. 56. 1 Msb. 18,17. 22,18.  V. 59. L\u00fak. 4,30.<\/div>\n","protected":false},"excerpt":{"rendered":"<p>Jes\u00fas vill ekki ford\u00e6ma h\u00f3rkonuna; talar um sig, s\u00edna burtf\u00f6r og sakleysi; \u00e1telur Gy\u00f0inga fyrir \u00fea\u00f0 \u00feeir s\u00e9u vondir og \u00f3l\u00edkir Abraham. 1(En Jes\u00fas f\u00f3r til Ol\u00edufjallsins2og snemma a\u00f0 morgni kom hann aftur \u00ed musteri\u00f0 og allt f\u00f3lki\u00f0 kom til hans og hann settist ni\u00f0ur og kenndi \u00fev\u00ed.3En \u00feeir skriftl\u00e6r\u00f0u og far\u00edsear leiddu til hans konu, sem gripin var \u00ed h\u00f3rd\u00f3mi og l\u00e9tu hana standa mitt \u00e1 me\u00f0al \u00feeirra og s\u00f6g\u00f0u til hans:4Meistari! \u00feessi kona er sta\u00f0in a\u00f0 h\u00f3rd\u00f3mi,5en M\u00f3ses bau\u00f0 oss \u00ed l\u00f6gunum: a\u00f0 \u00feessh\u00e1ttar konur skyldu gr\u00fdtast; hva\u00f0 segir \u00fe\u00fa til \u00feess?6En \u00feetta s\u00f6g\u00f0u \u00feeir til a\u00f0 freista <a href=\"https:\/\/biblian.is\/videy\/johannesargudspjall-8-kafli\/\"> [&#8230;]<\/a><\/p>\n","protected":false},"author":1,"featured_media":0,"parent":0,"menu_order":0,"comment_status":"open","ping_status":"open","template":"bibliukaflar.php","meta":{"footnotes":""},"class_list":["post-21854","page","type-page","status-publish","hentry"],"_links":{"self":[{"href":"https:\/\/biblian.is\/videy\/wp-json\/wp\/v2\/pages\/21854","targetHints":{"allow":["GET"]}}],"collection":[{"href":"https:\/\/biblian.is\/videy\/wp-json\/wp\/v2\/pages"}],"about":[{"href":"https:\/\/biblian.is\/videy\/wp-json\/wp\/v2\/types\/page"}],"author":[{"embeddable":true,"href":"https:\/\/biblian.is\/videy\/wp-json\/wp\/v2\/users\/1"}],"replies":[{"embeddable":true,"href":"https:\/\/biblian.is\/videy\/wp-json\/wp\/v2\/comments?post=21854"}],"version-history":[{"count":0,"href":"https:\/\/biblian.is\/videy\/wp-json\/wp\/v2\/pages\/21854\/revisions"}],"wp:attachment":[{"href":"https:\/\/biblian.is\/videy\/wp-json\/wp\/v2\/media?parent=21854"}],"curies":[{"name":"wp","href":"https:\/\/api.w.org\/{rel}","templated":true}]}}