{"id":21819,"date":"2018-01-02T01:04:15","date_gmt":"2018-01-02T01:04:15","guid":{"rendered":"http:\/\/biblian.is\/videy\/markusargudspjall-13-kafli\/"},"modified":"2018-01-02T01:04:15","modified_gmt":"2018-01-02T01:04:15","slug":"markusargudspjall-13-kafli","status":"publish","type":"page","link":"https:\/\/biblian.is\/videy\/markusargudspjall-13-kafli\/","title":{"rendered":"Mark\u00fasargu\u00f0spjall 13. kafli"},"content":{"rendered":"<div class=\"fyrirsognVidey\">Jes\u00fas talar um ey\u00f0ileggingu Jer\u00fasalemsborgar og um heims endirinn.<\/div>\n<p><a name=\"1\"><span class=\"versanumer\">1<\/span><\/a>\u00deegar hann gekk \u00fat \u00far musterinu, sag\u00f0i einhv\u00f6r af l\u00e6risveinum hans vi\u00f0 hann: sko\u00f0a\u00f0u, Meistari! hva\u00f0 st\u00f3rir \u00feessir steinar eru, og hv\u00edl\u00edk \u00feessi bygging!<a name=\"2\"><span class=\"versanumer\">2<\/span><\/a>Jes\u00fas m\u00e6lti: \u00fe\u00fa undrast \u00feessar miklu byggingar; \u00fear mun ekki eftirskilinn ver\u00f0a steinn yfir steini \u00f3ni\u00f0urrifinn.<a name=\"3\"><span class=\"versanumer\">3<\/span><\/a>N\u00fa sem hann sat \u00e1 Vi\u00f0smj\u00f6rsvi\u00f0arfjallinu gegnt musterinu, spur\u00f0u \u00feeir P\u00e9tur, Jakob, J\u00f3hannes og Andr\u00e9s hann einslega h\u00e9r um,<a name=\"4\"><span class=\"versanumer\">4<\/span><\/a>og b\u00e1\u00f0u hann a\u00f0 segja s\u00e9r n\u00e6r allt \u00feetta skyldi r\u00e6tast.<a name=\"5\"><span class=\"versanumer\">5<\/span><\/a>Jes\u00fas t\u00f3k \u00fe\u00e1 svo til or\u00f0a: varist a\u00f0 enginn lei\u00f0i y\u00f0ur \u00ed villu,<a name=\"6\"><span class=\"versanumer\">6<\/span><\/a>\u00fev\u00ed margir munu koma \u00ed m\u00ednu nafni, og segja sig vera Krist, og \u00feeir munu marga afvega lei\u00f0a.<a name=\"7\"><span class=\"versanumer\">7<\/span><\/a>En er \u00fe\u00e9r heyri\u00f0 str\u00ed\u00f0 og hers\u00f6gur, \u00fe\u00e1 l\u00e1ti\u00f0 ekki hugfallast; \u00fev\u00ed \u00feetta hl\u00fdtur a\u00f0 ske; \u00fe\u00f3 er \u00fear fyrir ekki endirinn kominn.<a name=\"8\"><span class=\"versanumer\">8<\/span><\/a>Ein \u00fej\u00f3\u00f0in mun reisa \u00f3fri\u00f0 m\u00f3ti annarri, og eitt r\u00edki m\u00f3ti \u00f6\u00f0ru; \u00fe\u00e1 munu \u00ed \u00fdmsum st\u00f6\u00f0um vera landskj\u00e1lftar, hall\u00e6ri og flokkadr\u00e6ttir; \u00feetta er byrjan h\u00f6rmunganna;<a name=\"9\"><span class=\"versanumer\">9<\/span><\/a>en veri\u00f0 \u00fe\u00e9r \u00fe\u00e1 varir um y\u00f0ur, \u00fev\u00ed \u00feeir munu hafa y\u00f0ur \u00e1 r\u00e1\u00f0stefnur og \u00ed samkundur, \u00fe\u00e9r munu\u00f0 h\u00fa\u00f0str\u00fdktir ver\u00f0a, og m\u00edn vegna f\u00e6r\u00f0ir ver\u00f0a fyrir landsh\u00f6f\u00f0ingja og konunga, svo \u00fe\u00e9r einninn fyrir \u00feeim geti\u00f0 bori\u00f0 vitni um mig;<a name=\"10\"><span class=\"versanumer\">10<\/span><\/a>en \u00e1\u00f0ur hl\u00fdtur minn l\u00e6rd\u00f3mur a\u00f0 vera fluttur \u00f6llum \u00fej\u00f3\u00f0um.<a name=\"11\"><span class=\"versanumer\">11<\/span><\/a>En n\u00e6r \u00feeir draga y\u00f0ur fyrir r\u00e9tt og framselja y\u00f0ur, \u00fe\u00e1 veri\u00f0 ekki \u00e1hyggjufullir um hva\u00f0 \u00fe\u00e9r eigi\u00f0 a\u00f0 tala, n\u00e9 hugsi\u00f0 um \u00fea\u00f0 fyrir fram, heldur tali\u00f0 \u00fea\u00f0, sem y\u00f0ur ver\u00f0ur inngefi\u00f0 \u00e1 \u00feeirri s\u00f6mu stundu; \u00fev\u00ed \u00fe\u00e9r eru\u00f0 ekki \u00fea\u00f0, sem tali\u00f0, heldur heilagur andi.<a name=\"12\"><span class=\"versanumer\">12<\/span><\/a>\u00de\u00e1 mun s\u00e1 eini br\u00f3\u00f0ir framselja hinn til dau\u00f0a, og fa\u00f0irinn barn sitt; b\u00f6rnin munu hefja fjandskap m\u00f3t foreldrum s\u00ednum, og taka \u00fe\u00e1 af l\u00edfi,<a name=\"13\"><span class=\"versanumer\">13<\/span><\/a>og m\u00edn vegna munu allir y\u00f0ur a\u00f0 hatri hafa; en s\u00e1, sem st\u00f6\u00f0ugur stendur til enda, hann mun h\u00f3lpinn ver\u00f0a.<a name=\"14\"><span class=\"versanumer\">14<\/span><\/a>En n\u00e6r \u00fe\u00e9r sj\u00e1i\u00f0 vi\u00f0urstygg\u00f0 ey\u00f0ileggingarinnar <span class='VideyAth'>(um hv\u00f6rja sp\u00e1ma\u00f0urinn Dan\u00edel talar)<\/span> standa \u00fear, er ekki skyldi <span class='VideyAth'>(hann, sem les \u00fear um, gefi gaum a\u00f0 \u00fev\u00ed)<\/span>; \u00fe\u00e1 fl\u00fdi hv\u00f6r s\u00e1, sem er \u00ed Gy\u00f0ingalandi, til fjalla,<a name=\"15\"><span class=\"versanumer\">15<\/span><\/a>og hv\u00f6r, sem er \u00e1 h\u00fas\u00feaki, varist hann a\u00f0 fara ofan \u00ed h\u00fasi\u00f0, e\u00f0ur ganga inn \u00ed \u00fea\u00f0, til a\u00f0 taka nokku\u00f0 \u00fea\u00f0an.<a name=\"16\"><span class=\"versanumer\">16<\/span><\/a>S\u00e1, sem er \u00e1 akri, sn\u00fai hann ekki aftur til a\u00f0 taka kl\u00e6\u00f0i s\u00edn;<a name=\"17\"><span class=\"versanumer\">17<\/span><\/a>ves\u00e6lar eru \u00e1 \u00feeim t\u00edmum konur \u00feunga\u00f0ar, og \u00fe\u00e6r, er b\u00f6rn hafa \u00e1 brj\u00f3sti;<a name=\"18\"><span class=\"versanumer\">18<\/span><\/a>en bi\u00f0ji\u00f0: a\u00f0 y\u00f0ar fl\u00f3tti ver\u00f0i ekki um vetur;<a name=\"19\"><span class=\"versanumer\">19<\/span><\/a>\u00fev\u00ed \u00e1 \u00feeim t\u00edmum mun ver\u00f0a svo st\u00f3r h\u00f6rmung, a\u00f0 engin hefir sl\u00edk veri\u00f0 fr\u00e1 upphafi \u00feeirra hluta, sem Gu\u00f0 skapa\u00f0i, til \u00feessa, og ekki heldur mun ver\u00f0a;<a name=\"20\"><span class=\"versanumer\">20<\/span><\/a>og nema Gu\u00f0 stytti \u00feessa t\u00edma, mundi enginn l\u00edfi halda; en vegna hinna \u00fatv\u00f6ldu, sem hann hefir \u00fatvali\u00f0, mun hann stytta \u00fe\u00e1.<a name=\"21\"><span class=\"versanumer\">21<\/span><\/a>Ef einhv\u00f6r \u00fe\u00e1 segir y\u00f0ur: sj\u00e1! h\u00e9r er Kristur, e\u00f0a \u00fear, \u00fe\u00e1 tr\u00fai\u00f0 ekki;<a name=\"22\"><span class=\"versanumer\">22<\/span><\/a>\u00fev\u00ed upp munu r\u00edsa falskristar og falssp\u00e1menn, er gj\u00f6ra munu t\u00e1kn og st\u00f3rmerki, til a\u00f0 afvegalei\u00f0a, ef ske m\u00e6tti, jafnvel Gu\u00f0s \u00fatvalda.<a name=\"23\"><span class=\"versanumer\">23<\/span><\/a>En veri\u00f0 \u00fe\u00e9r varir um y\u00f0ur, og minnist \u00feess, a\u00f0 eg sag\u00f0a y\u00f0ur allt \u00feetta fyrir.<a name=\"24\"><span class=\"versanumer\">24<\/span><\/a>\u00c1 \u00feessum t\u00edma, n\u00e6r \u00feessi h\u00f6rmung er \u00e1 enda, mun s\u00f3lin sortna og tungli\u00f0 missa birtu sinnar;<a name=\"25\"><span class=\"versanumer\">25<\/span><\/a>\u00fe\u00e1 munu stj\u00f6rnurnar hrapa af himni, og himnanna her skj\u00e1lfa.<a name=\"26\"><span class=\"versanumer\">26<\/span><\/a>\u00de\u00e1 munu menn sj\u00e1 Mannsins Son komanda \u00ed sk\u00fdjunum me\u00f0 miklu valdi og vegsemd;<a name=\"27\"><span class=\"versanumer\">27<\/span><\/a>hann mun senda engla s\u00edna til a\u00f0 samansafna hans \u00fatv\u00f6ldu \u00far \u00f6llum \u00e1ttum, fr\u00e1 einu heimsskauti til hins.<a name=\"28\"><span class=\"versanumer\">28<\/span><\/a>Taki\u00f0 d\u00e6mi af \u00feessu f\u00edkjutr\u00e9: n\u00e6r greinir \u00feess eru \u00fevalar or\u00f0nar, og bl\u00f6\u00f0in taka \u00fat a\u00f0 springa, \u00fe\u00e1 viti\u00f0 \u00fe\u00e9r, a\u00f0 sumari\u00f0 er \u00ed n\u00e1nd.<a name=\"29\"><span class=\"versanumer\">29<\/span><\/a>Eins skulu\u00f0 \u00fe\u00e9r og vita, a\u00f0 n\u00e6r \u00fe\u00e9r sj\u00e1i\u00f0 \u00feetta tr\u00e9, \u00fe\u00e1 er ey\u00f0ileggingin fyrir h\u00f6ndum.<a name=\"30\"><span class=\"versanumer\">30<\/span><\/a>Sannlega segi eg y\u00f0ur! \u00feessi kynsl\u00f3\u00f0 mun ekki undir lok li\u00f0in, \u00e1\u00f0ur en allt \u00feetta kemur fram.<a name=\"31\"><span class=\"versanumer\">31<\/span><\/a>Himinn og j\u00f6r\u00f0 munu forganga, en m\u00edn or\u00f0 munu r\u00e6tast.<a name=\"32\"><span class=\"versanumer\">32<\/span><\/a>En \u00feann dag e\u00f0ur stund veit enginn, ekki englar \u00e1 himni og ekki Sonurinn, og enginn, nema Fa\u00f0irinn einn.<a name=\"33\"><span class=\"versanumer\">33<\/span><\/a>Veri\u00f0 \u00fev\u00ed varir um y\u00f0ur! vaki\u00f0 og bi\u00f0ji\u00f0, \u00fev\u00ed \u00fe\u00e9r viti\u00f0 ekki, n\u00e6r \u00feessi t\u00edmi kemur.<a name=\"34\"><span class=\"versanumer\">34<\/span><\/a>\u00dev\u00ed er eins vari\u00f0, og \u00fe\u00e1 ma\u00f0ur nokkur fer\u00f0ast \u00far landi, og felur h\u00fas sitt og eigur \u00fej\u00f3nustum\u00f6nnum s\u00ednum \u00e1 vald, og skipar hv\u00f6rjum sitt verk; en b\u00fd\u00f0ur dyraver\u00f0inum a\u00f0 vaka.<a name=\"35\"><span class=\"versanumer\">35<\/span><\/a>Eins ver\u00f0i\u00f0 \u00fe\u00e9r a\u00f0 vaka, \u00fev\u00ed \u00fe\u00e9r viti\u00f0 ekki, n\u00e6r h\u00fasb\u00f3ndinn muni koma, hv\u00f6rt heldur a\u00f0 aftni, um mi\u00f0n\u00e6tti, um aftureldingu, e\u00f0ur a\u00f0 morgni,<a name=\"36\"><span class=\"versanumer\">36<\/span><\/a>a\u00f0 ekki komi hann, n\u00e6r \u00fe\u00e9r minnst v\u00e6nti\u00f0, og finni y\u00f0ur sofandi;<a name=\"37\"><span class=\"versanumer\">37<\/span><\/a>hva\u00f0 eg segi y\u00f0ur, \u00fea\u00f0 s\u00e9 \u00f6llum sagt: vaki\u00f0 \u00fe\u00e9r!<\/p>\n<div class=\"footnoteVidey\">V. 1. ff. sbr. Matt. 24,1. ff. L\u00fak. 21,5. ff.  V. 14. Dan. 9,26.27.  V. 22. 5 M\u00f3s. 13. 2 Tessal. 2,9\u201312.  V. 24. Esa. 13,9.10. Esek. 32,7. J\u00f3el. 2,10. 3,15. Opb. b. 6,12\u201314.  V. 26. Dan. 7,13.  V. 25. Himnanna her, \u00fe. e. himintunglin.  V. 34\u201337. sbr. Matt. 24,45\u201351. 25,14. ff.<\/div>\n","protected":false},"excerpt":{"rendered":"<p>Jes\u00fas talar um ey\u00f0ileggingu Jer\u00fasalemsborgar og um heims endirinn. 1\u00deegar hann gekk \u00fat \u00far musterinu, sag\u00f0i einhv\u00f6r af l\u00e6risveinum hans vi\u00f0 hann: sko\u00f0a\u00f0u, Meistari! hva\u00f0 st\u00f3rir \u00feessir steinar eru, og hv\u00edl\u00edk \u00feessi bygging!2Jes\u00fas m\u00e6lti: \u00fe\u00fa undrast \u00feessar miklu byggingar; \u00fear mun ekki eftirskilinn ver\u00f0a steinn yfir steini \u00f3ni\u00f0urrifinn.3N\u00fa sem hann sat \u00e1 Vi\u00f0smj\u00f6rsvi\u00f0arfjallinu gegnt musterinu, spur\u00f0u \u00feeir P\u00e9tur, Jakob, J\u00f3hannes og Andr\u00e9s hann einslega h\u00e9r um,4og b\u00e1\u00f0u hann a\u00f0 segja s\u00e9r n\u00e6r allt \u00feetta skyldi r\u00e6tast.5Jes\u00fas t\u00f3k \u00fe\u00e1 svo til or\u00f0a: varist a\u00f0 enginn lei\u00f0i y\u00f0ur \u00ed villu,6\u00fev\u00ed margir munu koma \u00ed m\u00ednu nafni, og segja sig vera Krist, og <a href=\"https:\/\/biblian.is\/videy\/markusargudspjall-13-kafli\/\"> [&#8230;]<\/a><\/p>\n","protected":false},"author":1,"featured_media":0,"parent":0,"menu_order":0,"comment_status":"open","ping_status":"open","template":"bibliukaflar.php","meta":{"footnotes":""},"class_list":["post-21819","page","type-page","status-publish","hentry"],"_links":{"self":[{"href":"https:\/\/biblian.is\/videy\/wp-json\/wp\/v2\/pages\/21819","targetHints":{"allow":["GET"]}}],"collection":[{"href":"https:\/\/biblian.is\/videy\/wp-json\/wp\/v2\/pages"}],"about":[{"href":"https:\/\/biblian.is\/videy\/wp-json\/wp\/v2\/types\/page"}],"author":[{"embeddable":true,"href":"https:\/\/biblian.is\/videy\/wp-json\/wp\/v2\/users\/1"}],"replies":[{"embeddable":true,"href":"https:\/\/biblian.is\/videy\/wp-json\/wp\/v2\/comments?post=21819"}],"version-history":[{"count":0,"href":"https:\/\/biblian.is\/videy\/wp-json\/wp\/v2\/pages\/21819\/revisions"}],"wp:attachment":[{"href":"https:\/\/biblian.is\/videy\/wp-json\/wp\/v2\/media?parent=21819"}],"curies":[{"name":"wp","href":"https:\/\/api.w.org\/{rel}","templated":true}]}}