{"id":21809,"date":"2018-01-02T01:04:07","date_gmt":"2018-01-02T01:04:07","guid":{"rendered":"http:\/\/biblian.is\/videy\/markusargudspjall-3-kafli\/"},"modified":"2018-01-02T01:04:07","modified_gmt":"2018-01-02T01:04:07","slug":"markusargudspjall-3-kafli","status":"publish","type":"page","link":"https:\/\/biblian.is\/videy\/markusargudspjall-3-kafli\/","title":{"rendered":"Mark\u00fasargu\u00f0spjall 3. kafli"},"content":{"rendered":"<div class=\"fyrirsognVidey\">Jes\u00fas l\u00e6knar marga sj\u00faka; kallar til s\u00edn \u00fe\u00e1 12 postula, talar um synd \u00e1 m\u00f3ti heil\u00f6gum Anda; kennir hv\u00f6r a\u00f0 s\u00e9 hans m\u00f3\u00f0ir og hv\u00f6rjir hans br\u00e6\u00f0ur.<\/div>\n<p><a name=\"1\"><span class=\"versanumer\">1<\/span><\/a>\u00cd \u00f6\u00f0ru sinni kom hann \u00ed samkunduh\u00fasi\u00f0, og var \u00fear s\u00e1 ma\u00f0ur, er visna h\u00f6nd haf\u00f0i; <br \/><a name=\"2\"><span class=\"versanumer\">2<\/span><\/a>\u00fe\u00e1 h\u00f6f\u00f0u \u00feeir auga \u00e1 honum, hv\u00f6rt hann mundi l\u00e6kna \u00feann mann \u00e1 hv\u00edldardegi, svo \u00feeir g\u00e6tu \u00e1klaga\u00f0 hann.<a name=\"3\"><span class=\"versanumer\">3<\/span><\/a>\u00de\u00e1 sag\u00f0i Jes\u00fas vi\u00f0 manninn, er visnu h\u00f6ndina haf\u00f0i: stattu \u00e1 f\u00e6tur og l\u00e1tt\u00fa sj\u00e1 \u00feig!<a name=\"4\"><span class=\"versanumer\">4<\/span><\/a>\u00fe\u00e1 sag\u00f0i hann til \u00feeirra: hv\u00f6rt er s\u00e6mra \u00e1 hv\u00edldard\u00f6gum, a\u00f0 gj\u00f6ra gott e\u00f0ur illt, gefa l\u00edf e\u00f0ur svipta \u00fev\u00ed? en \u00feeir sv\u00f6ru\u00f0u engu.<a name=\"5\"><span class=\"versanumer\">5<\/span><\/a>\u00de\u00e1 lita\u00f0ist hann um me\u00f0 rei\u00f0isvip, og var\u00f0 hryggur yfir har\u00f0\u00fa\u00f0 \u00feeirra; s\u00ed\u00f0an segir hann vi\u00f0 manninn: r\u00e9ttu fram h\u00f6nd \u00fe\u00edna! hann gj\u00f6r\u00f0i \u00fea\u00f0 og var\u00f0 h\u00fan \u00fe\u00e1 heil.<a name=\"6\"><span class=\"versanumer\">6<\/span><\/a>\u00de\u00e1 gengu far\u00edsear \u00fat, og b\u00e1ru strax saman r\u00e1\u00f0 s\u00edn \u00e1 m\u00f3ti honum, vi\u00f0 menn Her\u00f3desar konungs, hv\u00f6rninn \u00feeir fengi hann af d\u00f6gum r\u00e1\u00f0inn.<a name=\"7\"><span class=\"versanumer\">7<\/span><\/a>Jes\u00fas f\u00f3r \u00fe\u00e1 \u00e1samt l\u00e6risveinum s\u00ednum til sj\u00f3ar, og fylgdi honum \u00fe\u00e1 margt f\u00f3lk \u00far Gal\u00edleulandi, og J\u00fadalandi,<a name=\"8\"><span class=\"versanumer\">8<\/span><\/a>\u00far Jer\u00fasalem, \u00far \u00cdd\u00famea og \u00far h\u00e9r\u00f6\u00f0um hinumegin J\u00f3rdanar; l\u00edka kom margt f\u00f3lk til hans, er bj\u00f3 \u00ed grennd vi\u00f0 T\u00fdrus og S\u00eddon, sem heyrt haf\u00f0i um hans kraftaverk.<a name=\"9\"><span class=\"versanumer\">9<\/span><\/a>\u00de\u00e1 bau\u00f0 hann l\u00e6risveinum s\u00ednum a\u00f0 hafa s\u00e9r skip b\u00fai\u00f0, svo f\u00f3lksfj\u00f6ldinn skyldi ekki \u00fer\u00f6ngva honum;<a name=\"10\"><span class=\"versanumer\">10<\/span><\/a>\u00fev\u00ed s\u00f6kum \u00feess, a\u00f0 hann l\u00e6kna\u00f0i marga, \u00fe\u00e1 flykktust a\u00f0 honum allir \u00feeir, er sj\u00fakir voru, svo \u00feeir n\u00e6\u00f0u a\u00f0 snerta hann;<a name=\"11\"><span class=\"versanumer\">11<\/span><\/a>l\u00edka f\u00e9llu \u00feeir, er haldnir v\u00f3ru af \u00f3hreinum \u00f6ndum, fram fyrir honum, undir eins og \u00feeir s\u00e1u hann, \u00e6ptu og s\u00f6g\u00f0u: \u00fe\u00fa ert sonur Gu\u00f0s;<a name=\"12\"><span class=\"versanumer\">12<\/span><\/a>en hann banna\u00f0i \u00feeim har\u00f0lega a\u00f0 segja fr\u00e1, hv\u00f6r hann v\u00e6ri.<a name=\"13\"><span class=\"versanumer\">13<\/span><\/a>S\u00ed\u00f0an f\u00f3r hann upp \u00e1 eitt fjall, og kalla\u00f0i til s\u00edn \u00fe\u00e1, er hann sj\u00e1lfur vildi, og komu \u00feeir til hans.<a name=\"14\"><span class=\"versanumer\">14<\/span><\/a>\u00de\u00e1 tilsetti hann t\u00f3lf er vera skyldu me\u00f0 honum, og til a\u00f0 senda \u00fe\u00e1 fr\u00e1 s\u00e9r til a\u00f0 flytja hans kenningu;<a name=\"15\"><span class=\"versanumer\">15<\/span><\/a>\u00feeir \u00e1ttu og a\u00f0 hafa kraft til a\u00f0 l\u00e6kna sj\u00fakd\u00f3ma og reka dj\u00f6fla \u00fat.<a name=\"16\"><span class=\"versanumer\">16<\/span><\/a>\u00deessir voru: S\u00edmon, hv\u00f6rn hann kalla\u00f0i P\u00e9tur; <br \/><a name=\"17\"><span class=\"versanumer\">17<\/span><\/a>\u00feeir br\u00e6\u00f0ur Jakob og J\u00f3hannes, synir Sebedeusar, \u00fe\u00e1 kalla\u00f0i hann Boanerges, \u00fea\u00f0 er: \u00ferumendur:<a name=\"18\"><span class=\"versanumer\">18<\/span><\/a>Andr\u00e9s og Filippus og Bart\u00f3l\u00f3meus og Matteus og T\u00f3mas og Jakob Alfeusarson og Taddeus og S\u00edmon vandl\u00e6tari,<a name=\"19\"><span class=\"versanumer\">19<\/span><\/a>og J\u00fadas fr\u00e1 Kar\u00edot, hv\u00f6r e\u00f0 sveik hann.<br \/><a name=\"20\"><span class=\"versanumer\">20<\/span><\/a>\u00deegar \u00feeir voru komnir til herbergis, \u00fe\u00e1 safna\u00f0ist \u00feanga\u00f0 a\u00f0 n\u00fdju svo mikill fj\u00f6ldi f\u00f3lks, a\u00f0 \u00feeir g\u00e1tu ekki fengi\u00f0 s\u00e9r matar.<a name=\"21\"><span class=\"versanumer\">21<\/span><\/a>Og sem n\u00e1ungar hans heyr\u00f0u \u00fea\u00f0, f\u00f3ru \u00feeir og vildu n\u00e1 honum \u00fat, \u00fev\u00ed \u00feeir s\u00f6g\u00f0u hann v\u00e6ri fr\u00e1 s\u00e9r.<a name=\"22\"><span class=\"versanumer\">22<\/span><\/a>En \u00feeir skriftl\u00e6r\u00f0u, er komnir voru ofan fr\u00e1 Jer\u00fasalem, s\u00f6g\u00f0u Belsebub vera \u00ed honum, og a\u00f0 hann r\u00e6ki dj\u00f6fla \u00fat me\u00f0 fulltingi dj\u00f6flah\u00f6f\u00f0ingjans.<a name=\"23\"><span class=\"versanumer\">23<\/span><\/a>Jes\u00fas kalla\u00f0i \u00fe\u00e1 til s\u00edn, og tala\u00f0i til \u00feeirra \u00ed eftirl\u00edkingum: hv\u00f6rninn getur Satan reki\u00f0 Satan \u00fat?<a name=\"24\"><span class=\"versanumer\">24<\/span><\/a>og hv\u00f6rt \u00fea\u00f0 r\u00edki, sem innbyr\u00f0is sundurlyndi er \u00ed, f\u00e6r ekki sta\u00f0ist,<a name=\"25\"><span class=\"versanumer\">25<\/span><\/a>og hv\u00f6rt \u00fea\u00f0 h\u00fas, hvar innbyr\u00f0is \u00f3samlyndi er, \u00fea\u00f0 h\u00fas mun ekki geta sta\u00f0ist;<a name=\"26\"><span class=\"versanumer\">26<\/span><\/a>ef n\u00fa Satan er upp \u00ed m\u00f3ti sj\u00e1lfum s\u00e9r, og er vi\u00f0 sj\u00e1lfan sig \u00f3sam\u00feykkur, f\u00e6r hann ekki sta\u00f0ist, heldur er \u00fatgj\u00f6rt um hann.<a name=\"27\"><span class=\"versanumer\">27<\/span><\/a>Enginn getur brotist inn \u00ed h\u00fas ens sterka og r\u00e6nt f\u00f6ngum hans, nema hann taki \u00e1\u00f0ur \u00feann sterka til banda; \u00fe\u00e1 fyrst getur hann r\u00e6nt h\u00fas hans.<a name=\"28\"><span class=\"versanumer\">28<\/span><\/a>Sannlega segi eg y\u00f0ur: a\u00f0 alls kyns syndir, og jafnvel gu\u00f0lastanir, kunna m\u00f6nnunum fyrirgefnar a\u00f0 ver\u00f0a;<a name=\"29\"><span class=\"versanumer\">29<\/span><\/a>en s\u00e1, sem talar lastm\u00e6li gegn heil\u00f6gum Anda, mun eigi a\u00f0 eil\u00edfu afl\u00e1t f\u00e1, heldur mun hann vinna til eil\u00edfs d\u00f3ms\u00e1fellis.<a name=\"30\"><span class=\"versanumer\">30<\/span><\/a><span class='VideyAth'>(\u00dev\u00ed \u00feeir h\u00f6f\u00f0u sagt: a\u00f0 \u00f3hreinn andi v\u00e6ri \u00ed honum)<\/span>.<br \/><a name=\"31\"><span class=\"versanumer\">31<\/span><\/a>N\u00fa kom m\u00f3\u00f0ir hans og br\u00e6\u00f0ur, st\u00f3\u00f0u fyrir dyrum \u00fati og sendu honum or\u00f0 a\u00f0 koma.<a name=\"32\"><span class=\"versanumer\">32<\/span><\/a>En f\u00f3lki\u00f0 sat allt \u00ed kringum hann; \u00fe\u00e1 var honum sagt, a\u00f0 m\u00f3\u00f0ir hans og br\u00e6\u00f0ur st\u00e6\u00f0u \u00fati og vildu finna hann;<a name=\"33\"><span class=\"versanumer\">33<\/span><\/a>\u00fe\u00e1 svara\u00f0i hann \u00feeim: hv\u00f6r er m\u00f3\u00f0ir m\u00edn e\u00f0ur br\u00e6\u00f0ur m\u00ednir?<a name=\"34\"><span class=\"versanumer\">34<\/span><\/a>Og sem hann haf\u00f0i rennt augunum yfir \u00fe\u00e1 er \u00ed kringum hann s\u00e1tu, sag\u00f0i hann: sj\u00e1! \u00fear er m\u00edn m\u00f3\u00f0ir og m\u00ednir br\u00e6\u00f0ur;<a name=\"35\"><span class=\"versanumer\">35<\/span><\/a>\u00fev\u00ed hv\u00f6r hann gj\u00f6rir vilja Gu\u00f0s, hann er minn br\u00f3\u00f0ir, m\u00edn systir og m\u00f3\u00f0ir.<\/p>\n<div class=\"footnoteVidey\">V. 1\u20136. Matt. 12,9\u201314. L\u00fak. 6,6\u201311.  V. 7\u201312. sbr. L\u00fak. 6,17\u201319.  V. 13\u201319, sbr. L\u00fak. 6,12\u201316. (Matt. 10,1\u20134).  V. 20\u201330. sbr. Matth. 12,24\u201332. L\u00fak. 11,15\u201323. 12,10. sbr. J\u00f3h. 8,48.  V. 31\u201335. sbr. Matth. 12,46\u201350. L\u00fak. 8,19\u201321.<\/div>\n","protected":false},"excerpt":{"rendered":"<p>Jes\u00fas l\u00e6knar marga sj\u00faka; kallar til s\u00edn \u00fe\u00e1 12 postula, talar um synd \u00e1 m\u00f3ti heil\u00f6gum Anda; kennir hv\u00f6r a\u00f0 s\u00e9 hans m\u00f3\u00f0ir og hv\u00f6rjir hans br\u00e6\u00f0ur. 1\u00cd \u00f6\u00f0ru sinni kom hann \u00ed samkunduh\u00fasi\u00f0, og var \u00fear s\u00e1 ma\u00f0ur, er visna h\u00f6nd haf\u00f0i; 2\u00fe\u00e1 h\u00f6f\u00f0u \u00feeir auga \u00e1 honum, hv\u00f6rt hann mundi l\u00e6kna \u00feann mann \u00e1 hv\u00edldardegi, svo \u00feeir g\u00e6tu \u00e1klaga\u00f0 hann.3\u00de\u00e1 sag\u00f0i Jes\u00fas vi\u00f0 manninn, er visnu h\u00f6ndina haf\u00f0i: stattu \u00e1 f\u00e6tur og l\u00e1tt\u00fa sj\u00e1 \u00feig!4\u00fe\u00e1 sag\u00f0i hann til \u00feeirra: hv\u00f6rt er s\u00e6mra \u00e1 hv\u00edldard\u00f6gum, a\u00f0 gj\u00f6ra gott e\u00f0ur illt, gefa l\u00edf e\u00f0ur svipta \u00fev\u00ed? en \u00feeir sv\u00f6ru\u00f0u engu.5\u00de\u00e1 <a href=\"https:\/\/biblian.is\/videy\/markusargudspjall-3-kafli\/\"> [&#8230;]<\/a><\/p>\n","protected":false},"author":1,"featured_media":0,"parent":0,"menu_order":0,"comment_status":"open","ping_status":"open","template":"bibliukaflar.php","meta":{"footnotes":""},"class_list":["post-21809","page","type-page","status-publish","hentry"],"_links":{"self":[{"href":"https:\/\/biblian.is\/videy\/wp-json\/wp\/v2\/pages\/21809","targetHints":{"allow":["GET"]}}],"collection":[{"href":"https:\/\/biblian.is\/videy\/wp-json\/wp\/v2\/pages"}],"about":[{"href":"https:\/\/biblian.is\/videy\/wp-json\/wp\/v2\/types\/page"}],"author":[{"embeddable":true,"href":"https:\/\/biblian.is\/videy\/wp-json\/wp\/v2\/users\/1"}],"replies":[{"embeddable":true,"href":"https:\/\/biblian.is\/videy\/wp-json\/wp\/v2\/comments?post=21809"}],"version-history":[{"count":0,"href":"https:\/\/biblian.is\/videy\/wp-json\/wp\/v2\/pages\/21809\/revisions"}],"wp:attachment":[{"href":"https:\/\/biblian.is\/videy\/wp-json\/wp\/v2\/media?parent=21809"}],"curies":[{"name":"wp","href":"https:\/\/api.w.org\/{rel}","templated":true}]}}