{"id":21798,"date":"2018-01-02T01:04:07","date_gmt":"2018-01-02T01:04:07","guid":{"rendered":"http:\/\/biblian.is\/videy\/matteusargudspjall-20-kafli\/"},"modified":"2018-01-02T01:04:07","modified_gmt":"2018-01-02T01:04:07","slug":"matteusargudspjall-20-kafli","status":"publish","type":"page","link":"https:\/\/biblian.is\/videy\/matteusargudspjall-20-kafli\/","title":{"rendered":"Matteusargu\u00f0spjall 20. kafli"},"content":{"rendered":"<div class=\"fyrirsognVidey\">D\u00e6misaga um verkamennina \u00ed v\u00edngar\u00f0inum; Jes\u00fas fyrirsegir s\u00edna p\u00ednu; \u00e1v\u00edtar sonu Sebedeusar; l\u00e6knar tvo blinda vi\u00f0 Jer\u00edk\u00f3.<\/div>\n<p><a name=\"1\"><span class=\"versanumer\">1<\/span><\/a>\u00dev\u00ed a\u00f0 Gu\u00f0s r\u00edki er l\u00edkt \u00feeim h\u00fasf\u00f6\u00f0ur, er f\u00f3r snemma morguns a\u00f0 leigja verkamenn \u00ed v\u00edngar\u00f0 sinn;<a name=\"2\"><span class=\"versanumer\">2<\/span><\/a>og er hann haf\u00f0i sami\u00f0 vi\u00f0 \u00fe\u00e1 um einn pening fyrir dagsverki\u00f0, v\u00edsa\u00f0i hann \u00feeim \u00ed v\u00edngar\u00f0 sinn.<a name=\"3\"><span class=\"versanumer\">3<\/span><\/a>S\u00ed\u00f0an gekk hann \u00fat um \u00feri\u00f0ju stundu <span class='VideyAth'>e)<\/span>, og leit nokkra \u00e1 torgi i\u00f0julausa.<a name=\"4\"><span class=\"versanumer\">4<\/span><\/a>Hann sag\u00f0i til \u00feeirra: fari\u00f0 \u00fe\u00e9r og einninn \u00ed v\u00edngar\u00f0 minn, og mun eg gefa y\u00f0ur laun a\u00f0 maklegleikum.<a name=\"5\"><span class=\"versanumer\">5<\/span><\/a>\u00deeir f\u00f3ru \u00ed v\u00edngar\u00f0inn. Hann gekk og \u00fat \u00e1 sj\u00f6ttu og n\u00edundu stundu og gj\u00f6r\u00f0i, sem fyrr.<a name=\"6\"><span class=\"versanumer\">6<\/span><\/a>Um elleftu stundu kom hann og \u00fat, og fann enn nokkra i\u00f0julausa; hann spyr: \u00fev\u00ed \u00feeir st\u00e6\u00f0u \u00fear allan daginn og hef\u00f0ust ekki a\u00f0.<a name=\"7\"><span class=\"versanumer\">7<\/span><\/a>\u00deeir kv\u00e1\u00f0u engan hafa leigt sig. \u00de\u00e1 m\u00e6lti hann: fari\u00f0 \u00fe\u00e9r einninn \u00ed v\u00edngar\u00f0 minn, og skulu\u00f0 \u00fe\u00e9r f\u00e1 hva\u00f0 r\u00e9tt er til launa.<a name=\"8\"><span class=\"versanumer\">8<\/span><\/a>N\u00fa er kv\u00f6ld var komi\u00f0, segir eigandi v\u00edngar\u00f0sins verkstj\u00f3ra s\u00ednum: kalla \u00fe\u00fa verkamennina og gjalt s\u00e9rhv\u00f6rjum \u00feeirra daglaunin, og tak til \u00e1 hinum s\u00ed\u00f0ustu og enda \u00e1 hinum fyrstu.<a name=\"9\"><span class=\"versanumer\">9<\/span><\/a>\u00de\u00e1 komu \u00feeir, er n\u00e6r mi\u00f0jum aftni voru leig\u00f0ir, og f\u00e9kk hv\u00f6r einn pening;<a name=\"10\"><span class=\"versanumer\">10<\/span><\/a>en er \u00feeir komu, er fyrstir voru leig\u00f0ir, hug\u00f0u \u00feeir, a\u00f0 \u00feeir mundu meiri laun f\u00e1; en \u00feeir fengu l\u00edka hv\u00f6r einn pening;<a name=\"11\"><span class=\"versanumer\">11<\/span><\/a>og er \u00feeir h\u00f6f\u00f0u hann me\u00f0teki\u00f0, t\u00f3ku \u00feeir a\u00f0 m\u00f6gla \u00ed m\u00f3ti h\u00fasb\u00f3ndanum,<a name=\"12\"><span class=\"versanumer\">12<\/span><\/a>og spur\u00f0u: \u00fev\u00ed hann gj\u00f6r\u00f0i \u00feessa s\u00ed\u00f0ustu, sem ekki hef\u00f0u erfi\u00f0a\u00f0 nema eina stund dags, jafna \u00feeim, er allan daginn hef\u00f0u sta\u00f0i\u00f0 sveittir a\u00f0 \u00feungu erfi\u00f0i?<a name=\"13\"><span class=\"versanumer\">13<\/span><\/a>\u00de\u00e1 m\u00e6lti hann til eins \u00feeirra: k\u00e6ri! ekki gj\u00f6ri eg \u00fe\u00e9r rangt til; h\u00f6fum vi\u00f0 ekki sami\u00f0 um einn pening?<a name=\"14\"><span class=\"versanumer\">14<\/span><\/a>takt\u00fa hva\u00f0 \u00feitt er, og far h\u00e9\u00f0an; en \u00feessum, er s\u00ed\u00f0ast kom, vil eg gjalda eins og \u00fe\u00e9r;<a name=\"15\"><span class=\"versanumer\">15<\/span><\/a>e\u00f0ur, er eg ekki sj\u00e1lfur fj\u00e1r m\u00edns r\u00e1\u00f0andi? e\u00f0ur s\u00e9r\u00f0\u00fa ofsj\u00f3num yfir \u00fev\u00ed, a\u00f0 eg em g\u00f3\u00f0gjarn?<a name=\"16\"><span class=\"versanumer\">16<\/span><\/a>\u00deannig munu hinir s\u00ed\u00f0ustu ver\u00f0a hinir fyrstu, og hinir fyrstu s\u00ed\u00f0astir; \u00fev\u00ed margir eru kalla\u00f0ir, en f\u00e1ir \u00fatvaldir.<br \/><a name=\"17\"><span class=\"versanumer\">17<\/span><\/a>S\u00ed\u00f0an t\u00f3k Jes\u00fas sig upp til Jer\u00fasalem; \u00fe\u00e1 t\u00f3k hann \u00fe\u00e1 t\u00f3lf l\u00e6risveina \u00e1 einm\u00e6li \u00e1 lei\u00f0inni og m\u00e6lti \u00feannig:<a name=\"18\"><span class=\"versanumer\">18<\/span><\/a>n\u00fa f\u00f6rum v\u00e9r til Jer\u00fasalem, og \u00fear mun Mannsins Sonur framseldur ver\u00f0a h\u00f6fu\u00f0prestunum og hinum skriftl\u00e6r\u00f0u, og \u00feeir munu hann til dau\u00f0a d\u00e6ma,<a name=\"19\"><span class=\"versanumer\">19<\/span><\/a>og framselja hann hei\u00f0ingjum, a\u00f0 \u00feeir h\u00e6\u00f0i hann, h\u00fa\u00f0str\u00fdki og krossfesti; en \u00e1 \u00feri\u00f0ja degi mun hann uppr\u00edsa.<br \/><a name=\"20\"><span class=\"versanumer\">20<\/span><\/a>\u00de\u00e1 kom til hans m\u00f3\u00f0ir \u00feeirra Sebedeussona me\u00f0 sonum s\u00ednum, og laut honum, sem h\u00fan vildi bei\u00f0ast nokkurs af honum;<a name=\"21\"><span class=\"versanumer\">21<\/span><\/a>hann spur\u00f0i \u00fe\u00e1: hva\u00f0 vilt\u00fa? h\u00fan svara\u00f0i honum: l\u00e1ttu \u00feessa tvo sonu m\u00edna sitja sinn \u00e1 hv\u00f6rja hli\u00f0 \u00fe\u00e9r \u00ed r\u00edki \u00fe\u00ednu.<a name=\"22\"><span class=\"versanumer\">22<\/span><\/a>Jes\u00fas svara\u00f0i: \u00fe\u00e9r viti\u00f0 ekki hv\u00f6rs \u00fe\u00e9r bi\u00f0ji\u00f0; geti\u00f0 \u00fe\u00e9r drukki\u00f0 \u00feann bikar, sem eg mun drekka? \u00feeir kv\u00e1\u00f0ust mundu \u00fea\u00f0 geta.<a name=\"23\"><span class=\"versanumer\">23<\/span><\/a>\u00de\u00e1 sag\u00f0i hann til \u00feeirra: \u00fe\u00e9r munu\u00f0 a\u00f0 s\u00f6nnu drekka minn bikar, en \u00fea\u00f0, a\u00f0 sitja m\u00e9r til h\u00e6gri og vinstri handar, kann eg ekki a\u00f0 veita nema \u00feeim, er Fa\u00f0ir minn hefir \u00fea\u00f0 fyrirhuga\u00f0.<a name=\"24\"><span class=\"versanumer\">24<\/span><\/a>En er \u00feeir t\u00edu heyr\u00f0u \u00feetta, \u00feykktust \u00feeir vi\u00f0 \u00fe\u00e1 br\u00e6\u00f0ur.<a name=\"25\"><span class=\"versanumer\">25<\/span><\/a>\u00de\u00e1 kalla\u00f0i Jes\u00fas \u00fe\u00e1 til s\u00edn og m\u00e6lti: y\u00f0ur er kunnugt, a\u00f0 konungar jar\u00f0arinnar drottna yfir \u00feegnum s\u00ednum, og g\u00e6\u00f0ingar \u00feeirra s\u00fdna makt s\u00edna \u00e1 \u00feeim;<a name=\"26\"><span class=\"versanumer\">26<\/span><\/a>en y\u00f0ar \u00e1 me\u00f0al skal \u00feetta eigi svo vera, heldur skal hv\u00f6r s\u00e1 af y\u00f0ur, er mestur vill heita, vera y\u00f0ar \u00fej\u00f3nustuma\u00f0ur;<a name=\"27\"><span class=\"versanumer\">27<\/span><\/a>og hv\u00f6r hann vill vera y\u00f0ar fremstur, s\u00e9 hann \u00fej\u00f3n y\u00f0ar;<a name=\"28\"><span class=\"versanumer\">28<\/span><\/a>eins og Mannsins Sonur kom ekki til \u00feess a\u00f0 a\u00f0rir skyldu honum \u00fej\u00f3na, heldur a\u00f0 hann \u00fej\u00f3na\u00f0i \u00f6\u00f0rum og l\u00e9ti l\u00edf sitt m\u00f6rgum til lausnar. <br \/><a name=\"29\"><span class=\"versanumer\">29<\/span><\/a>N\u00fa er \u00feeir f\u00f3ru \u00far Jer\u00edk\u00f3sborg, fylgdi honum mikill fj\u00f6ldi f\u00f3lks.<a name=\"30\"><span class=\"versanumer\">30<\/span><\/a>\u00de\u00e1 s\u00e1tu vi\u00f0 veginn tveir menn blindir, og er \u00feeir heyr\u00f0u a\u00f0 Jes\u00fas f\u00f3r \u00fear um, k\u00f6llu\u00f0u \u00feeir og m\u00e6ltu: Herra! ni\u00f0ji Dav\u00ed\u00f0s, miskunna \u00fe\u00fa okkur!<a name=\"31\"><span class=\"versanumer\">31<\/span><\/a>en f\u00f3lki\u00f0 bau\u00f0 \u00feeim a\u00f0 \u00feeir \u00feeg\u00f0u, en \u00feess meir k\u00f6llu\u00f0u \u00feeir og s\u00f6g\u00f0u: Herra! ni\u00f0ji Dav\u00ed\u00f0s, miskunna \u00fe\u00fa okkur!<a name=\"32\"><span class=\"versanumer\">32<\/span><\/a>\u00de\u00e1 st\u00f3\u00f0 Jes\u00fas vi\u00f0, kalla\u00f0i \u00e1 \u00fe\u00e1 og m\u00e6lti: hva\u00f0 vilji\u00f0 \u00fei\u00f0, a\u00f0 eg gj\u00f6ri vi\u00f0 ykkur?<a name=\"33\"><span class=\"versanumer\">33<\/span><\/a>\u00feeir m\u00e6ltu: \u00fea\u00f0, Herra! a\u00f0 v\u00e9r ver\u00f0um sj\u00e1andi.<a name=\"34\"><span class=\"versanumer\">34<\/span><\/a>Jes\u00fas aumkva\u00f0ist \u00fe\u00e1 yfir \u00fe\u00e1 og hr\u00e6r\u00f0i vi\u00f0 augum \u00feeirra, og \u00fe\u00e1 fengu \u00feeir strax sj\u00f3n, og fylgdu honum.<\/p>\n<div class=\"footnoteVidey\">V. 3. e. Gy\u00f0ingar byrju\u00f0u daginn \u00e1 s\u00f3lar uppkomu, sem \u00ed Gy\u00f0ingalandi er alltaf n\u00e1l\u00e6gt mi\u00f0jum morgni, og t\u00f6ldu \u00fea\u00f0an fr\u00e1 12 stundir til s\u00f3larlags, sem \u00fear er alltaf n\u00e1l\u00e6gt mi\u00f0jum aftni; \u00feess vegna er hin 3. stund dagm\u00e1l, 6. stund h\u00e1degi, 9. stund n\u00f3n, og. s. fr.  V. 17\u201319. Mark. 10,32\u201334.  V. 20\u201328. Mark. 10,35\u201345.  V. 29\u201334, sbr. Mark. 10,46\u201352. L\u00fak. 18,35\u201343.<\/div>\n","protected":false},"excerpt":{"rendered":"<p>D\u00e6misaga um verkamennina \u00ed v\u00edngar\u00f0inum; Jes\u00fas fyrirsegir s\u00edna p\u00ednu; \u00e1v\u00edtar sonu Sebedeusar; l\u00e6knar tvo blinda vi\u00f0 Jer\u00edk\u00f3. 1\u00dev\u00ed a\u00f0 Gu\u00f0s r\u00edki er l\u00edkt \u00feeim h\u00fasf\u00f6\u00f0ur, er f\u00f3r snemma morguns a\u00f0 leigja verkamenn \u00ed v\u00edngar\u00f0 sinn;2og er hann haf\u00f0i sami\u00f0 vi\u00f0 \u00fe\u00e1 um einn pening fyrir dagsverki\u00f0, v\u00edsa\u00f0i hann \u00feeim \u00ed v\u00edngar\u00f0 sinn.3S\u00ed\u00f0an gekk hann \u00fat um \u00feri\u00f0ju stundu e), og leit nokkra \u00e1 torgi i\u00f0julausa.4Hann sag\u00f0i til \u00feeirra: fari\u00f0 \u00fe\u00e9r og einninn \u00ed v\u00edngar\u00f0 minn, og mun eg gefa y\u00f0ur laun a\u00f0 maklegleikum.5\u00deeir f\u00f3ru \u00ed v\u00edngar\u00f0inn. Hann gekk og \u00fat \u00e1 sj\u00f6ttu og n\u00edundu stundu og gj\u00f6r\u00f0i, sem fyrr.6Um elleftu <a href=\"https:\/\/biblian.is\/videy\/matteusargudspjall-20-kafli\/\"> [&#8230;]<\/a><\/p>\n","protected":false},"author":1,"featured_media":0,"parent":0,"menu_order":0,"comment_status":"open","ping_status":"open","template":"bibliukaflar.php","meta":{"footnotes":""},"class_list":["post-21798","page","type-page","status-publish","hentry"],"_links":{"self":[{"href":"https:\/\/biblian.is\/videy\/wp-json\/wp\/v2\/pages\/21798","targetHints":{"allow":["GET"]}}],"collection":[{"href":"https:\/\/biblian.is\/videy\/wp-json\/wp\/v2\/pages"}],"about":[{"href":"https:\/\/biblian.is\/videy\/wp-json\/wp\/v2\/types\/page"}],"author":[{"embeddable":true,"href":"https:\/\/biblian.is\/videy\/wp-json\/wp\/v2\/users\/1"}],"replies":[{"embeddable":true,"href":"https:\/\/biblian.is\/videy\/wp-json\/wp\/v2\/comments?post=21798"}],"version-history":[{"count":0,"href":"https:\/\/biblian.is\/videy\/wp-json\/wp\/v2\/pages\/21798\/revisions"}],"wp:attachment":[{"href":"https:\/\/biblian.is\/videy\/wp-json\/wp\/v2\/media?parent=21798"}],"curies":[{"name":"wp","href":"https:\/\/api.w.org\/{rel}","templated":true}]}}