{"id":21789,"date":"2018-01-02T01:04:00","date_gmt":"2018-01-02T01:04:00","guid":{"rendered":"http:\/\/biblian.is\/videy\/matteusargudspjall-11-kafli\/"},"modified":"2018-01-02T01:04:00","modified_gmt":"2018-01-02T01:04:00","slug":"matteusargudspjall-11-kafli","status":"publish","type":"page","link":"https:\/\/biblian.is\/videy\/matteusargudspjall-11-kafli\/","title":{"rendered":"Matteusargu\u00f0spjall 11. kafli"},"content":{"rendered":"<div class=\"fyrirsognVidey\">J\u00f3hannes l\u00e6tur spyrja Jes\u00fa, hv\u00f6rt hann s\u00e9 Mess\u00edas; Jes\u00fas talar um J\u00f3hannes, kvartar yfir l\u00fd\u00f0sins ein\u00feykkni, \u00e1v\u00edtar borgir, vegsamar r\u00e1\u00f0 Gu\u00f0s, og b\u00fd\u00f0ur volu\u00f0um til s\u00edn.<\/div>\n<p><a name=\"1\"><span class=\"versanumer\">1<\/span><\/a>\u00deegar Jes\u00fas haf\u00f0i loki\u00f0 \u00feessari skipun sinni til \u00feeirra t\u00f3lf l\u00e6risveina sinna, f\u00f3r hann \u00fea\u00f0an a\u00f0 kenna og pr\u00e9dika \u00ed Gy\u00f0inganna borgum.<a name=\"2\"><span class=\"versanumer\">2<\/span><\/a>N\u00fa er J\u00f3hannes heyr\u00f0i \u00ed fangelsinu verkin Krists, sendi hann til hans tvo l\u00e6risveina s\u00edna, er spyrja skyldu:<a name=\"3\"><span class=\"versanumer\">3<\/span><\/a>hv\u00f6rt hann v\u00e6ri s\u00e1, er koma skyldi, e\u00f0a \u00e6ttu \u00feeir a\u00f0 v\u00e6nta annars?<a name=\"4\"><span class=\"versanumer\">4<\/span><\/a>Jes\u00fas sag\u00f0i vi\u00f0 \u00fe\u00e1: fari\u00f0 \u00fei\u00f0 og segi\u00f0 J\u00f3hannesi, hva\u00f0 \u00fe\u00e9r heyri\u00f0 og sj\u00e1i\u00f0:<a name=\"5\"><span class=\"versanumer\">5<\/span><\/a>blindir f\u00e1 s\u00fdn, haltir ganga, l\u00edk\u00fer\u00e1ir hreinsast, heyrnarlausir heyra, dau\u00f0ir endurlifna, og umkomulausum bo\u00f0ast gle\u00f0ibo\u00f0skapurinn <span class='VideyAth'>a)<\/span>;<a name=\"6\"><span class=\"versanumer\">6<\/span><\/a>og s\u00e6ll er s\u00e1, sem ekki hneykslast \u00e1 m\u00e9r! <br \/><a name=\"7\"><span class=\"versanumer\">7<\/span><\/a>\u00deegar \u00feeir voru burtu farnir, h\u00f3f Jes\u00fas r\u00e6\u00f0u s\u00edna til f\u00f3lksins um J\u00f3hannes \u00e1 \u00feessa lei\u00f0: hva\u00f0 f\u00f3ru\u00f0 \u00fe\u00e9r a\u00f0 sj\u00e1 \u00e1 ey\u00f0im\u00f6rkum? hv\u00f6rt reyr \u00feann, er vindurinn skekur?<a name=\"8\"><span class=\"versanumer\">8<\/span><\/a>e\u00f0ur hva\u00f0 f\u00f3ru\u00f0 \u00fe\u00e9r a\u00f0 sj\u00e1? hv\u00f6rt mann skrautb\u00fainn? g\u00e6ti\u00f0 a\u00f0: \u00feeir, sem \u00ed skraut eru b\u00fanir, eru \u00ed konunganna h\u00f6llum;<a name=\"9\"><span class=\"versanumer\">9<\/span><\/a>hva\u00f0 f\u00f3ru\u00f0 \u00fe\u00e9r a\u00f0 sj\u00e1? hv\u00f6rt einn sp\u00e1mann; j\u00e1, \u00ed sannleika \u00feann, sem meiri er en nokkur sp\u00e1ma\u00f0ur;<a name=\"10\"><span class=\"versanumer\">10<\/span><\/a>\u00fev\u00ed hann er s\u00e1, um hv\u00f6rn rita\u00f0 er: \u201e,minn sendibo\u00f0a sendi eg undan \u00fe\u00e9r, er grei\u00f0a skuli \u00fe\u00e9r veg\u201c.<a name=\"11\"><span class=\"versanumer\">11<\/span><\/a>Tr\u00fai\u00f0 m\u00e9r: enginn er af konu f\u00e6ddur, er meiri s\u00e9 enn J\u00f3hannes sk\u00edrari; \u00fe\u00f3 er s\u00e1 minnsti \u00ed himnar\u00edki honum meiri.<a name=\"12\"><span class=\"versanumer\">12<\/span><\/a>Fr\u00e1 d\u00f6gum J\u00f3hannesar sk\u00edrara og til \u00feessa, leita menn himnar\u00edkis kappsamlega, og \u00feeir, sem keppast eftir \u00fev\u00ed, hr\u00edfa \u00fea\u00f0 til s\u00edn;<a name=\"13\"><span class=\"versanumer\">13<\/span><\/a>\u00fev\u00ed allt \u00feanga\u00f0 til J\u00f3hannes kom, hafa allir sp\u00e1menn og l\u00f6gm\u00e1li\u00f0 sagt \u00feetta fyrir;<a name=\"14\"><span class=\"versanumer\">14<\/span><\/a>og ef \u00fe\u00e9r vilji\u00f0 fallast \u00e1 \u00fea\u00f0, \u00fe\u00e1 er hann s\u00e1 Elias, er koma skal.<a name=\"15\"><span class=\"versanumer\">15<\/span><\/a>Heyri \u00feetta hv\u00f6r, sem heyrt getur!<a name=\"16\"><span class=\"versanumer\">16<\/span><\/a>Vi\u00f0 hva\u00f0 skal eg l\u00edkja \u00feessara t\u00ed\u00f0a m\u00f6nnum? \u00feeim fer eins og b\u00f6rnum, sem \u00e1 torgi eru, og kalla \u00feannig til leiksbr\u00e6\u00f0ra sinna:<a name=\"17\"><span class=\"versanumer\">17<\/span><\/a>v\u00e9r h\u00f6fum kve\u00f0i\u00f0 y\u00f0ur gle\u00f0ikv\u00e6\u00f0i, en \u00fe\u00e9r hafi\u00f0 ekki vilja\u00f0 dansa; v\u00e9r h\u00f6fum sungi\u00f0 y\u00f0ur harmas\u00f6ngva, og \u00fe\u00f3 vildu\u00f0 \u00fe\u00e9r engin sorgarmerki s\u00fdna.<a name=\"18\"><span class=\"versanumer\">18<\/span><\/a>J\u00f3hannes kom, og lif\u00f0i vi\u00f0 har\u00f0a kosti, og s\u00f6g\u00f0u menn a\u00f0 hann v\u00e6ri vitstola.<a name=\"19\"><span class=\"versanumer\">19<\/span><\/a>Mannsins Sonur kom og neytti alls frj\u00e1lslega; hann kalli\u00f0 \u00fe\u00e9r math\u00e1k og v\u00ednsvelg, vin tollheimtara og bersyndugra. En skynsamir menn einir d\u00e6ma r\u00e9tt um skynsama heg\u00f0un. <br \/><a name=\"20\"><span class=\"versanumer\">20<\/span><\/a>S\u00ed\u00f0an t\u00f3k hann a\u00f0 \u00e1v\u00edta \u00fe\u00e6r borgir, \u00ed hv\u00f6rjum hann haf\u00f0i flest kraftaverk frami\u00f0, a\u00f0 \u00fe\u00e6r hef\u00f0u \u00f6ngva umb\u00f3t gj\u00f6rt, og t\u00f3k svo til or\u00f0a:<a name=\"21\"><span class=\"versanumer\">21<\/span><\/a>vei \u00fe\u00e9r, Korasin! vei \u00fe\u00e9r, Betsaida! ef \u00feau kraftaverk, sem \u00ed ykkur hafa framin veri\u00f0, hef\u00f0u veri\u00f0 gj\u00f6r\u00f0 \u00ed T\u00fdrus e\u00f0a S\u00edd\u00f3n, \u00fe\u00e1 mundu \u00feeir fyrir l\u00f6ngu hafa i\u00f0run gj\u00f6rt, kl\u00e6ddir sorgarb\u00faningi og \u00e1dreif\u00f0ir \u00f6sku.<a name=\"22\"><span class=\"versanumer\">22<\/span><\/a>En tr\u00fai\u00f0 m\u00e9r! b\u00e6rilegra mun ver\u00f0a straff T\u00fdrus og S\u00edd\u00f3nar \u00e1 degi d\u00f3msins, enn ykkar.<a name=\"23\"><span class=\"versanumer\">23<\/span><\/a>Og \u00fe\u00fa, Kapernaum! sem n\u00fa m\u00e6nir svo h\u00e1tt \u00ed loft, \u00fe\u00e9r mun \u00ed grunn ni\u00f0urs\u00f6kkt ver\u00f0a; \u00fev\u00ed hef\u00f0u \u00feau kraftaverk veri\u00f0 framin \u00ed S\u00f3d\u00f3mu, sem \u00ed \u00fe\u00e9r hafa gj\u00f6r\u00f0 veri\u00f0, \u00fe\u00e1 st\u00e6\u00f0i h\u00fan enn \u00ed dag.<a name=\"24\"><span class=\"versanumer\">24<\/span><\/a>Og \u00fea\u00f0 er v\u00edst, a\u00f0 b\u00e6rilegra mun ver\u00f0a straff S\u00f3d\u00f3mu \u00e1 degi d\u00f3msins, en \u00feitt. <br \/><a name=\"25\"><span class=\"versanumer\">25<\/span><\/a>Um sama leyti t\u00f3k Jes\u00fas svo til or\u00f0a: eg \u00feakka \u00fe\u00e9r Fa\u00f0ir, Drottinn himins og jar\u00f0ar! a\u00f0 \u00fe\u00fa hefir l\u00e1ti\u00f0 \u00feessa hluti vera hulda fyrir fr\u00f3\u00f0um m\u00f6nnum og spekingum, en augl\u00fdst \u00fe\u00e1 f\u00e1fr\u00f3\u00f0um.<a name=\"26\"><span class=\"versanumer\">26<\/span><\/a>Sannarlega hefir \u00fe\u00e9r, Fa\u00f0ir! \u00fe\u00f3knast a\u00f0 svo skyldi vera.<a name=\"27\"><span class=\"versanumer\">27<\/span><\/a>Allt er m\u00e9r af m\u00ednum F\u00f6\u00f0ur \u00ed vald gefi\u00f0, og enginn \u00feekkir Soninn nema Fa\u00f0irinn, og enginn F\u00f6\u00f0urinn nema Sonurinn, og s\u00e1, sem Sonurinn vill \u00fea\u00f0 augl\u00fdsa.<a name=\"28\"><span class=\"versanumer\">28<\/span><\/a>Komi\u00f0 til m\u00edn allir \u00fereyttir, og \u00fe\u00e9r, sem m\u00e6\u00f0ist undir \u00feungum byr\u00f0um, eg vil gefa y\u00f0ur hv\u00edld;<a name=\"29\"><span class=\"versanumer\">29<\/span><\/a>gangi\u00f0 undir mitt ok, og l\u00e6ri\u00f0 af m\u00e9r, \u00fev\u00ed eg er v\u00e6gur og af hjarta l\u00edtill\u00e1tur, og munu\u00f0 \u00fe\u00e9r hugsv\u00f6lun finna;<a name=\"30\"><span class=\"versanumer\">30<\/span><\/a>\u00fev\u00ed mitt ok er ind\u00e6lt og m\u00edn byr\u00f0i l\u00e9tt.<\/p>\n<div class=\"footnoteVidey\">V. 2\u201319, sbr. L\u00fak. 7,18\u201335.  V. 3. 5 M\u00f3s. 18,15.  V. 5. Es. 35,5. 61,1.  V. 5. a. \u00fe. e. a\u00f0 r\u00edki Mess\u00edass s\u00e9 byrja\u00f0.  V. 10. Malak. 3,1.  V. 14. Malak. 4,5.  K. 11,25\u201330, sbr. L\u00fak. 10,21\u201322.<\/div>\n","protected":false},"excerpt":{"rendered":"<p>J\u00f3hannes l\u00e6tur spyrja Jes\u00fa, hv\u00f6rt hann s\u00e9 Mess\u00edas; Jes\u00fas talar um J\u00f3hannes, kvartar yfir l\u00fd\u00f0sins ein\u00feykkni, \u00e1v\u00edtar borgir, vegsamar r\u00e1\u00f0 Gu\u00f0s, og b\u00fd\u00f0ur volu\u00f0um til s\u00edn. 1\u00deegar Jes\u00fas haf\u00f0i loki\u00f0 \u00feessari skipun sinni til \u00feeirra t\u00f3lf l\u00e6risveina sinna, f\u00f3r hann \u00fea\u00f0an a\u00f0 kenna og pr\u00e9dika \u00ed Gy\u00f0inganna borgum.2N\u00fa er J\u00f3hannes heyr\u00f0i \u00ed fangelsinu verkin Krists, sendi hann til hans tvo l\u00e6risveina s\u00edna, er spyrja skyldu:3hv\u00f6rt hann v\u00e6ri s\u00e1, er koma skyldi, e\u00f0a \u00e6ttu \u00feeir a\u00f0 v\u00e6nta annars?4Jes\u00fas sag\u00f0i vi\u00f0 \u00fe\u00e1: fari\u00f0 \u00fei\u00f0 og segi\u00f0 J\u00f3hannesi, hva\u00f0 \u00fe\u00e9r heyri\u00f0 og sj\u00e1i\u00f0:5blindir f\u00e1 s\u00fdn, haltir ganga, l\u00edk\u00fer\u00e1ir hreinsast, heyrnarlausir heyra, dau\u00f0ir endurlifna, <a href=\"https:\/\/biblian.is\/videy\/matteusargudspjall-11-kafli\/\"> [&#8230;]<\/a><\/p>\n","protected":false},"author":1,"featured_media":0,"parent":0,"menu_order":0,"comment_status":"open","ping_status":"open","template":"bibliukaflar.php","meta":{"footnotes":""},"class_list":["post-21789","page","type-page","status-publish","hentry"],"_links":{"self":[{"href":"https:\/\/biblian.is\/videy\/wp-json\/wp\/v2\/pages\/21789","targetHints":{"allow":["GET"]}}],"collection":[{"href":"https:\/\/biblian.is\/videy\/wp-json\/wp\/v2\/pages"}],"about":[{"href":"https:\/\/biblian.is\/videy\/wp-json\/wp\/v2\/types\/page"}],"author":[{"embeddable":true,"href":"https:\/\/biblian.is\/videy\/wp-json\/wp\/v2\/users\/1"}],"replies":[{"embeddable":true,"href":"https:\/\/biblian.is\/videy\/wp-json\/wp\/v2\/comments?post=21789"}],"version-history":[{"count":0,"href":"https:\/\/biblian.is\/videy\/wp-json\/wp\/v2\/pages\/21789\/revisions"}],"wp:attachment":[{"href":"https:\/\/biblian.is\/videy\/wp-json\/wp\/v2\/media?parent=21789"}],"curies":[{"name":"wp","href":"https:\/\/api.w.org\/{rel}","templated":true}]}}