{"id":21784,"date":"2018-01-02T01:04:00","date_gmt":"2018-01-02T01:04:00","guid":{"rendered":"http:\/\/biblian.is\/videy\/matteusargudspjall-6-kafli\/"},"modified":"2018-01-02T01:04:00","modified_gmt":"2018-01-02T01:04:00","slug":"matteusargudspjall-6-kafli","status":"publish","type":"page","link":"https:\/\/biblian.is\/videy\/matteusargudspjall-6-kafli\/","title":{"rendered":"Matteusargu\u00f0spjall 6. kafli"},"content":{"rendered":"<div class=\"fyrirsognVidey\">Jes\u00fas talar um \u00f6lmusur, b\u00e6nir, f\u00f6stu, himneskan au\u00f0; varar vi\u00f0 \u00e1hyggju.<\/div>\n<p><a name=\"1\"><span class=\"versanumer\">1<\/span><\/a>Varist a\u00f0 fremja g\u00f3\u00f0verk y\u00f0ar \u00ed annarra manna augs\u00fdn, til \u00feess a\u00f0 \u00feeir sj\u00e1i \u00feau; annars hafi\u00f0 \u00fe\u00e9r engra launa a\u00f0 v\u00e6nta af y\u00f0ar himneska F\u00f6\u00f0ur.<a name=\"2\"><span class=\"versanumer\">2<\/span><\/a>\u00deegar \u00fe\u00fa \u00fear fyrir \u00e6tlar a\u00f0 gefa \u00f6lmusu, \u00fe\u00e1 l\u00e1t ekki bl\u00e1sa \u00ed l\u00fa\u00f0ur fyrir \u00fe\u00e9r, eins og hr\u00e6snarar gj\u00f6ra \u00e1 samkomum og str\u00e6tum, a\u00f0 \u00feeim ver\u00f0i hr\u00f3sa\u00f0 af m\u00f6nnum, \u00fev\u00ed tr\u00fai\u00f0 m\u00e9r! \u00feeir hafa \u00fatteki\u00f0 laun s\u00edn.<a name=\"3\"><span class=\"versanumer\">3<\/span><\/a>En n\u00e6r \u00fe\u00fa vilt gefa \u00f6lmusu, \u00fe\u00e1 viti ekki h\u00f6nd \u00fe\u00edn hin vinstri, hva\u00f0 hin h\u00e6gri gj\u00f6rir;<a name=\"4\"><span class=\"versanumer\">4<\/span><\/a>svo \u00fe\u00edn g\u00f3\u00f0gj\u00f6r\u00f0 s\u00e9 hulin, og Fa\u00f0ir \u00feinn sem s\u00e9r \u00fea\u00f0, sem \u00ed leyni er gj\u00f6rt, mun \u00fe\u00e9r \u00fea\u00f0 opinberlega endurgjalda.<a name=\"5\"><span class=\"versanumer\">5<\/span><\/a>Eins, n\u00e6r \u00fe\u00fa bi\u00f0st fyrir, \u00fe\u00e1 heg\u00f0a \u00fe\u00e9r ekki sem hr\u00e6snarar, sem vanir eru a\u00f0 standa og bi\u00f0jast fyrir \u00e1 str\u00e6tum og gatnam\u00f3tum, til \u00feess a\u00f0 \u00feeir ver\u00f0i s\u00e9nir af \u00f6\u00f0rum; sannlega segi eg y\u00f0ur: \u00feeir hafa \u00fatteki\u00f0 s\u00edn laun.<a name=\"6\"><span class=\"versanumer\">6<\/span><\/a>En n\u00e6r \u00fe\u00fa vilt bi\u00f0jast fyrir, \u00fe\u00e1 far \u00fe\u00fa \u00ed svefnh\u00fas \u00feitt, og loka dyrunum; bi\u00f0 svo F\u00f6\u00f0ur \u00feinn \u00ed einr\u00fami, og hann, sem s\u00e9r hva\u00f0 \u00ed einr\u00fami ske\u00f0ur, mun veita \u00fe\u00e9r \u00fea\u00f0 opinberlega.<a name=\"7\"><span class=\"versanumer\">7<\/span><\/a>Varist \u00ed b\u00e6num y\u00f0rum \u00f3nytjum\u00e6lgi, eins og hei\u00f0ingja er si\u00f0ur, fyrir hv\u00f6rja \u00feeir hyggja a\u00f0 ver\u00f0a b\u00e6nheyr\u00f0ir;<a name=\"8\"><span class=\"versanumer\">8<\/span><\/a>varist \u00fev\u00ed a\u00f0 l\u00edkjast \u00feeim; Fa\u00f0ir y\u00f0ar veit hv\u00f6rs \u00fe\u00e9r vi\u00f0\u00feurfi\u00f0, \u00e1\u00f0ur en \u00fe\u00e9r bi\u00f0ji\u00f0 hann.<a name=\"9\"><span class=\"versanumer\">9<\/span><\/a>Bi\u00f0ji\u00f0 \u00fear fyrir \u00e1 \u00feessa lei\u00f0: Fa\u00f0ir vor, \u00fe\u00fa sem ert \u00e1 himnum! helgist \u00feitt nafn;<a name=\"10\"><span class=\"versanumer\">10<\/span><\/a>tilkomi \u00feitt r\u00edki; ver\u00f0i \u00feinn vilji, svo \u00e1 j\u00f6r\u00f0u, sem \u00e1 himni;<a name=\"11\"><span class=\"versanumer\">11<\/span><\/a>gef oss \u00ed dag vort daglegt brau\u00f0;<a name=\"12\"><span class=\"versanumer\">12<\/span><\/a>og fyrirgef oss vorar misgj\u00f6r\u00f0ir, eins og v\u00e9r fyrirgefum \u00feeim, sem oss \u00e1 m\u00f3ti brj\u00f3ta;<a name=\"13\"><span class=\"versanumer\">13<\/span><\/a>og lei\u00f0 oss ekki \u00ed freistni, heldur frelsa oss fr\u00e1 illu.<a name=\"14\"><span class=\"versanumer\">14<\/span><\/a>\u00dev\u00ed ef \u00fe\u00e9r forl\u00e1ti\u00f0 \u00f6\u00f0rum \u00feeirra yfirsj\u00f3nir, \u00fe\u00e1 mun y\u00f0ar himneski Fa\u00f0ir forl\u00e1ta y\u00f0ur;<a name=\"15\"><span class=\"versanumer\">15<\/span><\/a>en ef \u00fe\u00e9r ekki fyrirgefi\u00f0 \u00f6\u00f0rum, mun Fa\u00f0ir y\u00f0ar himneskur ekki heldur fyrirgefa y\u00f0ur y\u00f0ar misgj\u00f6r\u00f0ir.<a name=\"16\"><span class=\"versanumer\">16<\/span><\/a>N\u00e6r \u00fe\u00e9r fasti\u00f0, \u00fe\u00e1 veri\u00f0 ekki me\u00f0 hryggu yfirbrag\u00f0i, sem hr\u00e6snarar, hv\u00f6rjir er afmynda \u00e1sj\u00f3nur s\u00ednar, svo a\u00f0rir sj\u00e1i a\u00f0 \u00feeir fasti; sannlega segi eg y\u00f0ur: \u00feeir hafa s\u00edn laun \u00fatteki\u00f0.<a name=\"17\"><span class=\"versanumer\">17<\/span><\/a>En n\u00e6r \u00fe\u00fa fastar, \u00fe\u00e1 smyr h\u00f6fu\u00f0 \u00feitt, og \u00fevo \u00feitt andlit,<a name=\"18\"><span class=\"versanumer\">18<\/span><\/a>svo a\u00f0rir ver\u00f0i ekki varir vi\u00f0 a\u00f0 \u00fe\u00fa fastir, nema Fa\u00f0ir \u00feinn, sem er \u00f3s\u00fdnilegur; og Fa\u00f0ir \u00feinn, sem s\u00e9r hva\u00f0 \u00ed einr\u00fami ske\u00f0ur, mun \u00fe\u00e9r \u00fea\u00f0 endurgjalda. <br \/><a name=\"19\"><span class=\"versanumer\">19<\/span><\/a>Safni\u00f0 y\u00f0ur ekki au\u00f0\u00e6fum \u00ed heimi \u00feessum, hvar m\u00f6lur og ry\u00f0 eta \u00feau, og hvar \u00fej\u00f3far grafa til og stela;<a name=\"20\"><span class=\"versanumer\">20<\/span><\/a>safni\u00f0 y\u00f0ur heldur au\u00f0\u00e6fum \u00e1 himnum, hvar \u00feeim hv\u00f6rki grandar m\u00f6lur e\u00f0a ry\u00f0, n\u00e9 \u00fej\u00f3far grafast til \u00feeirra, og stela \u00feeim;<a name=\"21\"><span class=\"versanumer\">21<\/span><\/a>\u00fev\u00ed hvar, sem au\u00f0\u00e6fi y\u00f0ar eru, \u00fear er og y\u00f0vart hjarta.<a name=\"22\"><span class=\"versanumer\">22<\/span><\/a>Auga\u00f0 er lj\u00f3s l\u00edkamans; n\u00fa ef auga \u00feitt er heilskyggnt, \u00fe\u00e1 n\u00fdtur allur l\u00edkami \u00feinn birtu;<a name=\"23\"><span class=\"versanumer\">23<\/span><\/a>en s\u00e9 auga \u00feitt galla\u00f0, \u00fe\u00e1 er allur l\u00edkami \u00feinn \u00ed myrkri. N\u00fa ef \u00fea\u00f0 lj\u00f3s, sem \u00ed \u00fe\u00e9r er, er myrkur, hve svart mun ekki \u00fea\u00f0 myrkur vera?<a name=\"24\"><span class=\"versanumer\">24<\/span><\/a>Enginn kann tveimur herrum a\u00f0 \u00fej\u00f3na, \u00fev\u00ed anna\u00f0 hv\u00f6rt hl\u00fdtur hann a\u00f0 meta \u00feann eina mi\u00f0ur og hinn annan meira, e\u00f0a hann hl\u00fd\u00f0ir \u00feeim \u00f6\u00f0rum, og afr\u00e6kir hinn. \u00deannig geti\u00f0 \u00fe\u00e9r ekki veri\u00f0 b\u00e6\u00f0i \u00fej\u00f3nar Gu\u00f0s og Mammons.<a name=\"25\"><span class=\"versanumer\">25<\/span><\/a>Eg segi y\u00f0ur \u00fev\u00ed: veri\u00f0 ekki hugsj\u00fakir fyrir y\u00f0ru l\u00edfi, hva\u00f0 \u00fe\u00e9r skulu\u00f0 eta og drekka, ekki heldur fyrir y\u00f0rum l\u00edkama, hv\u00f6rju \u00fe\u00e9r skulu\u00f0 kl\u00e6\u00f0ast. Er ekki l\u00edfi\u00f0 meira vert en f\u00e6\u00f0an, og l\u00edkaminn meir en kl\u00e6\u00f0na\u00f0urinn?<a name=\"26\"><span class=\"versanumer\">26<\/span><\/a>L\u00edti\u00f0 til fuglanna \u00ed loftinu, hv\u00f6rki s\u00e1 \u00feeir n\u00e9 uppskera, og ekki heldur safna \u00feeir \u00ed kornhl\u00f6\u00f0ur, \u00fe\u00f3 f\u00e6\u00f0ir y\u00f0ar himneski Fa\u00f0ir \u00fe\u00e1; eru\u00f0 \u00fe\u00e9r ekki miklu \u00e1g\u00e6tari \u00feeim?<a name=\"27\"><span class=\"versanumer\">27<\/span><\/a>Hv\u00f6r af y\u00f0ur getur, me\u00f0 allri sinni \u00e1hyggju, auki\u00f0 einni alin vi\u00f0 h\u00e6\u00f0 s\u00edna?<a name=\"28\"><span class=\"versanumer\">28<\/span><\/a>E\u00f0a, hv\u00ed eru\u00f0 \u00fe\u00e9r \u00e1hyggjufullir fyrir fatna\u00f0inum? sko\u00f0i\u00f0 akursins liljugr\u00f6s, hv\u00f6rsu \u00feau vaxa; hv\u00f6rki vinna \u00feau n\u00e9 spinna;<a name=\"29\"><span class=\"versanumer\">29<\/span><\/a>en tr\u00fai\u00f0 m\u00e9r: a\u00f0 Sal\u00f3mon \u00ed \u00f6llu s\u00ednu skrauti, var ekki svo fagurlega b\u00fainn, sem eitt af \u00feeim;<a name=\"30\"><span class=\"versanumer\">30<\/span><\/a>ef a\u00f0 Gu\u00f0 n\u00fa skr\u00fd\u00f0ir svo grasi\u00f0 \u00e1 j\u00f6r\u00f0unni, \u00fea\u00f0 \u00ed dag stendur, en \u00e1 morgun ver\u00f0ur \u00ed ofn kasta\u00f0, hv\u00f6rsu miklu framar mun hann ekki kl\u00e6\u00f0a y\u00f0ur, \u00fe\u00e9r tr\u00faarveikir?<a name=\"31\"><span class=\"versanumer\">31<\/span><\/a>Spyrji\u00f0 \u00fev\u00ed ekki hugsj\u00fakir: hva\u00f0 f\u00e1um v\u00e9r til matar? hva\u00f0 f\u00e1um v\u00e9r a\u00f0 drekka? og hva\u00f0 f\u00e1um v\u00e9r til fata?<a name=\"32\"><span class=\"versanumer\">32<\/span><\/a>Sl\u00edka \u00e1hyggju hafa hei\u00f0nir menn; en y\u00f0ar himneskur Fa\u00f0ir veit, a\u00f0 \u00fe\u00e9r \u00feurfi\u00f0 alls \u00feessa vi\u00f0.<a name=\"33\"><span class=\"versanumer\">33<\/span><\/a>Leiti\u00f0 umfram allt Gu\u00f0s r\u00edkis, og \u00feeirrar r\u00e1\u00f0vendni, sem honum l\u00edkar, \u00fe\u00e1 munu\u00f0 \u00fe\u00e9r f\u00e1 allt \u00feetta \u00ed vi\u00f0b\u00f3t;<a name=\"34\"><span class=\"versanumer\">34<\/span><\/a>veri\u00f0 \u00fev\u00ed ekki hugsj\u00fakir fyrir morgundeginum; hann mun sj\u00e1lfur bera umhyggju fyrir s\u00e9r; hv\u00f6rjum degi n\u00e6gir s\u00edn m\u00e6\u00f0a.<\/p>\n<div class=\"footnoteVidey\">V. 3. Viti ekki\u2014h\u00e6gri gj\u00f6rir, \u00fe. e. \u00feykist ekki me\u00f0 sj\u00e1lfum y\u00f0ur af \u00fev\u00ed.<\/div>\n","protected":false},"excerpt":{"rendered":"<p>Jes\u00fas talar um \u00f6lmusur, b\u00e6nir, f\u00f6stu, himneskan au\u00f0; varar vi\u00f0 \u00e1hyggju. 1Varist a\u00f0 fremja g\u00f3\u00f0verk y\u00f0ar \u00ed annarra manna augs\u00fdn, til \u00feess a\u00f0 \u00feeir sj\u00e1i \u00feau; annars hafi\u00f0 \u00fe\u00e9r engra launa a\u00f0 v\u00e6nta af y\u00f0ar himneska F\u00f6\u00f0ur.2\u00deegar \u00fe\u00fa \u00fear fyrir \u00e6tlar a\u00f0 gefa \u00f6lmusu, \u00fe\u00e1 l\u00e1t ekki bl\u00e1sa \u00ed l\u00fa\u00f0ur fyrir \u00fe\u00e9r, eins og hr\u00e6snarar gj\u00f6ra \u00e1 samkomum og str\u00e6tum, a\u00f0 \u00feeim ver\u00f0i hr\u00f3sa\u00f0 af m\u00f6nnum, \u00fev\u00ed tr\u00fai\u00f0 m\u00e9r! \u00feeir hafa \u00fatteki\u00f0 laun s\u00edn.3En n\u00e6r \u00fe\u00fa vilt gefa \u00f6lmusu, \u00fe\u00e1 viti ekki h\u00f6nd \u00fe\u00edn hin vinstri, hva\u00f0 hin h\u00e6gri gj\u00f6rir;4svo \u00fe\u00edn g\u00f3\u00f0gj\u00f6r\u00f0 s\u00e9 hulin, og Fa\u00f0ir \u00feinn sem s\u00e9r \u00fea\u00f0, <a href=\"https:\/\/biblian.is\/videy\/matteusargudspjall-6-kafli\/\"> [&#8230;]<\/a><\/p>\n","protected":false},"author":1,"featured_media":0,"parent":0,"menu_order":0,"comment_status":"open","ping_status":"open","template":"bibliukaflar.php","meta":{"footnotes":""},"class_list":["post-21784","page","type-page","status-publish","hentry"],"_links":{"self":[{"href":"https:\/\/biblian.is\/videy\/wp-json\/wp\/v2\/pages\/21784","targetHints":{"allow":["GET"]}}],"collection":[{"href":"https:\/\/biblian.is\/videy\/wp-json\/wp\/v2\/pages"}],"about":[{"href":"https:\/\/biblian.is\/videy\/wp-json\/wp\/v2\/types\/page"}],"author":[{"embeddable":true,"href":"https:\/\/biblian.is\/videy\/wp-json\/wp\/v2\/users\/1"}],"replies":[{"embeddable":true,"href":"https:\/\/biblian.is\/videy\/wp-json\/wp\/v2\/comments?post=21784"}],"version-history":[{"count":0,"href":"https:\/\/biblian.is\/videy\/wp-json\/wp\/v2\/pages\/21784\/revisions"}],"wp:attachment":[{"href":"https:\/\/biblian.is\/videy\/wp-json\/wp\/v2\/media?parent=21784"}],"curies":[{"name":"wp","href":"https:\/\/api.w.org\/{rel}","templated":true}]}}