{"id":21775,"date":"2018-01-02T01:04:00","date_gmt":"2018-01-02T01:04:00","guid":{"rendered":"http:\/\/biblian.is\/videy\/malaki-1-kafli\/"},"modified":"2018-01-13T21:03:38","modified_gmt":"2018-01-13T21:03:38","slug":"malaki-1-kafli","status":"publish","type":"page","link":"https:\/\/biblian.is\/videy\/malaki-1-kafli\/","title":{"rendered":"Malak\u00ed 1. kafli"},"content":{"rendered":"<div class=\"fyrirsognVidey\">Malak\u00edas l\u00fdsir elsku Gu\u00f0s til Gy\u00f0inga; \u00f3\u00feakkl\u00e6ti \u00feeirra; a\u00f0 Gu\u00f0 vilji \u00fatvelja hei\u00f0ingja.<\/div>\n<p><a name=\"1\"><span class=\"versanumer\">1<\/span><\/a>Or\u00f0 Gu\u00f0s, kunngj\u00f6rt \u00cdsraelsm\u00f6nnum af Malak\u00edas.<a name=\"2\"><span class=\"versanumer\">2<\/span><\/a>Eg hefi elska\u00f0 y\u00f0ur, segir Drottinn. Og ef \u00fe\u00e9r spyrji\u00f0: \u201eme\u00f0 hv\u00f6rju hefir \u00fe\u00fa s\u00fdnt \u00e1 oss k\u00e6rleika \u00feinn?\u201c \u00de\u00e1 svarar Drottinn: var ekki Esa\u00fa br\u00f3\u00f0ir Jakobs? og \u00fe\u00f3 elska\u00f0i eg Jakob;<a name=\"3\"><span class=\"versanumer\">3<\/span><\/a>en hata\u00f0i Esa\u00fa; eg gj\u00f6r\u00f0i fjallbygg\u00f0ir hans a\u00f0 au\u00f0n, og erf\u00f0ahlut hans a\u00f0 \u00f6r\u00e6fab\u00fdlum.<a name=\"4\"><span class=\"versanumer\">4<\/span><\/a>Ef Edomsmenn segja: \u201ev\u00e9r erum a\u00f0 s\u00f6nnu ni\u00f0urbrotnir, en v\u00e9r viljum byggja upp aftur rofin\u201c, \u00fe\u00e1 segir Drottinn allsherjar svo: byggi \u00feeir, eg skal ni\u00f0urbrj\u00f3ta; land \u00feeirra skal heita Gu\u00f0leysuland, og \u00fej\u00f3\u00f0in \u00fea\u00f0 f\u00f3lk, hv\u00f6rju Drottinn er rei\u00f0ur eil\u00edflega.<a name=\"5\"><span class=\"versanumer\">5<\/span><\/a>\u00de\u00e9r skulu\u00f0 horfa \u00e1 \u00fea\u00f0 me\u00f0 eigin augum, og segja: Drottinn skal v\u00ed\u00f0fr\u00e6gjast utan landamerkja \u00cdsraelsmanna. <br \/><a name=\"6\"><span class=\"versanumer\">6<\/span><\/a>\u201eSonurinn skal hei\u00f0ra f\u00f6\u00f0urinn, og \u00fej\u00f3ninn sinn l\u00e1nadrottin. S\u00e9 eg n\u00fa fa\u00f0ir, hvar er \u00fe\u00e1 minn hei\u00f0ur? s\u00e9 eg Drottinn, hvar er \u00fe\u00e1 \u00f3ttinn fyrir m\u00e9r?\u201c segir Drottinn allsherjar til y\u00f0ar, kennimannanna, sem fyrirl\u00edti\u00f0 mitt nafn. \u00de\u00e9r spyrji\u00f0: \u201ehv\u00f6rnig fyrirl\u00edtum v\u00e9r \u00feitt nafn?\u201c\u2014<a name=\"7\"><span class=\"versanumer\">7<\/span><\/a>\u00de\u00e9r f\u00f3rnf\u00e6ri\u00f0 \u00f3hreinni f\u00e6\u00f0u \u00e1 m\u00ednu altari. \u00de\u00e9r spyrji\u00f0: \u201eme\u00f0 hv\u00f6rju saurgum v\u00e9r \u00feig <span class='VideyAth'>(\u00feitt altari)<\/span>?\u201e\u2014\u00dear me\u00f0, a\u00f0 \u00fe\u00e9r segi\u00f0, \u201ebor\u00f0 <span class='VideyAth'>(altari)<\/span> Drottins er fyrirlitlegt\u201c.<a name=\"8\"><span class=\"versanumer\">8<\/span><\/a>\u00dev\u00ed \u00feegar \u00fe\u00e9r beri\u00f0 fram blint f\u00e9 til f\u00f3rnar, \u00fe\u00e1 kalli\u00f0 \u00fe\u00e9r \u00fea\u00f0 ekki saka; og \u00feegar \u00fe\u00e9r komi\u00f0 me\u00f0 halt og sj\u00fakt f\u00e9, \u00fe\u00e1 \u00e1l\u00edti\u00f0 \u00fe\u00e9r \u00fea\u00f0 \u00f3sakn\u00e6mt. F\u00e6r \u00fe\u00fa landsh\u00f6f\u00f0ingja \u00fe\u00ednum sl\u00edkt, vittu hv\u00f6rt honum l\u00edkar vi\u00f0 \u00feig e\u00f0a hv\u00f6rt hann tekur \u00fe\u00e9r vel! segir Drottinn allsherjar.<a name=\"9\"><span class=\"versanumer\">9<\/span><\/a>Bi\u00f0ji\u00f0 n\u00fa <span class='VideyAth'>(\u00fe\u00e9r kennimenn!)<\/span> Drottinn au\u00f0mj\u00faklega, a\u00f0 hann s\u00e9 oss l\u00edknsamur; \u00fev\u00ed y\u00f0ur er um \u00feetta a\u00f0 kenna. Geti\u00f0 \u00fe\u00e9r b\u00faist vi\u00f0 \u00fev\u00ed, a\u00f0 hann muni vilja ver\u00f0a nokkurum y\u00f0ar miskunnsamur? segir Drottinn allsherjar.<a name=\"10\"><span class=\"versanumer\">10<\/span><\/a>Y\u00f0ur v\u00e6ri s\u00e6mra, a\u00f0 loka dyrum <span class='VideyAth'>(musterisins)<\/span>, svo \u00fe\u00e9r ekki tendru\u00f0u\u00f0 eld til \u00f3n\u00fdtis \u00e1 altari m\u00ednu! Eg hefi enga vel\u00fe\u00f3knun \u00e1 y\u00f0ur, segir Drottinn allsherjar, og engin f\u00f3rn er m\u00e9r \u00fe\u00e6gileg af y\u00f0ar hendi.<a name=\"11\"><span class=\"versanumer\">11<\/span><\/a>\u00dev\u00ed fr\u00e1 uppg\u00f6ngu s\u00f3lar og til hennar ni\u00f0urg\u00f6ngu skal mitt nafn miki\u00f0 <span class='VideyAth'>(vegsamlegt)<\/span> ver\u00f0a me\u00f0al hei\u00f0ingjanna, og \u00e1 hv\u00f6rjum sta\u00f0 skal m\u00e9r til hei\u00f0urs f\u00f3rnf\u00e6rt ver\u00f0a reykelsi og hreinni matarf\u00f3rn; \u00fev\u00ed mitt nafn skal miki\u00f0 ver\u00f0a me\u00f0al hei\u00f0ingjanna, segir Drottinn allsherjar.<a name=\"12\"><span class=\"versanumer\">12<\/span><\/a>En \u00fe\u00e9r vanhelgi\u00f0 \u00fea\u00f0, me\u00f0 \u00fev\u00ed \u00fe\u00e9r segi\u00f0: \u201ebor\u00f0 Drottins er \u00f3heilagt, og s\u00fa f\u00f3rn, sem framborin er \u00e1 \u00fea\u00f0, er einskisver\u00f0\u201c;<a name=\"13\"><span class=\"versanumer\">13<\/span><\/a>og enn segi\u00f0 \u00fe\u00e9r: \u201e\u00f3, hv\u00edl\u00edk fyrirh\u00f6fn!\u201c\u2014\u00de\u00e9r gj\u00f6ri\u00f0 \u00fea\u00f0 <span class='VideyAth'>(altari\u00f0)<\/span> fyrirlitlegt, me\u00f0 \u00fev\u00ed \u00fe\u00e9r f\u00f3rnf\u00e6ri\u00f0 \u00fev\u00ed r\u00e6nda, halta og sj\u00faka: sl\u00edkt beri\u00f0 \u00fe\u00e9r fram sem matarf\u00f3rn! Get eg \u00feegi\u00f0 \u00feetta me\u00f0 vel\u00fe\u00f3knun af y\u00f0ar hendi? segir Drottinn.<a name=\"14\"><span class=\"versanumer\">14<\/span><\/a>En b\u00f6lva\u00f0ur veri s\u00e1 svikari, sem \u00e1 hvatan f\u00e9na\u00f0 \u00ed hj\u00f6r\u00f0 sinni, en gj\u00f6rir \u00fe\u00f3 heit og f\u00f3rnf\u00e6rir hinum Alvalda \u00fev\u00ed sem galla\u00f0 er; \u00fev\u00ed eg er mikill konungur, segir Drottinn allsherjar, og mitt nafn \u00f3ttalegt me\u00f0al hei\u00f0ingjanna.<\/p>\n<div class=\"footnoteVidey\"><\/div>\n","protected":false},"excerpt":{"rendered":"<p>Malak\u00edas l\u00fdsir elsku Gu\u00f0s til Gy\u00f0inga; \u00f3\u00feakkl\u00e6ti \u00feeirra; a\u00f0 Gu\u00f0 vilji \u00fatvelja hei\u00f0ingja. 1Or\u00f0 Gu\u00f0s, kunngj\u00f6rt \u00cdsraelsm\u00f6nnum af Malak\u00edas.2Eg hefi elska\u00f0 y\u00f0ur, segir Drottinn. Og ef \u00fe\u00e9r spyrji\u00f0: \u201eme\u00f0 hv\u00f6rju hefir \u00fe\u00fa s\u00fdnt \u00e1 oss k\u00e6rleika \u00feinn?\u201c \u00de\u00e1 svarar Drottinn: var ekki Esa\u00fa br\u00f3\u00f0ir Jakobs? og \u00fe\u00f3 elska\u00f0i eg Jakob;3en hata\u00f0i Esa\u00fa; eg gj\u00f6r\u00f0i fjallbygg\u00f0ir hans a\u00f0 au\u00f0n, og erf\u00f0ahlut hans a\u00f0 \u00f6r\u00e6fab\u00fdlum.4Ef Edomsmenn segja: \u201ev\u00e9r erum a\u00f0 s\u00f6nnu ni\u00f0urbrotnir, en v\u00e9r viljum byggja upp aftur rofin\u201c, \u00fe\u00e1 segir Drottinn allsherjar svo: byggi \u00feeir, eg skal ni\u00f0urbrj\u00f3ta; land \u00feeirra skal heita Gu\u00f0leysuland, og \u00fej\u00f3\u00f0in \u00fea\u00f0 f\u00f3lk, hv\u00f6rju Drottinn er rei\u00f0ur <a href=\"https:\/\/biblian.is\/videy\/malaki-1-kafli\/\"> [&#8230;]<\/a><\/p>\n","protected":false},"author":1,"featured_media":0,"parent":0,"menu_order":0,"comment_status":"open","ping_status":"open","template":"bibliukaflar.php","meta":{"footnotes":""},"class_list":["post-21775","page","type-page","status-publish","hentry"],"_links":{"self":[{"href":"https:\/\/biblian.is\/videy\/wp-json\/wp\/v2\/pages\/21775","targetHints":{"allow":["GET"]}}],"collection":[{"href":"https:\/\/biblian.is\/videy\/wp-json\/wp\/v2\/pages"}],"about":[{"href":"https:\/\/biblian.is\/videy\/wp-json\/wp\/v2\/types\/page"}],"author":[{"embeddable":true,"href":"https:\/\/biblian.is\/videy\/wp-json\/wp\/v2\/users\/1"}],"replies":[{"embeddable":true,"href":"https:\/\/biblian.is\/videy\/wp-json\/wp\/v2\/comments?post=21775"}],"version-history":[{"count":0,"href":"https:\/\/biblian.is\/videy\/wp-json\/wp\/v2\/pages\/21775\/revisions"}],"wp:attachment":[{"href":"https:\/\/biblian.is\/videy\/wp-json\/wp\/v2\/media?parent=21775"}],"curies":[{"name":"wp","href":"https:\/\/api.w.org\/{rel}","templated":true}]}}