{"id":21774,"date":"2018-01-02T01:04:00","date_gmt":"2018-01-02T01:04:00","guid":{"rendered":"http:\/\/biblian.is\/videy\/sakaria-14-kafli\/"},"modified":"2018-01-02T01:04:00","modified_gmt":"2018-01-02T01:04:00","slug":"sakaria-14-kafli","status":"publish","type":"page","link":"https:\/\/biblian.is\/videy\/sakaria-14-kafli\/","title":{"rendered":"Sakar\u00eda 14. kafli"},"content":{"rendered":"<div class=\"fyrirsognVidey\">Um innt\u00f6ku Jer\u00fasalemsborgar, \u00fatbrei\u00f0slu Gu\u00f0s safna\u00f0ar, og sameiningu hei\u00f0ingjanna vi\u00f0 Gu\u00f0s f\u00f3lk.<\/div>\n<p><a name=\"1\"><span class=\"versanumer\">1<\/span><\/a>Sj\u00e1! eftir r\u00e1\u00f0st\u00f6fun Drottins kemur s\u00e1 dagur, a\u00f0 \u00fev\u00ed herfangi, sem fr\u00e1 \u00fe\u00e9r er r\u00e6nt <span class='VideyAth'>(Jer\u00fasalemsborg!)<\/span>, ver\u00f0ur skipt mitt \u00ed sj\u00e1lfri \u00fe\u00e9r.<a name=\"2\"><span class=\"versanumer\">2<\/span><\/a>\u00dev\u00ed eg vil kve\u00f0ja upp alla hei\u00f0ingja til herna\u00f0ar m\u00f3ti Jer\u00fasalemsborg, og borgin skal ver\u00f0a tekin, h\u00fasin r\u00e6nd, kvinnur sm\u00e1na\u00f0ar og helmingur borgarmanna herleiddur; en \u00fe\u00f3 skal eftir ver\u00f0a nokkurt f\u00f3lk \u00ed borginni, sem ekki skal afm\u00e1\u00f0 ver\u00f0a.<a name=\"3\"><span class=\"versanumer\">3<\/span><\/a>\u00dev\u00ed Drottinn mun \u00fat fara, og berjast vi\u00f0 \u00feessa s\u00f6mu hei\u00f0ingja, eins og \u00fe\u00e1 hann bar\u00f0ist for\u00f0um <span class='VideyAth'>a)<\/span> \u00e1 orrustudeginum.<a name=\"4\"><span class=\"versanumer\">4<\/span><\/a>\u00c1 \u00feeim degi munu f\u00e6tur hans standa \u00e1 Vi\u00f0smj\u00f6rsvi\u00f0arfjallinu, sem liggur gagnvart Jer\u00fasalemsborg m\u00f3ti austri; mun \u00fe\u00e1 Vi\u00f0smj\u00f6rsvi\u00f0arfjalli\u00f0 klofna um \u00fevert fr\u00e1 austri til vesturs; og \u00fear mun ver\u00f0a geysiv\u00ed\u00f0ur dalur, \u00fev\u00ed annar hluti fjallsins mun undan s\u00edga til nor\u00f0urs, en hinn til su\u00f0urs.<a name=\"5\"><span class=\"versanumer\">5<\/span><\/a>\u00de\u00e1 munu\u00f0 \u00fe\u00e9r fl\u00fdja \u00ed \u00feennan minn fjalldal: \u00fev\u00ed dalurinn milli fjallanna mun n\u00e1 allt ni\u00f0ur a\u00f0 fjallsr\u00f3tum; \u00fe\u00e9r munu\u00f0 fl\u00fdja, eins og \u00feegar \u00fe\u00e9r fl\u00fd\u00f0u\u00f0 undan landskj\u00e1lftanum \u00e1 d\u00f6gum Us\u00edas, J\u00fadar\u00edkis konungs. \u00de\u00e1 kemur Drottinn, minn Gu\u00f0, og allir heilagir me\u00f0 honum.<a name=\"6\"><span class=\"versanumer\">6<\/span><\/a>\u00c1 \u00feeim degi mun ekkert lj\u00f3s sk\u00edna, heldur vera blendingur birtu og dimmu.<a name=\"7\"><span class=\"versanumer\">7<\/span><\/a>\u00deessi dagur mun ver\u00f0a einstakur Drottni <span class='VideyAth'>(einum)<\/span> kunnur, hv\u00f6rki dagur n\u00e9 n\u00f3tt; en undir kv\u00f6ld mun lj\u00f3s ver\u00f0a. <br \/><a name=\"8\"><span class=\"versanumer\">8<\/span><\/a>\u00c1 \u00feeim degi munu v\u00f6tn \u00fat flj\u00f3ta fr\u00e1 Jer\u00fasalemsborg, og mun annar helmingur vatnanna falla \u00ed hafi\u00f0 m\u00f3ti austri, en hinn helmingurinn \u00ed hafi\u00f0 m\u00f3ti vestri; \u00feetta skal vara sumar og vetur.<a name=\"9\"><span class=\"versanumer\">9<\/span><\/a>\u00de\u00e1 skal Drottinn konungur vera yfir \u00f6llum l\u00f6ndum; \u00e1 \u00feeim degi skal Drottinn vera einn, og nafn hans eitt.<a name=\"10\"><span class=\"versanumer\">10<\/span><\/a>Allt landi\u00f0 fr\u00e1 Geba til Rimmons fyrir sunnan Jer\u00fasalemsborg skal ver\u00f0a a\u00f0 sl\u00e9ttum velli. H\u00e1reist og \u00f3hult skal Jer\u00fasalemsborg standa \u00e1 st\u00f6\u00f0vum s\u00ednum, fr\u00e1 Benjam\u00ednshli\u00f0i til hins gamla hli\u00f0s, hyrningarhli\u00f0sins, og fr\u00e1 Hananelsturni til v\u00edntra\u00f0a konungsins.<a name=\"11\"><span class=\"versanumer\">11<\/span><\/a>Menn skulu b\u00faa \u00ed borginni, og engin \u00f3blessun skal framar \u00ed henni vera; Jer\u00fasalemsborg skal \u00f3hult standa. <br \/><a name=\"12\"><span class=\"versanumer\">12<\/span><\/a>\u00deetta skal vera s\u00fa pl\u00e1ga, sem Drottinn skal l\u00e1ta ganga yfir allar \u00fe\u00e6r \u00fej\u00f3\u00f0ir, sem fara herf\u00f6r m\u00f3ti Jer\u00fasalemsborg: l\u00edkami s\u00e9rhv\u00f6rs manns skal upp\u00feorna, me\u00f0an hann er enn \u00e1 f\u00f3tum, augun skulu hja\u00f0na \u00ed augnat\u00f3ftunum, tungan visna \u00ed munninum.<a name=\"13\"><span class=\"versanumer\">13<\/span><\/a>\u00c1 \u00feeim degi skal Drottinn \u00e6sa miki\u00f0 upphlaup me\u00f0al \u00feeirra, svo \u00feeir skulu takast \u00e1, og hv\u00f6r hefja h\u00f6nd s\u00edna m\u00f3ti \u00f6\u00f0rum.<a name=\"14\"><span class=\"versanumer\">14<\/span><\/a>Einnig \u00fe\u00fa, J\u00fada \u00e6ttkv\u00edsl, skalt herja \u00e1 Jer\u00fasalemsborg: og au\u00f0ur allra hei\u00f0ingja, sem \u00ed kring eru, skal \u00fear saman safnast, gull, silfur og kl\u00e6\u00f0i, svo a\u00f0 st\u00f3ru nemur.<a name=\"15\"><span class=\"versanumer\">15<\/span><\/a>Sama pl\u00e1ga, sem \u00feessi, skal koma yfir hesta, m\u00fala, \u00falfalda, asna, og \u00f6ll \u00feau d\u00fdr, sem \u00ed \u00feeim herb\u00fa\u00f0um eru. <br \/><a name=\"16\"><span class=\"versanumer\">16<\/span><\/a>\u00dea\u00f0 skal ver\u00f0a, a\u00f0 allar eftirleifar allra \u00feeirra hei\u00f0ingja, sem fari\u00f0 hafa m\u00f3ti Jer\u00fasalemsborg, skulu hv\u00f6rt \u00e1r \u00feanga\u00f0 upp fara, til a\u00f0 falla fram fyrir konunginum, Drottni allsherjar, og til a\u00f0 halda heilagt laufsk\u00e1lah\u00e1t\u00ed\u00f0ina.<a name=\"17\"><span class=\"versanumer\">17<\/span><\/a>En hv\u00f6r s\u00fa \u00fej\u00f3\u00f0 \u00e1 jar\u00f0r\u00edki, sem eigi vill upp fara til Jer\u00fasalemsborgar, til a\u00f0 falla fram fyrir konunginum, Drottni allsherjar, yfir hana skal ekki regnsk\u00far koma.<a name=\"18\"><span class=\"versanumer\">18<\/span><\/a>Og vilji Egypta\u00fej\u00f3\u00f0 ekki upp fara, og ekki \u00feanga\u00f0 koma, \u00fe\u00e1 skal eigi heldur yfir \u00fe\u00e1 regn koma; yfir \u00fe\u00e1 skal koma s\u00fa pl\u00e1ga, sem Drottinn mun l\u00e1ta ganga yfir \u00fe\u00e6r \u00fej\u00f3\u00f0ir, er ekki vilja upp fara, til a\u00f0 halda heilagt laufsk\u00e1lah\u00e1t\u00ed\u00f0ina.<a name=\"19\"><span class=\"versanumer\">19<\/span><\/a>\u00deetta skal vera hegning Egyptalandsmanna, og hegning allra \u00feeirra \u00fej\u00f3\u00f0a, sem ekki vilja upp fara, til a\u00f0 halda heilagt laufsk\u00e1lah\u00e1t\u00ed\u00f0ina.<a name=\"20\"><span class=\"versanumer\">20<\/span><\/a>\u00c1 \u00feeim degi skulu \u00feessi or\u00f0 standa \u00e1 bj\u00f6llum <span class='VideyAth'>a)<\/span> hestanna, \u201ehelga\u00f0 Drottni\u201c; og katlarnir \u00ed h\u00fasi Drottins skulu vera sem f\u00f3rnarsk\u00e1lirnar fyrir altarinu.<a name=\"21\"><span class=\"versanumer\">21<\/span><\/a>J\u00e1, s\u00e9rhv\u00f6r ketill \u00ed Jer\u00fasalemsborg og \u00ed J\u00fadar\u00edki skal helga\u00f0ur vera Drottni allsherjar; og hv\u00f6r, sem f\u00f3rnf\u00e6ra vill, skal koma og taka einhv\u00f6rn \u00feeirra, og sj\u00f3\u00f0a \u00ed. Og \u00e1 \u00feeim degi skulu \u00f6ngvir Kanverjar framar vera \u00ed h\u00fasi Drottins allsherjar.<\/p>\n<div class=\"footnoteVidey\">V. 3. a. Vi\u00f0 Egyptalandsmenn.  V. 20. a. E\u00f0a laufum, sem h\u00e9ngu til pr\u00fd\u00f0is \u00e1 rei\u00f0ingi hestanna.<\/div>\n","protected":false},"excerpt":{"rendered":"<p>Um innt\u00f6ku Jer\u00fasalemsborgar, \u00fatbrei\u00f0slu Gu\u00f0s safna\u00f0ar, og sameiningu hei\u00f0ingjanna vi\u00f0 Gu\u00f0s f\u00f3lk. 1Sj\u00e1! eftir r\u00e1\u00f0st\u00f6fun Drottins kemur s\u00e1 dagur, a\u00f0 \u00fev\u00ed herfangi, sem fr\u00e1 \u00fe\u00e9r er r\u00e6nt (Jer\u00fasalemsborg!), ver\u00f0ur skipt mitt \u00ed sj\u00e1lfri \u00fe\u00e9r.2\u00dev\u00ed eg vil kve\u00f0ja upp alla hei\u00f0ingja til herna\u00f0ar m\u00f3ti Jer\u00fasalemsborg, og borgin skal ver\u00f0a tekin, h\u00fasin r\u00e6nd, kvinnur sm\u00e1na\u00f0ar og helmingur borgarmanna herleiddur; en \u00fe\u00f3 skal eftir ver\u00f0a nokkurt f\u00f3lk \u00ed borginni, sem ekki skal afm\u00e1\u00f0 ver\u00f0a.3\u00dev\u00ed Drottinn mun \u00fat fara, og berjast vi\u00f0 \u00feessa s\u00f6mu hei\u00f0ingja, eins og \u00fe\u00e1 hann bar\u00f0ist for\u00f0um a) \u00e1 orrustudeginum.4\u00c1 \u00feeim degi munu f\u00e6tur hans standa \u00e1 Vi\u00f0smj\u00f6rsvi\u00f0arfjallinu, sem liggur <a href=\"https:\/\/biblian.is\/videy\/sakaria-14-kafli\/\"> [&#8230;]<\/a><\/p>\n","protected":false},"author":1,"featured_media":0,"parent":0,"menu_order":0,"comment_status":"open","ping_status":"open","template":"bibliukaflar.php","meta":{"footnotes":""},"class_list":["post-21774","page","type-page","status-publish","hentry"],"_links":{"self":[{"href":"https:\/\/biblian.is\/videy\/wp-json\/wp\/v2\/pages\/21774","targetHints":{"allow":["GET"]}}],"collection":[{"href":"https:\/\/biblian.is\/videy\/wp-json\/wp\/v2\/pages"}],"about":[{"href":"https:\/\/biblian.is\/videy\/wp-json\/wp\/v2\/types\/page"}],"author":[{"embeddable":true,"href":"https:\/\/biblian.is\/videy\/wp-json\/wp\/v2\/users\/1"}],"replies":[{"embeddable":true,"href":"https:\/\/biblian.is\/videy\/wp-json\/wp\/v2\/comments?post=21774"}],"version-history":[{"count":0,"href":"https:\/\/biblian.is\/videy\/wp-json\/wp\/v2\/pages\/21774\/revisions"}],"wp:attachment":[{"href":"https:\/\/biblian.is\/videy\/wp-json\/wp\/v2\/media?parent=21774"}],"curies":[{"name":"wp","href":"https:\/\/api.w.org\/{rel}","templated":true}]}}