{"id":21759,"date":"2018-01-02T01:03:52","date_gmt":"2018-01-02T01:03:52","guid":{"rendered":"http:\/\/biblian.is\/videy\/haggai-1-kafli\/"},"modified":"2018-01-02T01:03:52","modified_gmt":"2018-01-02T01:03:52","slug":"haggai-1-kafli","status":"publish","type":"page","link":"https:\/\/biblian.is\/videy\/haggai-1-kafli\/","title":{"rendered":"Hagga\u00ed 1. kafli"},"content":{"rendered":"<div class=\"fyrirsognVidey\">Gy\u00f0ingar uppbyggja musteri Drottins, eftir \u00e1minningu Hagga\u00ed sp\u00e1manns, (Esd. 5,1\u20132. 6,14).<\/div>\n<p><a name=\"1\"><span class=\"versanumer\">1<\/span><\/a>\u00c1 \u00f6\u00f0ru \u00e1ri Dar\u00ed\u00ed konungs, \u00ed hinum sj\u00f6tta m\u00e1nu\u00f0i, hinn fyrsta dag m\u00e1na\u00f0arins, tala\u00f0i Drottinn fyrir munn Hagga\u00ed sp\u00e1manns til Ser\u00fababels Sealt\u00edelssonar, landsh\u00f6f\u00f0ingja J\u00fadar\u00edkis, og til J\u00f3s\u00faa J\u00f3sadakssonar, hins \u00e6\u00f0sta kennimanns, svofelldum or\u00f0um:<a name=\"2\"><span class=\"versanumer\">2<\/span><\/a>Svo segir Drottinn allsherjar, \u00feetta f\u00f3lk segir, \u201eenn er ekki t\u00edmi kominn til a\u00f0 uppbyggja Drottins h\u00fas\u201c.<a name=\"3\"><span class=\"versanumer\">3<\/span><\/a>\u00deess vegna tala\u00f0i Drottinn \u00feannig fyrir munn Hagga\u00ed sp\u00e1manns:<a name=\"4\"><span class=\"versanumer\">4<\/span><\/a>er \u00fe\u00e1 t\u00edmi fyrir y\u00f0ur a\u00f0 b\u00faa \u00ed \u00feilju\u00f0um h\u00fasum, me\u00f0an \u00feetta h\u00fas er l\u00e1ti\u00f0 standa \u00ed ey\u00f0i?<a name=\"5\"><span class=\"versanumer\">5<\/span><\/a>og n\u00fa, svo segir Drottinn allsherjar, taki\u00f0 eftir, hv\u00f6rninn fyrir y\u00f0ur fer!<a name=\"6\"><span class=\"versanumer\">6<\/span><\/a>\u00de\u00e9r s\u00e1i\u00f0 miklu, en safni\u00f0 litlu; \u00fe\u00e9r eti\u00f0, en ver\u00f0i\u00f0 \u00fe\u00f3 eigi saddir; \u00fe\u00e9r drekki\u00f0, en ver\u00f0i\u00f0 \u00fe\u00f3 eigi af\u00feyrstir; \u00fe\u00e9r kl\u00e6\u00f0i\u00f0 y\u00f0ur, en ver\u00f0i\u00f0 \u00fe\u00f3 ekki varmir; \u00fe\u00f3 einhv\u00f6rjum y\u00f0ar gr\u00e6\u00f0ist f\u00e9, \u00fe\u00e1 er sem hann l\u00e1ti \u00fea\u00f0 \u00ed g\u00f6t\u00f3tta pyngju.<a name=\"7\"><span class=\"versanumer\">7<\/span><\/a>Svo segir Drottinn allsherjar: taki\u00f0 eftir, hv\u00f6rninn fyrir y\u00f0ur fer!<a name=\"8\"><span class=\"versanumer\">8<\/span><\/a>Fari\u00f0 upp \u00e1 fjalli\u00f0, s\u00e6ki\u00f0 vi\u00f0inn, og byggi\u00f0 h\u00fasi\u00f0! \u00fea\u00f0 skal vera m\u00e9r \u00feakkn\u00e6milegt, og \u00fear skal eg s\u00fdna mig d\u00fdr\u00f0legan, segir Drottinn.<a name=\"9\"><span class=\"versanumer\">9<\/span><\/a>\u00de\u00e9r v\u00e6nti\u00f0 mikils, en f\u00e1i\u00f0 l\u00edti\u00f0 \u00ed a\u00f0ra h\u00f6nd; og \u00fe\u00e9r flytji\u00f0 \u00fea\u00f0 heim, \u00fe\u00e1 bl\u00e6s eg \u00fea\u00f0 \u00ed burt; og hv\u00f6rs vegna? segir Drottinn allsherjar; vegna m\u00edns h\u00fass, sem \u00fe\u00e9r l\u00e1ti\u00f0 standa \u00ed ey\u00f0i, me\u00f0an s\u00e9rhv\u00f6r y\u00f0ar fl\u00fdtir s\u00e9r me\u00f0 sitt h\u00fas.<a name=\"10\"><span class=\"versanumer\">10<\/span><\/a>\u00deess vegna er himinninn, sem uppi yfir y\u00f0ur er, h\u00e6ttur a\u00f0 gefa y\u00f0ur d\u00f6gg, og j\u00f6r\u00f0in sinn gr\u00f3\u00f0a;<a name=\"11\"><span class=\"versanumer\">11<\/span><\/a>\u00fev\u00ed eg hefi kalla\u00f0 \u00feurrk yfir j\u00f6r\u00f0ina og fj\u00f6llin, yfir korni\u00f0, v\u00ednberjal\u00f6ginn og vi\u00f0smj\u00f6ri\u00f0, og yfir \u00fea\u00f0 sem j\u00f6r\u00f0in af s\u00e9r gefur, yfir menn og skepnur, og yfir allan handa afla. <br \/><a name=\"12\"><span class=\"versanumer\">12<\/span><\/a>\u00de\u00e1 hl\u00fdddi Ser\u00fababel Sealt\u00edsson og J\u00f3s\u00faa J\u00f3sadaksson, hinn \u00e6\u00f0sti kennima\u00f0ur, og allt \u00fea\u00f0 er eftir var or\u00f0i\u00f0 f\u00f3lksins, r\u00f6ddu Drottins, Gu\u00f0s \u00feeirra, og or\u00f0um Hagga\u00ed sp\u00e1manns, me\u00f0 \u00fev\u00ed Drottinn, Gu\u00f0 \u00feeirra, haf\u00f0i sent hann; og f\u00f3lki\u00f0 \u00f3tta\u00f0ist Drottin.<a name=\"13\"><span class=\"versanumer\">13<\/span><\/a>En er Hagga\u00ed, sem var sendibo\u00f0i Drottins og flutti Drottins erindi, sag\u00f0i til f\u00f3lksins \u00feeim or\u00f0um, \u201eeg er me\u00f0 y\u00f0ur, segir Drottinn\u201c,<a name=\"14\"><span class=\"versanumer\">14<\/span><\/a>\u00fe\u00e1 vakti Drottinn hug Ser\u00fababels Sealt\u00edelssonar, landsh\u00f6f\u00f0ingja J\u00fadar\u00edkis, og J\u00f3s\u00faa Josadakssonar, hins \u00e6\u00f0sta kennimanns, og \u00feess f\u00f3lks, sem \u00fe\u00e1 var eftir or\u00f0i\u00f0: svo a\u00f0 \u00feeir f\u00f3ru til og unnu a\u00f0 h\u00fass byggingu Drottins allsherjar, \u00feeirra Gu\u00f0s.<a name=\"15\"><span class=\"versanumer\">15<\/span><\/a>\u00dea\u00f0 var \u00e1 tuttugasta og fj\u00f3r\u00f0a degi hins sj\u00f6tta m\u00e1na\u00f0ar, \u00e1 \u00f6\u00f0ru \u00e1ri Dar\u00ed\u00ed konungs.<\/p>\n<div class=\"footnoteVidey\"><\/div>\n","protected":false},"excerpt":{"rendered":"<p>Gy\u00f0ingar uppbyggja musteri Drottins, eftir \u00e1minningu Hagga\u00ed sp\u00e1manns, (Esd. 5,1\u20132. 6,14). 1\u00c1 \u00f6\u00f0ru \u00e1ri Dar\u00ed\u00ed konungs, \u00ed hinum sj\u00f6tta m\u00e1nu\u00f0i, hinn fyrsta dag m\u00e1na\u00f0arins, tala\u00f0i Drottinn fyrir munn Hagga\u00ed sp\u00e1manns til Ser\u00fababels Sealt\u00edelssonar, landsh\u00f6f\u00f0ingja J\u00fadar\u00edkis, og til J\u00f3s\u00faa J\u00f3sadakssonar, hins \u00e6\u00f0sta kennimanns, svofelldum or\u00f0um:2Svo segir Drottinn allsherjar, \u00feetta f\u00f3lk segir, \u201eenn er ekki t\u00edmi kominn til a\u00f0 uppbyggja Drottins h\u00fas\u201c.3\u00deess vegna tala\u00f0i Drottinn \u00feannig fyrir munn Hagga\u00ed sp\u00e1manns:4er \u00fe\u00e1 t\u00edmi fyrir y\u00f0ur a\u00f0 b\u00faa \u00ed \u00feilju\u00f0um h\u00fasum, me\u00f0an \u00feetta h\u00fas er l\u00e1ti\u00f0 standa \u00ed ey\u00f0i?5og n\u00fa, svo segir Drottinn allsherjar, taki\u00f0 eftir, hv\u00f6rninn fyrir y\u00f0ur fer!6\u00de\u00e9r s\u00e1i\u00f0 miklu, en safni\u00f0 <a href=\"https:\/\/biblian.is\/videy\/haggai-1-kafli\/\"> [&#8230;]<\/a><\/p>\n","protected":false},"author":1,"featured_media":0,"parent":0,"menu_order":0,"comment_status":"open","ping_status":"open","template":"bibliukaflar.php","meta":{"footnotes":""},"class_list":["post-21759","page","type-page","status-publish","hentry"],"_links":{"self":[{"href":"https:\/\/biblian.is\/videy\/wp-json\/wp\/v2\/pages\/21759","targetHints":{"allow":["GET"]}}],"collection":[{"href":"https:\/\/biblian.is\/videy\/wp-json\/wp\/v2\/pages"}],"about":[{"href":"https:\/\/biblian.is\/videy\/wp-json\/wp\/v2\/types\/page"}],"author":[{"embeddable":true,"href":"https:\/\/biblian.is\/videy\/wp-json\/wp\/v2\/users\/1"}],"replies":[{"embeddable":true,"href":"https:\/\/biblian.is\/videy\/wp-json\/wp\/v2\/comments?post=21759"}],"version-history":[{"count":0,"href":"https:\/\/biblian.is\/videy\/wp-json\/wp\/v2\/pages\/21759\/revisions"}],"wp:attachment":[{"href":"https:\/\/biblian.is\/videy\/wp-json\/wp\/v2\/media?parent=21759"}],"curies":[{"name":"wp","href":"https:\/\/api.w.org\/{rel}","templated":true}]}}