{"id":21708,"date":"2018-01-02T01:03:30","date_gmt":"2018-01-02T01:03:30","guid":{"rendered":"http:\/\/biblian.is\/videy\/daniel-9-kafli\/"},"modified":"2018-01-02T01:03:30","modified_gmt":"2018-01-02T01:03:30","slug":"daniel-9-kafli","status":"publish","type":"page","link":"https:\/\/biblian.is\/videy\/daniel-9-kafli\/","title":{"rendered":"Dan\u00edel 9. kafli"},"content":{"rendered":"<div class=\"fyrirsognVidey\">Dan\u00edel bi\u00f0ur um frelsun \u00cdsraelsmanna; f\u00e6r vitneskju um, hva\u00f0 fyrir \u00feeim liggi s\u00ed\u00f0ar meir.<\/div>\n<p><a name=\"1\"><span class=\"versanumer\">1<\/span><\/a>\u00c1 fyrsta \u00e1rinu, \u00feegar Dar\u00edus Assverusson af \u00e6tt Med\u00edumanna var or\u00f0inn konungur yfir Kaldear\u00edki,<a name=\"2\"><span class=\"versanumer\">2<\/span><\/a>\u00e1 fyrsta \u00e1ri r\u00edkisstj\u00f3rnar hans, hug\u00f0i eg Dan\u00edel a\u00f0, \u00ed ritningunni, a\u00f0 \u00e1rat\u00f6lu \u00feeirri, sem Drottinn haf\u00f0i opinbera\u00f0 sp\u00e1manninum Jerem\u00edas, a\u00f0 Jer\u00fasalemsborg skyldi 70 \u00e1r \u00ed ey\u00f0i liggja.<a name=\"3\"><span class=\"versanumer\">3<\/span><\/a>Eg sneri m\u00e9r \u00fe\u00e1 til Gu\u00f0s hins alvalda, til a\u00f0 leita hans \u00ed b\u00e6num og andv\u00f6rpum, me\u00f0 f\u00f6stu, \u00ed sekk og \u00f6sku.<a name=\"4\"><span class=\"versanumer\">4<\/span><\/a>Eg ba\u00f0 til Drottins, m\u00edns Gu\u00f0s, gj\u00f6r\u00f0i j\u00e1tningu m\u00edna, og sag\u00f0i: \u00e6, \u00fe\u00fa alvaldi, \u00fe\u00fa mikli og d\u00e1samlegi Gu\u00f0, sem var\u00f0veitir l\u00edknars\u00e1ttm\u00e1lann vi\u00f0 \u00fe\u00e1, sem \u00feig elska og \u00feinna bo\u00f0or\u00f0a g\u00e6ta!<a name=\"5\"><span class=\"versanumer\">5<\/span><\/a>V\u00e9r h\u00f6fum syndga\u00f0 og gj\u00f6rt \u00f3r\u00e9tt; v\u00e9r h\u00f6fum breytt \u00f3gu\u00f0lega og veri\u00f0 \u00fe\u00e9r m\u00f3tsn\u00fanir, og viki\u00f0 fr\u00e1 \u00fe\u00ednum bo\u00f0um og \u00fe\u00ednu l\u00f6gm\u00e1li;<a name=\"6\"><span class=\"versanumer\">6<\/span><\/a>v\u00e9r hl\u00fdddum ekki \u00fe\u00ednum \u00fej\u00f3num, sp\u00e1m\u00f6nnunum, sem t\u00f6lu\u00f0u \u00ed \u00fe\u00ednu nafni til vorra konunga og landsh\u00f6f\u00f0ingja, til fe\u00f0ra vorra og til alls landsf\u00f3lksins.<a name=\"7\"><span class=\"versanumer\">7<\/span><\/a>\u00de\u00fa, hinn alvaldi, ert r\u00e9ttl\u00e1tur; en v\u00e9r megum skammast vor, eins og v\u00e9r og gj\u00f6rum \u00e1 \u00feessum degi, v\u00e9r og hv\u00f6r ma\u00f0ur \u00ed J\u00fadalandi, innbyggjendur Jer\u00fasalemsborgar, allir \u00cdsraelsmenn, \u00feeir sem eru n\u00e6r og fj\u00e6r \u00ed \u00f6llum \u00feeim l\u00f6ndum, sem \u00fe\u00fa hefir burt reki\u00f0 \u00fe\u00e1 fyrir \u00feeirra misgj\u00f6r\u00f0a sakir, sem \u00feeir dr\u00fdg\u00f0u m\u00f3ti \u00fe\u00e9r.<a name=\"8\"><span class=\"versanumer\">8<\/span><\/a>\u00de\u00fa alvaldi! v\u00e9r megum skammast vor, konungar vorir og landsh\u00f6f\u00f0ingjar og fe\u00f0ur vorir; \u00fev\u00ed v\u00e9r h\u00f6fum syndga\u00f0 m\u00f3ti \u00fe\u00e9r.<a name=\"9\"><span class=\"versanumer\">9<\/span><\/a>En hj\u00e1 \u00feeim alvalda, Gu\u00f0i vorum, er miskunnsemi og fyrirgefning, jafnvel \u00fe\u00f3 v\u00e9r h\u00f6fum veri\u00f0 honum m\u00f3tsn\u00fanir,<a name=\"10\"><span class=\"versanumer\">10<\/span><\/a>og ekki hl\u00fdtt raustu Drottins, vors Gu\u00f0s, sem bau\u00f0 oss a\u00f0 breyta eftir \u00fev\u00ed l\u00f6gm\u00e1li, sem hann gaf oss fyrir h\u00f6nd sinna \u00fej\u00f3na, sp\u00e1mannanna;<a name=\"11\"><span class=\"versanumer\">11<\/span><\/a>j\u00e1, gj\u00f6rvallur \u00cdsraelsl\u00fd\u00f0ur hefir yfirtro\u00f0i\u00f0 \u00feitt l\u00f6gm\u00e1l, og sn\u00fai\u00f0 s\u00e9r \u00ed burt, svo hann skuli ekki heyra \u00fe\u00edna raust; \u00feess vegna er yfir oss komin s\u00fa ei\u00f0festa b\u00f6lvan, sem skrifu\u00f0 stendur \u00ed l\u00f6gm\u00e1li M\u00f3sess, gu\u00f0s\u00fej\u00f3ns: \u00fev\u00ed v\u00e9r h\u00f6fum syndga\u00f0 m\u00f3ti Gu\u00f0i.<a name=\"12\"><span class=\"versanumer\">12<\/span><\/a>Hann hefir efnt \u00fea\u00f0, sem hann h\u00e9t oss og landstj\u00f3rnurum vorum, \u00feeim er yfirr\u00e1\u00f0 h\u00f6f\u00f0u yfir oss, me\u00f0 \u00fev\u00ed hann l\u00e9t svo mikla \u00f3g\u00e6fu yfir oss koma, a\u00f0 hv\u00f6rgi \u00e1 jar\u00f0r\u00edki hefir sl\u00edk \u00f3g\u00e6fa or\u00f0i\u00f0, sem \u00ed Jer\u00fasalemsborg.<a name=\"13\"><span class=\"versanumer\">13<\/span><\/a>Eins og skrifa\u00f0 stendur \u00ed M\u00f3sisl\u00f6gm\u00e1li, er \u00f6ll \u00feessi \u00f3g\u00e6fa yfir oss komin, af \u00fev\u00ed v\u00e9r ekki beiddum Drottin, vorn Gu\u00f0, miskunnar, a\u00f0 v\u00e9r m\u00e6ttum hverfa fr\u00e1 vorum misgj\u00f6r\u00f0um og gefa g\u00e6tur a\u00f0 hans tr\u00fafesti.<a name=\"14\"><span class=\"versanumer\">14<\/span><\/a>\u00deess vegna var Drottinn vakandi yfir \u00fev\u00ed, a\u00f0 l\u00e1ta \u00f3g\u00e6funa yfir oss koma; \u00fev\u00ed Drottinn, vor Gu\u00f0, er r\u00e9ttl\u00e1tur \u00ed \u00f6llum s\u00ednum verkum, \u00feeim er hann gj\u00f6rir, en v\u00e9r h\u00f6fum eigi vilja\u00f0 hl\u00fd\u00f0a hans raustu.<a name=\"15\"><span class=\"versanumer\">15<\/span><\/a>Og n\u00fa, Gu\u00f0 vor alvaldur, \u00fe\u00fa sem \u00fatleiddir \u00feitt f\u00f3lk af Egyptalandi me\u00f0 \u00f6flugri hendi, og gj\u00f6r\u00f0ir \u00feitt nafn d\u00e1samlegt eins og \u00fea\u00f0 enn \u00feann dag \u00ed dag er; v\u00e9r h\u00f6fum syndga\u00f0, v\u00e9r h\u00f6fum breytt \u00f3gu\u00f0lega.<a name=\"16\"><span class=\"versanumer\">16<\/span><\/a>L\u00e1t n\u00fa, alvaldi Gu\u00f0, s\u00f6kum \u00feinnar miklu miskunnsemi, \u00fe\u00edna heiftarrei\u00f0i hverfa \u00ed fr\u00e1 \u00feinni borg, Jer\u00fasalem, og fr\u00e1 \u00fe\u00ednu heilaga fjalli! \u00dev\u00ed vegna vorra synda og fyrir misgj\u00f6r\u00f0a sakir fe\u00f0ra vorra er Jer\u00fasalem og \u00feitt f\u00f3lk or\u00f0i\u00f0 a\u00f0 h\u00e1\u00f0ung hj\u00e1 \u00f6llum \u00feeim, sem umhverfis oss b\u00faa.<a name=\"17\"><span class=\"versanumer\">17<\/span><\/a>Og n\u00fa, vor Gu\u00f0, heyr b\u00e6n \u00fe\u00edns \u00fej\u00f3ns, og hans \u00e1kallan, og l\u00e1t \u00feitt auglit l\u00fdsa yfir \u00fe\u00ednum helgid\u00f3mi, sem n\u00fa er \u00ed ey\u00f0i l\u00e1tinn! gj\u00f6r \u00fea\u00f0 fyrir sj\u00e1lfs \u00fe\u00edns sakir, alvaldi Gu\u00f0!<a name=\"18\"><span class=\"versanumer\">18<\/span><\/a>Hneig eyra \u00feitt, minn Gu\u00f0, og heyr! uppl\u00fak \u00fe\u00ednum augum, og sj\u00e1, hv\u00f6rsu v\u00e9r erum \u00ed ey\u00f0i lag\u00f0ir, og s\u00fa borgin, sem eftir \u00fe\u00ednu nafni er k\u00f6llu\u00f0; \u00fev\u00ed v\u00e9r l\u00e1tum vort b\u00e6nar\u00e1varp koma fram fyrir \u00feitt auglit, ekki \u00ed trausti til vors eigin r\u00e9ttl\u00e6tis, heldur \u00ed trausti til \u00feinnar st\u00f3ru miskunnsemi.<a name=\"19\"><span class=\"versanumer\">19<\/span><\/a>Heyr oss, alvaldi Gu\u00f0! fyrirgef oss, alvaldi Gu\u00f0! hygg a\u00f0, alvaldi Gu\u00f0, og veit oss vora b\u00e6n! Fyrir sj\u00e1lfs \u00fe\u00edns sakir, minn Gu\u00f0, \u00fe\u00e1 fresta \u00fev\u00ed ekki! \u00fev\u00ed a\u00f0 \u00fe\u00edn borg og \u00feitt f\u00f3lk er nefnt eftir \u00fe\u00ednu nafni. <br \/><a name=\"20\"><span class=\"versanumer\">20<\/span><\/a>Me\u00f0an eg enn tala\u00f0i, og ba\u00f0st fyrir, og j\u00e1ta\u00f0i m\u00ednar syndir og landsmanna minna \u00cdsraelsmanna, og l\u00e9t mitt b\u00e6nar\u00e1kall, vegna hins heilaga fjalls m\u00edns Gu\u00f0s, koma fram fyrir auglit Drottins, Gu\u00f0s m\u00edns,\u2014<a name=\"21\"><span class=\"versanumer\">21<\/span><\/a>me\u00f0an eg enn tala\u00f0i \u00ed b\u00e6ninni, bar \u00feann mann Gabr\u00edel, hv\u00f6rn eg \u00e1\u00f0ur fyrr meir haf\u00f0i s\u00e9\u00f0 \u00ed vitran, skyndilega a\u00f0 \u00feanga\u00f0, sem eg var, um kv\u00f6ldf\u00f3rnart\u00edmann;<a name=\"22\"><span class=\"versanumer\">22<\/span><\/a>hann tala\u00f0i til m\u00edn skilmerkilega, og sag\u00f0i: Dan\u00edel! eg em n\u00fa \u00fat genginn til a\u00f0 fr\u00e6\u00f0a \u00feig um \u00fat\u00fe\u00fd\u00f0inguna;<a name=\"23\"><span class=\"versanumer\">23<\/span><\/a>\u00fev\u00ed \u00feegar \u00ed upphafi \u00fe\u00edns b\u00e6nar\u00e1kalls \u00fatgekk or\u00f0i\u00f0; og em eg hinga\u00f0 kominn til a\u00f0 kunngj\u00f6ra \u00fe\u00e9r \u00fea\u00f0, \u00fev\u00ed \u00fe\u00fa ert ma\u00f0ur elskuver\u00f0ur; tak \u00fev\u00ed eftir or\u00f0inu, og gef g\u00e6tur a\u00f0 vitraninni.<a name=\"24\"><span class=\"versanumer\">24<\/span><\/a>Sj\u00f6tygi sj\u00f6undir <span class='VideyAth'>(\u00e1ra)<\/span> eru \u00e1kve\u00f0nar \u00fe\u00ednu f\u00f3lki og \u00feinni heil\u00f6gu borg, \u00fear til misgj\u00f6r\u00f0in ver\u00f0i afm\u00e1\u00f0, syndin burttekin, fri\u00f0\u00fe\u00e6gt fyrir sektina, eil\u00edft r\u00e9ttl\u00e6ti afturheimt, vitran sp\u00e1mannsins sta\u00f0fest, og eitt allrahelgasta v\u00edgt.<a name=\"25\"><span class=\"versanumer\">25<\/span><\/a>Vit \u00fe\u00e1 og hygg a\u00f0: fr\u00e1 \u00feeim t\u00edma a\u00f0 s\u00fa skipun \u00fatgengur, a\u00f0 Jer\u00fasalemsborg skuli uppreist og bygg\u00f0 ver\u00f0a, og allt til \u00feess smur\u00f0a, til h\u00f6f\u00f0ingjans, eru sj\u00f6 sj\u00f6undir; og tv\u00e6r og 60 sj\u00f6undir <span class='VideyAth'>(\u00e1ra)<\/span>; \u00fe\u00e1 munu str\u00e6tin og borgarveggirnir uppreistir og bygg\u00f0ir ver\u00f0a, \u00fe\u00f3 a\u00f0 \u00fer\u00f6ngvar t\u00ed\u00f0ir s\u00e9.<a name=\"26\"><span class=\"versanumer\">26<\/span><\/a>En eftir \u00fe\u00e6r 62 sj\u00f6undir <span class='VideyAth'>(\u00e1ra)<\/span> mun hinn smur\u00f0i afm\u00e1\u00f0ur ver\u00f0a og ekki framar \u00e1 l\u00edfi vera; en \u00fej\u00f3\u00f0 hins n\u00e6sta h\u00f6f\u00f0ingja mun borgina og helgid\u00f3minn \u00ed ey\u00f0i leggja, h\u00fan mun s\u00e6kja a\u00f0, eins og st\u00f3rfl\u00f3\u00f0, og refsid\u00f3mur ey\u00f0ilegginganna mun vaxa, uns \u00f3fri\u00f0urinn er \u00e1 enda.<a name=\"27\"><span class=\"versanumer\">27<\/span><\/a>Hann mun gj\u00f6ra fastan s\u00e1ttm\u00e1la vi\u00f0 marga \u00e1 einni sj\u00f6undinni, en a\u00f0 h\u00e1lfna\u00f0ri sj\u00f6undinni mun hann aftaka sl\u00e1tursf\u00f3rnina og matarf\u00f3rnina; uppi \u00e1 musterisburstinni munu standa sv\u00edvir\u00f0ingar ey\u00f0ileggjandans, \u00fear til loksins gj\u00f6rsamlega ey\u00f0ilegging og refsid\u00f3mur steypir s\u00e9r ni\u00f0ur \u00e1 ey\u00f0ileggjandann.<\/p>\n<div class=\"footnoteVidey\"><\/div>\n","protected":false},"excerpt":{"rendered":"<p>Dan\u00edel bi\u00f0ur um frelsun \u00cdsraelsmanna; f\u00e6r vitneskju um, hva\u00f0 fyrir \u00feeim liggi s\u00ed\u00f0ar meir. 1\u00c1 fyrsta \u00e1rinu, \u00feegar Dar\u00edus Assverusson af \u00e6tt Med\u00edumanna var or\u00f0inn konungur yfir Kaldear\u00edki,2\u00e1 fyrsta \u00e1ri r\u00edkisstj\u00f3rnar hans, hug\u00f0i eg Dan\u00edel a\u00f0, \u00ed ritningunni, a\u00f0 \u00e1rat\u00f6lu \u00feeirri, sem Drottinn haf\u00f0i opinbera\u00f0 sp\u00e1manninum Jerem\u00edas, a\u00f0 Jer\u00fasalemsborg skyldi 70 \u00e1r \u00ed ey\u00f0i liggja.3Eg sneri m\u00e9r \u00fe\u00e1 til Gu\u00f0s hins alvalda, til a\u00f0 leita hans \u00ed b\u00e6num og andv\u00f6rpum, me\u00f0 f\u00f6stu, \u00ed sekk og \u00f6sku.4Eg ba\u00f0 til Drottins, m\u00edns Gu\u00f0s, gj\u00f6r\u00f0i j\u00e1tningu m\u00edna, og sag\u00f0i: \u00e6, \u00fe\u00fa alvaldi, \u00fe\u00fa mikli og d\u00e1samlegi Gu\u00f0, sem var\u00f0veitir l\u00edknars\u00e1ttm\u00e1lann vi\u00f0 \u00fe\u00e1, sem <a href=\"https:\/\/biblian.is\/videy\/daniel-9-kafli\/\"> [&#8230;]<\/a><\/p>\n","protected":false},"author":1,"featured_media":0,"parent":0,"menu_order":0,"comment_status":"open","ping_status":"open","template":"bibliukaflar.php","meta":{"footnotes":""},"class_list":["post-21708","page","type-page","status-publish","hentry"],"_links":{"self":[{"href":"https:\/\/biblian.is\/videy\/wp-json\/wp\/v2\/pages\/21708","targetHints":{"allow":["GET"]}}],"collection":[{"href":"https:\/\/biblian.is\/videy\/wp-json\/wp\/v2\/pages"}],"about":[{"href":"https:\/\/biblian.is\/videy\/wp-json\/wp\/v2\/types\/page"}],"author":[{"embeddable":true,"href":"https:\/\/biblian.is\/videy\/wp-json\/wp\/v2\/users\/1"}],"replies":[{"embeddable":true,"href":"https:\/\/biblian.is\/videy\/wp-json\/wp\/v2\/comments?post=21708"}],"version-history":[{"count":0,"href":"https:\/\/biblian.is\/videy\/wp-json\/wp\/v2\/pages\/21708\/revisions"}],"wp:attachment":[{"href":"https:\/\/biblian.is\/videy\/wp-json\/wp\/v2\/media?parent=21708"}],"curies":[{"name":"wp","href":"https:\/\/api.w.org\/{rel}","templated":true}]}}