{"id":21675,"date":"2018-01-02T01:03:22","date_gmt":"2018-01-02T01:03:22","guid":{"rendered":"http:\/\/biblian.is\/videy\/esekiel-24-kafli\/"},"modified":"2018-01-02T01:03:22","modified_gmt":"2018-01-02T01:03:22","slug":"esekiel-24-kafli","status":"publish","type":"page","link":"https:\/\/biblian.is\/videy\/esekiel-24-kafli\/","title":{"rendered":"Esek\u00edel 24. kafli"},"content":{"rendered":"<div class=\"fyrirsognVidey\">Esek\u00edel fyrirmyndar Jer\u00fasalems ey\u00f0ilegging me\u00f0 d\u00e6mis\u00f6gu um so\u00f0ningarpott, 1\u201314; og me\u00f0 h\u00e1ttalagi s\u00ednu eftir l\u00e1t konu sinnar, 15\u201327.<\/div>\n<p><a name=\"1\"><span class=\"versanumer\">1<\/span><\/a>\u00c1 n\u00edunda \u00e1rinu, \u00feann t\u00edunda dag hins t\u00edunda m\u00e1na\u00f0ar, tala\u00f0i Drottinn til m\u00edn svol\u00e1tandi or\u00f0um:<a name=\"2\"><span class=\"versanumer\">2<\/span><\/a>\u00fe\u00fa Mannsins son, skrifa \u00fe\u00fa upp hj\u00e1 \u00fe\u00e9r \u00feenna dag, einmitt \u00feenna dag; \u00fev\u00ed einmitt \u00e1 \u00feessum degi kemur Babelskonungur til Jer\u00fasalemsborgar.<a name=\"3\"><span class=\"versanumer\">3<\/span><\/a>Ber \u00fe\u00fa upp eftirl\u00edkingu fyrir \u00feessa \u00fever\u00fa\u00f0arfullu kynsl\u00f3\u00f0 og seg til \u00feeirra: Svo segir Drottinn alvaldur: l\u00e1t \u00fe\u00fa upp pottinn, l\u00e1t \u00fe\u00fa hann upp, og hell vatni \u00ed hann;<a name=\"4\"><span class=\"versanumer\">4<\/span><\/a>l\u00e1t \u00ed hann svo m\u00f6rg stykki, sem h\u00e6filegt \u00feykir, bestu stykkin, l\u00e6rin og b\u00f3gana, svo hann ver\u00f0i fullur af mergju\u00f0um beinum;<a name=\"5\"><span class=\"versanumer\">5<\/span><\/a>h\u00e9r til skaltu velja \u00fea\u00f0 besta af hj\u00f6r\u00f0inni; hla\u00f0 s\u00ed\u00f0an beinabu\u00f0lung undir pottinn, og l\u00e1t svo vella, svo a\u00f0 og svo \u00feau bein so\u00f0ni, sem \u00ed pottinum eru.<a name=\"6\"><span class=\"versanumer\">6<\/span><\/a>\u00dev\u00ed svo segir Drottinn alvaldur: vei \u00feeirri bl\u00f3\u00f0seku borg, potti \u00feeim, sem er me\u00f0 ry\u00f0blettum, og hv\u00f6rs ry\u00f0flekkir ekki vilja af ganga. F\u00e6r s\u00ed\u00f0an upp hv\u00f6rt stykki eftir anna\u00f0, \u00e1n \u00feess a\u00f0 hlutast um, hv\u00f6rt stykki\u00f0 fyrst skal upp;<a name=\"7\"><span class=\"versanumer\">7<\/span><\/a>\u00fev\u00ed borgin hefir l\u00e1ti\u00f0 \u00fea\u00f0 bl\u00f3\u00f0, sem \u00ed henni er \u00fathellt, renna \u00e1 bera kletta, sem s\u00f3lin sk\u00edn \u00e1: h\u00fan hefir ekki \u00fathellt \u00fev\u00ed \u00e1 j\u00f6r\u00f0ina, svo \u00fea\u00f0 g\u00e6ti sigi\u00f0 ni\u00f0ur \u00ed moldina;<a name=\"8\"><span class=\"versanumer\">8<\/span><\/a>til \u00feess a\u00f0 l\u00e1ta heiftina og hefndina fram koma, hefi eg l\u00e1ti\u00f0 \u00fea\u00f0 bl\u00f3\u00f0, sem \u00ed henni er \u00fathellt, liggja \u00e1 berum klettum, sem s\u00f3lin sk\u00edn \u00e1, svo \u00fea\u00f0 skuli ekki leyna s\u00e9r.<a name=\"9\"><span class=\"versanumer\">9<\/span><\/a>\u00dear fyrir segir Drottinn alvaldur: vei \u00feeirri bl\u00f3\u00f0seku borg! Eg vil einnig hla\u00f0a st\u00f3ran bu\u00f0lung,<a name=\"10\"><span class=\"versanumer\">10<\/span><\/a>draga saman mikinn vi\u00f0, kveikja upp svo heitan eld, a\u00f0 kj\u00f6ti\u00f0 meyrni, sey\u00f0i\u00f0 kryddist og beinin brenni;<a name=\"11\"><span class=\"versanumer\">11<\/span><\/a>setja s\u00ed\u00f0an t\u00f3man pottinn, \u00e1 gl\u00e6\u00f0urnar, svo hann ver\u00f0i gl\u00f3andi og eiri\u00f0 \u00ed honum brenni, til \u00feess \u00feau \u00f3kl\u00e1rindi, sem \u00e1 honum eru, renni af, og ry\u00f0 hans ey\u00f0ist.<a name=\"12\"><span class=\"versanumer\">12<\/span><\/a>En, hva\u00f0 miki\u00f0 sem fyrir honum er haft, l\u00e6tur hann ekki undan a\u00f0 heldur, og hans mikla ry\u00f0 vill ei af honum ganga; \u00fe\u00f3 hann s\u00e9 eldborinn, situr \u00fe\u00f3 ry\u00f0i\u00f0 kyrrt.<a name=\"13\"><span class=\"versanumer\">13<\/span><\/a>\u00d3hreinleiki \u00feinn kemur af \u00fer\u00e1i, vondslegri fyrirtekt, \u00fear sem \u00fe\u00fa ekki ver\u00f0ur hreinn, \u00fe\u00f3 eg vilji gj\u00f6ra \u00feig hreinan; \u00fe\u00fa ver\u00f0ur ekki fyrr hreinn, en eg l\u00e6t m\u00edna heift hv\u00edla yfir \u00fe\u00e9r.<a name=\"14\"><span class=\"versanumer\">14<\/span><\/a>Eg Drottinn hefi tala\u00f0 \u00fea\u00f0: \u00fea\u00f0 skal ver\u00f0a: eg skal framkv\u00e6ma \u00fea\u00f0; eg skal ekki undan l\u00e1ta og ekki v\u00e6gja og \u00f6ngva me\u00f0aumkvun hafa; \u00feeir <span class='VideyAth'>b)<\/span> skulu d\u00e6ma \u00feig, eins og \u00feitt ath\u00e6fi og \u00fe\u00edn verk hafa til unni\u00f0, segir Drottinn alvaldur. <br \/><a name=\"15\"><span class=\"versanumer\">15<\/span><\/a>Ennfremur tala\u00f0i Drottinn \u00feannig til m\u00edn:<a name=\"16\"><span class=\"versanumer\">16<\/span><\/a>\u00fe\u00fa mannsins son, eg vil taka fr\u00e1 \u00fe\u00e9r lysting augna \u00feinna <span class='VideyAth'>c)<\/span> \u00ed einni pl\u00e1gu; en \u00fe\u00e1 skalt\u00fa ekki kveina e\u00f0a gr\u00e1ta, og ekkert t\u00e1r skal \u00fe\u00e9r \u00e1 augu koma;<a name=\"17\"><span class=\"versanumer\">17<\/span><\/a>andvarpa \u00fe\u00fa \u00ed hlj\u00f3\u00f0i, en \u00f6ngva l\u00edksorg skaltu vi\u00f0 hafa: falda \u00fe\u00e9r me\u00f0 motri \u00fe\u00ednum, l\u00e1t sk\u00f3 \u00fe\u00edna \u00e1 f\u00e6tur \u00fe\u00e9r, \u00fe\u00fa skalt ei byrgja skegg \u00feitt og engrar sorgarf\u00e6\u00f0u neyta.<a name=\"18\"><span class=\"versanumer\">18<\/span><\/a>Eg tala\u00f0i til f\u00f3lksins um morguninn, en um kv\u00f6ldi\u00f0 d\u00f3 kona m\u00edn; n\u00e6sta morgun gj\u00f6r\u00f0i eg eins og m\u00e9r var bo\u00f0i\u00f0.<a name=\"19\"><span class=\"versanumer\">19<\/span><\/a>\u00de\u00e1 sag\u00f0i f\u00f3lki\u00f0 til m\u00edn; viltu ekki segja oss, hva\u00f0 \u00fea\u00f0 hefir a\u00f0 \u00fe\u00fd\u00f0a, sem \u00fe\u00fa gj\u00f6rir?<a name=\"20\"><span class=\"versanumer\">20<\/span><\/a>Eg svara\u00f0i \u00feeim: Drottinn tala\u00f0i til m\u00edn, og sag\u00f0i:<a name=\"21\"><span class=\"versanumer\">21<\/span><\/a>Seg \u00cdsraelsm\u00f6nnum: svo segir Drottinn alvaldur: sj\u00e1! eg vil vanhelga minn helgid\u00f3m <span class='VideyAth'>a)<\/span>, sem er y\u00f0vart hr\u00f3s og styrkur, lysting y\u00f0ar augna og y\u00f0ar hjartans eftirlangan; og y\u00f0ar synir og d\u00e6tur, sem \u00fe\u00e9r skilji\u00f0 \u00fear eftir, skulu fyrir sver\u00f0i falla.<a name=\"22\"><span class=\"versanumer\">22<\/span><\/a>\u00de\u00e1 munu\u00f0 \u00fe\u00e9r gj\u00f6ra \u00fea\u00f0, sem eg gj\u00f6ri n\u00fa: \u00fe\u00e9r munu\u00f0 ekki hylja skegg y\u00f0ar, engrar sorgarf\u00e6\u00f0u neyta,<a name=\"23\"><span class=\"versanumer\">23<\/span><\/a>hafa motrana \u00e1 h\u00f6f\u00f0um y\u00f0ar, og sk\u00f3 \u00e1 f\u00f3tum, ekki kveina, ekki gr\u00e1ta, heldur munu\u00f0 \u00fe\u00e9r vanmegnast yfir y\u00f0ar syndum, og andvarpa hv\u00f6r me\u00f0 \u00f6\u00f0rum.<a name=\"24\"><span class=\"versanumer\">24<\/span><\/a>\u00de\u00e1 skal Esek\u00edel vera y\u00f0ar fyrirmynd: allt \u00fea\u00f0 sem hann gj\u00f6rir n\u00fa, \u00fea\u00f0 munu\u00f0 \u00fe\u00e9r gj\u00f6ra, \u00feegar \u00feetta fram kemur, og \u00fe\u00e1 skulu\u00f0 \u00fe\u00e9r vi\u00f0urkenna, a\u00f0 eg em Drottinn alvaldur.<a name=\"25\"><span class=\"versanumer\">25<\/span><\/a>En \u00fe\u00fa, mannsins son! \u00feann dag, er eg hefi teki\u00f0 fr\u00e1 \u00feeim \u00feeirra styrk, \u00feeirra ununarpr\u00fd\u00f0i, lysting augna \u00feeirra, \u00feeirra hjartans eftirl\u00f6ngun, syni \u00feeirra og d\u00e6tur:<a name=\"26\"><span class=\"versanumer\">26<\/span><\/a>\u00feann sama dag skal fl\u00f3ttama\u00f0ur nokkur koma til \u00fe\u00edn, til a\u00f0 gj\u00f6ra \u00feetta heyrum kunnugt:<a name=\"27\"><span class=\"versanumer\">27<\/span><\/a>og \u00e1 \u00feessum sama degi skal munnur \u00feinn uppl\u00fakast vi\u00f0 komu fl\u00f3ttamannsins; \u00fe\u00e1 skalt \u00fe\u00fa tala, og ekki lengur vera or\u00f0laus, \u00fev\u00ed \u00fe\u00fa skalt vera \u00feeim fyrirmyndarteikn, og \u00feeir skulu vi\u00f0kannast, a\u00f0 eg em Drottinn.<\/p>\n<div class=\"footnoteVidey\">V. 14. b. Kaldear.  V. 16. c. \u00de. e. \u00fe\u00edna \u00e1stk\u00e6ra konu.  V. 21. a. \u00de. e. eg l\u00e6t mitt musteri ver\u00f0a hei\u00f0ingjum a\u00f0 herfangi.<\/div>\n","protected":false},"excerpt":{"rendered":"<p>Esek\u00edel fyrirmyndar Jer\u00fasalems ey\u00f0ilegging me\u00f0 d\u00e6mis\u00f6gu um so\u00f0ningarpott, 1\u201314; og me\u00f0 h\u00e1ttalagi s\u00ednu eftir l\u00e1t konu sinnar, 15\u201327. 1\u00c1 n\u00edunda \u00e1rinu, \u00feann t\u00edunda dag hins t\u00edunda m\u00e1na\u00f0ar, tala\u00f0i Drottinn til m\u00edn svol\u00e1tandi or\u00f0um:2\u00fe\u00fa Mannsins son, skrifa \u00fe\u00fa upp hj\u00e1 \u00fe\u00e9r \u00feenna dag, einmitt \u00feenna dag; \u00fev\u00ed einmitt \u00e1 \u00feessum degi kemur Babelskonungur til Jer\u00fasalemsborgar.3Ber \u00fe\u00fa upp eftirl\u00edkingu fyrir \u00feessa \u00fever\u00fa\u00f0arfullu kynsl\u00f3\u00f0 og seg til \u00feeirra: Svo segir Drottinn alvaldur: l\u00e1t \u00fe\u00fa upp pottinn, l\u00e1t \u00fe\u00fa hann upp, og hell vatni \u00ed hann;4l\u00e1t \u00ed hann svo m\u00f6rg stykki, sem h\u00e6filegt \u00feykir, bestu stykkin, l\u00e6rin og b\u00f3gana, svo hann ver\u00f0i fullur af <a href=\"https:\/\/biblian.is\/videy\/esekiel-24-kafli\/\"> [&#8230;]<\/a><\/p>\n","protected":false},"author":1,"featured_media":0,"parent":0,"menu_order":0,"comment_status":"open","ping_status":"open","template":"bibliukaflar.php","meta":{"footnotes":""},"class_list":["post-21675","page","type-page","status-publish","hentry"],"_links":{"self":[{"href":"https:\/\/biblian.is\/videy\/wp-json\/wp\/v2\/pages\/21675","targetHints":{"allow":["GET"]}}],"collection":[{"href":"https:\/\/biblian.is\/videy\/wp-json\/wp\/v2\/pages"}],"about":[{"href":"https:\/\/biblian.is\/videy\/wp-json\/wp\/v2\/types\/page"}],"author":[{"embeddable":true,"href":"https:\/\/biblian.is\/videy\/wp-json\/wp\/v2\/users\/1"}],"replies":[{"embeddable":true,"href":"https:\/\/biblian.is\/videy\/wp-json\/wp\/v2\/comments?post=21675"}],"version-history":[{"count":0,"href":"https:\/\/biblian.is\/videy\/wp-json\/wp\/v2\/pages\/21675\/revisions"}],"wp:attachment":[{"href":"https:\/\/biblian.is\/videy\/wp-json\/wp\/v2\/media?parent=21675"}],"curies":[{"name":"wp","href":"https:\/\/api.w.org\/{rel}","templated":true}]}}