{"id":21672,"date":"2018-01-02T01:03:22","date_gmt":"2018-01-02T01:03:22","guid":{"rendered":"http:\/\/biblian.is\/videy\/esekiel-21-kafli\/"},"modified":"2018-01-02T01:03:22","modified_gmt":"2018-01-02T01:03:22","slug":"esekiel-21-kafli","status":"publish","type":"page","link":"https:\/\/biblian.is\/videy\/esekiel-21-kafli\/","title":{"rendered":"Esek\u00edel 21. kafli"},"content":{"rendered":"<div class=\"fyrirsognVidey\">Esek\u00edel fyrirmyndar ey\u00f0ileggingu Jer\u00fasalemsborgar, 1\u20135; l\u00fdsir \u00feessari h\u00f6rmung berara me\u00f0 sorgarl\u00e1tum, 6\u201322; herf\u00f6r Neb\u00fakadnesars m\u00f3ti Jer\u00fasalem, 23\u201329; sp\u00e1ir, a\u00f0 Sedek\u00edas k\u00f3ngi muni steypt ver\u00f0a fr\u00e1 v\u00f6ldum, 29\u201332; a\u00f0 Babels k\u00f3ngur mundi og ey\u00f0ileggja Ammon\u00edta, 33\u201337.<\/div>\n<p><a name=\"1\"><span class=\"versanumer\">1<\/span><\/a>Drottinn tala\u00f0i til m\u00edn svol\u00e1tandi or\u00f0um:<a name=\"2\"><span class=\"versanumer\">2<\/span><\/a>\u00fe\u00fa mannsins son, horf\u00f0u \u00ed su\u00f0ur\u00e1tt, og l\u00e1t or\u00f0 \u00fe\u00edn streyma \u00e1 m\u00f3ti su\u00f0ri og sp\u00e1 fyrir sk\u00f3ginum, sem er \u00e1 su\u00f0urlandinu,<a name=\"3\"><span class=\"versanumer\">3<\/span><\/a>og seg til sk\u00f3garins \u00ed su\u00f0rinu: heyr or\u00f0 Drottins! Svo segir Drottinn alvaldur: sj\u00e1, eg kveiki eld \u00ed \u00fe\u00e9r, sem ey\u00f0a skal hv\u00f6rju gr\u00e6nu tr\u00e9 og \u00feurrum vi\u00f0i, sem \u00ed \u00fe\u00e9r er; s\u00e1 megni eldslogi skal ekki slokkna, heldur skal fyrir honum allur jar\u00f0vegur brenna fr\u00e1 su\u00f0ri til nor\u00f0urs.<a name=\"4\"><span class=\"versanumer\">4<\/span><\/a>Allir menn skulu sj\u00e1, a\u00f0 eg Drottinn hefi uppkveikt hann, og hann skal eigi sl\u00f6kktur ver\u00f0a.<a name=\"5\"><span class=\"versanumer\">5<\/span><\/a>\u00de\u00e1 sag\u00f0i eg: \u00e6, Drottinn alvaldi, \u00feeir munu segja um mig: hann talar ekki nema \u00ed r\u00e1\u00f0g\u00e1tum.<br \/><a name=\"6\"><span class=\"versanumer\">6<\/span><\/a>\u00de\u00e1 tala\u00f0i Drottinn til m\u00edn svol\u00e1tandi or\u00f0um:<a name=\"7\"><span class=\"versanumer\">7<\/span><\/a>\u00de\u00fa mannsins son: sn\u00fa \u00fe\u00e9r \u00ed m\u00f3ti Jer\u00fasalemsborg, l\u00e1t or\u00f0 \u00fe\u00edn streyma gegn helgid\u00f3mssta\u00f0num <span class='VideyAth'>b)<\/span>, og sp\u00e1 fyrir \u00cdsraelslandi,<a name=\"8\"><span class=\"versanumer\">8<\/span><\/a>og seg til \u00cdsraelslands: Svo segir Drottinn: sj\u00e1 eg fer \u00e1 m\u00f3ti \u00fe\u00e9r, eg vil draga mitt sver\u00f0 \u00far sl\u00ed\u00f0rum, og afm\u00e1 hinn r\u00e1\u00f0vanda, sem \u00ed \u00fe\u00e9r b\u00fdr, \u00e1samt me\u00f0 \u00feeim \u00f3gu\u00f0lega;<a name=\"9\"><span class=\"versanumer\">9<\/span><\/a>og me\u00f0 \u00fev\u00ed eg vil afm\u00e1 hinn r\u00e1\u00f0vanda, sem \u00ed \u00fe\u00e9r b\u00fdr, \u00e1samt me\u00f0 \u00feeim \u00f3gu\u00f0lega, \u00fe\u00e1 skal sver\u00f0 mitt hlaupa \u00far sl\u00ed\u00f0runum \u00e1 alla lifandi menn fr\u00e1 su\u00f0ri til nor\u00f0urs;<a name=\"10\"><span class=\"versanumer\">10<\/span><\/a>og allir menn skulu sanna, a\u00f0 eg Drottinn hefi dregi\u00f0 mitt sver\u00f0 \u00far sl\u00ed\u00f0rum, og \u00fea\u00f0 skal ekki \u00feanga\u00f0 aftur hverfa.<a name=\"11\"><span class=\"versanumer\">11<\/span><\/a>En \u00fe\u00fa, mannsins son, styn \u00feungan, svo a\u00f0 mja\u00f0mir \u00fe\u00ednar engist saman, styn beisklega \u00ed augs\u00fdn \u00feeirra;<a name=\"12\"><span class=\"versanumer\">12<\/span><\/a>og \u00feegar \u00feeir spyrja \u00feig: af hv\u00f6rju stynur \u00fe\u00fa? \u00fe\u00e1 svara: af fr\u00e9tt nokkurri, h\u00fan <span class='VideyAth'>c)<\/span> mun koma, svo a\u00f0 \u00f6ll hj\u00f6rtu munu blotna, allar hendur fallast, allur dugur dofna og \u00f6ll kn\u00e9 i\u00f0a sem vatn; sj\u00e1, h\u00fan kemur, h\u00fan sannast, segir Drottinn alvaldur.<a name=\"13\"><span class=\"versanumer\">13<\/span><\/a>Ennfremur sag\u00f0i Drottinn til m\u00edn:<a name=\"14\"><span class=\"versanumer\">14<\/span><\/a>\u00fe\u00fa mannsins son, sp\u00e1 og seg: Svo segir hinn Alvaldi: seg, sver\u00f0i\u00f0, sver\u00f0i\u00f0! \u00fea\u00f0 er br\u00fdnt, \u00fea\u00f0 er f\u00e6gt;<a name=\"15\"><span class=\"versanumer\">15<\/span><\/a>\u00fea\u00f0 er br\u00fdnt til \u00feess a\u00f0 b\u00edta, og f\u00e6gt til \u00feess a\u00f0 blika. O, veldissproti, \u00fe\u00fa sproti m\u00edns sonar! sver\u00f0i\u00f0 v\u00e6gir \u00f6ngvu tr\u00e9;<a name=\"16\"><span class=\"versanumer\">16<\/span><\/a>\u00fev\u00ed hefir veri\u00f0 komi\u00f0 \u00ed burtu til f\u00e6gingar, svo \u00fea\u00f0 ver\u00f0i n\u00fa \u00feegar knefa\u00f0; sver\u00f0i\u00f0 er br\u00fdnt og f\u00e6gt, svo \u00fea\u00f0 ver\u00f0i selt vegandanum \u00ed hendur.<a name=\"17\"><span class=\"versanumer\">17<\/span><\/a>Hlj\u00f3\u00f0a \u00fe\u00fa og \u00e6p, mannsins son! \u00fea\u00f0 er \u00e6tla\u00f0 til h\u00f6fu\u00f0s m\u00ednu f\u00f3lki og \u00f6llum \u00cdsraelsh\u00f6f\u00f0ingjum; \u00feeir \u00e1samt me\u00f0 m\u00ednu f\u00f3lki eru undir sver\u00f0i\u00f0 seldir; \u00fear fyrir skaltu berja \u00fe\u00e9r \u00e1 brj\u00f3st.<a name=\"18\"><span class=\"versanumer\">18<\/span><\/a>Bit sver\u00f0sins er reynt! Hva\u00f0? Mundi \u00fea\u00f0 einnig vinna \u00e1 veldissprotann? segir Drottinn alvaldur.<a name=\"19\"><span class=\"versanumer\">19<\/span><\/a>Sp\u00e1 \u00fe\u00fa, mannsins son! klappa \u00fe\u00fa lof \u00ed l\u00f3fa, tv\u00edbreg\u00f0 \u00fe\u00fa sver\u00f0inu \u00ed \u00feri\u00f0ja sinni! fyrir \u00fev\u00ed skal m\u00fagurinn, fyrir \u00fev\u00ed skulu h\u00f6f\u00f0ingjarnir falla; \u00fea\u00f0 skal heims\u00e6kja \u00fe\u00e1 \u00ed herbergjum \u00feeirra.<a name=\"20\"><span class=\"versanumer\">20<\/span><\/a>Til \u00feess a\u00f0 allur hugur do\u00f0ni og mannfalli\u00f0 ver\u00f0i sem mest, hefi eg sett \u00fea\u00f0 \u00f3gurlega sver\u00f0 vi\u00f0 \u00f6ll borgarhli\u00f0 \u00feeirra. H\u00e6, \u00fea\u00f0 er gj\u00f6rt til \u00feess a\u00f0 blika og br\u00fdnt til \u00feess a\u00f0 brytja!<a name=\"21\"><span class=\"versanumer\">21<\/span><\/a>Vertu til taks <span class='VideyAth'>(\u00fe\u00fa sver\u00f0)<\/span>! veg \u00fe\u00fa til h\u00e6gri handar! sn\u00fa \u00fe\u00e9r vi\u00f0! veg til hinnar vinstri, og hv\u00f6rt sem eggjar horfa!<a name=\"22\"><span class=\"versanumer\">22<\/span><\/a>N\u00fa skal eg einnig klappa lof \u00ed l\u00f3fa, og svala heift minni; eg Drottinn hefi tala\u00f0 \u00fea\u00f0.<br \/><a name=\"23\"><span class=\"versanumer\">23<\/span><\/a>Ennfremur tala\u00f0i Drottinn til m\u00edn svol\u00e1tandi or\u00f0um:<a name=\"24\"><span class=\"versanumer\">24<\/span><\/a>\u00fe\u00fa mannsins son, gj\u00f6r \u00fe\u00e9r tvo vegu, er sver\u00f0 Babelskonungs geti fari\u00f0, og skulu b\u00e1\u00f0ir liggja fr\u00e1 sama landi; marka svo einn sta\u00f0, og skaltu marka hann \u00e1 vegam\u00f3tum, \u00fear sem vegir skilja til borgarinnar;<a name=\"25\"><span class=\"versanumer\">25<\/span><\/a>gj\u00f6r \u00fe\u00e9r einn veg, sem sver\u00f0i\u00f0 geti fari\u00f0 til Rabba \u00ed landi Ammon\u00edta, en annan til J\u00fadalands, hvar s\u00fa trausta borg Jer\u00fasalem er.<a name=\"26\"><span class=\"versanumer\">26<\/span><\/a>\u00c1 \u00feessum vegam\u00f3tum, \u00fear sem b\u00e1\u00f0ar lei\u00f0ir skilja, nemur Babelskonungur sta\u00f0ar, til \u00feess a\u00f0 l\u00e1ta sp\u00e1 fyrir s\u00e9r: hann hristir \u00f6rvarnar, a\u00f0spyr h\u00fasgo\u00f0in, sko\u00f0ar lifrina.<a name=\"27\"><span class=\"versanumer\">27<\/span><\/a>\u00cd sinni h\u00e6gri hendi heldur hann \u00e1 sp\u00e1\u00f6xinni, sem v\u00edsar honum til Jer\u00fasalemsborgar, til \u00feess a\u00f0 reisa \u00fear v\u00edghr\u00fata til a\u00f0 brj\u00f3ta me\u00f0 hli\u00f0 \u00e1 borgina, hrinda upp her\u00f3pi, f\u00e6ra v\u00edghr\u00fatana a\u00f0 borgarhli\u00f0unum, hleypa upp jar\u00f0hryggjum og hla\u00f0a v\u00edggar\u00f0a.<a name=\"28\"><span class=\"versanumer\">28<\/span><\/a>\u00deeim mun s\u00fdnast sp\u00e1in lygileg, en menn munu ei\u00f0festa hana; mun hann \u00fe\u00e1 reka minni til s\u00e1ttm\u00e1larofsins, og \u00e6tla s\u00e9r t\u00e6kt a\u00f0 vinna borgina.<a name=\"29\"><span class=\"versanumer\">29<\/span><\/a>\u00dear fyrir segir Drottinn alvaldur: me\u00f0 \u00fev\u00ed a\u00f0 \u00fe\u00e9r l\u00e1ti\u00f0 a\u00f0ra reka minni til \u00f3trygg\u00f0ar y\u00f0varrar\u2014\u00fev\u00ed svo eru y\u00f0ar syndir \u00ed \u00f6llu y\u00f0ar ath\u00e6fi,\u2014fyrst a\u00f0 \u00fe\u00e9r hafi\u00f0 sl\u00edkt or\u00f0 \u00e1 y\u00f0ur, \u00fe\u00e1 skulu\u00f0 \u00fe\u00e9r \u00ed hershendur falla.<br \/><a name=\"30\"><span class=\"versanumer\">30<\/span><\/a>\u00de\u00fa dygg\u00f0arlausi og \u00f3gu\u00f0legi \u00cdsraels h\u00f6f\u00f0ingi <span class='VideyAth'>a)<\/span>! s\u00e1 dagur er fyrir hendi, \u00fe\u00e1 misgj\u00f6r\u00f0 \u00fe\u00edn skal \u00fe\u00e9r a\u00f0 tj\u00f3ni ver\u00f0a.<a name=\"31\"><span class=\"versanumer\">31<\/span><\/a>Svo segir Drottinn alvaldur: legg af \u00fe\u00e9r h\u00f6fu\u00f0moturinn, tak ofan k\u00f3r\u00f3nuna. Svo skal ekki lengur til ganga; eg upphef \u00fea\u00f0 l\u00e1ga, og ni\u00f0url\u00e6gi \u00fea\u00f0 h\u00e1va;<a name=\"32\"><span class=\"versanumer\">32<\/span><\/a>og l\u00e6t eina ey\u00f0ilegginguna koma \u00e1 f\u00e6tur annarri; \u00fea\u00f0 sem n\u00fa er, skal ekki framar vera; \u00feanga\u00f0 til s\u00e1 kemur, hv\u00f6rjum d\u00f3mvaldi\u00f0 tilheyrir, honum vil eg \u00fea\u00f0 gefa.<br \/><a name=\"33\"><span class=\"versanumer\">33<\/span><\/a>Sp\u00e1 \u00fe\u00fa, mannsins son, og seg: Svo segir Drottinn alvaldur um Ammon\u00edtana og h\u00e1\u00f0syr\u00f0i \u00feeirra: sver\u00f0i\u00f0, skaltu segja, sver\u00f0i\u00f0 er dregi\u00f0 \u00far sl\u00ed\u00f0rum til a\u00f0 sl\u00e1 \u00ed hel, \u00fea\u00f0 er n\u00f3gu fagurt til a\u00f0 blika:<a name=\"34\"><span class=\"versanumer\">34<\/span><\/a>svo a\u00f0, \u00e1 me\u00f0an \u00fe\u00fa l\u00e6tur ginna \u00feig me\u00f0 h\u00e9g\u00f3mas\u00fdnum og lygisp\u00e1d\u00f3mum, skaltu ver\u00f0a lag\u00f0ur \u00ed valinn hj\u00e1 \u00feeim helslegnu illgj\u00f6r\u00f0am\u00f6nnum, hv\u00f6rra hegningardagur a\u00f0kom, \u00fe\u00e1 misgj\u00f6r\u00f0ir \u00feeirra skyldu \u00feeim a\u00f0 tj\u00f3ni ver\u00f0a.<a name=\"35\"><span class=\"versanumer\">35<\/span><\/a>A\u00f0 s\u00f6nnu mun eg l\u00e1ta sver\u00f0i\u00f0 aftur sl\u00ed\u00f0ra, en \u00feig skal eg d\u00e6ma \u00e1 \u00feeim sta\u00f0, sem \u00fe\u00fa ert f\u00e6ddur, og \u00ed \u00fev\u00ed landi, sem \u00fe\u00fa ert upprunninn.<a name=\"36\"><span class=\"versanumer\">36<\/span><\/a>Eg skal \u00fatausa minni rei\u00f0i yfir \u00feig, og bl\u00e1sa \u00e1 \u00feig m\u00ednum heiftarloga, og selja \u00feig \u00ed hendur ska\u00f0r\u00e6\u00f0ismanna, sem leiknir eru \u00ed a\u00f0 ey\u00f0ileggja.<a name=\"37\"><span class=\"versanumer\">37<\/span><\/a>\u00de\u00fa skalt ver\u00f0a eldsmatur, \u00fe\u00ednu bl\u00f3\u00f0i skal \u00ed \u00fe\u00ednu eigin landi \u00fathellt ver\u00f0a, og minning \u00fe\u00edn skal ver\u00f0a afm\u00e1\u00f0; \u00fev\u00ed eg Drottinn hefi sagt \u00fea\u00f0.<\/p>\n<div class=\"footnoteVidey\">V. 7. b. Musterinu.  V. 12. c. Hersagan.  V. 30. a. Sedek\u00edas.<\/div>\n","protected":false},"excerpt":{"rendered":"<p>Esek\u00edel fyrirmyndar ey\u00f0ileggingu Jer\u00fasalemsborgar, 1\u20135; l\u00fdsir \u00feessari h\u00f6rmung berara me\u00f0 sorgarl\u00e1tum, 6\u201322; herf\u00f6r Neb\u00fakadnesars m\u00f3ti Jer\u00fasalem, 23\u201329; sp\u00e1ir, a\u00f0 Sedek\u00edas k\u00f3ngi muni steypt ver\u00f0a fr\u00e1 v\u00f6ldum, 29\u201332; a\u00f0 Babels k\u00f3ngur mundi og ey\u00f0ileggja Ammon\u00edta, 33\u201337. 1Drottinn tala\u00f0i til m\u00edn svol\u00e1tandi or\u00f0um:2\u00fe\u00fa mannsins son, horf\u00f0u \u00ed su\u00f0ur\u00e1tt, og l\u00e1t or\u00f0 \u00fe\u00edn streyma \u00e1 m\u00f3ti su\u00f0ri og sp\u00e1 fyrir sk\u00f3ginum, sem er \u00e1 su\u00f0urlandinu,3og seg til sk\u00f3garins \u00ed su\u00f0rinu: heyr or\u00f0 Drottins! Svo segir Drottinn alvaldur: sj\u00e1, eg kveiki eld \u00ed \u00fe\u00e9r, sem ey\u00f0a skal hv\u00f6rju gr\u00e6nu tr\u00e9 og \u00feurrum vi\u00f0i, sem \u00ed \u00fe\u00e9r er; s\u00e1 megni eldslogi skal ekki slokkna, heldur <a href=\"https:\/\/biblian.is\/videy\/esekiel-21-kafli\/\"> [&#8230;]<\/a><\/p>\n","protected":false},"author":1,"featured_media":0,"parent":0,"menu_order":0,"comment_status":"open","ping_status":"open","template":"bibliukaflar.php","meta":{"footnotes":""},"class_list":["post-21672","page","type-page","status-publish","hentry"],"_links":{"self":[{"href":"https:\/\/biblian.is\/videy\/wp-json\/wp\/v2\/pages\/21672","targetHints":{"allow":["GET"]}}],"collection":[{"href":"https:\/\/biblian.is\/videy\/wp-json\/wp\/v2\/pages"}],"about":[{"href":"https:\/\/biblian.is\/videy\/wp-json\/wp\/v2\/types\/page"}],"author":[{"embeddable":true,"href":"https:\/\/biblian.is\/videy\/wp-json\/wp\/v2\/users\/1"}],"replies":[{"embeddable":true,"href":"https:\/\/biblian.is\/videy\/wp-json\/wp\/v2\/comments?post=21672"}],"version-history":[{"count":0,"href":"https:\/\/biblian.is\/videy\/wp-json\/wp\/v2\/pages\/21672\/revisions"}],"wp:attachment":[{"href":"https:\/\/biblian.is\/videy\/wp-json\/wp\/v2\/media?parent=21672"}],"curies":[{"name":"wp","href":"https:\/\/api.w.org\/{rel}","templated":true}]}}