{"id":21660,"date":"2018-01-02T01:03:15","date_gmt":"2018-01-02T01:03:15","guid":{"rendered":"http:\/\/biblian.is\/videy\/esekiel-9-kafli\/"},"modified":"2018-01-02T01:03:15","modified_gmt":"2018-01-02T01:03:15","slug":"esekiel-9-kafli","status":"publish","type":"page","link":"https:\/\/biblian.is\/videy\/esekiel-9-kafli\/","title":{"rendered":"Esek\u00edel 9. kafli"},"content":{"rendered":"<div class=\"fyrirsognVidey\">Gu\u00f0 l\u00e6tur refsa \u00feeim \u00f3gu\u00f0legu innb\u00faum Jer\u00fasalemsborgar me\u00f0 sver\u00f0i, en \u00feeim, sem betur voru vilja\u00f0ir, er hl\u00edft; d\u00fdr\u00f0in Drottins b\u00fdr sig til a\u00f0 yfirgefa \u00fea\u00f0 vanhelga\u00f0a musteri, 1\u20137; Esek\u00edel bi\u00f0ur borgarm\u00f6nnunum v\u00e6g\u00f0ar, en \u00fea\u00f0 tj\u00e1ir ekki, 8\u201311.<\/div>\n<p><a name=\"1\"><span class=\"versanumer\">1<\/span><\/a>N\u00fa kalla\u00f0i hann me\u00f0 h\u00e1rri raust, a\u00f0 m\u00e9r \u00e1heyranda, og sag\u00f0i: l\u00e1t \u00fe\u00e1 fram koma, sem veita skulu heims\u00f3kn \u00e1 borgina, og hafi hv\u00f6r sitt dr\u00e1psverkf\u00e6ri \u00ed hendi!<a name=\"2\"><span class=\"versanumer\">2<\/span><\/a>\u00de\u00e1 komu sex menn inn um efra nor\u00f0urhli\u00f0i\u00f0, og haf\u00f0i hv\u00f6r \u00feeirra ey\u00f0ileggingarverkf\u00e6ri \u00ed hendi s\u00e9r; og enn var \u00e1 me\u00f0al \u00feeirra einn ma\u00f0ur, sem var l\u00edni kl\u00e6ddur, og haf\u00f0i skriff\u00e6ri vi\u00f0 hli\u00f0 s\u00e9r; \u00feeir gengu inn, og numu sta\u00f0ar vi\u00f0 eiraltari\u00f0.<a name=\"3\"><span class=\"versanumer\">3<\/span><\/a>En d\u00fdr\u00f0 \u00cdsraels Gu\u00f0s fluttist n\u00fa, hafin upp af \u00feeim ker\u00fabum, yfir hv\u00f6rjum h\u00fan var, a\u00f0 dyra\u00fer\u00f6skuldi musterisins; \u00fe\u00e1 kalla\u00f0i hann \u00e1 \u00feann mann, sem var l\u00edni kl\u00e6ddur og haf\u00f0i skriff\u00e6rin vi\u00f0 hli\u00f0 s\u00e9r:<a name=\"4\"><span class=\"versanumer\">4<\/span><\/a>Gakk, sag\u00f0i Drottinn til hans, mitt \u00ed gegnum borgina, mitt \u00ed gegnum Jer\u00fasalem, og set teikn \u00e1 enni \u00feeirra manna sem andvarpa og kveina yfir \u00feeim margv\u00edslegu sv\u00edvir\u00f0ingum, sem vi\u00f0gangast innan borgar.<a name=\"5\"><span class=\"versanumer\">5<\/span><\/a>En til hinna m\u00e6lti hann, m\u00e9r \u00e1heyranda: gangi\u00f0 eftir honum gegnum borgina, og h\u00f6ggvi\u00f0 ni\u00f0ur! engu skulu\u00f0 \u00fe\u00e9r v\u00e6gja, og \u00f6ngva me\u00f0aumkvun hafa!<a name=\"6\"><span class=\"versanumer\">6<\/span><\/a>Gamalmenum, ungmennum, meyjum, b\u00f6rnum, konum skulu\u00f0 \u00fe\u00e9r bana og ey\u00f0a; en \u00f6ngvan skulu\u00f0 \u00fe\u00e9r snerta af \u00feeim, sem teikni\u00f0 bera: og taki\u00f0 fyrst til \u00e1 m\u00ednum helgid\u00f3mi. \u00deeir byrju\u00f0u \u00fev\u00ed fyrst \u00e1 \u00feeim forstj\u00f3rum, sem voru fyrir framan musteri\u00f0.<a name=\"7\"><span class=\"versanumer\">7<\/span><\/a>Og enn sag\u00f0i hann til \u00feeirra: horfi\u00f0 ekki \u00ed a\u00f0 saurga musteri\u00f0, og fylli\u00f0 forgar\u00f0inn me\u00f0 mannab\u00fakum; gangi\u00f0 n\u00fa \u00fat. \u00deeir gengu \u00fe\u00e1 \u00fat, og hjuggu ni\u00f0ur mannf\u00f3lki\u00f0 \u00ed borginni.<br \/><a name=\"8\"><span class=\"versanumer\">8<\/span><\/a>Me\u00f0an \u00e1 mannslaginu st\u00f3\u00f0, var eg einn eftir or\u00f0inn; f\u00e9ll eg \u00fe\u00e1 fram \u00e1 m\u00edna \u00e1sj\u00f3nu, kalla\u00f0i og sag\u00f0i: alvaldi Drottinn, viltu \u00fe\u00e1 gj\u00f6rey\u00f0a \u00f6llum eftirleifum \u00cdsraels, \u00fear sem \u00fe\u00fa \u00fateyss \u00feinni rei\u00f0i yfir Jer\u00fasalem?<a name=\"9\"><span class=\"versanumer\">9<\/span><\/a>Hann svara\u00f0i m\u00e9r: misgj\u00f6r\u00f0 \u00cdsraelsmanna og J\u00fadaf\u00f3lks er helst til st\u00f3r, landi\u00f0 er uppfyllt af bl\u00f3\u00f0i, og borgin af rangl\u00e6ti; \u00fev\u00ed \u00feeir segja: Drottinn hefir yfirgefi\u00f0 landi\u00f0, Drottinn s\u00e9r oss ekki.<a name=\"10\"><span class=\"versanumer\">10<\/span><\/a>\u00deess vegna skal eg ekki heldur v\u00e6gja, og enga me\u00f0aumkvun hafa; eg l\u00e6t ath\u00e6fi \u00feeirra koma \u00feeim sj\u00e1lfum \u00ed koll ni\u00f0ur.<a name=\"11\"><span class=\"versanumer\">11<\/span><\/a>\u00de\u00e1 kom s\u00e1 l\u00ednkl\u00e6ddi ma\u00f0ur, sem haf\u00f0i skriff\u00e6rin vi\u00f0 hli\u00f0 s\u00e9r, aftur, og sag\u00f0i: eg hefi gj\u00f6rt eins og \u00fe\u00fa bau\u00f0st m\u00e9r.<\/p>\n<div class=\"footnoteVidey\"><\/div>\n","protected":false},"excerpt":{"rendered":"<p>Gu\u00f0 l\u00e6tur refsa \u00feeim \u00f3gu\u00f0legu innb\u00faum Jer\u00fasalemsborgar me\u00f0 sver\u00f0i, en \u00feeim, sem betur voru vilja\u00f0ir, er hl\u00edft; d\u00fdr\u00f0in Drottins b\u00fdr sig til a\u00f0 yfirgefa \u00fea\u00f0 vanhelga\u00f0a musteri, 1\u20137; Esek\u00edel bi\u00f0ur borgarm\u00f6nnunum v\u00e6g\u00f0ar, en \u00fea\u00f0 tj\u00e1ir ekki, 8\u201311. 1N\u00fa kalla\u00f0i hann me\u00f0 h\u00e1rri raust, a\u00f0 m\u00e9r \u00e1heyranda, og sag\u00f0i: l\u00e1t \u00fe\u00e1 fram koma, sem veita skulu heims\u00f3kn \u00e1 borgina, og hafi hv\u00f6r sitt dr\u00e1psverkf\u00e6ri \u00ed hendi!2\u00de\u00e1 komu sex menn inn um efra nor\u00f0urhli\u00f0i\u00f0, og haf\u00f0i hv\u00f6r \u00feeirra ey\u00f0ileggingarverkf\u00e6ri \u00ed hendi s\u00e9r; og enn var \u00e1 me\u00f0al \u00feeirra einn ma\u00f0ur, sem var l\u00edni kl\u00e6ddur, og haf\u00f0i skriff\u00e6ri vi\u00f0 hli\u00f0 s\u00e9r; \u00feeir gengu <a href=\"https:\/\/biblian.is\/videy\/esekiel-9-kafli\/\"> [&#8230;]<\/a><\/p>\n","protected":false},"author":1,"featured_media":0,"parent":0,"menu_order":0,"comment_status":"open","ping_status":"open","template":"bibliukaflar.php","meta":{"footnotes":""},"class_list":["post-21660","page","type-page","status-publish","hentry"],"_links":{"self":[{"href":"https:\/\/biblian.is\/videy\/wp-json\/wp\/v2\/pages\/21660","targetHints":{"allow":["GET"]}}],"collection":[{"href":"https:\/\/biblian.is\/videy\/wp-json\/wp\/v2\/pages"}],"about":[{"href":"https:\/\/biblian.is\/videy\/wp-json\/wp\/v2\/types\/page"}],"author":[{"embeddable":true,"href":"https:\/\/biblian.is\/videy\/wp-json\/wp\/v2\/users\/1"}],"replies":[{"embeddable":true,"href":"https:\/\/biblian.is\/videy\/wp-json\/wp\/v2\/comments?post=21660"}],"version-history":[{"count":0,"href":"https:\/\/biblian.is\/videy\/wp-json\/wp\/v2\/pages\/21660\/revisions"}],"wp:attachment":[{"href":"https:\/\/biblian.is\/videy\/wp-json\/wp\/v2\/media?parent=21660"}],"curies":[{"name":"wp","href":"https:\/\/api.w.org\/{rel}","templated":true}]}}