{"id":21544,"date":"2018-01-02T01:02:34","date_gmt":"2018-01-02T01:02:34","guid":{"rendered":"http:\/\/biblian.is\/videy\/jesaja-16-kafli\/"},"modified":"2018-01-02T01:02:34","modified_gmt":"2018-01-02T01:02:34","slug":"jesaja-16-kafli","status":"publish","type":"page","link":"https:\/\/biblian.is\/videy\/jesaja-16-kafli\/","title":{"rendered":"Jesaja 16. kafli"},"content":{"rendered":"<div class=\"fyrirsognVidey\">Framhald.<\/div>\n<p><a name=\"1\"><span class=\"versanumer\">1<\/span><\/a>Sendi\u00f0 landsh\u00f6f\u00f0ingjanum <span class='VideyAth'>a)<\/span> lambaskattinn fr\u00e1 Selaborg, gegnum ey\u00f0im\u00f6rkina til S\u00edonsfjalls.<a name=\"2\"><span class=\"versanumer\">2<\/span><\/a>Eins og fuglinn fl\u00f6ktir \u00ed kring, \u00feegar hann er rekinn upp af hrei\u00f0ri s\u00ednu, eins eru M\u00f3absd\u00e6tur, \u00fear sem \u00fe\u00e6r standa vi\u00f0 Arnons v\u00f6r\u00f0 <span class='VideyAth'>(og segja)<\/span>:<a name=\"3\"><span class=\"versanumer\">3<\/span><\/a>\u201elegg n\u00fa einhv\u00f6r g\u00f3\u00f0 r\u00e1\u00f0 <span class='VideyAth'>(\u00fe\u00fa, S\u00edonsborg!)<\/span>, gj\u00f6r n\u00fa gott verk, og l\u00e1t skugga \u00feinn um mi\u00f0degi\u00f0 ver\u00f0a sem n\u00f3tt; fel \u00fatlagana, seg ekki til fl\u00f3ttamannanna;<a name=\"4\"><span class=\"versanumer\">4<\/span><\/a>lj\u00e1 oss \u00fatl\u00f6gunum, M\u00f3absm\u00f6nnum, dv\u00f6l hj\u00e1 \u00fe\u00e9r, vert \u00feeirra verndarskj\u00f3l fyrir ofr\u00edkismanninum, \u00fev\u00ed \u00fe\u00e1 mun ekkert ver\u00f0a \u00far k\u00fagaranum, \u00fe\u00e1 mun ofr\u00edkinu linna, og landi\u00f0 frelsast fr\u00e1 undirokun.<a name=\"5\"><span class=\"versanumer\">5<\/span><\/a>\u00de\u00e1 mun konungsh\u00e1s\u00e6ti\u00f0 <span class='VideyAth'>b)<\/span> grundvalla\u00f0 ver\u00f0a \u00e1 miskunnsemi, og \u00fe\u00e1 skal s\u00e1 d\u00f3mari, sem leitar r\u00e9ttinda og eflir r\u00e9ttl\u00e6ti\u00f0, sitja \u00ed \u00fev\u00ed s\u00e6ti \u00ed tjaldb\u00fa\u00f0 Dav\u00ed\u00f0s\u201c.<a name=\"6\"><span class=\"versanumer\">6<\/span><\/a>\u201eV\u00e9r \u00feekkjum drambsemi M\u00f3absmanna, a\u00f0 \u00feeir eru mj\u00f6g hrokafullir, v\u00e9r \u00feekkjum \u00feeirra metna\u00f0, ofl\u00e6ti, ofdramb og marklausu st\u00f3ryr\u00f0i\u201c.<a name=\"7\"><span class=\"versanumer\">7<\/span><\/a>\u00deess vegna er n\u00fa svo komi\u00f0, a\u00f0 hv\u00f6r M\u00f3absmanna ver\u00f0ur a\u00f0 kveina fyrir \u00f6\u00f0rum. Allt M\u00f3absland ver\u00f0ur a\u00f0 kveina. Yfir undirst\u00f6\u00f0um K\u00edrhaserets borgar hlj\u00f3ti\u00f0 \u00fe\u00e9r a\u00f0 andvarpa sorgm\u00e6ddir.<a name=\"8\"><span class=\"versanumer\">8<\/span><\/a>Akurl\u00f6nd Hesbonsborgar eru f\u00f6lnu\u00f0. H\u00f6f\u00f0ingjar \u00fej\u00f3\u00f0anna hafa sundurbroti\u00f0 v\u00edntr\u00e9 Sibmaborgar: greinar \u00feess n\u00e1\u00f0u allt til Jasersborgar og kv\u00edslu\u00f0ust \u00fat um alla ey\u00f0im\u00f6rkina, angar \u00feess breiddu sig \u00fat yfir hafi\u00f0.<a name=\"9\"><span class=\"versanumer\">9<\/span><\/a>\u00deess vegna gr\u00e6t eg f\u00f6grum t\u00e1rum yfir Jasersborg, yfir v\u00edntr\u00e9 Sibmaborgar. Eg v\u00f6kva \u00feig me\u00f0 t\u00e1rum m\u00ednum, Hesbonsborg og Elaleborg, \u00fev\u00ed fagna\u00f0ar\u00f3pi\u00f0 yfir \u00fe\u00ednum sumarsgr\u00f3\u00f0a og \u00feinni uppskeru er or\u00f0i\u00f0 a\u00f0 her\u00f3pi.<a name=\"10\"><span class=\"versanumer\">10<\/span><\/a>F\u00f6gnu\u00f0ur og k\u00e6ti er horfin fr\u00e1 aldinm\u00f6rkinni; \u00ed v\u00edng\u00f6r\u00f0unum heyrast \u00f6ngvir s\u00f6ngvar, n\u00e9 fagna\u00f0arhlj\u00f3\u00f0; tro\u00f0sluma\u00f0urinn tre\u00f0ur ekki v\u00ednberin \u00ed v\u00edn\u00fer\u00fagunni, eg hefi gj\u00f6rt enda \u00e1 gle\u00f0il\u00e1tum hans.<a name=\"11\"><span class=\"versanumer\">11<\/span><\/a>\u00deess vegna hlj\u00f3mar \u00ed hjarta m\u00ednu, eins og \u00ed h\u00f6rpu, s\u00f6kum M\u00f3abslands, og \u00ed brj\u00f3sti m\u00ednu, s\u00f6kum K\u00edrharesborgar.<a name=\"12\"><span class=\"versanumer\">12<\/span><\/a>Og \u00fe\u00f3 a\u00f0 M\u00f3absl\u00fd\u00f0ur gangi sig m\u00f3\u00f0an upp \u00e1 bl\u00f3th\u00e6\u00f0irnar, og fari inn \u00ed helgid\u00f3m sinn til a\u00f0 bi\u00f0jast fyrir, \u00fe\u00e1 mun hann samt engu til lei\u00f0ar koma.<a name=\"13\"><span class=\"versanumer\">13<\/span><\/a>\u00deetta er \u00fea\u00f0, sem Drottinn tala\u00f0i \u00ed gegn M\u00f3abslandi fyrrum;<a name=\"14\"><span class=\"versanumer\">14<\/span><\/a>en n\u00fa talar Drottinn \u00e1 \u00feessa lei\u00f0: a\u00f0 \u00feriggja \u00e1ra fresti, sl\u00edkra sem \u00e1r daglaunamanna eru talin <span class='VideyAth'>c)<\/span>, skal mannval M\u00f3abslands og allur hinn mikli f\u00f3lksfj\u00f6ldi \u00feess r\u00fdrna, svo ekki skal eftir ver\u00f0a nema f\u00e1tt eitt, og \u00fe\u00f3 l\u00edtilfenglegt.<\/p>\n<div class=\"footnoteVidey\">V. 1. a. J\u00fadar\u00edkiskonungs; \u00e1\u00f0ur fyrr h\u00f6f\u00f0u M\u00f3absmenn goldi\u00f0 \u00cdsraelskonungi l\u00f6mb \u00ed skatt, (2 K\u00f3ng. 3,4).  V. 2. Arnon, takmarkaflj\u00f3t milli M\u00f3abslands og J\u00fadar\u00edkis.  V. 5. b. Nefnilega, \u00ed J\u00fadar\u00edki.  V. 6. \u00deetta er svar J\u00fadar\u00edkismanna til M\u00f3absd\u00e6tra, (16,2).  V. 14. c.  \u00de. e. r\u00e9tt a\u00f0 \u00feriggja \u00e1ra fresti, hv\u00f6rki fyrr, n\u00e9 seinna; \u00e1r daglaunamanna eru talin svo n\u00e1kv\u00e6mlega, a\u00f0 ekki skrifar einum degi.<\/div>\n","protected":false},"excerpt":{"rendered":"<p>Framhald. 1Sendi\u00f0 landsh\u00f6f\u00f0ingjanum a) lambaskattinn fr\u00e1 Selaborg, gegnum ey\u00f0im\u00f6rkina til S\u00edonsfjalls.2Eins og fuglinn fl\u00f6ktir \u00ed kring, \u00feegar hann er rekinn upp af hrei\u00f0ri s\u00ednu, eins eru M\u00f3absd\u00e6tur, \u00fear sem \u00fe\u00e6r standa vi\u00f0 Arnons v\u00f6r\u00f0 (og segja):3\u201elegg n\u00fa einhv\u00f6r g\u00f3\u00f0 r\u00e1\u00f0 (\u00fe\u00fa, S\u00edonsborg!), gj\u00f6r n\u00fa gott verk, og l\u00e1t skugga \u00feinn um mi\u00f0degi\u00f0 ver\u00f0a sem n\u00f3tt; fel \u00fatlagana, seg ekki til fl\u00f3ttamannanna;4lj\u00e1 oss \u00fatl\u00f6gunum, M\u00f3absm\u00f6nnum, dv\u00f6l hj\u00e1 \u00fe\u00e9r, vert \u00feeirra verndarskj\u00f3l fyrir ofr\u00edkismanninum, \u00fev\u00ed \u00fe\u00e1 mun ekkert ver\u00f0a \u00far k\u00fagaranum, \u00fe\u00e1 mun ofr\u00edkinu linna, og landi\u00f0 frelsast fr\u00e1 undirokun.5\u00de\u00e1 mun konungsh\u00e1s\u00e6ti\u00f0 b) grundvalla\u00f0 ver\u00f0a \u00e1 miskunnsemi, og \u00fe\u00e1 skal s\u00e1 d\u00f3mari, <a href=\"https:\/\/biblian.is\/videy\/jesaja-16-kafli\/\"> [&#8230;]<\/a><\/p>\n","protected":false},"author":1,"featured_media":0,"parent":0,"menu_order":0,"comment_status":"open","ping_status":"open","template":"bibliukaflar.php","meta":{"footnotes":""},"class_list":["post-21544","page","type-page","status-publish","hentry"],"_links":{"self":[{"href":"https:\/\/biblian.is\/videy\/wp-json\/wp\/v2\/pages\/21544","targetHints":{"allow":["GET"]}}],"collection":[{"href":"https:\/\/biblian.is\/videy\/wp-json\/wp\/v2\/pages"}],"about":[{"href":"https:\/\/biblian.is\/videy\/wp-json\/wp\/v2\/types\/page"}],"author":[{"embeddable":true,"href":"https:\/\/biblian.is\/videy\/wp-json\/wp\/v2\/users\/1"}],"replies":[{"embeddable":true,"href":"https:\/\/biblian.is\/videy\/wp-json\/wp\/v2\/comments?post=21544"}],"version-history":[{"count":0,"href":"https:\/\/biblian.is\/videy\/wp-json\/wp\/v2\/pages\/21544\/revisions"}],"wp:attachment":[{"href":"https:\/\/biblian.is\/videy\/wp-json\/wp\/v2\/media?parent=21544"}],"curies":[{"name":"wp","href":"https:\/\/api.w.org\/{rel}","templated":true}]}}