{"id":21540,"date":"2018-01-02T01:02:34","date_gmt":"2018-01-02T01:02:34","guid":{"rendered":"http:\/\/biblian.is\/videy\/jesaja-12-kafli\/"},"modified":"2018-01-02T01:02:34","modified_gmt":"2018-01-02T01:02:34","slug":"jesaja-12-kafli","status":"publish","type":"page","link":"https:\/\/biblian.is\/videy\/jesaja-12-kafli\/","title":{"rendered":"Jesaja 12. kafli"},"content":{"rendered":"<div class=\"fyrirsognVidey\">Lofs\u00f6ngur Gy\u00f0ingal\u00fd\u00f0s.<\/div>\n<p><a name=\"1\"><span class=\"versanumer\">1<\/span><\/a>\u00c1 \u00feeim degi skaltu segja: \u201eeg vegsama \u00feig, Drottinn, fyrir \u00fea\u00f0, a\u00f0 \u00fe\u00f3 \u00fe\u00fa v\u00e6rir m\u00e9r rei\u00f0ur, \u00fe\u00e1 er \u00fe\u00f3 horfin rei\u00f0i \u00fe\u00edn, svo a\u00f0 \u00fe\u00fa huggar mig n\u00fa.<a name=\"2\"><span class=\"versanumer\">2<\/span><\/a>Sj\u00e1! Gu\u00f0 er minn frelsari; eg em \u00f6ruggur og \u00f3ttast ekki, \u00fev\u00ed Gu\u00f0 Drottinn er minn styrkur og mitt lofkv\u00e6\u00f0i: hann kom m\u00e9r til hj\u00e1lpar\u201c.<a name=\"3\"><span class=\"versanumer\">3<\/span><\/a>\u00de\u00e9r munu\u00f0 me\u00f0 fagna\u00f0i vatn ausa af uppsprettum hj\u00e1lpr\u00e6\u00f0isins,<a name=\"4\"><span class=\"versanumer\">4<\/span><\/a>og \u00fe\u00e1 munu\u00f0 \u00fe\u00e9r segja: lofi\u00f0 Drottin, \u00e1kalli\u00f0 hans nafn, kunngj\u00f6ri\u00f0 hans verk me\u00f0al \u00fej\u00f3\u00f0anna, syngi\u00f0 honum lof, \u00fev\u00ed h\u00e1leitt er hans nafn.<a name=\"5\"><span class=\"versanumer\">5<\/span><\/a>Lofsyngi\u00f0 Drottni, \u00fev\u00ed hann hefir gj\u00f6rt \u00fea\u00f0 d\u00fdr\u00f0arverk, sem kunnugt skal ver\u00f0a \u00ed \u00f6llum l\u00f6ndum.<a name=\"6\"><span class=\"versanumer\">6<\/span><\/a>Fagna lofsyngjandi, \u00fe\u00fa <span class='VideyAth'>(borg)<\/span>! sem situr \u00e1 S\u00edonsfjalli, \u00fev\u00ed hinn heilagi \u00cdsraels Gu\u00f0 hefir s\u00fdnt sinn mikilleik \u00e1 \u00fe\u00e9r!\u201c<\/p>\n<div class=\"footnoteVidey\"><\/div>\n","protected":false},"excerpt":{"rendered":"<p>Lofs\u00f6ngur Gy\u00f0ingal\u00fd\u00f0s. 1\u00c1 \u00feeim degi skaltu segja: \u201eeg vegsama \u00feig, Drottinn, fyrir \u00fea\u00f0, a\u00f0 \u00fe\u00f3 \u00fe\u00fa v\u00e6rir m\u00e9r rei\u00f0ur, \u00fe\u00e1 er \u00fe\u00f3 horfin rei\u00f0i \u00fe\u00edn, svo a\u00f0 \u00fe\u00fa huggar mig n\u00fa.2Sj\u00e1! Gu\u00f0 er minn frelsari; eg em \u00f6ruggur og \u00f3ttast ekki, \u00fev\u00ed Gu\u00f0 Drottinn er minn styrkur og mitt lofkv\u00e6\u00f0i: hann kom m\u00e9r til hj\u00e1lpar\u201c.3\u00de\u00e9r munu\u00f0 me\u00f0 fagna\u00f0i vatn ausa af uppsprettum hj\u00e1lpr\u00e6\u00f0isins,4og \u00fe\u00e1 munu\u00f0 \u00fe\u00e9r segja: lofi\u00f0 Drottin, \u00e1kalli\u00f0 hans nafn, kunngj\u00f6ri\u00f0 hans verk me\u00f0al \u00fej\u00f3\u00f0anna, syngi\u00f0 honum lof, \u00fev\u00ed h\u00e1leitt er hans nafn.5Lofsyngi\u00f0 Drottni, \u00fev\u00ed hann hefir gj\u00f6rt \u00fea\u00f0 d\u00fdr\u00f0arverk, sem kunnugt skal ver\u00f0a \u00ed \u00f6llum l\u00f6ndum.6Fagna lofsyngjandi, <a href=\"https:\/\/biblian.is\/videy\/jesaja-12-kafli\/\"> [&#8230;]<\/a><\/p>\n","protected":false},"author":1,"featured_media":0,"parent":0,"menu_order":0,"comment_status":"open","ping_status":"open","template":"bibliukaflar.php","meta":{"footnotes":""},"class_list":["post-21540","page","type-page","status-publish","hentry"],"_links":{"self":[{"href":"https:\/\/biblian.is\/videy\/wp-json\/wp\/v2\/pages\/21540","targetHints":{"allow":["GET"]}}],"collection":[{"href":"https:\/\/biblian.is\/videy\/wp-json\/wp\/v2\/pages"}],"about":[{"href":"https:\/\/biblian.is\/videy\/wp-json\/wp\/v2\/types\/page"}],"author":[{"embeddable":true,"href":"https:\/\/biblian.is\/videy\/wp-json\/wp\/v2\/users\/1"}],"replies":[{"embeddable":true,"href":"https:\/\/biblian.is\/videy\/wp-json\/wp\/v2\/comments?post=21540"}],"version-history":[{"count":0,"href":"https:\/\/biblian.is\/videy\/wp-json\/wp\/v2\/pages\/21540\/revisions"}],"wp:attachment":[{"href":"https:\/\/biblian.is\/videy\/wp-json\/wp\/v2\/media?parent=21540"}],"curies":[{"name":"wp","href":"https:\/\/api.w.org\/{rel}","templated":true}]}}