{"id":21539,"date":"2018-01-02T01:02:34","date_gmt":"2018-01-02T01:02:34","guid":{"rendered":"http:\/\/biblian.is\/videy\/jesaja-11-kafli\/"},"modified":"2018-01-02T01:02:34","modified_gmt":"2018-01-02T01:02:34","slug":"jesaja-11-kafli","status":"publish","type":"page","link":"https:\/\/biblian.is\/videy\/jesaja-11-kafli\/","title":{"rendered":"Jesaja 11. kafli"},"content":{"rendered":"<div class=\"fyrirsognVidey\">Sp\u00e1d\u00f3mur um Frelsarann og hans r\u00edki, og um frelsun Gy\u00f0ingal\u00fd\u00f0s.<\/div>\n<p><a name=\"1\"><span class=\"versanumer\">1<\/span><\/a>En af stofni \u00cdsa\u00ed mun kvistur fram spretta, og angi uppvaxa af r\u00f3t hans.<a name=\"2\"><span class=\"versanumer\">2<\/span><\/a>Yfir honum mun hv\u00edla andi Drottins, andi v\u00edsd\u00f3ms og skilnings, andi r\u00e1\u00f0speki og kraftar, andi \u00feekkingar og \u00f3tta Drottins.<a name=\"3\"><span class=\"versanumer\">3<\/span><\/a>\u00dea\u00f0 mun hans unun vera, a\u00f0 \u00f3ttast Drottin; hann mun ekki d\u00e6ma eftir \u00fev\u00ed sem hans augu sj\u00e1, og ekki \u00farskur\u00f0 veita eftir \u00fev\u00ed, sem hans eyru heyra:<a name=\"4\"><span class=\"versanumer\">4<\/span><\/a>me\u00f0 r\u00e9ttv\u00edsi mun hann d\u00e6ma hina f\u00e1t\u00e6ku, og unna r\u00e9ttra laga hinum nau\u00f0st\u00f6ddu \u00ed landinu. Hann mun lj\u00f3sta j\u00f6r\u00f0ina me\u00f0 sprota s\u00edns munns, og dey\u00f0a hina \u00f3gu\u00f0legu me\u00f0 andanum sinna vara.<a name=\"5\"><span class=\"versanumer\">5<\/span><\/a>R\u00e9ttl\u00e6ti\u00f0 mun vera belti hans lenda, og tr\u00fafestin belti hans mja\u00f0ma.<a name=\"6\"><span class=\"versanumer\">6<\/span><\/a>\u00de\u00e1 mun \u00falfurinn b\u00faa hj\u00e1 lambinu, og pardusd\u00fdri\u00f0 liggja hj\u00e1 ki\u00f0lingnum; k\u00e1lfar, lj\u00f3nsk\u00e1lfar og alif\u00e9 ganga saman, og sm\u00e1sveinn lei\u00f0a \u00feau.<a name=\"7\"><span class=\"versanumer\">7<\/span><\/a>K\u00fdrin og bjarnd\u00fdri\u00f0 munu vera \u00e1 beit saman, og k\u00e1lfar og h\u00fanar liggja hvorir hj\u00e1 \u00f6\u00f0rum; lj\u00f3ni\u00f0 mun hey eta, sem naut.<a name=\"8\"><span class=\"versanumer\">8<\/span><\/a>Brj\u00f3stmylkingurinn mun leika s\u00e9r vi\u00f0 holudyr n\u00f6\u00f0runnar, og \u00fea\u00f0 barn, sem n\u00fdvani\u00f0 er af brj\u00f3sti, mun stinga hendi sinni inn \u00ed b\u00e6li hornormsins.<a name=\"9\"><span class=\"versanumer\">9<\/span><\/a>Hv\u00f6rgi \u00e1 m\u00ednu heilaga fjalli munu \u00feau nokkurt mein e\u00f0a ska\u00f0a gj\u00f6ra; \u00fev\u00ed j\u00f6r\u00f0in er full af kynningu Drottins, eins og sj\u00e1vardj\u00fapi\u00f0 er v\u00f6tnum huli\u00f0.<a name=\"10\"><span class=\"versanumer\">10<\/span><\/a>\u00de\u00e1 skal r\u00f3tarkvistur \u00cdsa\u00ed standa sem hermerki fyrir \u00fej\u00f3\u00f0irnar; \u00fe\u00e6r munu leita hans atkv\u00e6\u00f0a, og hans b\u00fasta\u00f0ur mun d\u00fdr\u00f0legur vera.<a name=\"11\"><span class=\"versanumer\">11<\/span><\/a>\u00de\u00e1 mun hinn Alvaldi \u00fatr\u00e9tta h\u00f6nd s\u00edna \u00ed anna\u00f0 sinn, til \u00feess a\u00f0 endurkaupa \u00fe\u00e6r leifar s\u00edns f\u00f3lks, sem eftir eru \u00ed <span class='VideyAth'>a)<\/span> Ass\u00fdralandi og Egyptalandi, \u00ed Patroslandi, Bl\u00e1landi og Elamslandi, \u00ed S\u00ednearslandi og Hamatsborg, og \u00ed hinum fjarl\u00e6gustu strandbygg\u00f0um.<a name=\"12\"><span class=\"versanumer\">12<\/span><\/a>Hann mun upp setja merki fyrir \u00fej\u00f3\u00f0unum, heimta saman hina \u00fatreknu \u00cdsraelsmenn, og samansafna hinum tv\u00edstru\u00f0u J\u00fadani\u00f0jum fr\u00e1 fj\u00f3rum h\u00f6fu\u00f0\u00e1ttum jar\u00f0arinnar.<a name=\"13\"><span class=\"versanumer\">13<\/span><\/a>\u00de\u00e1 mun \u00f6fund Efraims\u00e6ttar hverfa, og \u00f3vinir J\u00fadar\u00edkismanna undir lok l\u00ed\u00f0a; Efraims\u00e6tt mun ekki \u00f6fundast vi\u00f0 J\u00fada \u00e6ttkv\u00edsl, og J\u00fada \u00e6ttmenn ekki amast vi\u00f0 Efraims \u00e6ttm\u00f6nnum.<a name=\"14\"><span class=\"versanumer\">14<\/span><\/a>\u00deeir munu steypa s\u00e9r ni\u00f0ur \u00e1 Filistealand gegn vestri, og r\u00e6na \u00ed sameiningu Austurvegsmenn. Edomsmenn og M\u00f3absmenn skulu ver\u00f0a \u00feeim a\u00f0 herfangi, og Ammonsmenn l\u00fd\u00f0skyldir \u00feeim.<a name=\"15\"><span class=\"versanumer\">15<\/span><\/a>Og Drottinn mun l\u00fdsa banni yfir vogum Egyptahafs, og \u00ed \u00e1kef\u00f0 s\u00edns anda <span class='VideyAth'>b)<\/span> breg\u00f0a hendi sinni yfir Flj\u00f3ti\u00f0, og skipta \u00fev\u00ed \u00ed sj\u00f6 kv\u00edslir, svo \u00fear skal mega yfir ganga me\u00f0 sk\u00f3 \u00e1 f\u00f3tum.<a name=\"16\"><span class=\"versanumer\">16<\/span><\/a>\u00deannig skal brautarvegur ver\u00f0a fyrir \u00fe\u00e6r leifar f\u00f3lks hans, sem enn eru eftir \u00ed Ass\u00fdralandi, eins og <span class='VideyAth'>(fyrr meir)<\/span> var\u00f0 fyrir \u00cdsraelsmenn, \u00fe\u00e1 \u00feeir f\u00f3ru \u00fat af Egyptalandi.<\/p>\n<div class=\"footnoteVidey\">V. 1. \u00cdsa\u00ed, fa\u00f0ir Dav\u00ed\u00f0s, stofn Isa\u00ed, eftirleifar Dav\u00ed\u00f0s\u00e6ttar.  V. 11. a. Sj\u00e1 v. 16.  V. 15. b. L\u00fdsa banni yfir vogum Egyptahafs, svo \u00feeir \u00feorni upp og ver\u00f0i f\u00e6rir yfirfer\u00f0ar; \u00ed \u00e1kef\u00f0 s\u00edns anda, a\u00f0rir \u00fatleggja \u201eme\u00f0 sterkum stormi\u201c. Flj\u00f3ti\u00f0, Evfrat.<\/div>\n","protected":false},"excerpt":{"rendered":"<p>Sp\u00e1d\u00f3mur um Frelsarann og hans r\u00edki, og um frelsun Gy\u00f0ingal\u00fd\u00f0s. 1En af stofni \u00cdsa\u00ed mun kvistur fram spretta, og angi uppvaxa af r\u00f3t hans.2Yfir honum mun hv\u00edla andi Drottins, andi v\u00edsd\u00f3ms og skilnings, andi r\u00e1\u00f0speki og kraftar, andi \u00feekkingar og \u00f3tta Drottins.3\u00dea\u00f0 mun hans unun vera, a\u00f0 \u00f3ttast Drottin; hann mun ekki d\u00e6ma eftir \u00fev\u00ed sem hans augu sj\u00e1, og ekki \u00farskur\u00f0 veita eftir \u00fev\u00ed, sem hans eyru heyra:4me\u00f0 r\u00e9ttv\u00edsi mun hann d\u00e6ma hina f\u00e1t\u00e6ku, og unna r\u00e9ttra laga hinum nau\u00f0st\u00f6ddu \u00ed landinu. Hann mun lj\u00f3sta j\u00f6r\u00f0ina me\u00f0 sprota s\u00edns munns, og dey\u00f0a hina \u00f3gu\u00f0legu me\u00f0 andanum sinna vara.5R\u00e9ttl\u00e6ti\u00f0 mun <a href=\"https:\/\/biblian.is\/videy\/jesaja-11-kafli\/\"> [&#8230;]<\/a><\/p>\n","protected":false},"author":1,"featured_media":0,"parent":0,"menu_order":0,"comment_status":"open","ping_status":"open","template":"bibliukaflar.php","meta":{"footnotes":""},"class_list":["post-21539","page","type-page","status-publish","hentry"],"_links":{"self":[{"href":"https:\/\/biblian.is\/videy\/wp-json\/wp\/v2\/pages\/21539","targetHints":{"allow":["GET"]}}],"collection":[{"href":"https:\/\/biblian.is\/videy\/wp-json\/wp\/v2\/pages"}],"about":[{"href":"https:\/\/biblian.is\/videy\/wp-json\/wp\/v2\/types\/page"}],"author":[{"embeddable":true,"href":"https:\/\/biblian.is\/videy\/wp-json\/wp\/v2\/users\/1"}],"replies":[{"embeddable":true,"href":"https:\/\/biblian.is\/videy\/wp-json\/wp\/v2\/comments?post=21539"}],"version-history":[{"count":0,"href":"https:\/\/biblian.is\/videy\/wp-json\/wp\/v2\/pages\/21539\/revisions"}],"wp:attachment":[{"href":"https:\/\/biblian.is\/videy\/wp-json\/wp\/v2\/media?parent=21539"}],"curies":[{"name":"wp","href":"https:\/\/api.w.org\/{rel}","templated":true}]}}