{"id":21476,"date":"2018-01-02T01:02:14","date_gmt":"2018-01-02T01:02:14","guid":{"rendered":"http:\/\/biblian.is\/videy\/salmarnir-149-kafli\/"},"modified":"2018-01-02T01:02:14","modified_gmt":"2018-01-02T01:02:14","slug":"salmarnir-149-kafli","status":"publish","type":"page","link":"https:\/\/biblian.is\/videy\/salmarnir-149-kafli\/","title":{"rendered":"S\u00e1lmarnir 149. kafli"},"content":{"rendered":"<div class=\"fyrirsognVidey\">Sigurvon.<\/div>\n<p><a name=\"1\"><span class=\"versanumer\">1<\/span><\/a>Lofi\u00f0 Gu\u00f0! Syngi\u00f0 Drottni n\u00fdjan s\u00f6ng, hans lof \u00e1 samkomu heilagra.<a name=\"2\"><span class=\"versanumer\">2<\/span><\/a>\u00cdsrael gle\u00f0ur sig \u00ed s\u00ednum skapara, S\u00edonsb\u00f6rn \u00ed s\u00ednum k\u00f3ngi.<a name=\"3\"><span class=\"versanumer\">3<\/span><\/a>\u00deeir skulu lofa hans nafn \u00ed dansi, me\u00f0 bumbum og h\u00f6rpum skulu \u00feeir fyrir honum leika.<a name=\"4\"><span class=\"versanumer\">4<\/span><\/a>\u00dev\u00ed Drottinn hefir vel\u00fe\u00f3knan \u00e1 s\u00ednu f\u00f3lki, hann pr\u00fd\u00f0ir \u00fe\u00e1 h\u00f3gv\u00e6ru me\u00f0 frelsi <span class='VideyAth'>(sigri)<\/span>.<a name=\"5\"><span class=\"versanumer\">5<\/span><\/a>\u00deeir heil\u00f6gu skulu gle\u00f0jast vi\u00f0 sinn hei\u00f0ur, \u00feeir skulu fagna \u00ed sinni hv\u00edlu.<a name=\"6\"><span class=\"versanumer\">6<\/span><\/a>Gu\u00f0s lof skal vera \u00e1 \u00feeirra tungu og tv\u00edeggja\u00f0 sver\u00f0 \u00ed \u00feeirra hendi,<a name=\"7\"><span class=\"versanumer\">7<\/span><\/a>til a\u00f0 taka hefnd af \u00fej\u00f3\u00f0unum, og refsa l\u00fd\u00f0num,<a name=\"8\"><span class=\"versanumer\">8<\/span><\/a>a\u00f0 binda \u00feeirra k\u00f3nga me\u00f0 hlekkjum og \u00feeirra voldugu me\u00f0 j\u00e1rnvi\u00f0jum,<a name=\"9\"><span class=\"versanumer\">9<\/span><\/a>a\u00f0 breyta vi\u00f0 \u00fe\u00e1 eftir \u00feeirra skr\u00e1setta d\u00f3mi: hei\u00f0ur er \u00feetta fyrir alla hans heil\u00f6gu. <span class='VideyAth'>(Halel\u00faja)<\/span>. Lofi\u00f0 Drottin.<\/p>\n<div class=\"footnoteVidey\"><\/div>\n","protected":false},"excerpt":{"rendered":"<p>Sigurvon. 1Lofi\u00f0 Gu\u00f0! Syngi\u00f0 Drottni n\u00fdjan s\u00f6ng, hans lof \u00e1 samkomu heilagra.2\u00cdsrael gle\u00f0ur sig \u00ed s\u00ednum skapara, S\u00edonsb\u00f6rn \u00ed s\u00ednum k\u00f3ngi.3\u00deeir skulu lofa hans nafn \u00ed dansi, me\u00f0 bumbum og h\u00f6rpum skulu \u00feeir fyrir honum leika.4\u00dev\u00ed Drottinn hefir vel\u00fe\u00f3knan \u00e1 s\u00ednu f\u00f3lki, hann pr\u00fd\u00f0ir \u00fe\u00e1 h\u00f3gv\u00e6ru me\u00f0 frelsi (sigri).5\u00deeir heil\u00f6gu skulu gle\u00f0jast vi\u00f0 sinn hei\u00f0ur, \u00feeir skulu fagna \u00ed sinni hv\u00edlu.6Gu\u00f0s lof skal vera \u00e1 \u00feeirra tungu og tv\u00edeggja\u00f0 sver\u00f0 \u00ed \u00feeirra hendi,7til a\u00f0 taka hefnd af \u00fej\u00f3\u00f0unum, og refsa l\u00fd\u00f0num,8a\u00f0 binda \u00feeirra k\u00f3nga me\u00f0 hlekkjum og \u00feeirra voldugu me\u00f0 j\u00e1rnvi\u00f0jum,9a\u00f0 breyta vi\u00f0 \u00fe\u00e1 eftir \u00feeirra skr\u00e1setta d\u00f3mi: hei\u00f0ur er <a href=\"https:\/\/biblian.is\/videy\/salmarnir-149-kafli\/\"> [&#8230;]<\/a><\/p>\n","protected":false},"author":1,"featured_media":0,"parent":0,"menu_order":0,"comment_status":"open","ping_status":"open","template":"bibliukaflar.php","meta":{"footnotes":""},"class_list":["post-21476","page","type-page","status-publish","hentry"],"_links":{"self":[{"href":"https:\/\/biblian.is\/videy\/wp-json\/wp\/v2\/pages\/21476","targetHints":{"allow":["GET"]}}],"collection":[{"href":"https:\/\/biblian.is\/videy\/wp-json\/wp\/v2\/pages"}],"about":[{"href":"https:\/\/biblian.is\/videy\/wp-json\/wp\/v2\/types\/page"}],"author":[{"embeddable":true,"href":"https:\/\/biblian.is\/videy\/wp-json\/wp\/v2\/users\/1"}],"replies":[{"embeddable":true,"href":"https:\/\/biblian.is\/videy\/wp-json\/wp\/v2\/comments?post=21476"}],"version-history":[{"count":0,"href":"https:\/\/biblian.is\/videy\/wp-json\/wp\/v2\/pages\/21476\/revisions"}],"wp:attachment":[{"href":"https:\/\/biblian.is\/videy\/wp-json\/wp\/v2\/media?parent=21476"}],"curies":[{"name":"wp","href":"https:\/\/api.w.org\/{rel}","templated":true}]}}