{"id":21458,"date":"2018-01-02T01:02:07","date_gmt":"2018-01-02T01:02:07","guid":{"rendered":"http:\/\/biblian.is\/videy\/salmarnir-131-kafli\/"},"modified":"2018-01-02T01:02:07","modified_gmt":"2018-01-02T01:02:07","slug":"salmarnir-131-kafli","status":"publish","type":"page","link":"https:\/\/biblian.is\/videy\/salmarnir-131-kafli\/","title":{"rendered":"S\u00e1lmarnir 131. kafli"},"content":{"rendered":"<div class=\"fyrirsognVidey\">Au\u00f0m\u00fdkt. R\u00f3msemi. Von.<\/div>\n<p><a name=\"1\"><span class=\"versanumer\">1<\/span><\/a>Uppg\u00f6ngus\u00e1lmur Dav\u00ed\u00f0s. Drottinn! mitt hjarta er ekki drambsamt, og m\u00edn augu eru ekki st\u00f3rl\u00e1tleg, og eg f\u00e6st ei vi\u00f0 \u00fea\u00f0, sem ofmiki\u00f0 er fyrir mig, og m\u00e9r ofvaxi\u00f0.<a name=\"2\"><span class=\"versanumer\">2<\/span><\/a>Hefi eg ekki gj\u00f6rt s\u00e1l m\u00edna kyrrl\u00e1ta og r\u00f3lega; eins og barni\u00f0 vi\u00f0 m\u00f3\u00f0urinnar brj\u00f3st, \u00feegar \u00fea\u00f0 er vani\u00f0 af brj\u00f3sti, eins og \u00fea\u00f0 afvanda barn, svo er m\u00edn s\u00e1l \u00ed m\u00e9r. <br \/><a name=\"3\"><span class=\"versanumer\">3<\/span><\/a>Vona \u00e1 Drottin, \u00cdsrael! fr\u00e1 \u00fev\u00ed n\u00fa er og til eil\u00edfrar t\u00ed\u00f0ar.<\/p>\n<div class=\"footnoteVidey\"><\/div>\n","protected":false},"excerpt":{"rendered":"<p>Au\u00f0m\u00fdkt. R\u00f3msemi. Von. 1Uppg\u00f6ngus\u00e1lmur Dav\u00ed\u00f0s. Drottinn! mitt hjarta er ekki drambsamt, og m\u00edn augu eru ekki st\u00f3rl\u00e1tleg, og eg f\u00e6st ei vi\u00f0 \u00fea\u00f0, sem ofmiki\u00f0 er fyrir mig, og m\u00e9r ofvaxi\u00f0.2Hefi eg ekki gj\u00f6rt s\u00e1l m\u00edna kyrrl\u00e1ta og r\u00f3lega; eins og barni\u00f0 vi\u00f0 m\u00f3\u00f0urinnar brj\u00f3st, \u00feegar \u00fea\u00f0 er vani\u00f0 af brj\u00f3sti, eins og \u00fea\u00f0 afvanda barn, svo er m\u00edn s\u00e1l \u00ed m\u00e9r. 3Vona \u00e1 Drottin, \u00cdsrael! fr\u00e1 \u00fev\u00ed n\u00fa er og til eil\u00edfrar t\u00ed\u00f0ar.<\/p>\n","protected":false},"author":1,"featured_media":0,"parent":0,"menu_order":0,"comment_status":"open","ping_status":"open","template":"bibliukaflar.php","meta":{"footnotes":""},"class_list":["post-21458","page","type-page","status-publish","hentry"],"_links":{"self":[{"href":"https:\/\/biblian.is\/videy\/wp-json\/wp\/v2\/pages\/21458","targetHints":{"allow":["GET"]}}],"collection":[{"href":"https:\/\/biblian.is\/videy\/wp-json\/wp\/v2\/pages"}],"about":[{"href":"https:\/\/biblian.is\/videy\/wp-json\/wp\/v2\/types\/page"}],"author":[{"embeddable":true,"href":"https:\/\/biblian.is\/videy\/wp-json\/wp\/v2\/users\/1"}],"replies":[{"embeddable":true,"href":"https:\/\/biblian.is\/videy\/wp-json\/wp\/v2\/comments?post=21458"}],"version-history":[{"count":0,"href":"https:\/\/biblian.is\/videy\/wp-json\/wp\/v2\/pages\/21458\/revisions"}],"wp:attachment":[{"href":"https:\/\/biblian.is\/videy\/wp-json\/wp\/v2\/media?parent=21458"}],"curies":[{"name":"wp","href":"https:\/\/api.w.org\/{rel}","templated":true}]}}