{"id":21454,"date":"2018-01-02T01:02:07","date_gmt":"2018-01-02T01:02:07","guid":{"rendered":"http:\/\/biblian.is\/videy\/salmarnir-127-kafli\/"},"modified":"2018-01-02T01:02:07","modified_gmt":"2018-01-02T01:02:07","slug":"salmarnir-127-kafli","status":"publish","type":"page","link":"https:\/\/biblian.is\/videy\/salmarnir-127-kafli\/","title":{"rendered":"S\u00e1lmarnir 127. kafli"},"content":{"rendered":"<div class=\"fyrirsognVidey\">Drottinn byggir h\u00fasi\u00f0. Gefur b\u00f6rn.<\/div>\n<p><a name=\"1\"><span class=\"versanumer\">1<\/span><\/a>Uppg\u00f6ngus\u00e1lmur af Sal\u00f3mon. Ef Drottinn byggir ekki h\u00fasi\u00f0, \u00fe\u00e1 erfi\u00f0a smi\u00f0irnir til einkis. Ef Drottinn vaktar ekki sta\u00f0inn, \u00fe\u00e1 vaka vaktararnir til \u00f3n\u00fdtis.<a name=\"2\"><span class=\"versanumer\">2<\/span><\/a>A\u00f0 \u00fearfleysu fari\u00f0 \u00fe\u00e9r snemma \u00e1 f\u00e6tur, og vaki\u00f0 lengi, eti\u00f0 y\u00f0ar brau\u00f0 sem afla\u00f0 er me\u00f0 v\u00edli; \u00fev\u00ed hann gefur s\u00ednum \u00e1stvinum \u00fea\u00f0 sama sofandi.<a name=\"3\"><span class=\"versanumer\">3<\/span><\/a>Sj\u00e1! b\u00f6rn eru Drottins gj\u00f6f. L\u00edfsins \u00e1v\u00f6xtur umbun.<a name=\"4\"><span class=\"versanumer\">4<\/span><\/a>Eins og p\u00edlur \u00ed hendi str\u00ed\u00f0smannsins, svo eru ungd\u00f3msins synir.<a name=\"5\"><span class=\"versanumer\">5<\/span><\/a>S\u00e6ll er s\u00e1 ma\u00f0ur sem hefir fyllt sitt p\u00edlnakoffur me\u00f0 \u00feeim; \u00feeir skulu ei ver\u00f0a til minnkunar \u00feegar \u00feeir tala vi\u00f0 s\u00edna \u00f3vini \u00ed portinu <span class='VideyAth'>(fyrir r\u00e9tti)<\/span>.<\/p>\n<div class=\"footnoteVidey\"><\/div>\n","protected":false},"excerpt":{"rendered":"<p>Drottinn byggir h\u00fasi\u00f0. Gefur b\u00f6rn. 1Uppg\u00f6ngus\u00e1lmur af Sal\u00f3mon. Ef Drottinn byggir ekki h\u00fasi\u00f0, \u00fe\u00e1 erfi\u00f0a smi\u00f0irnir til einkis. Ef Drottinn vaktar ekki sta\u00f0inn, \u00fe\u00e1 vaka vaktararnir til \u00f3n\u00fdtis.2A\u00f0 \u00fearfleysu fari\u00f0 \u00fe\u00e9r snemma \u00e1 f\u00e6tur, og vaki\u00f0 lengi, eti\u00f0 y\u00f0ar brau\u00f0 sem afla\u00f0 er me\u00f0 v\u00edli; \u00fev\u00ed hann gefur s\u00ednum \u00e1stvinum \u00fea\u00f0 sama sofandi.3Sj\u00e1! b\u00f6rn eru Drottins gj\u00f6f. L\u00edfsins \u00e1v\u00f6xtur umbun.4Eins og p\u00edlur \u00ed hendi str\u00ed\u00f0smannsins, svo eru ungd\u00f3msins synir.5S\u00e6ll er s\u00e1 ma\u00f0ur sem hefir fyllt sitt p\u00edlnakoffur me\u00f0 \u00feeim; \u00feeir skulu ei ver\u00f0a til minnkunar \u00feegar \u00feeir tala vi\u00f0 s\u00edna \u00f3vini \u00ed portinu (fyrir r\u00e9tti).<\/p>\n","protected":false},"author":1,"featured_media":0,"parent":0,"menu_order":0,"comment_status":"open","ping_status":"open","template":"bibliukaflar.php","meta":{"footnotes":""},"class_list":["post-21454","page","type-page","status-publish","hentry"],"_links":{"self":[{"href":"https:\/\/biblian.is\/videy\/wp-json\/wp\/v2\/pages\/21454","targetHints":{"allow":["GET"]}}],"collection":[{"href":"https:\/\/biblian.is\/videy\/wp-json\/wp\/v2\/pages"}],"about":[{"href":"https:\/\/biblian.is\/videy\/wp-json\/wp\/v2\/types\/page"}],"author":[{"embeddable":true,"href":"https:\/\/biblian.is\/videy\/wp-json\/wp\/v2\/users\/1"}],"replies":[{"embeddable":true,"href":"https:\/\/biblian.is\/videy\/wp-json\/wp\/v2\/comments?post=21454"}],"version-history":[{"count":0,"href":"https:\/\/biblian.is\/videy\/wp-json\/wp\/v2\/pages\/21454\/revisions"}],"wp:attachment":[{"href":"https:\/\/biblian.is\/videy\/wp-json\/wp\/v2\/media?parent=21454"}],"curies":[{"name":"wp","href":"https:\/\/api.w.org\/{rel}","templated":true}]}}