{"id":21435,"date":"2018-01-02T01:02:00","date_gmt":"2018-01-02T01:02:00","guid":{"rendered":"http:\/\/biblian.is\/videy\/salmarnir-108-kafli\/"},"modified":"2018-01-02T01:02:00","modified_gmt":"2018-01-02T01:02:00","slug":"salmarnir-108-kafli","status":"publish","type":"page","link":"https:\/\/biblian.is\/videy\/salmarnir-108-kafli\/","title":{"rendered":"S\u00e1lmarnir 108. kafli"},"content":{"rendered":"<div class=\"fyrirsognVidey\">(Sbr. S\u00e1lm. 57,8\u201312. 60,7\u201314).<\/div>\n<p><a name=\"1\"><span class=\"versanumer\">1<\/span><\/a>Lofs\u00e1lmur Dav\u00ed\u00f0s.<a name=\"2\"><span class=\"versanumer\">2<\/span><\/a>Rei\u00f0ub\u00fai\u00f0 er mitt hjarta, \u00f3 Gu\u00f0! eg vil syngja og fagna, og m\u00edn s\u00e1l vill l\u00edka gle\u00f0jast.<a name=\"3\"><span class=\"versanumer\">3<\/span><\/a>Vakna upp mitt hlj\u00f3\u00f0f\u00e6ri og harpa, eg vil vakna me\u00f0 morgunro\u00f0anum.<a name=\"4\"><span class=\"versanumer\">4<\/span><\/a>\u00deig vil eg vegsama, Drottinn! me\u00f0al f\u00f3lksins, eg vil syngja \u00fe\u00e9r lof me\u00f0al \u00fej\u00f3\u00f0anna.<a name=\"5\"><span class=\"versanumer\">5<\/span><\/a>\u00dev\u00ed \u00fe\u00edn miskunnsemi n\u00e6r til himins og \u00fe\u00edn tr\u00fafesti til sk\u00fdjanna.<a name=\"6\"><span class=\"versanumer\">6<\/span><\/a>Upplyft \u00fe\u00e9r, \u00f3 Gu\u00f0! yfir himnana, og \u00feinni d\u00fdr\u00f0 yfir alla j\u00f6r\u00f0ina.<a name=\"7\"><span class=\"versanumer\">7<\/span><\/a>Svo \u00fe\u00ednir elskulegu ver\u00f0i fr\u00eda\u00f0ir; hj\u00e1lpa \u00fe\u00fa me\u00f0 \u00feinni h\u00e6gri hendi og b\u00e6nheyr oss. <br \/><a name=\"8\"><span class=\"versanumer\">8<\/span><\/a>Gu\u00f0 tala\u00f0i \u00ed s\u00ednum helgid\u00f3mi, \u00fear fyrir gle\u00f0 eg mig, eg vil skipta Sikem og m\u00e6la dalinn S\u00fakot.<a name=\"9\"><span class=\"versanumer\">9<\/span><\/a>G\u00edlea\u00f0 tilheyrir m\u00e9r og Manasse; Efraim er hl\u00edf\u00f0 m\u00edns h\u00f6fu\u00f0s. J\u00fada er minn l\u00f6ggjafi,<a name=\"10\"><span class=\"versanumer\">10<\/span><\/a>M\u00f3ab er mitt \u00fevottaker, \u00ed Edom kasta eg m\u00ednum sk\u00f3m. Yfir Filisteum vil eg hlakka.<a name=\"11\"><span class=\"versanumer\">11<\/span><\/a>Hv\u00f6r mun flytja mig \u00ed \u00feann rambyggilega sta\u00f0? Hv\u00f6r mun lei\u00f0a mig til Edom?<a name=\"12\"><span class=\"versanumer\">12<\/span><\/a>Viltu ekki, \u00f3 Gu\u00f0! sem \u00fatsk\u00fafa\u00f0ir oss, og f\u00f3rst ekki \u00fat me\u00f0 vorum her?<a name=\"13\"><span class=\"versanumer\">13<\/span><\/a>Veittu oss hj\u00e1lp \u00ed ney\u00f0inni, \u00fev\u00ed \u00f3n\u00fdt er hj\u00e1lp mannanna!<a name=\"14\"><span class=\"versanumer\">14<\/span><\/a>Me\u00f0 Gu\u00f0s <span class='VideyAth'>(hj\u00e1lp)<\/span> skulum v\u00e9r vinna sigur, <span class='VideyAth'>(hreystiverk)<\/span>, og hann mun ni\u00f0urtro\u00f0a vora \u00f3vini. <\/p>\n<div class=\"footnoteVidey\"><\/div>\n","protected":false},"excerpt":{"rendered":"<p>(Sbr. S\u00e1lm. 57,8\u201312. 60,7\u201314). 1Lofs\u00e1lmur Dav\u00ed\u00f0s.2Rei\u00f0ub\u00fai\u00f0 er mitt hjarta, \u00f3 Gu\u00f0! eg vil syngja og fagna, og m\u00edn s\u00e1l vill l\u00edka gle\u00f0jast.3Vakna upp mitt hlj\u00f3\u00f0f\u00e6ri og harpa, eg vil vakna me\u00f0 morgunro\u00f0anum.4\u00deig vil eg vegsama, Drottinn! me\u00f0al f\u00f3lksins, eg vil syngja \u00fe\u00e9r lof me\u00f0al \u00fej\u00f3\u00f0anna.5\u00dev\u00ed \u00fe\u00edn miskunnsemi n\u00e6r til himins og \u00fe\u00edn tr\u00fafesti til sk\u00fdjanna.6Upplyft \u00fe\u00e9r, \u00f3 Gu\u00f0! yfir himnana, og \u00feinni d\u00fdr\u00f0 yfir alla j\u00f6r\u00f0ina.7Svo \u00fe\u00ednir elskulegu ver\u00f0i fr\u00eda\u00f0ir; hj\u00e1lpa \u00fe\u00fa me\u00f0 \u00feinni h\u00e6gri hendi og b\u00e6nheyr oss. 8Gu\u00f0 tala\u00f0i \u00ed s\u00ednum helgid\u00f3mi, \u00fear fyrir gle\u00f0 eg mig, eg vil skipta Sikem og m\u00e6la dalinn S\u00fakot.9G\u00edlea\u00f0 tilheyrir m\u00e9r og <a href=\"https:\/\/biblian.is\/videy\/salmarnir-108-kafli\/\"> [&#8230;]<\/a><\/p>\n","protected":false},"author":1,"featured_media":0,"parent":0,"menu_order":0,"comment_status":"open","ping_status":"open","template":"bibliukaflar.php","meta":{"footnotes":""},"class_list":["post-21435","page","type-page","status-publish","hentry"],"_links":{"self":[{"href":"https:\/\/biblian.is\/videy\/wp-json\/wp\/v2\/pages\/21435","targetHints":{"allow":["GET"]}}],"collection":[{"href":"https:\/\/biblian.is\/videy\/wp-json\/wp\/v2\/pages"}],"about":[{"href":"https:\/\/biblian.is\/videy\/wp-json\/wp\/v2\/types\/page"}],"author":[{"embeddable":true,"href":"https:\/\/biblian.is\/videy\/wp-json\/wp\/v2\/users\/1"}],"replies":[{"embeddable":true,"href":"https:\/\/biblian.is\/videy\/wp-json\/wp\/v2\/comments?post=21435"}],"version-history":[{"count":0,"href":"https:\/\/biblian.is\/videy\/wp-json\/wp\/v2\/pages\/21435\/revisions"}],"wp:attachment":[{"href":"https:\/\/biblian.is\/videy\/wp-json\/wp\/v2\/media?parent=21435"}],"curies":[{"name":"wp","href":"https:\/\/api.w.org\/{rel}","templated":true}]}}