{"id":21428,"date":"2018-01-02T01:01:54","date_gmt":"2018-01-02T01:01:54","guid":{"rendered":"http:\/\/biblian.is\/videy\/salmarnir-101-kafli\/"},"modified":"2018-01-02T01:01:54","modified_gmt":"2018-01-02T01:01:54","slug":"salmarnir-101-kafli","status":"publish","type":"page","link":"https:\/\/biblian.is\/videy\/salmarnir-101-kafli\/","title":{"rendered":"S\u00e1lmarnir 101. kafli"},"content":{"rendered":"<div class=\"fyrirsognVidey\">G\u00f3\u00f0 \u00e1form k\u00f3ngsins.<\/div>\n<p><a name=\"1\"><span class=\"versanumer\">1<\/span><\/a>Dav\u00ed\u00f0slj\u00f3\u00f0. Um g\u00f3\u00f0semi og r\u00e9ttv\u00edsi vil eg syngja, fyrir \u00fe\u00e9r, \u00f3 Drottinn! vil eg leika.<a name=\"2\"><span class=\"versanumer\">2<\/span><\/a>Eg vil taka eftir vegi hinna r\u00e1\u00f0v\u00f6ndu, \u00fe\u00e1 kemur \u00fe\u00fa til m\u00edn; eg vil framganga \u00ed r\u00e1\u00f0vendni m\u00edns hjarta, innst \u00ed m\u00ednu h\u00fasi.<a name=\"3\"><span class=\"versanumer\">3<\/span><\/a>Ekkert illt verk vil eg setja m\u00e9r fyrir augs\u00fdn, yfirtro\u00f0slur hata eg. \u00de\u00e6r skulu ei vi\u00f0 mig festast.<a name=\"4\"><span class=\"versanumer\">4<\/span><\/a>\u00d3heilt hjarta skal v\u00edkja fr\u00e1 m\u00e9r, \u00feann vonda vil eg ekki \u00feekkja.<a name=\"5\"><span class=\"versanumer\">5<\/span><\/a>Hv\u00f6rn sem baktalar sinn n\u00e1unga leynilega, vil eg afm\u00e1, \u00feann stolta og drambl\u00e1ta vil eg ekki l\u00ed\u00f0a.<a name=\"6\"><span class=\"versanumer\">6<\/span><\/a>M\u00edn augu skulu leita eftir \u00feeim tr\u00faf\u00f6stu \u00ed landinu, a\u00f0 \u00feeir b\u00fai hj\u00e1 m\u00e9r, hv\u00f6r sem gengur \u00e1 r\u00e1\u00f0vendnisvegi, hann skal ver\u00f0a minn \u00fe\u00e9nari.<a name=\"7\"><span class=\"versanumer\">7<\/span><\/a>S\u00e1 sem a\u00f0hefst pretti, skal ekki vera \u00ed m\u00ednu h\u00fasi, hv\u00f6r sem talar lygi skal ekki standast fyrir m\u00ednum augum.<a name=\"8\"><span class=\"versanumer\">8<\/span><\/a>Hv\u00f6rn dag vil eg afm\u00e1 allan \u00f3gu\u00f0legleika \u00ed landinu, \u00fatry\u00f0ja \u00far Drottins borg \u00f6llum \u00feeim, sem i\u00f0ka rangindi.<\/p>\n<div class=\"footnoteVidey\"><\/div>\n","protected":false},"excerpt":{"rendered":"<p>G\u00f3\u00f0 \u00e1form k\u00f3ngsins. 1Dav\u00ed\u00f0slj\u00f3\u00f0. Um g\u00f3\u00f0semi og r\u00e9ttv\u00edsi vil eg syngja, fyrir \u00fe\u00e9r, \u00f3 Drottinn! vil eg leika.2Eg vil taka eftir vegi hinna r\u00e1\u00f0v\u00f6ndu, \u00fe\u00e1 kemur \u00fe\u00fa til m\u00edn; eg vil framganga \u00ed r\u00e1\u00f0vendni m\u00edns hjarta, innst \u00ed m\u00ednu h\u00fasi.3Ekkert illt verk vil eg setja m\u00e9r fyrir augs\u00fdn, yfirtro\u00f0slur hata eg. \u00de\u00e6r skulu ei vi\u00f0 mig festast.4\u00d3heilt hjarta skal v\u00edkja fr\u00e1 m\u00e9r, \u00feann vonda vil eg ekki \u00feekkja.5Hv\u00f6rn sem baktalar sinn n\u00e1unga leynilega, vil eg afm\u00e1, \u00feann stolta og drambl\u00e1ta vil eg ekki l\u00ed\u00f0a.6M\u00edn augu skulu leita eftir \u00feeim tr\u00faf\u00f6stu \u00ed landinu, a\u00f0 \u00feeir b\u00fai hj\u00e1 m\u00e9r, hv\u00f6r sem gengur <a href=\"https:\/\/biblian.is\/videy\/salmarnir-101-kafli\/\"> [&#8230;]<\/a><\/p>\n","protected":false},"author":1,"featured_media":0,"parent":0,"menu_order":0,"comment_status":"open","ping_status":"open","template":"bibliukaflar.php","meta":{"footnotes":""},"class_list":["post-21428","page","type-page","status-publish","hentry"],"_links":{"self":[{"href":"https:\/\/biblian.is\/videy\/wp-json\/wp\/v2\/pages\/21428","targetHints":{"allow":["GET"]}}],"collection":[{"href":"https:\/\/biblian.is\/videy\/wp-json\/wp\/v2\/pages"}],"about":[{"href":"https:\/\/biblian.is\/videy\/wp-json\/wp\/v2\/types\/page"}],"author":[{"embeddable":true,"href":"https:\/\/biblian.is\/videy\/wp-json\/wp\/v2\/users\/1"}],"replies":[{"embeddable":true,"href":"https:\/\/biblian.is\/videy\/wp-json\/wp\/v2\/comments?post=21428"}],"version-history":[{"count":0,"href":"https:\/\/biblian.is\/videy\/wp-json\/wp\/v2\/pages\/21428\/revisions"}],"wp:attachment":[{"href":"https:\/\/biblian.is\/videy\/wp-json\/wp\/v2\/media?parent=21428"}],"curies":[{"name":"wp","href":"https:\/\/api.w.org\/{rel}","templated":true}]}}