{"id":21414,"date":"2018-01-02T01:01:54","date_gmt":"2018-01-02T01:01:54","guid":{"rendered":"http:\/\/biblian.is\/videy\/salmarnir-87-kafli\/"},"modified":"2018-01-02T01:01:54","modified_gmt":"2018-01-02T01:01:54","slug":"salmarnir-87-kafli","status":"publish","type":"page","link":"https:\/\/biblian.is\/videy\/salmarnir-87-kafli\/","title":{"rendered":"S\u00e1lmarnir 87. kafli"},"content":{"rendered":"<div class=\"fyrirsognVidey\">S\u00edons vegsemd.<\/div>\n<p><a name=\"1\"><span class=\"versanumer\">1<\/span><\/a>Lofs\u00f6ngur fyrir Koras b\u00f6rn. Hennar, <span class='VideyAth'>(Jer\u00fasalems)<\/span> grundv\u00f6llur hv\u00edlir \u00e1 \u00fev\u00ed heilaga fjalli.<a name=\"2\"><span class=\"versanumer\">2<\/span><\/a>Drottinn elskar S\u00edons hli\u00f0 fram yfir alla Jakobs b\u00fasta\u00f0i.<a name=\"3\"><span class=\"versanumer\">3<\/span><\/a>D\u00fdr\u00f0lega er um \u00feig tala\u00f0, \u00fe\u00fa Gu\u00f0s borg! <span class='VideyAth'>(m\u00e1lhv\u00edld)<\/span>.<a name=\"4\"><span class=\"versanumer\">4<\/span><\/a>Eg vil minnast \u00e1 Egyptaland og Babel me\u00f0al \u00feeirra sem \u00feekkja mig, sj\u00e1! \u00fea\u00f0 skal heita um Filistea og tyriska samt morlenska, \u00feeir eru h\u00e9r f\u00e6ddir <span class='VideyAth'>a)<\/span>.<a name=\"5\"><span class=\"versanumer\">5<\/span><\/a>Og um S\u00edon skal sungi\u00f0 ver\u00f0a: \u00feessi og hinn er h\u00e9r f\u00e6ddur, og s\u00e1 \u00e6\u00f0sti mun \u00fea\u00f0 sanna.<a name=\"6\"><span class=\"versanumer\">6<\/span><\/a>Drottinn mun telja \u00fe\u00e1, \u00feegar hann innskrifar f\u00f3lki\u00f0 og segja: \u00feessi er f\u00e6ddur h\u00e9r <span class='VideyAth'>(m\u00e1lhv\u00edld)<\/span>.<a name=\"7\"><span class=\"versanumer\">7<\/span><\/a>Og \u00feeir sem syngja, og \u00feeir sem dansa, munu segja: allar m\u00ednar uppsprettur eru \u00ed \u00fe\u00e9r.<\/p>\n<div class=\"footnoteVidey\">V. 4. a. \u00deeir skulu f\u00e1 Gy\u00f0ingar\u00e9tt.<\/div>\n","protected":false},"excerpt":{"rendered":"<p>S\u00edons vegsemd. 1Lofs\u00f6ngur fyrir Koras b\u00f6rn. Hennar, (Jer\u00fasalems) grundv\u00f6llur hv\u00edlir \u00e1 \u00fev\u00ed heilaga fjalli.2Drottinn elskar S\u00edons hli\u00f0 fram yfir alla Jakobs b\u00fasta\u00f0i.3D\u00fdr\u00f0lega er um \u00feig tala\u00f0, \u00fe\u00fa Gu\u00f0s borg! (m\u00e1lhv\u00edld).4Eg vil minnast \u00e1 Egyptaland og Babel me\u00f0al \u00feeirra sem \u00feekkja mig, sj\u00e1! \u00fea\u00f0 skal heita um Filistea og tyriska samt morlenska, \u00feeir eru h\u00e9r f\u00e6ddir a).5Og um S\u00edon skal sungi\u00f0 ver\u00f0a: \u00feessi og hinn er h\u00e9r f\u00e6ddur, og s\u00e1 \u00e6\u00f0sti mun \u00fea\u00f0 sanna.6Drottinn mun telja \u00fe\u00e1, \u00feegar hann innskrifar f\u00f3lki\u00f0 og segja: \u00feessi er f\u00e6ddur h\u00e9r (m\u00e1lhv\u00edld).7Og \u00feeir sem syngja, og \u00feeir sem dansa, munu segja: allar m\u00ednar uppsprettur eru <a href=\"https:\/\/biblian.is\/videy\/salmarnir-87-kafli\/\"> [&#8230;]<\/a><\/p>\n","protected":false},"author":1,"featured_media":0,"parent":0,"menu_order":0,"comment_status":"open","ping_status":"open","template":"bibliukaflar.php","meta":{"footnotes":""},"class_list":["post-21414","page","type-page","status-publish","hentry"],"_links":{"self":[{"href":"https:\/\/biblian.is\/videy\/wp-json\/wp\/v2\/pages\/21414","targetHints":{"allow":["GET"]}}],"collection":[{"href":"https:\/\/biblian.is\/videy\/wp-json\/wp\/v2\/pages"}],"about":[{"href":"https:\/\/biblian.is\/videy\/wp-json\/wp\/v2\/types\/page"}],"author":[{"embeddable":true,"href":"https:\/\/biblian.is\/videy\/wp-json\/wp\/v2\/users\/1"}],"replies":[{"embeddable":true,"href":"https:\/\/biblian.is\/videy\/wp-json\/wp\/v2\/comments?post=21414"}],"version-history":[{"count":0,"href":"https:\/\/biblian.is\/videy\/wp-json\/wp\/v2\/pages\/21414\/revisions"}],"wp:attachment":[{"href":"https:\/\/biblian.is\/videy\/wp-json\/wp\/v2\/media?parent=21414"}],"curies":[{"name":"wp","href":"https:\/\/api.w.org\/{rel}","templated":true}]}}