{"id":21407,"date":"2018-01-02T01:01:48","date_gmt":"2018-01-02T01:01:48","guid":{"rendered":"http:\/\/biblian.is\/videy\/salmarnir-80-kafli\/"},"modified":"2018-01-02T01:01:48","modified_gmt":"2018-01-02T01:01:48","slug":"salmarnir-80-kafli","status":"publish","type":"page","link":"https:\/\/biblian.is\/videy\/salmarnir-80-kafli\/","title":{"rendered":"S\u00e1lmarnir 80. kafli"},"content":{"rendered":"<div class=\"fyrirsognVidey\">B\u00e6n um \u00cdsraels var\u00f0veislu.<\/div>\n<p><a name=\"1\"><span class=\"versanumer\">1<\/span><\/a>Til hlj\u00f3\u00f0f\u00e6rameistarans; \u00e1 s\u00f3sannim ed\u00fat. S\u00e1lmur af Asaf.<a name=\"2\"><span class=\"versanumer\">2<\/span><\/a>Heyr \u00fe\u00fa \u00cdsraels hir\u00f0ir, \u00fe\u00fa sem hefur ker\u00faba fyrir h\u00e1s\u00e6ti, s\u00fdndu \u00feig d\u00fdr\u00f0legan!<a name=\"3\"><span class=\"versanumer\">3<\/span><\/a>Votta \u00fe\u00fa \u00feitt veldi, Efraim, Benjam\u00edn og Manasse, og kom oss til hj\u00e1lpar.<a name=\"4\"><span class=\"versanumer\">4<\/span><\/a>Gu\u00f0! l\u00e1ttu oss r\u00e9tta vi\u00f0 aftur, og l\u00e1t \u00feitt andlit l\u00fdsa, \u00fe\u00e1 ver\u00f0um v\u00e9r h\u00f3lpnir.<a name=\"5\"><span class=\"versanumer\">5<\/span><\/a>Drottinn, herskaranna Gu\u00f0! hv\u00f6rsu lengi rei\u00f0ist \u00fe\u00fa, \u00fe\u00f3 \u00feitt f\u00f3lk bi\u00f0ji.<a name=\"6\"><span class=\"versanumer\">6<\/span><\/a>\u00de\u00fa f\u00e6\u00f0ir \u00fe\u00e1 me\u00f0 harmabrau\u00f0i, og \u00ferefaldan t\u00e1ram\u00e6lir gefur \u00fe\u00fa \u00feeim a\u00f0 drekka.<a name=\"7\"><span class=\"versanumer\">7<\/span><\/a>\u00de\u00fa gj\u00f6rir oss a\u00f0 \u00fer\u00e6tuepli vorra n\u00e1b\u00faa, og vorir \u00f3vinir h\u00e6\u00f0a oss s\u00edn \u00e1 milli.<a name=\"8\"><span class=\"versanumer\">8<\/span><\/a>Herskaranna Gu\u00f0! l\u00e1t oss r\u00e9tta vi\u00f0 aftur, og \u00feitt andlit l\u00fdsa, a\u00f0 v\u00e9r ver\u00f0um h\u00f3lpnir!<a name=\"9\"><span class=\"versanumer\">9<\/span><\/a>V\u00ednvi\u00f0 fluttir \u00fe\u00fa af Egyptalandi, rakst \u00fat \u00fej\u00f3\u00f0irnar og planta\u00f0ir hann;<a name=\"10\"><span class=\"versanumer\">10<\/span><\/a>\u00fe\u00fa ruddir landi\u00f0 fyrir hann, og l\u00e9st hann r\u00f3tfestast, og hann uppfyllti landi\u00f0.<a name=\"11\"><span class=\"versanumer\">11<\/span><\/a>Fj\u00f6llin eru hulin me\u00f0 hans skugga, og me\u00f0 hans greinum, sedrustr\u00e9n Gu\u00f0s.<a name=\"12\"><span class=\"versanumer\">12<\/span><\/a>Hann \u00fat\u00feandi s\u00ednar greinir til hafsins og s\u00ednar v\u00edn\u00fer\u00fagur til \u00e1rinnar, \u00fe. e. Evfrat.<a name=\"13\"><span class=\"versanumer\">13<\/span><\/a>\u00dev\u00ed hefir \u00fe\u00fa ni\u00f0urrifi\u00f0 gir\u00f0inguna \u00ed kringum hann, svo a\u00f0 allir sem fara framhj\u00e1 um veginn, plokka af honum?<a name=\"14\"><span class=\"versanumer\">14<\/span><\/a>Sk\u00f3garins sv\u00edn r\u00f3ta \u00ed kringum hann, og merkurinnar villid\u00fdr naga hann.<a name=\"15\"><span class=\"versanumer\">15<\/span><\/a>Herskaranna Gu\u00f0! sn\u00fa\u00f0u \u00fe\u00e9r vi\u00f0, l\u00edttu ni\u00f0ur af himni og sj\u00e1\u00f0u, og horf \u00fe\u00fa \u00e1 \u00feennan v\u00ednvi\u00f0.<a name=\"16\"><span class=\"versanumer\">16<\/span><\/a>Vernda\u00f0u \u00fea\u00f0 sem \u00fe\u00edn h\u00e6gri h\u00f6nd planta\u00f0i, og \u00feann son sem \u00fe\u00fa \u00fatvaldir.<a name=\"17\"><span class=\"versanumer\">17<\/span><\/a>Hann <span class='VideyAth'>(v\u00ednvi\u00f0urinn)<\/span>, er uppbrenndur me\u00f0 eldi, hann er upph\u00f6gginn, \u00feeir tort\u00ednast fyrir \u00fe\u00ednu h\u00f3tandi augliti.<a name=\"18\"><span class=\"versanumer\">18<\/span><\/a>\u00de\u00edn h\u00f6nd s\u00e9 yfir \u00feeim manni, sem \u00fe\u00edn h\u00e6gri h\u00f6nd frelsa\u00f0i, yfir \u00feeim mannsins syni sem \u00fe\u00fa valdir \u00fe\u00e9r.<a name=\"19\"><span class=\"versanumer\">19<\/span><\/a>\u00de\u00e1 munum v\u00e9r ekki v\u00edkja fr\u00e1 \u00fe\u00e9r, l\u00edfga oss aftur, og v\u00e9r munum \u00e1kalla \u00feitt nafn.<a name=\"20\"><span class=\"versanumer\">20<\/span><\/a>Drottinn, herskaranna Gu\u00f0! l\u00e1ttu oss r\u00e9tta vi\u00f0 og \u00feitt andlit l\u00fdsa, \u00fe\u00e1 ver\u00f0um v\u00e9r h\u00f3lpnir.<\/p>\n<div class=\"footnoteVidey\"><\/div>\n","protected":false},"excerpt":{"rendered":"<p>B\u00e6n um \u00cdsraels var\u00f0veislu. 1Til hlj\u00f3\u00f0f\u00e6rameistarans; \u00e1 s\u00f3sannim ed\u00fat. S\u00e1lmur af Asaf.2Heyr \u00fe\u00fa \u00cdsraels hir\u00f0ir, \u00fe\u00fa sem hefur ker\u00faba fyrir h\u00e1s\u00e6ti, s\u00fdndu \u00feig d\u00fdr\u00f0legan!3Votta \u00fe\u00fa \u00feitt veldi, Efraim, Benjam\u00edn og Manasse, og kom oss til hj\u00e1lpar.4Gu\u00f0! l\u00e1ttu oss r\u00e9tta vi\u00f0 aftur, og l\u00e1t \u00feitt andlit l\u00fdsa, \u00fe\u00e1 ver\u00f0um v\u00e9r h\u00f3lpnir.5Drottinn, herskaranna Gu\u00f0! hv\u00f6rsu lengi rei\u00f0ist \u00fe\u00fa, \u00fe\u00f3 \u00feitt f\u00f3lk bi\u00f0ji.6\u00de\u00fa f\u00e6\u00f0ir \u00fe\u00e1 me\u00f0 harmabrau\u00f0i, og \u00ferefaldan t\u00e1ram\u00e6lir gefur \u00fe\u00fa \u00feeim a\u00f0 drekka.7\u00de\u00fa gj\u00f6rir oss a\u00f0 \u00fer\u00e6tuepli vorra n\u00e1b\u00faa, og vorir \u00f3vinir h\u00e6\u00f0a oss s\u00edn \u00e1 milli.8Herskaranna Gu\u00f0! l\u00e1t oss r\u00e9tta vi\u00f0 aftur, og \u00feitt andlit l\u00fdsa, a\u00f0 v\u00e9r ver\u00f0um h\u00f3lpnir!9V\u00ednvi\u00f0 <a href=\"https:\/\/biblian.is\/videy\/salmarnir-80-kafli\/\"> [&#8230;]<\/a><\/p>\n","protected":false},"author":1,"featured_media":0,"parent":0,"menu_order":0,"comment_status":"open","ping_status":"open","template":"bibliukaflar.php","meta":{"footnotes":""},"class_list":["post-21407","page","type-page","status-publish","hentry"],"_links":{"self":[{"href":"https:\/\/biblian.is\/videy\/wp-json\/wp\/v2\/pages\/21407","targetHints":{"allow":["GET"]}}],"collection":[{"href":"https:\/\/biblian.is\/videy\/wp-json\/wp\/v2\/pages"}],"about":[{"href":"https:\/\/biblian.is\/videy\/wp-json\/wp\/v2\/types\/page"}],"author":[{"embeddable":true,"href":"https:\/\/biblian.is\/videy\/wp-json\/wp\/v2\/users\/1"}],"replies":[{"embeddable":true,"href":"https:\/\/biblian.is\/videy\/wp-json\/wp\/v2\/comments?post=21407"}],"version-history":[{"count":0,"href":"https:\/\/biblian.is\/videy\/wp-json\/wp\/v2\/pages\/21407\/revisions"}],"wp:attachment":[{"href":"https:\/\/biblian.is\/videy\/wp-json\/wp\/v2\/media?parent=21407"}],"curies":[{"name":"wp","href":"https:\/\/api.w.org\/{rel}","templated":true}]}}