{"id":21404,"date":"2018-01-02T01:01:48","date_gmt":"2018-01-02T01:01:48","guid":{"rendered":"http:\/\/biblian.is\/videy\/salmarnir-77-kafli\/"},"modified":"2018-01-02T01:01:48","modified_gmt":"2018-01-02T01:01:48","slug":"salmarnir-77-kafli","status":"publish","type":"page","link":"https:\/\/biblian.is\/videy\/salmarnir-77-kafli\/","title":{"rendered":"S\u00e1lmarnir 77. kafli"},"content":{"rendered":"<div class=\"fyrirsognVidey\">Huggunars\u00e1lmur.<\/div>\n<p><a name=\"1\"><span class=\"versanumer\">1<\/span><\/a>Til hlj\u00f3\u00f0f\u00e6rameistarans, fyrir Jedutuna. Asafs s\u00f6ngur.<a name=\"2\"><span class=\"versanumer\">2<\/span><\/a>Eg hr\u00f3pa til Gu\u00f0s og bi\u00f0, eg kalla til Gu\u00f0s, og hann mun leggja vi\u00f0 eyra\u00f0.<a name=\"3\"><span class=\"versanumer\">3<\/span><\/a>\u00c1 m\u00ednum m\u00e6\u00f0udegi leita eg Drottins, m\u00edn h\u00f6nd er \u00fatr\u00e9tt \u00e1 n\u00f3ttunni, og \u00fereytist ekki; m\u00edn s\u00e6l f\u00e6rist undan huggun.<a name=\"4\"><span class=\"versanumer\">4<\/span><\/a>Eg hugsa til Gu\u00f0s og andvarpa, \u00edgrunda, og minn andi vanmegna\u00f0ist. <span class='VideyAth'>(M\u00e1lhv\u00edld)<\/span>.<a name=\"5\"><span class=\"versanumer\">5<\/span><\/a>\u00de\u00fa heldur m\u00ednum augum vakandi, eg er \u00e1hyggjufullur og tala ekki.<a name=\"6\"><span class=\"versanumer\">6<\/span><\/a>Eg hugsa til fyrri daganna, og \u00feeirra \u00e1ra sem fyrir l\u00f6ngu eru li\u00f0in.<a name=\"7\"><span class=\"versanumer\">7<\/span><\/a>Eg hugsa til m\u00edns lofs\u00f6ngs \u00e1 n\u00f3ttunni, og \u00edgrunda \u00ed m\u00ednu hjarta, minn andi rannsakar:<a name=\"8\"><span class=\"versanumer\">8<\/span><\/a>\u00e6tla a\u00f0 Drottinn \u00fatsk\u00fafi \u00fe\u00e1 eil\u00edflega? og hafi aldrei meir vel\u00fe\u00f3knan \u00e1 oss?<a name=\"9\"><span class=\"versanumer\">9<\/span><\/a>Hefir hans miskunn a\u00f0 eil\u00edfu fengi\u00f0 enda? breg\u00f0ast hans fyrirheit fr\u00e1 kyni til kyns?<a name=\"10\"><span class=\"versanumer\">10<\/span><\/a>Hefir Gu\u00f0 gleymt sinni n\u00e1\u00f0? ellegar hefir hann fali\u00f0 s\u00edna miskunnsemi me\u00f0 rei\u00f0i? <span class='VideyAth'>(M\u00e1lhv\u00edld)<\/span>. <br \/><a name=\"11\"><span class=\"versanumer\">11<\/span><\/a>\u00de\u00e1 sag\u00f0i eg: \u00feetta er minn breyskleiki. \u00cd hendi hins \u00e6\u00f0sta er a\u00f0 umbreyta \u00feessu.<a name=\"12\"><span class=\"versanumer\">12<\/span><\/a>Eg vil minnast \u00e1 verkin Drottins! j\u00e1, eg skal muna til undranna \u00e1 fyrri t\u00ed\u00f0um.<a name=\"13\"><span class=\"versanumer\">13<\/span><\/a>Eg skal yfirvega \u00f6ll \u00fe\u00edn verk og hugsa um \u00fe\u00ednar framkv\u00e6mdir.<a name=\"14\"><span class=\"versanumer\">14<\/span><\/a>\u00d3 Gu\u00f0! heilagir eru \u00fe\u00ednir vegir, hv\u00f6r Gu\u00f0 er svo mikill sem <span class='VideyAth'>(vor)<\/span> Gu\u00f0?<a name=\"15\"><span class=\"versanumer\">15<\/span><\/a>\u00de\u00fa ert s\u00e1 Gu\u00f0, sem gj\u00f6rir d\u00e1semdarverkin? \u00fe\u00fa hefir kunngj\u00f6rt \u00feinn m\u00e1tt me\u00f0al f\u00f3lksins.<a name=\"16\"><span class=\"versanumer\">16<\/span><\/a>\u00de\u00fa frelsa\u00f0ir \u00feitt f\u00f3lk me\u00f0 \u00fe\u00ednum sterka armi, Jakobs og J\u00f3seps b\u00f6rn.<a name=\"17\"><span class=\"versanumer\">17<\/span><\/a>V\u00f6tnin s\u00e1u \u00feig, Gu\u00f0! v\u00f6tnin s\u00e1u \u00feig og bifu\u00f0ust; j\u00e1! undirdj\u00fapin skulfu.<a name=\"18\"><span class=\"versanumer\">18<\/span><\/a>Sk\u00fdin \u00fathelltu vatni, \u00ed himninum t\u00f3k undir af \u00ferumunum; \u00fe\u00ednar \u00f6rvar flugu.<a name=\"19\"><span class=\"versanumer\">19<\/span><\/a>Rei\u00f0arsl\u00f6g dunu\u00f0u \u00ed loftinu, eldingar uppl\u00fdstu jar\u00f0r\u00edki\u00f0, j\u00f6r\u00f0in skalf og n\u00f6tra\u00f0i.<a name=\"20\"><span class=\"versanumer\">20<\/span><\/a>Um hafi\u00f0 l\u00e1 \u00fe\u00edn lei\u00f0, og \u00feinn st\u00edgur um miki\u00f0 vatn, og \u00fe\u00edn spor s\u00e1ust ekki.<a name=\"21\"><span class=\"versanumer\">21<\/span><\/a>\u00de\u00fa leiddir \u00feitt f\u00f3lk, eins og hj\u00f6r\u00f0 me\u00f0 M\u00f3sis og Arons h\u00f6nd.<\/p>\n<div class=\"footnoteVidey\"><\/div>\n","protected":false},"excerpt":{"rendered":"<p>Huggunars\u00e1lmur. 1Til hlj\u00f3\u00f0f\u00e6rameistarans, fyrir Jedutuna. Asafs s\u00f6ngur.2Eg hr\u00f3pa til Gu\u00f0s og bi\u00f0, eg kalla til Gu\u00f0s, og hann mun leggja vi\u00f0 eyra\u00f0.3\u00c1 m\u00ednum m\u00e6\u00f0udegi leita eg Drottins, m\u00edn h\u00f6nd er \u00fatr\u00e9tt \u00e1 n\u00f3ttunni, og \u00fereytist ekki; m\u00edn s\u00e6l f\u00e6rist undan huggun.4Eg hugsa til Gu\u00f0s og andvarpa, \u00edgrunda, og minn andi vanmegna\u00f0ist. (M\u00e1lhv\u00edld).5\u00de\u00fa heldur m\u00ednum augum vakandi, eg er \u00e1hyggjufullur og tala ekki.6Eg hugsa til fyrri daganna, og \u00feeirra \u00e1ra sem fyrir l\u00f6ngu eru li\u00f0in.7Eg hugsa til m\u00edns lofs\u00f6ngs \u00e1 n\u00f3ttunni, og \u00edgrunda \u00ed m\u00ednu hjarta, minn andi rannsakar:8\u00e6tla a\u00f0 Drottinn \u00fatsk\u00fafi \u00fe\u00e1 eil\u00edflega? og hafi aldrei meir vel\u00fe\u00f3knan \u00e1 oss?9Hefir <a href=\"https:\/\/biblian.is\/videy\/salmarnir-77-kafli\/\"> [&#8230;]<\/a><\/p>\n","protected":false},"author":1,"featured_media":0,"parent":0,"menu_order":0,"comment_status":"open","ping_status":"open","template":"bibliukaflar.php","meta":{"footnotes":""},"class_list":["post-21404","page","type-page","status-publish","hentry"],"_links":{"self":[{"href":"https:\/\/biblian.is\/videy\/wp-json\/wp\/v2\/pages\/21404","targetHints":{"allow":["GET"]}}],"collection":[{"href":"https:\/\/biblian.is\/videy\/wp-json\/wp\/v2\/pages"}],"about":[{"href":"https:\/\/biblian.is\/videy\/wp-json\/wp\/v2\/types\/page"}],"author":[{"embeddable":true,"href":"https:\/\/biblian.is\/videy\/wp-json\/wp\/v2\/users\/1"}],"replies":[{"embeddable":true,"href":"https:\/\/biblian.is\/videy\/wp-json\/wp\/v2\/comments?post=21404"}],"version-history":[{"count":0,"href":"https:\/\/biblian.is\/videy\/wp-json\/wp\/v2\/pages\/21404\/revisions"}],"wp:attachment":[{"href":"https:\/\/biblian.is\/videy\/wp-json\/wp\/v2\/media?parent=21404"}],"curies":[{"name":"wp","href":"https:\/\/api.w.org\/{rel}","templated":true}]}}