{"id":21400,"date":"2018-01-02T01:01:48","date_gmt":"2018-01-02T01:01:48","guid":{"rendered":"http:\/\/biblian.is\/videy\/salmarnir-73-kafli\/"},"modified":"2018-01-02T01:01:48","modified_gmt":"2018-01-02T01:01:48","slug":"salmarnir-73-kafli","status":"publish","type":"page","link":"https:\/\/biblian.is\/videy\/salmarnir-73-kafli\/","title":{"rendered":"S\u00e1lmarnir 73. kafli"},"content":{"rendered":"<div class=\"fyrirsognVidey\">Kj\u00f6r gu\u00f0hr\u00e6ddra og gu\u00f0lausra.<\/div>\n<p><a name=\"1\"><span class=\"versanumer\">1<\/span><\/a>S\u00e1lmur Asafs. J\u00e1 g\u00f3\u00f0ur er Gu\u00f0 vi\u00f0 \u00cdsrael, vi\u00f0 \u00fe\u00e1 hreinhj\u00f6rtu\u00f0u.<a name=\"2\"><span class=\"versanumer\">2<\/span><\/a>En\u2014\u00fea\u00f0 vanta\u00f0i l\u00edti\u00f0 \u00e1 a\u00f0 m\u00ednir f\u00e6tur beyg\u00f0u af lei\u00f0, l\u00edti\u00f0 \u00e1, a\u00f0 m\u00e9r skrika\u00f0i f\u00f3tur.<a name=\"3\"><span class=\"versanumer\">3<\/span><\/a>\u00dev\u00ed eg \u00f6funda\u00f0i \u00fe\u00e1 drambl\u00e1tu \u00feegar eg s\u00e1 velgengni hinna \u00f3gu\u00f0legu.<a name=\"4\"><span class=\"versanumer\">4<\/span><\/a>\u00dev\u00ed allt til dau\u00f0ans hittir \u00fe\u00e1 ekkert m\u00f3tl\u00e6ti, og l\u00edkami \u00feeirra er vel metta\u00f0ur;<a name=\"5\"><span class=\"versanumer\">5<\/span><\/a>\u00ed m\u00e6\u00f0u rata \u00feeir ekki eins og a\u00f0rir menn, og pl\u00e1gast ekki eins og a\u00f0rir dau\u00f0legir.<a name=\"6\"><span class=\"versanumer\">6<\/span><\/a>\u00deeirra h\u00e1lske\u00f0ja er \u00fev\u00ed drambsemi, og ofbeldi bera \u00feeir \u00e1 s\u00e9r eins og skart.<a name=\"7\"><span class=\"versanumer\">7<\/span><\/a>\u00deeirra andlit er uppb\u00f3lgi\u00f0 af fitu, \u00feeirra hjartans hugsanir komu djarflega fram.<a name=\"8\"><span class=\"versanumer\">8<\/span><\/a>\u00deeir h\u00e6\u00f0a, og kunngj\u00f6ra undir\u00ferykking \u00ed sinni vonsku, fr\u00e1 h\u00e6\u00f0inni tala \u00feeir ni\u00f0ur fyrir sig.<a name=\"9\"><span class=\"versanumer\">9<\/span><\/a>\u00deeir hefja sinn munn m\u00f3t himninum, og \u00feeirra tunga fer yfir j\u00f6r\u00f0ina.<a name=\"10\"><span class=\"versanumer\">10<\/span><\/a>\u00dev\u00ed sn\u00fdr f\u00f3lk s\u00e9r \u00fear a\u00f0, og bikarar fullir af vatni t\u00e6mast af \u00feeim.<a name=\"11\"><span class=\"versanumer\">11<\/span><\/a>Og \u00feeir segja: hv\u00f6rninn skyldi Gu\u00f0 vita \u00fea\u00f0? er \u00feekking hj\u00e1 \u00feeim \u00e6\u00f0sta, \u0254: <span class='VideyAth'>(um \u00fea\u00f0 sem ske\u00f0ur \u00e1 j\u00f6r\u00f0u)<\/span>.<a name=\"12\"><span class=\"versanumer\">12<\/span><\/a>Sj\u00e1 \u00feessa \u00f3gu\u00f0legu! \u00fe\u00f3 auka \u00feeir \u00ed eil\u00edfri r\u00f3 sitt g\u00f3ss. <br \/><a name=\"13\"><span class=\"versanumer\">13<\/span><\/a>Forgefins hreinsa\u00f0i eg sannarlega mitt hjarta, og \u00fevo\u00f0i m\u00ednar hendur \u00ed sakleysinu,<a name=\"14\"><span class=\"versanumer\">14<\/span><\/a>\u00fear e\u00f0 eg pl\u00e1gast daglega, og mitt straff er til rei\u00f0u \u00e1 hv\u00f6rjum morgni.<a name=\"15\"><span class=\"versanumer\">15<\/span><\/a>Seg\u00f0i eg: eg skal tala sem hinir, sj\u00e1! \u00fe\u00e1 steypta eg \u00ed \u00f3g\u00e6fu kyni \u00feinna barna,<a name=\"16\"><span class=\"versanumer\">16<\/span><\/a>og eg \u00edgrunda\u00f0i til a\u00f0 skilja \u00feetta, en \u00fea\u00f0 var m\u00e9r erfitt,<a name=\"17\"><span class=\"versanumer\">17<\/span><\/a>\u00feanga\u00f0 til eg gekk inn \u00ed Gu\u00f0s helgid\u00f3m, og gaumg\u00e6f\u00f0i \u00feeirra afdrif.<a name=\"18\"><span class=\"versanumer\">18<\/span><\/a>Sannarlega setur \u00fe\u00fa \u00fe\u00e1 \u00e1 h\u00e1lku, \u00fe\u00fa l\u00e6tur \u00fe\u00e1 falla ni\u00f0ur \u00ed grunn.<a name=\"19\"><span class=\"versanumer\">19<\/span><\/a>Hv\u00f6rsu sviplega ey\u00f0ileggjast \u00feeir! \u00feeir fyrirfarast, \u00feeir taka enda me\u00f0 skelfingu.<a name=\"20\"><span class=\"versanumer\">20<\/span><\/a>Eins og draumur \u00fe\u00e1 ma\u00f0ur er vakna\u00f0ur, svolei\u00f0is munt \u00fe\u00fa, Drottinn! \u00feegar \u00fe\u00fa vaknar, fyrirl\u00edta \u00feeirra mynd.<br \/><a name=\"21\"><span class=\"versanumer\">21<\/span><\/a>\u00deegar mitt hjarta angra\u00f0ist, og eg fann sting \u00ed m\u00ednum n\u00fdrum,<a name=\"22\"><span class=\"versanumer\">22<\/span><\/a>\u00fe\u00e1 var eg heimskingi og skynja\u00f0i ekkert, eg var sem skynlaus skepna fyrir \u00fe\u00e9r.<a name=\"23\"><span class=\"versanumer\">23<\/span><\/a>\u00de\u00f3 var eg \u00fe\u00e9r s\u00edfellt tr\u00far, \u00fe\u00fa h\u00e9lst m\u00e9r vi\u00f0 \u00fe\u00edna h\u00e6gri h\u00f6nd.<a name=\"24\"><span class=\"versanumer\">24<\/span><\/a>Me\u00f0 \u00fe\u00ednu r\u00e1\u00f0i muntu lei\u00f0a mig, og \u00fear eftir upptaka mig til d\u00fdr\u00f0ar.<a name=\"25\"><span class=\"versanumer\">25<\/span><\/a>Hv\u00f6rn hef eg \u00ed himninum? og jafnt vi\u00f0 \u00feig, gle\u00f0st eg vi\u00f0 ekkert \u00e1 j\u00f6r\u00f0unni.<a name=\"26\"><span class=\"versanumer\">26<\/span><\/a>\u00de\u00f3 a\u00f0 minn l\u00edkami og hjarta vanmegnist, ertu samt, Gu\u00f0! alla t\u00edma mitt hjartans traust og hlutskipti.<a name=\"27\"><span class=\"versanumer\">27<\/span><\/a>\u00dev\u00ed sj\u00e1 \u00fe\u00fa! \u00feeir sem v\u00edkja fr\u00e1 \u00fe\u00e9r munu fyrirfarast. \u00de\u00fa afm\u00e1ir alla \u00fe\u00e1 sem \u00fe\u00e9r eru \u00f3tr\u00fair.<a name=\"28\"><span class=\"versanumer\">28<\/span><\/a>M\u00e9r er \u00fea\u00f0 f\u00f6gnu\u00f0ur a\u00f0 vera n\u00e1l\u00e6gt Gu\u00f0i. \u00c1 Drottin set eg mitt traust, svo a\u00f0 eg segi fr\u00e1 \u00f6llum hans verkum.<\/p>\n<div class=\"footnoteVidey\"><\/div>\n","protected":false},"excerpt":{"rendered":"<p>Kj\u00f6r gu\u00f0hr\u00e6ddra og gu\u00f0lausra. 1S\u00e1lmur Asafs. J\u00e1 g\u00f3\u00f0ur er Gu\u00f0 vi\u00f0 \u00cdsrael, vi\u00f0 \u00fe\u00e1 hreinhj\u00f6rtu\u00f0u.2En\u2014\u00fea\u00f0 vanta\u00f0i l\u00edti\u00f0 \u00e1 a\u00f0 m\u00ednir f\u00e6tur beyg\u00f0u af lei\u00f0, l\u00edti\u00f0 \u00e1, a\u00f0 m\u00e9r skrika\u00f0i f\u00f3tur.3\u00dev\u00ed eg \u00f6funda\u00f0i \u00fe\u00e1 drambl\u00e1tu \u00feegar eg s\u00e1 velgengni hinna \u00f3gu\u00f0legu.4\u00dev\u00ed allt til dau\u00f0ans hittir \u00fe\u00e1 ekkert m\u00f3tl\u00e6ti, og l\u00edkami \u00feeirra er vel metta\u00f0ur;5\u00ed m\u00e6\u00f0u rata \u00feeir ekki eins og a\u00f0rir menn, og pl\u00e1gast ekki eins og a\u00f0rir dau\u00f0legir.6\u00deeirra h\u00e1lske\u00f0ja er \u00fev\u00ed drambsemi, og ofbeldi bera \u00feeir \u00e1 s\u00e9r eins og skart.7\u00deeirra andlit er uppb\u00f3lgi\u00f0 af fitu, \u00feeirra hjartans hugsanir komu djarflega fram.8\u00deeir h\u00e6\u00f0a, og kunngj\u00f6ra undir\u00ferykking \u00ed sinni vonsku, fr\u00e1 <a href=\"https:\/\/biblian.is\/videy\/salmarnir-73-kafli\/\"> [&#8230;]<\/a><\/p>\n","protected":false},"author":1,"featured_media":0,"parent":0,"menu_order":0,"comment_status":"open","ping_status":"open","template":"bibliukaflar.php","meta":{"footnotes":""},"class_list":["post-21400","page","type-page","status-publish","hentry"],"_links":{"self":[{"href":"https:\/\/biblian.is\/videy\/wp-json\/wp\/v2\/pages\/21400","targetHints":{"allow":["GET"]}}],"collection":[{"href":"https:\/\/biblian.is\/videy\/wp-json\/wp\/v2\/pages"}],"about":[{"href":"https:\/\/biblian.is\/videy\/wp-json\/wp\/v2\/types\/page"}],"author":[{"embeddable":true,"href":"https:\/\/biblian.is\/videy\/wp-json\/wp\/v2\/users\/1"}],"replies":[{"embeddable":true,"href":"https:\/\/biblian.is\/videy\/wp-json\/wp\/v2\/comments?post=21400"}],"version-history":[{"count":0,"href":"https:\/\/biblian.is\/videy\/wp-json\/wp\/v2\/pages\/21400\/revisions"}],"wp:attachment":[{"href":"https:\/\/biblian.is\/videy\/wp-json\/wp\/v2\/media?parent=21400"}],"curies":[{"name":"wp","href":"https:\/\/api.w.org\/{rel}","templated":true}]}}