{"id":21397,"date":"2018-01-02T01:01:48","date_gmt":"2018-01-02T01:01:48","guid":{"rendered":"http:\/\/biblian.is\/videy\/salmarnir-70-kafli\/"},"modified":"2018-01-02T01:01:48","modified_gmt":"2018-01-02T01:01:48","slug":"salmarnir-70-kafli","status":"publish","type":"page","link":"https:\/\/biblian.is\/videy\/salmarnir-70-kafli\/","title":{"rendered":"S\u00e1lmarnir 70. kafli"},"content":{"rendered":"<div class=\"fyrirsognVidey\">B\u00e6n m\u00f3ti \u00f3vinum.<\/div>\n<p><a name=\"1\"><span class=\"versanumer\">1<\/span><\/a>Til hlj\u00f3\u00f0f\u00e6rameistarans, af Dav\u00ed\u00f0 til endurminningar.<a name=\"2\"><span class=\"versanumer\">2<\/span><\/a>Gu\u00f0! kom \u00fe\u00fa a\u00f0 frelsa mig! Drottinn! hra\u00f0a \u00fe\u00fa \u00fe\u00e9r m\u00e9r til hj\u00e1lpar.<a name=\"3\"><span class=\"versanumer\">3<\/span><\/a>L\u00e1ttu \u00fe\u00e1 sneypast og skammast s\u00edn, sem sitja um mitt l\u00edf! l\u00e1t \u00fe\u00e1 h\u00f6rfa til baka og ver\u00f0a til skammar sem vilja m\u00e9r illt!<a name=\"4\"><span class=\"versanumer\">4<\/span><\/a>L\u00e1t \u00fe\u00e1 me\u00f0 sneypu h\u00f6rfa til baka sem hr\u00f3pa til m\u00edn: h\u00f3! h\u00f3!<a name=\"5\"><span class=\"versanumer\">5<\/span><\/a>\u00fe\u00e1 fagna og gle\u00f0jast \u00ed \u00fe\u00e9r, allir sem \u00fe\u00edn leita. \u00deeir sem girnast \u00fe\u00edna hj\u00e1lp, og segja \u00e6t\u00ed\u00f0: mikill er Gu\u00f0.<a name=\"6\"><span class=\"versanumer\">6<\/span><\/a>Eg er aumur og f\u00e1t\u00e6kur. Gu\u00f0 fl\u00fdttu \u00fe\u00e9r til m\u00edn, \u00fe\u00fa ert m\u00edn hj\u00e1lp og minn Frelsari, Drottinn! tef \u00fe\u00fa ekki.<\/p>\n<div class=\"footnoteVidey\"><\/div>\n","protected":false},"excerpt":{"rendered":"<p>B\u00e6n m\u00f3ti \u00f3vinum. 1Til hlj\u00f3\u00f0f\u00e6rameistarans, af Dav\u00ed\u00f0 til endurminningar.2Gu\u00f0! kom \u00fe\u00fa a\u00f0 frelsa mig! Drottinn! hra\u00f0a \u00fe\u00fa \u00fe\u00e9r m\u00e9r til hj\u00e1lpar.3L\u00e1ttu \u00fe\u00e1 sneypast og skammast s\u00edn, sem sitja um mitt l\u00edf! l\u00e1t \u00fe\u00e1 h\u00f6rfa til baka og ver\u00f0a til skammar sem vilja m\u00e9r illt!4L\u00e1t \u00fe\u00e1 me\u00f0 sneypu h\u00f6rfa til baka sem hr\u00f3pa til m\u00edn: h\u00f3! h\u00f3!5\u00fe\u00e1 fagna og gle\u00f0jast \u00ed \u00fe\u00e9r, allir sem \u00fe\u00edn leita. \u00deeir sem girnast \u00fe\u00edna hj\u00e1lp, og segja \u00e6t\u00ed\u00f0: mikill er Gu\u00f0.6Eg er aumur og f\u00e1t\u00e6kur. Gu\u00f0 fl\u00fdttu \u00fe\u00e9r til m\u00edn, \u00fe\u00fa ert m\u00edn hj\u00e1lp og minn Frelsari, Drottinn! tef \u00fe\u00fa ekki.<\/p>\n","protected":false},"author":1,"featured_media":0,"parent":0,"menu_order":0,"comment_status":"open","ping_status":"open","template":"bibliukaflar.php","meta":{"footnotes":""},"class_list":["post-21397","page","type-page","status-publish","hentry"],"_links":{"self":[{"href":"https:\/\/biblian.is\/videy\/wp-json\/wp\/v2\/pages\/21397","targetHints":{"allow":["GET"]}}],"collection":[{"href":"https:\/\/biblian.is\/videy\/wp-json\/wp\/v2\/pages"}],"about":[{"href":"https:\/\/biblian.is\/videy\/wp-json\/wp\/v2\/types\/page"}],"author":[{"embeddable":true,"href":"https:\/\/biblian.is\/videy\/wp-json\/wp\/v2\/users\/1"}],"replies":[{"embeddable":true,"href":"https:\/\/biblian.is\/videy\/wp-json\/wp\/v2\/comments?post=21397"}],"version-history":[{"count":0,"href":"https:\/\/biblian.is\/videy\/wp-json\/wp\/v2\/pages\/21397\/revisions"}],"wp:attachment":[{"href":"https:\/\/biblian.is\/videy\/wp-json\/wp\/v2\/media?parent=21397"}],"curies":[{"name":"wp","href":"https:\/\/api.w.org\/{rel}","templated":true}]}}