{"id":21392,"date":"2018-01-02T01:01:48","date_gmt":"2018-01-02T01:01:48","guid":{"rendered":"http:\/\/biblian.is\/videy\/salmarnir-65-kafli\/"},"modified":"2018-01-02T01:01:48","modified_gmt":"2018-01-02T01:01:48","slug":"salmarnir-65-kafli","status":"publish","type":"page","link":"https:\/\/biblian.is\/videy\/salmarnir-65-kafli\/","title":{"rendered":"S\u00e1lmarnir 65. kafli"},"content":{"rendered":"<div class=\"fyrirsognVidey\">Gu\u00f0s g\u00e6ska og veldi.<\/div>\n<p><a name=\"1\"><span class=\"versanumer\">1<\/span><\/a>Til hlj\u00f3\u00f0f\u00e6rameistarans. Lofs\u00e1lmur Dav\u00ed\u00f0s.<a name=\"2\"><span class=\"versanumer\">2<\/span><\/a>\u00de\u00fa, \u00f3 Gu\u00f0! \u00e1tt skili\u00f0 tr\u00fana\u00f0artraust og lofs\u00f6ng \u00e1 S\u00edon! \u00fe\u00e9r skulu heitin grei\u00f0ast.<a name=\"3\"><span class=\"versanumer\">3<\/span><\/a>\u00de\u00fa ert s\u00e1 sem heyrir b\u00e6nir, til \u00fe\u00edn skal allt hold koma.<a name=\"4\"><span class=\"versanumer\">4<\/span><\/a>Syndasektin er or\u00f0in m\u00e9r of \u00feung, fyrirgef \u00fe\u00fa vorar yfirtro\u00f0slur.<a name=\"5\"><span class=\"versanumer\">5<\/span><\/a>S\u00e6ll er s\u00e1 sem \u00fe\u00fa \u00fatvelur, og l\u00e6tur koma n\u00e1l\u00e6gt \u00fe\u00e9r, svo hann megi b\u00faa \u00ed \u00fe\u00ednum forgar\u00f0i. \u00d3! metta oss me\u00f0 una\u00f0semd \u00fe\u00edns h\u00fass, \u00fe\u00edns helga musteris.<a name=\"6\"><span class=\"versanumer\">6<\/span><\/a>D\u00e1samlega svarar \u00fe\u00fa oss \u00ed n\u00e1\u00f0, vors frelsis Gu\u00f0! \u00fe\u00fa sem ert h\u00e6li allra \u00feeirra er b\u00faa vi\u00f0 jar\u00f0arinnar enda, ellegar langt \u00ed burtu vi\u00f0 hafi\u00f0.<a name=\"7\"><span class=\"versanumer\">7<\/span><\/a>Hann festir fj\u00f6llin me\u00f0 s\u00ednum krafti og umgir\u00f0ir sig me\u00f0 m\u00e6tti.<a name=\"8\"><span class=\"versanumer\">8<\/span><\/a>Hann st\u00f6\u00f0var hafsins \u00f3lgu, bylgnanna \u00e6\u00f0i og f\u00f3lksins buldur.<a name=\"9\"><span class=\"versanumer\">9<\/span><\/a>Og \u00feeir sem b\u00faa \u00e1 \u00fatk\u00f6ntunum, \u00f3ttast \u00fe\u00edn teikn. \u00de\u00fa l\u00e6tur allt fagna sem \u00fatgengur, b\u00e6\u00f0i kv\u00f6ld og morgna.<a name=\"10\"><span class=\"versanumer\">10<\/span><\/a>\u00de\u00fa heims\u00e6kir j\u00f6r\u00f0ina og au\u00f0gar hana. \u00de\u00fa gj\u00f6rir hana miki\u00f0 r\u00edka. Gu\u00f0s l\u00e6kir eru fullir af vatni. Korn tilb\u00fdr \u00fe\u00fa m\u00f6nnunum til handa, \u00feegar \u00fe\u00fa svolei\u00f0is hefir undirb\u00fai\u00f0 hana,<a name=\"11\"><span class=\"versanumer\">11<\/span><\/a>v\u00f6kva\u00f0 hennar pl\u00f3gf\u00f6r, jafna\u00f0 hennar akurreinar, bleytt hana me\u00f0 regnsk\u00farum, blessa\u00f0 hennar gr\u00f3\u00f0a!<a name=\"12\"><span class=\"versanumer\">12<\/span><\/a>\u00fe\u00fa kr\u00fdnir \u00e1ri\u00f0 me\u00f0 \u00feinni blessan, og \u00fe\u00edn f\u00f3tspor drj\u00fapa af feiti,<a name=\"13\"><span class=\"versanumer\">13<\/span><\/a>beitilandi\u00f0 \u00ed ey\u00f0im\u00f6rkinni er feitt og h\u00e6\u00f0irnar eru f\u00f6gnu\u00f0i umgirtar.<a name=\"14\"><span class=\"versanumer\">14<\/span><\/a>Sl\u00e9ttlendi\u00f0 er \u00feaki\u00f0 f\u00e9na\u00f0i, og dalirnir eru \u00feaktir me\u00f0 korni, allt fagnar og syngur.<\/p>\n<div class=\"footnoteVidey\"><\/div>\n","protected":false},"excerpt":{"rendered":"<p>Gu\u00f0s g\u00e6ska og veldi. 1Til hlj\u00f3\u00f0f\u00e6rameistarans. Lofs\u00e1lmur Dav\u00ed\u00f0s.2\u00de\u00fa, \u00f3 Gu\u00f0! \u00e1tt skili\u00f0 tr\u00fana\u00f0artraust og lofs\u00f6ng \u00e1 S\u00edon! \u00fe\u00e9r skulu heitin grei\u00f0ast.3\u00de\u00fa ert s\u00e1 sem heyrir b\u00e6nir, til \u00fe\u00edn skal allt hold koma.4Syndasektin er or\u00f0in m\u00e9r of \u00feung, fyrirgef \u00fe\u00fa vorar yfirtro\u00f0slur.5S\u00e6ll er s\u00e1 sem \u00fe\u00fa \u00fatvelur, og l\u00e6tur koma n\u00e1l\u00e6gt \u00fe\u00e9r, svo hann megi b\u00faa \u00ed \u00fe\u00ednum forgar\u00f0i. \u00d3! metta oss me\u00f0 una\u00f0semd \u00fe\u00edns h\u00fass, \u00fe\u00edns helga musteris.6D\u00e1samlega svarar \u00fe\u00fa oss \u00ed n\u00e1\u00f0, vors frelsis Gu\u00f0! \u00fe\u00fa sem ert h\u00e6li allra \u00feeirra er b\u00faa vi\u00f0 jar\u00f0arinnar enda, ellegar langt \u00ed burtu vi\u00f0 hafi\u00f0.7Hann festir fj\u00f6llin me\u00f0 s\u00ednum krafti og umgir\u00f0ir <a href=\"https:\/\/biblian.is\/videy\/salmarnir-65-kafli\/\"> [&#8230;]<\/a><\/p>\n","protected":false},"author":1,"featured_media":0,"parent":0,"menu_order":0,"comment_status":"open","ping_status":"open","template":"bibliukaflar.php","meta":{"footnotes":""},"class_list":["post-21392","page","type-page","status-publish","hentry"],"_links":{"self":[{"href":"https:\/\/biblian.is\/videy\/wp-json\/wp\/v2\/pages\/21392","targetHints":{"allow":["GET"]}}],"collection":[{"href":"https:\/\/biblian.is\/videy\/wp-json\/wp\/v2\/pages"}],"about":[{"href":"https:\/\/biblian.is\/videy\/wp-json\/wp\/v2\/types\/page"}],"author":[{"embeddable":true,"href":"https:\/\/biblian.is\/videy\/wp-json\/wp\/v2\/users\/1"}],"replies":[{"embeddable":true,"href":"https:\/\/biblian.is\/videy\/wp-json\/wp\/v2\/comments?post=21392"}],"version-history":[{"count":0,"href":"https:\/\/biblian.is\/videy\/wp-json\/wp\/v2\/pages\/21392\/revisions"}],"wp:attachment":[{"href":"https:\/\/biblian.is\/videy\/wp-json\/wp\/v2\/media?parent=21392"}],"curies":[{"name":"wp","href":"https:\/\/api.w.org\/{rel}","templated":true}]}}