{"id":21377,"date":"2018-01-02T01:01:42","date_gmt":"2018-01-02T01:01:42","guid":{"rendered":"http:\/\/biblian.is\/videy\/salmarnir-50-kafli\/"},"modified":"2018-01-02T01:01:42","modified_gmt":"2018-01-02T01:01:42","slug":"salmarnir-50-kafli","status":"publish","type":"page","link":"https:\/\/biblian.is\/videy\/salmarnir-50-kafli\/","title":{"rendered":"S\u00e1lmarnir 50. kafli"},"content":{"rendered":"<div class=\"fyrirsognVidey\">Um \u00fe\u00e1 r\u00e9ttu gu\u00f0sd\u00fdrkun.<\/div>\n<p><a name=\"1\"><span class=\"versanumer\">1<\/span><\/a>S\u00e1lmur Asafs. Gu\u00f0, Gu\u00f0 Drottinn talar og kallar jar\u00f0arinnar innbyggjendur fr\u00e1 uppruna s\u00f3lar allt til hennar ni\u00f0urg\u00f6ngu.<a name=\"2\"><span class=\"versanumer\">2<\/span><\/a>Fr\u00e1 S\u00edon, fegur\u00f0arinnar \u00edmynd, opinberar Gu\u00f0 sig d\u00fdr\u00f0lega.<a name=\"3\"><span class=\"versanumer\">3<\/span><\/a>Vor Gu\u00f0, hann kemur og \u00feegir ekki, eldur gengur undan honum, og \u00ed kringum hann er mikill stormvindur;<a name=\"4\"><span class=\"versanumer\">4<\/span><\/a>hann kallar til himinsins upp yfir, og til jar\u00f0arinnar, til a\u00f0 d\u00e6ma sitt f\u00f3lk.<a name=\"5\"><span class=\"versanumer\">5<\/span><\/a>\u201eSafni\u00f0 m\u00e9r m\u00ednum heil\u00f6gu, sem gj\u00f6rt hafa s\u00e1ttm\u00e1la vi\u00f0 mig me\u00f0 offrum\u201c,<a name=\"6\"><span class=\"versanumer\">6<\/span><\/a><span class='VideyAth'>(og himnarnir skulu kunngj\u00f6ra hans r\u00e9ttv\u00edsi, \u00fev\u00ed Gu\u00f0 er s\u00e1 sem d\u00e6mir)<\/span>. M\u00e1lhv\u00edld.<br \/><a name=\"7\"><span class=\"versanumer\">7<\/span><\/a>Heyr, mitt f\u00f3lk! l\u00e1ttu mig tala \u00cdsrael! eg vil vitna fyrir \u00fe\u00e9r: eg er Gu\u00f0, \u00feinn Gu\u00f0.<a name=\"8\"><span class=\"versanumer\">8<\/span><\/a>Fyrir \u00feinna f\u00f3rnf\u00e6ringa sakir \u00e1v\u00edta eg \u00feig ekki. \u00de\u00ednar brennif\u00f3rnir eru jafnan frammi fyrir m\u00e9r.<a name=\"9\"><span class=\"versanumer\">9<\/span><\/a>Eg \u00fearf ekki uxans \u00far \u00fe\u00ednu h\u00fasi, n\u00e9 geithafursins \u00far \u00feinni st\u00edu.<a name=\"10\"><span class=\"versanumer\">10<\/span><\/a>\u00dev\u00ed \u00f6ll d\u00fdrin \u00e1 m\u00f6rkinni heyra m\u00e9r til, og d\u00fdrin \u00e1 fj\u00f6llunum \u00fe\u00fasundum saman.<a name=\"11\"><span class=\"versanumer\">11<\/span><\/a>Eg \u00feekki alla fuglana \u00e1 fj\u00f6llunum, og d\u00fdrin \u00e1 m\u00f6rkinni eru m\u00e9r kunnug.<a name=\"12\"><span class=\"versanumer\">12<\/span><\/a>\u00de\u00f3 mig hungra\u00f0i, mundi eg ekki segja \u00fe\u00e9r fr\u00e1 \u00fev\u00ed, \u00fev\u00ed j\u00f6r\u00f0in er m\u00edn og allt sem \u00e1 henni er.<a name=\"13\"><span class=\"versanumer\">13<\/span><\/a>\u00c6tla eg eti uxanna kj\u00f6t, e\u00f0a drekki hafranna bl\u00f3\u00f0?<a name=\"14\"><span class=\"versanumer\">14<\/span><\/a>Offra \u00fe\u00fa Gu\u00f0i \u00feakkargj\u00f6r\u00f0 og gjald \u00fe\u00fa enum \u00e6\u00f0sta \u00fe\u00edn heit.<a name=\"15\"><span class=\"versanumer\">15<\/span><\/a>\u00c1kalla mig \u00ed ney\u00f0inni, eg mun frelsa \u00feig, og \u00fe\u00fa skalt vegsama mig.<br \/><a name=\"16\"><span class=\"versanumer\">16<\/span><\/a>En til hins \u00f3gu\u00f0lega segir Gu\u00f0: hva\u00f0 kemur \u00fe\u00e9r \u00fea\u00f0 vi\u00f0 a\u00f0 tala um m\u00edna setninga, og taka minn s\u00e1ttm\u00e1la \u00fe\u00e9r \u00ed munn.<a name=\"17\"><span class=\"versanumer\">17<\/span><\/a>\u00dear e\u00f0 \u00fe\u00fa hatar agann, og kastar m\u00ednum or\u00f0um \u00e1 bak \u00fe\u00e9r aftur?<a name=\"18\"><span class=\"versanumer\">18<\/span><\/a>\u00deegar \u00fe\u00fa s\u00e9r \u00fej\u00f3finn, fer \u00fe\u00fa me\u00f0 honum, og hefir samf\u00e9lag vi\u00f0 h\u00f3runarmenn.<a name=\"19\"><span class=\"versanumer\">19<\/span><\/a>\u00deinn munn br\u00fakar \u00fe\u00fa til ills, og \u00fe\u00edn tunga bruggar svik.<a name=\"20\"><span class=\"versanumer\">20<\/span><\/a>\u00de\u00fa situr og talar m\u00f3ti \u00fe\u00ednum br\u00f3\u00f0ur, og baktalar son \u00feinnar m\u00f3\u00f0ur.<a name=\"21\"><span class=\"versanumer\">21<\/span><\/a>\u00deetta hefur \u00fe\u00fa a\u00f0hafst, og eg hefi \u00feaga\u00f0, \u00fe\u00e1 hugsa\u00f0ir \u00fe\u00fa a\u00f0 eg v\u00e6ri l\u00edkur \u00fe\u00e9r. En eg skal straffa \u00feig og l\u00e1ta \u00feig sj\u00e1.<a name=\"22\"><span class=\"versanumer\">22<\/span><\/a>Hyggi\u00f0 a\u00f0 \u00feessu, \u00fe\u00e9r sem hafi\u00f0 gleymt Gu\u00f0i, a\u00f0 eg ekki sundurt\u00e6ti svo, a\u00f0 enginn geti bjarga\u00f0.<a name=\"23\"><span class=\"versanumer\">23<\/span><\/a>Hv\u00f6r sem offrar \u00feakkargj\u00f6r\u00f0 s\u00e1 hei\u00f0rar mig, og hv\u00f6r sem g\u00e1ir a\u00f0 s\u00ednum vegi, \u00feann vil eg l\u00e1ta sj\u00e1 Gu\u00f0s li\u00f0sinni.<\/p>\n<div class=\"footnoteVidey\"><\/div>\n","protected":false},"excerpt":{"rendered":"<p>Um \u00fe\u00e1 r\u00e9ttu gu\u00f0sd\u00fdrkun. 1S\u00e1lmur Asafs. Gu\u00f0, Gu\u00f0 Drottinn talar og kallar jar\u00f0arinnar innbyggjendur fr\u00e1 uppruna s\u00f3lar allt til hennar ni\u00f0urg\u00f6ngu.2Fr\u00e1 S\u00edon, fegur\u00f0arinnar \u00edmynd, opinberar Gu\u00f0 sig d\u00fdr\u00f0lega.3Vor Gu\u00f0, hann kemur og \u00feegir ekki, eldur gengur undan honum, og \u00ed kringum hann er mikill stormvindur;4hann kallar til himinsins upp yfir, og til jar\u00f0arinnar, til a\u00f0 d\u00e6ma sitt f\u00f3lk.5\u201eSafni\u00f0 m\u00e9r m\u00ednum heil\u00f6gu, sem gj\u00f6rt hafa s\u00e1ttm\u00e1la vi\u00f0 mig me\u00f0 offrum\u201c,6(og himnarnir skulu kunngj\u00f6ra hans r\u00e9ttv\u00edsi, \u00fev\u00ed Gu\u00f0 er s\u00e1 sem d\u00e6mir). M\u00e1lhv\u00edld.7Heyr, mitt f\u00f3lk! l\u00e1ttu mig tala \u00cdsrael! eg vil vitna fyrir \u00fe\u00e9r: eg er Gu\u00f0, \u00feinn Gu\u00f0.8Fyrir \u00feinna f\u00f3rnf\u00e6ringa sakir <a href=\"https:\/\/biblian.is\/videy\/salmarnir-50-kafli\/\"> [&#8230;]<\/a><\/p>\n","protected":false},"author":1,"featured_media":0,"parent":0,"menu_order":0,"comment_status":"open","ping_status":"open","template":"bibliukaflar.php","meta":{"footnotes":""},"class_list":["post-21377","page","type-page","status-publish","hentry"],"_links":{"self":[{"href":"https:\/\/biblian.is\/videy\/wp-json\/wp\/v2\/pages\/21377","targetHints":{"allow":["GET"]}}],"collection":[{"href":"https:\/\/biblian.is\/videy\/wp-json\/wp\/v2\/pages"}],"about":[{"href":"https:\/\/biblian.is\/videy\/wp-json\/wp\/v2\/types\/page"}],"author":[{"embeddable":true,"href":"https:\/\/biblian.is\/videy\/wp-json\/wp\/v2\/users\/1"}],"replies":[{"embeddable":true,"href":"https:\/\/biblian.is\/videy\/wp-json\/wp\/v2\/comments?post=21377"}],"version-history":[{"count":0,"href":"https:\/\/biblian.is\/videy\/wp-json\/wp\/v2\/pages\/21377\/revisions"}],"wp:attachment":[{"href":"https:\/\/biblian.is\/videy\/wp-json\/wp\/v2\/media?parent=21377"}],"curies":[{"name":"wp","href":"https:\/\/api.w.org\/{rel}","templated":true}]}}