{"id":21363,"date":"2018-01-02T01:01:35","date_gmt":"2018-01-02T01:01:35","guid":{"rendered":"http:\/\/biblian.is\/videy\/salmarnir-36-kafli\/"},"modified":"2018-01-02T01:01:35","modified_gmt":"2018-01-02T01:01:35","slug":"salmarnir-36-kafli","status":"publish","type":"page","link":"https:\/\/biblian.is\/videy\/salmarnir-36-kafli\/","title":{"rendered":"S\u00e1lmarnir 36. kafli"},"content":{"rendered":"<div class=\"fyrirsognVidey\">B\u00e6n m\u00f3ti vonsku mannanna.<\/div>\n<p><a name=\"1\"><span class=\"versanumer\">1<\/span><\/a>Til hlj\u00f3\u00f0f\u00e6rameistarans. S\u00e1lmur Dav\u00ed\u00f0s Drottins \u00fe\u00e9nara.<a name=\"2\"><span class=\"versanumer\">2<\/span><\/a>Syndsamleg or\u00f0 hins \u00f3gu\u00f0lega eru m\u00e9r minnisst\u00e6\u00f0. \u00dear er enginn Gu\u00f0s \u00f3tti hj\u00e1 honum,<a name=\"3\"><span class=\"versanumer\">3<\/span><\/a>\u00fev\u00ed hann smja\u00f0rar fyrir sj\u00e1lfum s\u00e9r \u00ed sinni eigin augs\u00fdn, svo hann finni ekki sinn misgj\u00f6rning er hann \u00e6tti a\u00f0 hata.<a name=\"4\"><span class=\"versanumer\">4<\/span><\/a>Or\u00f0 hans munns eru hans rangl\u00e6ti og svik, hann fr\u00e1f\u00e6list hyggindi og g\u00f3\u00f0semi.<a name=\"5\"><span class=\"versanumer\">5<\/span><\/a>Hann hugsar um rangl\u00e6ti \u00ed sinni hv\u00edlu, hann gengur \u00fe\u00e1 lei\u00f0 sem ekki er g\u00f3\u00f0, \u00fea\u00f0 illa for\u00f0ast hann ekki. <br \/><a name=\"6\"><span class=\"versanumer\">6<\/span><\/a>Drottinn! til himna n\u00e6r \u00fe\u00edn miskunn, til sk\u00fdjanna \u00fe\u00edn tr\u00fafesti.<a name=\"7\"><span class=\"versanumer\">7<\/span><\/a>\u00deitt r\u00e9ttl\u00e6ti er sem Gu\u00f0s <span class='VideyAth'>a)<\/span> fj\u00f6ll, \u00fe\u00ednir d\u00f3mar sem regindj\u00fap, m\u00f6nnum og skepnum bjargar \u00fe\u00fa, Drottinn!<\/p>\n<div class=\"footnoteVidey\">V. 7. a. St\u00e6rstu fj\u00f6ll sem standa f\u00f6st fyrir.<\/div>\n","protected":false},"excerpt":{"rendered":"<p>B\u00e6n m\u00f3ti vonsku mannanna. 1Til hlj\u00f3\u00f0f\u00e6rameistarans. S\u00e1lmur Dav\u00ed\u00f0s Drottins \u00fe\u00e9nara.2Syndsamleg or\u00f0 hins \u00f3gu\u00f0lega eru m\u00e9r minnisst\u00e6\u00f0. \u00dear er enginn Gu\u00f0s \u00f3tti hj\u00e1 honum,3\u00fev\u00ed hann smja\u00f0rar fyrir sj\u00e1lfum s\u00e9r \u00ed sinni eigin augs\u00fdn, svo hann finni ekki sinn misgj\u00f6rning er hann \u00e6tti a\u00f0 hata.4Or\u00f0 hans munns eru hans rangl\u00e6ti og svik, hann fr\u00e1f\u00e6list hyggindi og g\u00f3\u00f0semi.5Hann hugsar um rangl\u00e6ti \u00ed sinni hv\u00edlu, hann gengur \u00fe\u00e1 lei\u00f0 sem ekki er g\u00f3\u00f0, \u00fea\u00f0 illa for\u00f0ast hann ekki. 6Drottinn! til himna n\u00e6r \u00fe\u00edn miskunn, til sk\u00fdjanna \u00fe\u00edn tr\u00fafesti.7\u00deitt r\u00e9ttl\u00e6ti er sem Gu\u00f0s a) fj\u00f6ll, \u00fe\u00ednir d\u00f3mar sem regindj\u00fap, m\u00f6nnum og skepnum bjargar \u00fe\u00fa, Drottinn! <a href=\"https:\/\/biblian.is\/videy\/salmarnir-36-kafli\/\"> [&#8230;]<\/a><\/p>\n","protected":false},"author":1,"featured_media":0,"parent":0,"menu_order":0,"comment_status":"open","ping_status":"open","template":"bibliukaflar.php","meta":{"footnotes":""},"class_list":["post-21363","page","type-page","status-publish","hentry"],"_links":{"self":[{"href":"https:\/\/biblian.is\/videy\/wp-json\/wp\/v2\/pages\/21363","targetHints":{"allow":["GET"]}}],"collection":[{"href":"https:\/\/biblian.is\/videy\/wp-json\/wp\/v2\/pages"}],"about":[{"href":"https:\/\/biblian.is\/videy\/wp-json\/wp\/v2\/types\/page"}],"author":[{"embeddable":true,"href":"https:\/\/biblian.is\/videy\/wp-json\/wp\/v2\/users\/1"}],"replies":[{"embeddable":true,"href":"https:\/\/biblian.is\/videy\/wp-json\/wp\/v2\/comments?post=21363"}],"version-history":[{"count":0,"href":"https:\/\/biblian.is\/videy\/wp-json\/wp\/v2\/pages\/21363\/revisions"}],"wp:attachment":[{"href":"https:\/\/biblian.is\/videy\/wp-json\/wp\/v2\/media?parent=21363"}],"curies":[{"name":"wp","href":"https:\/\/api.w.org\/{rel}","templated":true}]}}