{"id":21357,"date":"2018-01-02T01:01:35","date_gmt":"2018-01-02T01:01:35","guid":{"rendered":"http:\/\/biblian.is\/videy\/salmarnir-30-kafli\/"},"modified":"2018-01-02T01:01:35","modified_gmt":"2018-01-02T01:01:35","slug":"salmarnir-30-kafli","status":"publish","type":"page","link":"https:\/\/biblian.is\/videy\/salmarnir-30-kafli\/","title":{"rendered":"S\u00e1lmarnir 30. kafli"},"content":{"rendered":"<div class=\"fyrirsognVidey\">Lofgj\u00f6r\u00f0 og \u00feakkl\u00e6ti.<\/div>\n<p><a name=\"1\"><span class=\"versanumer\">1<\/span><\/a>S\u00e1lmur Dav\u00ed\u00f0s eftir s\u00f6ngnum vi\u00f0 h\u00fassv\u00edgsluna.<a name=\"2\"><span class=\"versanumer\">2<\/span><\/a>Eg upphef \u00feig, Drottinn! \u00fev\u00ed \u00fe\u00fa hefir upphafi\u00f0 mig, og \u00fe\u00fa l\u00e9st ekki m\u00edna \u00f3vini fagna yfir m\u00e9r.<a name=\"3\"><span class=\"versanumer\">3<\/span><\/a>Drottinn, minn Gu\u00f0! eg kalla\u00f0i til \u00fe\u00edn og \u00fe\u00fa l\u00e6kna\u00f0ir mig.<a name=\"4\"><span class=\"versanumer\">4<\/span><\/a>Drottinn! \u00fe\u00fa dr\u00f3st m\u00edna s\u00e1l \u00far helju; \u00fe\u00fa l\u00e9st mig lifa og ekki ni\u00f0urst\u00edga \u00ed gr\u00f6fina.<a name=\"5\"><span class=\"versanumer\">5<\/span><\/a>Lofi\u00f0 Drottin! \u00fe\u00e9r hans \u00fatv\u00f6ldu, og vegsami\u00f0 hans heilaga nafn,<a name=\"6\"><span class=\"versanumer\">6<\/span><\/a>\u00fev\u00ed hans rei\u00f0i varir eitt augnablik, en hans n\u00e1\u00f0 heilan mannsaldur; um kv\u00f6ldt\u00edmann heims\u00e6kir oss gr\u00e1tur, en a\u00f0 morgni gle\u00f0is\u00f6ngur.<a name=\"7\"><span class=\"versanumer\">7<\/span><\/a>Eg sag\u00f0i \u00feegar m\u00e9r gekk vel: eg skal ekki bifast a\u00f0 eil\u00edfu;<a name=\"8\"><span class=\"versanumer\">8<\/span><\/a>Drottinn! af \u00feinni vel\u00fe\u00f3knan haf\u00f0ir \u00fe\u00fa gj\u00f6rt mitt bjarg st\u00f6\u00f0ugt og fast fyrir, en \u00feegar \u00fe\u00fa byrg\u00f0ir \u00feitt andlit, skelfdist eg.<a name=\"9\"><span class=\"versanumer\">9<\/span><\/a>Eg kalla\u00f0i til \u00fe\u00edn, Drottinn. J\u00e1, eg gr\u00e1tb\u00e6ndi \u00feig, Drottinn.<a name=\"10\"><span class=\"versanumer\">10<\/span><\/a>Hv\u00f6r \u00e1bati er a\u00f0 m\u00ednu bl\u00f3\u00f0i, \u00feegar eg er kominn \u00ed gr\u00f6fina? getur dufti\u00f0 pr\u00edsa\u00f0, kunngj\u00f6rt \u00fe\u00edna tr\u00fafesti?<a name=\"11\"><span class=\"versanumer\">11<\/span><\/a>Heyr mig \u00f3 Drottinn, og vertu m\u00e9r n\u00e1\u00f0ugur! Drottinn vertu m\u00edn hj\u00e1lp.<a name=\"12\"><span class=\"versanumer\">12<\/span><\/a>\u00de\u00e1 umbreyttir \u00fe\u00fa m\u00ednu kveini \u00ed gle\u00f0idans, \u00fe\u00e1 f\u00e6r\u00f0ir \u00fe\u00fa mig \u00far sorgarb\u00faningnum og girtir mig me\u00f0 f\u00f6gnu\u00f0i,<a name=\"13\"><span class=\"versanumer\">13<\/span><\/a>svo a\u00f0 minn s\u00f3mi <span class='VideyAth'>(s\u00e1l)<\/span> skyldi syngja \u00fe\u00e9r lof og ekki \u00feegja. \u00d3 Drottinn, minn Gu\u00f0! eil\u00edflega vil eg \u00feakka \u00fe\u00e9r.<\/p>\n<div class=\"footnoteVidey\"><\/div>\n","protected":false},"excerpt":{"rendered":"<p>Lofgj\u00f6r\u00f0 og \u00feakkl\u00e6ti. 1S\u00e1lmur Dav\u00ed\u00f0s eftir s\u00f6ngnum vi\u00f0 h\u00fassv\u00edgsluna.2Eg upphef \u00feig, Drottinn! \u00fev\u00ed \u00fe\u00fa hefir upphafi\u00f0 mig, og \u00fe\u00fa l\u00e9st ekki m\u00edna \u00f3vini fagna yfir m\u00e9r.3Drottinn, minn Gu\u00f0! eg kalla\u00f0i til \u00fe\u00edn og \u00fe\u00fa l\u00e6kna\u00f0ir mig.4Drottinn! \u00fe\u00fa dr\u00f3st m\u00edna s\u00e1l \u00far helju; \u00fe\u00fa l\u00e9st mig lifa og ekki ni\u00f0urst\u00edga \u00ed gr\u00f6fina.5Lofi\u00f0 Drottin! \u00fe\u00e9r hans \u00fatv\u00f6ldu, og vegsami\u00f0 hans heilaga nafn,6\u00fev\u00ed hans rei\u00f0i varir eitt augnablik, en hans n\u00e1\u00f0 heilan mannsaldur; um kv\u00f6ldt\u00edmann heims\u00e6kir oss gr\u00e1tur, en a\u00f0 morgni gle\u00f0is\u00f6ngur.7Eg sag\u00f0i \u00feegar m\u00e9r gekk vel: eg skal ekki bifast a\u00f0 eil\u00edfu;8Drottinn! af \u00feinni vel\u00fe\u00f3knan haf\u00f0ir \u00fe\u00fa gj\u00f6rt mitt bjarg st\u00f6\u00f0ugt og <a href=\"https:\/\/biblian.is\/videy\/salmarnir-30-kafli\/\"> [&#8230;]<\/a><\/p>\n","protected":false},"author":1,"featured_media":0,"parent":0,"menu_order":0,"comment_status":"open","ping_status":"open","template":"bibliukaflar.php","meta":{"footnotes":""},"class_list":["post-21357","page","type-page","status-publish","hentry"],"_links":{"self":[{"href":"https:\/\/biblian.is\/videy\/wp-json\/wp\/v2\/pages\/21357","targetHints":{"allow":["GET"]}}],"collection":[{"href":"https:\/\/biblian.is\/videy\/wp-json\/wp\/v2\/pages"}],"about":[{"href":"https:\/\/biblian.is\/videy\/wp-json\/wp\/v2\/types\/page"}],"author":[{"embeddable":true,"href":"https:\/\/biblian.is\/videy\/wp-json\/wp\/v2\/users\/1"}],"replies":[{"embeddable":true,"href":"https:\/\/biblian.is\/videy\/wp-json\/wp\/v2\/comments?post=21357"}],"version-history":[{"count":0,"href":"https:\/\/biblian.is\/videy\/wp-json\/wp\/v2\/pages\/21357\/revisions"}],"wp:attachment":[{"href":"https:\/\/biblian.is\/videy\/wp-json\/wp\/v2\/media?parent=21357"}],"curies":[{"name":"wp","href":"https:\/\/api.w.org\/{rel}","templated":true}]}}