{"id":21352,"date":"2018-01-02T01:01:35","date_gmt":"2018-01-02T01:01:35","guid":{"rendered":"http:\/\/biblian.is\/videy\/salmarnir-25-kafli\/"},"modified":"2018-01-02T01:01:35","modified_gmt":"2018-01-02T01:01:35","slug":"salmarnir-25-kafli","status":"publish","type":"page","link":"https:\/\/biblian.is\/videy\/salmarnir-25-kafli\/","title":{"rendered":"S\u00e1lmarnir 25. kafli"},"content":{"rendered":"<div class=\"fyrirsognVidey\">B\u00e6n um hj\u00e1lp, uppfr\u00e6\u00f0ingu og syndafyrirgefningu.<\/div>\n<p><a name=\"1\"><span class=\"versanumer\">1<\/span><\/a>S\u00e1lmur Dav\u00ed\u00f0s. Til \u00fe\u00edn, Drottinn! upplyfti eg minni s\u00e1lu.<a name=\"2\"><span class=\"versanumer\">2<\/span><\/a>Minn Gu\u00f0! \u00e1 \u00feig rei\u00f0i eg mig, l\u00e1t mig ei ver\u00f0a til skammar, svo m\u00ednir \u00f3vinir hlakki ekki yfir m\u00e9r!<a name=\"3\"><span class=\"versanumer\">3<\/span><\/a>Vissulega ver\u00f0ur enginn s\u00e1 til skammar sem \u00e1 \u00feig vonar; en \u00feeir munu til skammar ver\u00f0a sem \u00f3fyrirsynju falla fr\u00e1 \u00fe\u00e9r.<a name=\"4\"><span class=\"versanumer\">4<\/span><\/a>Drottinn! l\u00e1t mig \u00feekkja \u00fe\u00edna vegu, kenn m\u00e9r \u00fe\u00ednar g\u00f6tur;<a name=\"5\"><span class=\"versanumer\">5<\/span><\/a>l\u00e1t mig ganga \u00ed \u00fe\u00ednum sannleika og uppfr\u00e6\u00f0 mig, \u00fev\u00ed \u00fe\u00fa ert Gu\u00f0 m\u00edns hj\u00e1lpr\u00e6\u00f0is, eg vona \u00e1 \u00feig alla daga.<a name=\"6\"><span class=\"versanumer\">6<\/span><\/a>Mundu til \u00feinnar miskunnar og g\u00f3\u00f0girni, Drottinn! sem veri\u00f0 hefir fr\u00e1 eil\u00edf\u00f0.<a name=\"7\"><span class=\"versanumer\">7<\/span><\/a>Mundu ekki til minna ungd\u00f3mssynda og afbrota; heldur mundu til m\u00edn eftir \u00feinni miskunnsemi, fyrir sakir \u00feinnar g\u00f3\u00f0girni, Drottinn!<a name=\"8\"><span class=\"versanumer\">8<\/span><\/a>G\u00f3\u00f0ur og r\u00e9ttv\u00eds er Drottinn, \u00fev\u00ed v\u00edsar hann syndurum \u00e1 veginn.<a name=\"9\"><span class=\"versanumer\">9<\/span><\/a>Hann l\u00e6tur \u00fe\u00e1 h\u00f3gv\u00e6ru ganga \u00ed s\u00ednum r\u00e9tti, og kennir \u00feeim au\u00f0mj\u00faku sinn veg.<a name=\"10\"><span class=\"versanumer\">10<\/span><\/a>Allir Drottins vegir eru miskunn og tr\u00fafesti fyrir \u00fe\u00e1, er geyma hans s\u00e1ttm\u00e1la og l\u00f6gm\u00e1l.<a name=\"11\"><span class=\"versanumer\">11<\/span><\/a>Fyrir \u00fe\u00edns nafns sakir, Drottinn! fyrirgef m\u00e9r synd m\u00edna sem er st\u00f3r.<a name=\"12\"><span class=\"versanumer\">12<\/span><\/a>Hv\u00f6rjum manni sem \u00f3ttast Drottin, mun hann v\u00edsa \u00feann veg sem hann skal kj\u00f3sa.<a name=\"13\"><span class=\"versanumer\">13<\/span><\/a>Hans s\u00e1la b\u00fdr \u00ed fars\u00e6ld, og hans ni\u00f0jar eignast landi\u00f0.<a name=\"14\"><span class=\"versanumer\">14<\/span><\/a>Drottins aldavinir <span class='VideyAth'>(upp\u00e1h\u00f6ld)<\/span> eru \u00feeir sem hann \u00f3ttast, og hans s\u00e1ttm\u00e1li er \u00feeim uppfr\u00e6\u00f0ing.<a name=\"15\"><span class=\"versanumer\">15<\/span><\/a>M\u00edn augu horfa \u00e6t\u00ed\u00f0 til Drottins, \u00fev\u00ed hann mun grei\u00f0a m\u00edna f\u00e6tur \u00far netinu.<a name=\"16\"><span class=\"versanumer\">16<\/span><\/a>Sn\u00fa \u00fe\u00ednu augliti til m\u00edn og vertu m\u00e9r n\u00e1\u00f0ugur, \u00fev\u00ed eg em einmana <span class='VideyAth'>(yfirgefinn)<\/span> og aumur.<a name=\"17\"><span class=\"versanumer\">17<\/span><\/a>L\u00e9ttu \u00e1 \u00ferengslum m\u00edns hjarta, leiddu mig \u00far m\u00ednum nau\u00f0um,<a name=\"18\"><span class=\"versanumer\">18<\/span><\/a>l\u00edttu \u00e1 m\u00edna eymd og arm\u00e6\u00f0u og fyrirgef m\u00e9r allar m\u00ednar syndir,<a name=\"19\"><span class=\"versanumer\">19<\/span><\/a>l\u00edttu til minna \u00f3vina, \u00fev\u00ed \u00feeir eru margir, og \u00feeir hata mig ofbeldisfullu hatri;<a name=\"20\"><span class=\"versanumer\">20<\/span><\/a>var\u00f0veittu m\u00edna s\u00e1l, og bjarga m\u00e9r, svo eg ver\u00f0i ekki til skammar, \u00fev\u00ed eg rei\u00f0i mig \u00e1 \u00feig.<a name=\"21\"><span class=\"versanumer\">21<\/span><\/a>L\u00e1ttu r\u00e1\u00f0vendni og hreinskilni vernda mig, \u00fev\u00ed eg vona \u00e1 \u00feig,<a name=\"22\"><span class=\"versanumer\">22<\/span><\/a>frelsa, \u00f3 Gu\u00f0! \u00cdsrael af allri sinni ney\u00f0.<\/p>\n<div class=\"footnoteVidey\"><\/div>\n","protected":false},"excerpt":{"rendered":"<p>B\u00e6n um hj\u00e1lp, uppfr\u00e6\u00f0ingu og syndafyrirgefningu. 1S\u00e1lmur Dav\u00ed\u00f0s. Til \u00fe\u00edn, Drottinn! upplyfti eg minni s\u00e1lu.2Minn Gu\u00f0! \u00e1 \u00feig rei\u00f0i eg mig, l\u00e1t mig ei ver\u00f0a til skammar, svo m\u00ednir \u00f3vinir hlakki ekki yfir m\u00e9r!3Vissulega ver\u00f0ur enginn s\u00e1 til skammar sem \u00e1 \u00feig vonar; en \u00feeir munu til skammar ver\u00f0a sem \u00f3fyrirsynju falla fr\u00e1 \u00fe\u00e9r.4Drottinn! l\u00e1t mig \u00feekkja \u00fe\u00edna vegu, kenn m\u00e9r \u00fe\u00ednar g\u00f6tur;5l\u00e1t mig ganga \u00ed \u00fe\u00ednum sannleika og uppfr\u00e6\u00f0 mig, \u00fev\u00ed \u00fe\u00fa ert Gu\u00f0 m\u00edns hj\u00e1lpr\u00e6\u00f0is, eg vona \u00e1 \u00feig alla daga.6Mundu til \u00feinnar miskunnar og g\u00f3\u00f0girni, Drottinn! sem veri\u00f0 hefir fr\u00e1 eil\u00edf\u00f0.7Mundu ekki til minna ungd\u00f3mssynda og afbrota; <a href=\"https:\/\/biblian.is\/videy\/salmarnir-25-kafli\/\"> [&#8230;]<\/a><\/p>\n","protected":false},"author":1,"featured_media":0,"parent":0,"menu_order":0,"comment_status":"open","ping_status":"open","template":"bibliukaflar.php","meta":{"footnotes":""},"class_list":["post-21352","page","type-page","status-publish","hentry"],"_links":{"self":[{"href":"https:\/\/biblian.is\/videy\/wp-json\/wp\/v2\/pages\/21352","targetHints":{"allow":["GET"]}}],"collection":[{"href":"https:\/\/biblian.is\/videy\/wp-json\/wp\/v2\/pages"}],"about":[{"href":"https:\/\/biblian.is\/videy\/wp-json\/wp\/v2\/types\/page"}],"author":[{"embeddable":true,"href":"https:\/\/biblian.is\/videy\/wp-json\/wp\/v2\/users\/1"}],"replies":[{"embeddable":true,"href":"https:\/\/biblian.is\/videy\/wp-json\/wp\/v2\/comments?post=21352"}],"version-history":[{"count":0,"href":"https:\/\/biblian.is\/videy\/wp-json\/wp\/v2\/pages\/21352\/revisions"}],"wp:attachment":[{"href":"https:\/\/biblian.is\/videy\/wp-json\/wp\/v2\/media?parent=21352"}],"curies":[{"name":"wp","href":"https:\/\/api.w.org\/{rel}","templated":true}]}}