{"id":21342,"date":"2018-01-02T01:01:29","date_gmt":"2018-01-02T01:01:29","guid":{"rendered":"http:\/\/biblian.is\/videy\/salmarnir-15-kafli\/"},"modified":"2018-01-02T01:01:29","modified_gmt":"2018-01-02T01:01:29","slug":"salmarnir-15-kafli","status":"publish","type":"page","link":"https:\/\/biblian.is\/videy\/salmarnir-15-kafli\/","title":{"rendered":"S\u00e1lmarnir 15. kafli"},"content":{"rendered":"<div class=\"fyrirsognVidey\">Au\u00f0kenni \u00feeirra sem Drottin a\u00f0hyllast.<\/div>\n<p><a name=\"1\"><span class=\"versanumer\">1<\/span><\/a>S\u00e1lmur Dav\u00ed\u00f0s. Drottinn hv\u00f6r mun setjast a\u00f0 \u00ed \u00feinni tjaldb\u00fa\u00f0? hv\u00f6r mun b\u00faa \u00e1 \u00fe\u00ednu heilaga fjalli?<a name=\"2\"><span class=\"versanumer\">2<\/span><\/a>S\u00e1 sem framgengur \u00f3straffanlega, gj\u00f6rir r\u00e9tt og talar sannleikann af hjarta,<a name=\"3\"><span class=\"versanumer\">3<\/span><\/a>s\u00e1 sem ekki bakm\u00e6lir me\u00f0 sinni tungu, gj\u00f6rir s\u00ednum n\u00e1unga ekkert illt, og leggur ekki lastlegt til s\u00ednum f\u00e9laga,<a name=\"4\"><span class=\"versanumer\">4<\/span><\/a>s\u00e1 \u00ed hv\u00f6rs augum n\u00ed\u00f0ingurinn er fyrirlitlegur, en \u00feeir hei\u00f0urlegir sem \u00f3ttast Drottin, s\u00e1 sem ekki vill breyta \u00fev\u00ed, vi\u00f0 sinn n\u00e1unga, er hann hefir svari\u00f0 s\u00e9r til ska\u00f0a,<a name=\"5\"><span class=\"versanumer\">5<\/span><\/a>s\u00e1 sem ekki okrar me\u00f0 sitt f\u00e9, og ekki tekur m\u00fatu gegn hinum saklausa; hv\u00f6r sem \u00feetta gj\u00f6rir, mun ekki bifast a\u00f0 eil\u00edfu.<\/p>\n<div class=\"footnoteVidey\"><\/div>\n","protected":false},"excerpt":{"rendered":"<p>Au\u00f0kenni \u00feeirra sem Drottin a\u00f0hyllast. 1S\u00e1lmur Dav\u00ed\u00f0s. Drottinn hv\u00f6r mun setjast a\u00f0 \u00ed \u00feinni tjaldb\u00fa\u00f0? hv\u00f6r mun b\u00faa \u00e1 \u00fe\u00ednu heilaga fjalli?2S\u00e1 sem framgengur \u00f3straffanlega, gj\u00f6rir r\u00e9tt og talar sannleikann af hjarta,3s\u00e1 sem ekki bakm\u00e6lir me\u00f0 sinni tungu, gj\u00f6rir s\u00ednum n\u00e1unga ekkert illt, og leggur ekki lastlegt til s\u00ednum f\u00e9laga,4s\u00e1 \u00ed hv\u00f6rs augum n\u00ed\u00f0ingurinn er fyrirlitlegur, en \u00feeir hei\u00f0urlegir sem \u00f3ttast Drottin, s\u00e1 sem ekki vill breyta \u00fev\u00ed, vi\u00f0 sinn n\u00e1unga, er hann hefir svari\u00f0 s\u00e9r til ska\u00f0a,5s\u00e1 sem ekki okrar me\u00f0 sitt f\u00e9, og ekki tekur m\u00fatu gegn hinum saklausa; hv\u00f6r sem \u00feetta gj\u00f6rir, mun ekki bifast a\u00f0 eil\u00edfu.<\/p>\n","protected":false},"author":1,"featured_media":0,"parent":0,"menu_order":0,"comment_status":"open","ping_status":"open","template":"bibliukaflar.php","meta":{"footnotes":""},"class_list":["post-21342","page","type-page","status-publish","hentry"],"_links":{"self":[{"href":"https:\/\/biblian.is\/videy\/wp-json\/wp\/v2\/pages\/21342","targetHints":{"allow":["GET"]}}],"collection":[{"href":"https:\/\/biblian.is\/videy\/wp-json\/wp\/v2\/pages"}],"about":[{"href":"https:\/\/biblian.is\/videy\/wp-json\/wp\/v2\/types\/page"}],"author":[{"embeddable":true,"href":"https:\/\/biblian.is\/videy\/wp-json\/wp\/v2\/users\/1"}],"replies":[{"embeddable":true,"href":"https:\/\/biblian.is\/videy\/wp-json\/wp\/v2\/comments?post=21342"}],"version-history":[{"count":0,"href":"https:\/\/biblian.is\/videy\/wp-json\/wp\/v2\/pages\/21342\/revisions"}],"wp:attachment":[{"href":"https:\/\/biblian.is\/videy\/wp-json\/wp\/v2\/media?parent=21342"}],"curies":[{"name":"wp","href":"https:\/\/api.w.org\/{rel}","templated":true}]}}