{"id":21296,"date":"2018-01-02T01:01:17","date_gmt":"2018-01-02T01:01:17","guid":{"rendered":"http:\/\/biblian.is\/videy\/jobsbok-11-kafli\/"},"modified":"2018-01-02T01:01:17","modified_gmt":"2018-01-02T01:01:17","slug":"jobsbok-11-kafli","status":"publish","type":"page","link":"https:\/\/biblian.is\/videy\/jobsbok-11-kafli\/","title":{"rendered":"Jobsb\u00f3k 11. kafli"},"content":{"rendered":"<div class=\"fyrirsognVidey\">Sofar talar.<\/div>\n<p><a name=\"1\"><span class=\"versanumer\">1<\/span><\/a>\u00de\u00e1 svara\u00f0i Sofar af Naema og sag\u00f0i:<a name=\"2\"><span class=\"versanumer\">2<\/span><\/a>skal ekki svara \u00feessum or\u00f0afj\u00f6lda? og skal s\u00e1 m\u00e1lugi ma\u00f0ur hafa r\u00e9tt?<a name=\"3\"><span class=\"versanumer\">3<\/span><\/a>Skal \u00feitt m\u00e1l\u00e6\u00f0i koma f\u00f3lki til a\u00f0 \u00feegja? skyldir \u00fe\u00fa spotta og enginn sneypa \u00feig?<a name=\"4\"><span class=\"versanumer\">4<\/span><\/a>\u00de\u00fa segir: s\u00f6nn er m\u00edn tala; og eg er hreinn fyrir \u00fe\u00ednum augum.<a name=\"5\"><span class=\"versanumer\">5<\/span><\/a>En\u2014\u00f3 a\u00f0 Gu\u00f0 vildi tala, og upplj\u00faka s\u00ednum v\u00f6rum gegn \u00fe\u00e9r!<a name=\"6\"><span class=\"versanumer\">6<\/span><\/a>\u00c6 a\u00f0 hann vildi kunngj\u00f6ra \u00fe\u00e9r leyndard\u00f3m spekinnar <span class='VideyAth'>(\u00fev\u00ed \u00fear \u00ed er tv\u00f6faldur kraftur)<\/span> \u00fe\u00e1 mundir \u00fe\u00fa kannast vi\u00f0 a\u00f0 Gu\u00f0 hef\u00f0i gj\u00f6rt straff \u00feitt l\u00e9ttara en \u00feinn misverkna\u00f0.<a name=\"7\"><span class=\"versanumer\">7<\/span><\/a>Munt \u00fe\u00fa geta jafnast vi\u00f0 Gu\u00f0 \u00ed \u00fev\u00ed a\u00f0 rannsaka? n\u00e1\u00f0 fullkomnun \u00feess Alm\u00e1ttuga?<a name=\"8\"><span class=\"versanumer\">8<\/span><\/a>H\u00fan er svo h\u00e1 sem himinninn; hva\u00f0 viltu gj\u00f6ra? h\u00fan er d\u00fdpri en afgrunni\u00f0; hva\u00f0 getur \u00fe\u00fa vita\u00f0?<a name=\"9\"><span class=\"versanumer\">9<\/span><\/a>Viljir \u00fe\u00fa m\u00e6la hana, \u00fe\u00e1 er h\u00fan lengri en j\u00f6r\u00f0in og brei\u00f0ari en hafi\u00f0.<a name=\"10\"><span class=\"versanumer\">10<\/span><\/a>Ef hann r\u00e6\u00f0st \u00e1, hertekur e\u00f0a dregur fyrir r\u00e9tt, hv\u00f6r aftrar honum \u00fear fr\u00e1?<a name=\"11\"><span class=\"versanumer\">11<\/span><\/a>\u00dev\u00ed hann \u00feekkir \u00fe\u00e1 h\u00e9g\u00f3mlegu menn og s\u00e9r \u00feeirra rangl\u00e6ti \u00ed kyrr\u00feey.<a name=\"12\"><span class=\"versanumer\">12<\/span><\/a>S\u00e1 f\u00e1v\u00edsi ma\u00f0ur l\u00e6rir v\u00edsd\u00f3m, vi\u00f0l\u00edka og sk\u00f3garasnans folald f\u00e6\u00f0ist sem ma\u00f0ur.<a name=\"13\"><span class=\"versanumer\">13<\/span><\/a>Hef\u00f0ir \u00fe\u00fa sn\u00fai\u00f0 \u00fe\u00ednu hjarta og \u00fatbreitt \u00fe\u00ednar hendur til hans, s\u00e9 rangl\u00e6ti \u00ed \u00fe\u00ednum h\u00f6ndum, sett \u00ed fj\u00e6rl\u00e6g\u00f0,<a name=\"14\"><span class=\"versanumer\">14<\/span><\/a>s\u00e9 \u00fea\u00f0 ei l\u00e1ti\u00f0 sta\u00f0n\u00e6mast \u00ed \u00fe\u00ednum tjaldb\u00fa\u00f0um,<a name=\"15\"><span class=\"versanumer\">15<\/span><\/a>\u00fe\u00e1 muntu geta upplyft \u00fe\u00ednu augliti umv\u00f6ndunarlaust; og \u00fe\u00fa munt standa fastur og ei hr\u00e6\u00f0ast;<a name=\"16\"><span class=\"versanumer\">16<\/span><\/a>\u00fe\u00e1 munt \u00fe\u00fa gleyma \u00feinni eymd og eins l\u00edti\u00f0 til hennar muna, sem \u00feess vatns, er framhj\u00e1 er runni\u00f0.<a name=\"17\"><span class=\"versanumer\">17<\/span><\/a>\u00de\u00e9r mun upprenna l\u00edf bjartara en mi\u00f0degi\u00f0, \u00feitt myrkur skal ver\u00f0a \u00fe\u00e9r a\u00f0 aftureldingu.<a name=\"18\"><span class=\"versanumer\">18<\/span><\/a>\u00de\u00fa skalt \u00fe\u00e1 vera r\u00f3legur, \u00fev\u00ed \u00fear er von; \u00fe\u00fa skalt vinna og sofa \u00f3hultur.<a name=\"19\"><span class=\"versanumer\">19<\/span><\/a>\u00de\u00fa munt leggja \u00feig \u00e1n \u00feess a\u00f0 nokkur vilji \u00f3n\u00e1\u00f0a \u00feig; og margir koma til \u00fe\u00edn og bi\u00f0ja \u00feig.<a name=\"20\"><span class=\"versanumer\">20<\/span><\/a>En augu hinna \u00f3gu\u00f0legu munu daprast, og \u00feeir munu missa sitt h\u00e6li; \u00fev\u00ed \u00feeirra von mun vera sem s\u00e1larinnar andv\u00f6rp <span class='VideyAth'>(andardr\u00e1ttur)<\/span>.<\/p>\n<div class=\"footnoteVidey\">V. 19. \u00de\u00fa munt ver\u00f0a mikill og r\u00edkur ma\u00f0ur.  V. 20. Sem s\u00e1larinnar andv\u00f6rp: eins flj\u00f3tt og \u00fea\u00f0 er gj\u00f6rt, a\u00f0 taka hi\u00f0 seinasta andvarp, eins flj\u00f3tt hverfur von \u00feeirra \u00f3gu\u00f0legu.<\/div>\n","protected":false},"excerpt":{"rendered":"<p>Sofar talar. 1\u00de\u00e1 svara\u00f0i Sofar af Naema og sag\u00f0i:2skal ekki svara \u00feessum or\u00f0afj\u00f6lda? og skal s\u00e1 m\u00e1lugi ma\u00f0ur hafa r\u00e9tt?3Skal \u00feitt m\u00e1l\u00e6\u00f0i koma f\u00f3lki til a\u00f0 \u00feegja? skyldir \u00fe\u00fa spotta og enginn sneypa \u00feig?4\u00de\u00fa segir: s\u00f6nn er m\u00edn tala; og eg er hreinn fyrir \u00fe\u00ednum augum.5En\u2014\u00f3 a\u00f0 Gu\u00f0 vildi tala, og upplj\u00faka s\u00ednum v\u00f6rum gegn \u00fe\u00e9r!6\u00c6 a\u00f0 hann vildi kunngj\u00f6ra \u00fe\u00e9r leyndard\u00f3m spekinnar (\u00fev\u00ed \u00fear \u00ed er tv\u00f6faldur kraftur) \u00fe\u00e1 mundir \u00fe\u00fa kannast vi\u00f0 a\u00f0 Gu\u00f0 hef\u00f0i gj\u00f6rt straff \u00feitt l\u00e9ttara en \u00feinn misverkna\u00f0.7Munt \u00fe\u00fa geta jafnast vi\u00f0 Gu\u00f0 \u00ed \u00fev\u00ed a\u00f0 rannsaka? n\u00e1\u00f0 fullkomnun \u00feess Alm\u00e1ttuga?8H\u00fan er svo h\u00e1 <a href=\"https:\/\/biblian.is\/videy\/jobsbok-11-kafli\/\"> [&#8230;]<\/a><\/p>\n","protected":false},"author":1,"featured_media":0,"parent":0,"menu_order":0,"comment_status":"open","ping_status":"open","template":"bibliukaflar.php","meta":{"footnotes":""},"class_list":["post-21296","page","type-page","status-publish","hentry"],"_links":{"self":[{"href":"https:\/\/biblian.is\/videy\/wp-json\/wp\/v2\/pages\/21296","targetHints":{"allow":["GET"]}}],"collection":[{"href":"https:\/\/biblian.is\/videy\/wp-json\/wp\/v2\/pages"}],"about":[{"href":"https:\/\/biblian.is\/videy\/wp-json\/wp\/v2\/types\/page"}],"author":[{"embeddable":true,"href":"https:\/\/biblian.is\/videy\/wp-json\/wp\/v2\/users\/1"}],"replies":[{"embeddable":true,"href":"https:\/\/biblian.is\/videy\/wp-json\/wp\/v2\/comments?post=21296"}],"version-history":[{"count":0,"href":"https:\/\/biblian.is\/videy\/wp-json\/wp\/v2\/pages\/21296\/revisions"}],"wp:attachment":[{"href":"https:\/\/biblian.is\/videy\/wp-json\/wp\/v2\/media?parent=21296"}],"curies":[{"name":"wp","href":"https:\/\/api.w.org\/{rel}","templated":true}]}}