{"id":21275,"date":"2018-01-02T01:01:11","date_gmt":"2018-01-02T01:01:11","guid":{"rendered":"http:\/\/biblian.is\/videy\/nehemiabok-13-kafli\/"},"modified":"2018-01-02T01:01:11","modified_gmt":"2018-01-02T01:01:11","slug":"nehemiabok-13-kafli","status":"publish","type":"page","link":"https:\/\/biblian.is\/videy\/nehemiabok-13-kafli\/","title":{"rendered":"Nehem\u00edab\u00f3k 13. kafli"},"content":{"rendered":"<div class=\"fyrirsognVidey\">Framandi sem \u00e1\u00f0ur h\u00f6f\u00f0u teki\u00f0 \u00fe\u00e1tt \u00ed gu\u00f0sd\u00fdrkuninni me\u00f0 Gy\u00f0ingum var viki\u00f0 burt, og \u00fdmisleg lagabrot aftekin.<\/div>\n<p><a name=\"1\"><span class=\"versanumer\">1<\/span><\/a>\u00c1 sama degi var lesi\u00f0 \u00ed M\u00f3sisb\u00f3k a\u00f0 \u00f6llum l\u00fd\u00f0num \u00e1heyrandi, og fannst \u00ed henni skrifa\u00f0 a\u00f0 hv\u00f6rki M\u00f3ab\u00edtar n\u00e9 Ammon\u00edtar, <span class='VideyAth'>c)<\/span> skyldu koma \u00ed s\u00f6fnu\u00f0 Gu\u00f0s til eil\u00edf\u00f0ar,<a name=\"2\"><span class=\"versanumer\">2<\/span><\/a>vegna \u00feess a\u00f0 \u00feeir ekki h\u00f6f\u00f0u vilja\u00f0 koma me\u00f0 brau\u00f0 og vatn til ni\u00f0ja \u00cdsraels, og h\u00f6f\u00f0u keypt B\u00edleam til a\u00f0 b\u00f6lva \u00feeim; en Gu\u00f0 vor sneri b\u00f6lvan \u00feeirra \u00ed blessun.<a name=\"3\"><span class=\"versanumer\">3<\/span><\/a>En \u00fea\u00f0 ske\u00f0i, a\u00f0 \u00feegar menn heyr\u00f0u l\u00f6gm\u00e1li\u00f0, \u00fe\u00e1 t\u00f3k s\u00e9rhv\u00f6r \u00fatlendur sig fr\u00e1 \u00cdsraelsm\u00f6nnum.<a name=\"4\"><span class=\"versanumer\">4<\/span><\/a>Fyrir \u00fe\u00e1 <span class='VideyAth'>d)<\/span> haf\u00f0i presturinn Eliasib teki\u00f0 herbergi \u00ed Gu\u00f0s h\u00fasi handa fr\u00e6nda Tobia,<a name=\"5\"><span class=\"versanumer\">5<\/span><\/a>og gj\u00f6rt honum st\u00f3rt herbergi, og \u00fear h\u00f6f\u00f0u menn l\u00e1ti\u00f0 <span class='VideyAth'>(\u00e1\u00f0ur)<\/span> g\u00e1fur, og reykelsi og t\u00edundir af korni, n\u00fdju v\u00edni og vi\u00f0smj\u00f6ri, tekjur Lev\u00edtanna, s\u00f6ngvaranna og dyravar\u00f0anna og upplyftingarf\u00f3rnir prestanna.<a name=\"6\"><span class=\"versanumer\">6<\/span><\/a>En \u00e1 me\u00f0an \u00feetta t\u00ed\u00f0ka\u00f0ist, var eg ekki \u00ed Jer\u00fasalem; \u00fev\u00ed \u00e1 \u00fer\u00edtugasta og \u00f6\u00f0ru \u00e1ri Artaxerxis k\u00f3ngs \u00ed Babylon, kom eg til k\u00f3ngsins, og \u00ed enda \u00e1rsins bar eg b\u00e6n m\u00edna upp fyrir k\u00f3nginn;<a name=\"7\"><span class=\"versanumer\">7<\/span><\/a>og svo kom eg til Jer\u00fasalem, og komst a\u00f0 \u00fev\u00ed illa, sem Eliasib haf\u00f0i gj\u00f6rt fyrir Tob\u00eda, a\u00f0 hann haf\u00f0i l\u00e1ti\u00f0 gj\u00f6ra honum herbergi \u00ed forgar\u00f0i Gu\u00f0s h\u00fass.<a name=\"8\"><span class=\"versanumer\">8<\/span><\/a>M\u00e9r misl\u00edka\u00f0i \u00fea\u00f0 mj\u00f6g og kasta\u00f0i eg \u00f6llum kerum sem voru \u00ed herbergi Tob\u00eda \u00fat \u00far herberginu,<a name=\"9\"><span class=\"versanumer\">9<\/span><\/a>og bau\u00f0 a\u00f0 menn skyldu hreinsa \u00fea\u00f0, og bar s\u00ed\u00f0an inn kerin, matf\u00f3rnirnar og reykelsi\u00f0. <br \/><a name=\"10\"><span class=\"versanumer\">10<\/span><\/a>Eg f\u00e9kk l\u00edka a\u00f0 vita a\u00f0 skerfur Lev\u00edtanna ekki var greiddur og a\u00f0 \u00feeir voru fl\u00fanir \u00fat \u00e1 lendur s\u00ednar; Lev\u00edtarnir og s\u00f6ngvararnir, sem \u00e1ttu a\u00f0 g\u00e6ta \u00fej\u00f3nustunnar.<a name=\"11\"><span class=\"versanumer\">11<\/span><\/a>Eg deildi \u00fe\u00e1 \u00e1 forst\u00f6\u00f0umennina, og sag\u00f0i: hv\u00f6rs vegna er Gu\u00f0s h\u00fas yfirgefi\u00f0? og setti \u00fe\u00e1 \u00e1 sinn sta\u00f0.<a name=\"12\"><span class=\"versanumer\">12<\/span><\/a>Og allur J\u00fadalands l\u00fd\u00f0ur kom me\u00f0 s\u00ednar t\u00edundir: korn, n\u00fdtt v\u00edn og vi\u00f0smj\u00f6r til for\u00f0ab\u00faranna.<a name=\"13\"><span class=\"versanumer\">13<\/span><\/a>Og eg setti umsj\u00f3narmenn yfir for\u00f0ab\u00farin, Selemia prest, og Sadok \u00feann skriftl\u00e6r\u00f0a, og af Lev\u00edtunum Pedaia, og Hanan, til \u00feess a\u00f0 hann v\u00e6ri \u00feeim vi\u00f0 h\u00f6nd; \u00fev\u00ed a\u00f0 \u00feeir voru \u00e1litnir tr\u00fair, og \u00feeim l\u00e1 \u00fea\u00f0 \u00e1 her\u00f0um a\u00f0 skipta \u00e1 milli br\u00e6\u00f0ra sinna.<a name=\"14\"><span class=\"versanumer\">14<\/span><\/a>\u00deenk til m\u00edn \u00feess vegna, Gu\u00f0 minn! svo a\u00f0 ekki a\u00f0 engu ver\u00f0i g\u00f3\u00f0verk \u00feau sem eg hefi gj\u00f6rt vi\u00f0 h\u00fas Gu\u00f0s m\u00edns og g\u00e6slu hans <span class='VideyAth'>(\u00fej\u00f3nustu)<\/span>. <br \/><a name=\"15\"><span class=\"versanumer\">15<\/span><\/a>Um s\u00f6mu mundir s\u00e1 eg, a\u00f0 J\u00fadalandsmenn tr\u00f3\u00f0u v\u00edn\u00fer\u00fagu <span class='VideyAth'>a)<\/span> \u00e1 hv\u00edldard\u00f6gum, og komu til Jer\u00fasalem \u00e1 hv\u00edldard\u00f6gum me\u00f0 asna klyfja\u00f0a \u00feungum klyfjum, me\u00f0 v\u00edni, v\u00ednberjum og f\u00edkjum og alls lags klyfjum, og eg \u00e1v\u00edta\u00f0i \u00feann har\u00f0lega, sem seldi f\u00e6\u00f0una.<a name=\"16\"><span class=\"versanumer\">16<\/span><\/a>L\u00edka bjuggu \u00fear menn fr\u00e1 T\u00fdrusborg, sem fluttu \u00feanga\u00f0 fisk og alls lags varning og seldu \u00e1 hv\u00edldard\u00f6gum til innb\u00faa J\u00fadalands og Jer\u00fasalems.<a name=\"17\"><span class=\"versanumer\">17<\/span><\/a>\u00de\u00e1 deildi eg \u00e1 h\u00f6f\u00f0ingja J\u00fadalands og sag\u00f0i vi\u00f0 \u00fe\u00e1: hv\u00edl\u00edkt er \u00fea\u00f0 vonskuverk, sem \u00fe\u00e9r a\u00f0hafist, og vanhelgi\u00f0 hv\u00edldardaginn \u00fear me\u00f0!<a name=\"18\"><span class=\"versanumer\">18<\/span><\/a>Hafa ekki forfe\u00f0ur vorir svona breytt og Gu\u00f0 \u00feess vegna l\u00e1ti\u00f0 allt \u00feetta illa koma yfir oss og \u00feessa borg? og auki\u00f0 \u00fe\u00e9r ekki grimmdarrei\u00f0i <span class='VideyAth'>(hans)<\/span> gegn \u00cdsrael, me\u00f0 \u00fev\u00ed a\u00f0 vanhelga hv\u00edldardaginn?<a name=\"19\"><span class=\"versanumer\">19<\/span><\/a>Og \u00fea\u00f0 ske\u00f0i \u00feegar myrkt var \u00ed borgarhli\u00f0um Jer\u00fasalems \u00e1 undan hv\u00edldardeginum <span class='VideyAth'>b)<\/span>, \u00fe\u00e1 bau\u00f0 eg a\u00f0 hli\u00f0in skyldu l\u00e6sast og a\u00f0 menn skyldu ekki upplj\u00faka \u00feeim til hv\u00edldardagsins, og nokkra af sveinum m\u00ednum setti eg vi\u00f0 borgarhli\u00f0in til \u00feess a\u00f0 engar byr\u00f0ar skyldu berast \u00fear innum \u00e1 hv\u00edldardeginum.<a name=\"20\"><span class=\"versanumer\">20<\/span><\/a>\u00de\u00e1 ur\u00f0u verslunarmennirnir og s\u00f6lumennirnir a\u00f0 n\u00e1tta me\u00f0 alls lags varningi fyrir utan Jer\u00fasalem. \u00deetta ske\u00f0i einu sinni e\u00f0a tvisvar.<a name=\"21\"><span class=\"versanumer\">21<\/span><\/a>Og eg tala\u00f0i til \u00feeirra alvarlega og sag\u00f0i: hv\u00f6rs vegna n\u00e1ttu\u00f0u\u00f0 \u00fe\u00e9r fyrir utan borgarveggi? ef \u00fe\u00e9r gj\u00f6ri\u00f0 \u00fea\u00f0 oftar, legg eg hendur \u00e1 y\u00f0ur! upp fr\u00e1 \u00fev\u00ed komu \u00feeir ekki \u00e1 hv\u00edldardegi. V.<a name=\"22\"><span class=\"versanumer\">22<\/span><\/a>S\u00ed\u00f0an bau\u00f0 eg Lev\u00edtunum, a\u00f0 \u00feeir skyldu hreinsa sig og koma s\u00ed\u00f0an til a\u00f0 halda v\u00f6r\u00f0 vi\u00f0 borgarhli\u00f0in, til \u00feess a\u00f0 helga hv\u00edldardaginn. \u00deenktu l\u00edka \u00feess vegna til m\u00edn, Gu\u00f0 minn! og \u00feyrm m\u00e9r vegna \u00feinnar miklu miskunnsemi. <br \/><a name=\"23\"><span class=\"versanumer\">23<\/span><\/a>L\u00edka s\u00e1 eg um s\u00f6mu mundir a\u00f0 Gy\u00f0ingar h\u00f6f\u00f0u s\u00e9r konur teki\u00f0 fr\u00e1 Asdod, Ammon\u00edta og M\u00f3ab\u00edtalandi;<a name=\"24\"><span class=\"versanumer\">24<\/span><\/a>og synir \u00feeirra t\u00f6lu\u00f0u a\u00f0 h\u00e1lfu leyti Asdods m\u00e1l, og g\u00e1tu ekki <span class='VideyAth'>(hreint)<\/span> Gy\u00f0ingam\u00e1l tala\u00f0, heldur <span class='VideyAth'>(bjaga\u00f0)<\/span> eftir \u00feessarar e\u00f0a annarrar <span class='VideyAth'>(\u00fatlendrar)<\/span> \u00fej\u00f3\u00f0ar m\u00e1li.<a name=\"25\"><span class=\"versanumer\">25<\/span><\/a>Og eg deildi \u00e1 \u00fe\u00e1 og ba\u00f0 \u00feeim b\u00f6lb\u00e6na, og sl\u00f3 nokkra af \u00feeim, h\u00e1rreytti \u00fe\u00e1, og lag\u00f0i fyrir \u00fe\u00e1 svol\u00e1tandi ei\u00f0: \u00fe\u00e9r skulu\u00f0 ekki gefa d\u00e6tur y\u00f0ar sonum \u00feeirra, og ekki heldur taka d\u00e6tur \u00feeirra handa y\u00f0ar sonum e\u00f0a y\u00f0ur sj\u00e1lfum!<a name=\"26\"><span class=\"versanumer\">26<\/span><\/a>Syndga\u00f0i ekki Sal\u00f3mon, k\u00f3ngur \u00cdsraels, h\u00e9r \u00ed? og \u00fe\u00f3 var enginn k\u00f3ngur \u00e1 me\u00f0al \u00feeirra m\u00f6rgu \u00fej\u00f3\u00f0a \u00fev\u00edl\u00edkur sem hann, og elska\u00f0ur var hann af Gu\u00f0i s\u00ednum, og Gu\u00f0 setti hann yfir allan \u00cdsraels l\u00fd\u00f0, og samt leiddu hann \u00fatlendar konur til synda.<a name=\"27\"><span class=\"versanumer\">27<\/span><\/a>Og skyldum v\u00e9r \u00fe\u00e1 l\u00e1ta \u00fea\u00f0 eftir y\u00f0ur, a\u00f0 dr\u00fdgja svo miki\u00f0 illt gegn vorum Gu\u00f0i, a\u00f0 taka \u00fatlendar konur? <br \/><a name=\"28\"><span class=\"versanumer\">28<\/span><\/a>En einn af sonum J\u00f3jada, sonar Eliasibs, \u00e6\u00f0sta prests, haf\u00f0i m\u00e6gst vi\u00f0 Sanballat fr\u00e1 H\u00f3ron <span class='VideyAth'>c)<\/span>. Hann rak eg fr\u00e1 m\u00e9r.<a name=\"29\"><span class=\"versanumer\">29<\/span><\/a>Minnstu \u00feeirra, Gu\u00f0 minn! vegna saurgunar prestastandsins og s\u00e1ttm\u00e1la prestanna og Lev\u00edtanna <span class='VideyAth'>d)<\/span>. <br \/><a name=\"30\"><span class=\"versanumer\">30<\/span><\/a>\u00deannig hreinsa\u00f0i eg \u00fe\u00e1 <span class='VideyAth'>a)<\/span> fr\u00e1 \u00f6llum \u00fatlendingum og lag\u00f0i prestum og Lev\u00edtum \u00e1 her\u00f0ar g\u00e6slu \u00feeirra \u00fej\u00f3nustu, hv\u00f6rjum sitt verk,<a name=\"31\"><span class=\"versanumer\">31<\/span><\/a>og g\u00e1fur til <span class='VideyAth'>(brenni)<\/span>vi\u00f0ar \u00e1 tilsettum t\u00edma, og frumgr\u00f3\u00f0a. Minnstu m\u00edn, Gu\u00f0 minn! til g\u00f3\u00f0s.<\/p>\n<div class=\"footnoteVidey\">V. 4. d. Nefnil. M\u00f3abita og Ammon\u00edta.  V. 15. a. \u00d6ll \u00fer\u00e6lkan \u00e1 m\u00f6nnum og d\u00fdrum var \u00ed M\u00f3sisl\u00f6gum stranglega b\u00f6nnu\u00f0 \u00e1 hv\u00edldard\u00f6gum.  V. 19. b. Hv\u00edldardagurinn eins og a\u00f0rir dagar byrja\u00f0i \u00e1 s\u00f3larlagi og enda\u00f0i \u00e1 s\u00f3larlagi daginn eftir.  V. 20. \u00c1 n\u00e6turnar er kalt \u00ed Gy\u00f0ingalandi.  V. 23. Asdod, ein af helstu borgum Filisteanna.  V. 25. A\u00f0 reita h\u00e1r af \u00f6\u00f0rum var fyrirlitningarmerki.  V. 28. c. H\u00f3ron var borg \u00ed M\u00f3ab\u00edtalandi.  V. 29. d. Prestarnir og Lev\u00edtarnir h\u00f6f\u00f0u gj\u00f6rt \u00feann s\u00e1ttm\u00e1la vi\u00f0 Gu\u00f0, a\u00f0 halda s\u00e9r fr\u00e1 \u00f6llu \u00fev\u00ed sem saurga\u00f0i.  V. 30. a. Gy\u00f0ingana.<\/div>\n","protected":false},"excerpt":{"rendered":"<p>Framandi sem \u00e1\u00f0ur h\u00f6f\u00f0u teki\u00f0 \u00fe\u00e1tt \u00ed gu\u00f0sd\u00fdrkuninni me\u00f0 Gy\u00f0ingum var viki\u00f0 burt, og \u00fdmisleg lagabrot aftekin. 1\u00c1 sama degi var lesi\u00f0 \u00ed M\u00f3sisb\u00f3k a\u00f0 \u00f6llum l\u00fd\u00f0num \u00e1heyrandi, og fannst \u00ed henni skrifa\u00f0 a\u00f0 hv\u00f6rki M\u00f3ab\u00edtar n\u00e9 Ammon\u00edtar, c) skyldu koma \u00ed s\u00f6fnu\u00f0 Gu\u00f0s til eil\u00edf\u00f0ar,2vegna \u00feess a\u00f0 \u00feeir ekki h\u00f6f\u00f0u vilja\u00f0 koma me\u00f0 brau\u00f0 og vatn til ni\u00f0ja \u00cdsraels, og h\u00f6f\u00f0u keypt B\u00edleam til a\u00f0 b\u00f6lva \u00feeim; en Gu\u00f0 vor sneri b\u00f6lvan \u00feeirra \u00ed blessun.3En \u00fea\u00f0 ske\u00f0i, a\u00f0 \u00feegar menn heyr\u00f0u l\u00f6gm\u00e1li\u00f0, \u00fe\u00e1 t\u00f3k s\u00e9rhv\u00f6r \u00fatlendur sig fr\u00e1 \u00cdsraelsm\u00f6nnum.4Fyrir \u00fe\u00e1 d) haf\u00f0i presturinn Eliasib teki\u00f0 herbergi \u00ed Gu\u00f0s h\u00fasi <a href=\"https:\/\/biblian.is\/videy\/nehemiabok-13-kafli\/\"> [&#8230;]<\/a><\/p>\n","protected":false},"author":1,"featured_media":0,"parent":0,"menu_order":0,"comment_status":"open","ping_status":"open","template":"bibliukaflar.php","meta":{"footnotes":""},"class_list":["post-21275","page","type-page","status-publish","hentry"],"_links":{"self":[{"href":"https:\/\/biblian.is\/videy\/wp-json\/wp\/v2\/pages\/21275","targetHints":{"allow":["GET"]}}],"collection":[{"href":"https:\/\/biblian.is\/videy\/wp-json\/wp\/v2\/pages"}],"about":[{"href":"https:\/\/biblian.is\/videy\/wp-json\/wp\/v2\/types\/page"}],"author":[{"embeddable":true,"href":"https:\/\/biblian.is\/videy\/wp-json\/wp\/v2\/users\/1"}],"replies":[{"embeddable":true,"href":"https:\/\/biblian.is\/videy\/wp-json\/wp\/v2\/comments?post=21275"}],"version-history":[{"count":0,"href":"https:\/\/biblian.is\/videy\/wp-json\/wp\/v2\/pages\/21275\/revisions"}],"wp:attachment":[{"href":"https:\/\/biblian.is\/videy\/wp-json\/wp\/v2\/media?parent=21275"}],"curies":[{"name":"wp","href":"https:\/\/api.w.org\/{rel}","templated":true}]}}