{"id":21266,"date":"2018-01-02T01:01:05","date_gmt":"2018-01-02T01:01:05","guid":{"rendered":"http:\/\/biblian.is\/videy\/nehemiabok-4-kafli\/"},"modified":"2018-01-02T01:01:05","modified_gmt":"2018-01-02T01:01:05","slug":"nehemiabok-4-kafli","status":"publish","type":"page","link":"https:\/\/biblian.is\/videy\/nehemiabok-4-kafli\/","title":{"rendered":"Nehem\u00edab\u00f3k 4. kafli"},"content":{"rendered":"<div class=\"fyrirsognVidey\">N\u00e1b\u00faa \u00fej\u00f3\u00f0ir spottast a\u00f0 borgarveggjahle\u00f0slunni, og leitast vi\u00f0 a\u00f0 hindra hana.<\/div>\n<p><a name=\"1\"><span class=\"versanumer\">1<\/span><\/a>Og \u00fea\u00f0 ske\u00f0i \u00feegar Sanballat heyr\u00f0i a\u00f0 v\u00e9r bygg\u00f0um borgarveggina, \u00fe\u00e1 brann hann af rei\u00f0i og eir\u00f0i \u00fev\u00ed mj\u00f6g illa og gj\u00f6r\u00f0i gys a\u00f0 Gy\u00f0ingunum;<a name=\"2\"><span class=\"versanumer\">2<\/span><\/a>og hann m\u00e6lti vi\u00f0 landa s\u00edna og \u00fe\u00e1 voldugu \u00ed Samar\u00edu, hva\u00f0 er \u00fea\u00f0 sem \u00feessir veslings Gy\u00f0ingar hafa fyrir stafni? \u00e1 \u00feeim a\u00f0 leyfast \u00fea\u00f0? munu \u00feeir \u00e6tla a\u00f0 f\u00e6ra sl\u00e1trunarf\u00f3rnir? e\u00f0a aflj\u00faka verkinu \u00ed dag? \u00e6tli \u00feeir gj\u00f6ri lifandi steinana \u00ed \u00f6skuhr\u00fagunni, \u00fear e\u00f0 \u00feeir \u00fe\u00f3 eru brunnir?<a name=\"3\"><span class=\"versanumer\">3<\/span><\/a>Og Tobias, Ammon\u00edti, st\u00f3\u00f0 hj\u00e1 honum, og hann sag\u00f0i: j\u00e1! \u00fea\u00f0 sem \u00feeir byggja, ef a\u00f0 refur stigi \u00e1 \u00fea\u00f0, mundi hann sundra steinum m\u00farveggja \u00feeirra.<a name=\"4\"><span class=\"versanumer\">4<\/span><\/a>Heyr oss, vor Gu\u00f0! hv\u00f6rsu v\u00e9r erum sm\u00e1na\u00f0ir, l\u00e1t sm\u00e1nanir \u00feeirra koma aftur yfir \u00feeirra eigin h\u00f6fu\u00f0, og gj\u00f6r \u00fe\u00e1 hertekna \u00ed landi \u00fatleg\u00f0arinnar.<a name=\"5\"><span class=\"versanumer\">5<\/span><\/a>Hyl ekki misgj\u00f6r\u00f0 \u00feeirra og afm\u00e1 ekki synd \u00feeirra fyrir augum \u00fe\u00ednum, \u00fev\u00ed \u00feeir hafa \u00e1reitt \u00fe\u00e1, sem voru a\u00f0 byggja.<a name=\"6\"><span class=\"versanumer\">6<\/span><\/a>V\u00e9r bygg\u00f0um n\u00fa alla borgarveggina og var n\u00fa \u00f6llum veggjunum loki\u00f0, allt a\u00f0 helmingi. F\u00f3lki\u00f0 haf\u00f0i g\u00f3\u00f0an hug \u00e1 verkinu.<br \/><a name=\"7\"><span class=\"versanumer\">7<\/span><\/a>Og \u00fea\u00f0 ske\u00f0i \u00feegar a\u00f0 Sanballat og Tobia \u00e1samt me\u00f0 Arab\u00edum\u00f6nnum, Ammon\u00edtum og \u00feeim fr\u00e1 Asdod heyr\u00f0u, a\u00f0 Jer\u00fasalemsm\u00farveggir aftur voru uppbygg\u00f0ir og a\u00f0 sk\u00f6r\u00f0in t\u00f3ku a\u00f0 byrgjast, \u00fe\u00e1 ur\u00f0u \u00feeir mj\u00f6g rei\u00f0ir,<a name=\"8\"><span class=\"versanumer\">8<\/span><\/a>og \u00feeir t\u00f3ku sig allir saman um a\u00f0 fara og f\u00e6ra Jer\u00fasalem str\u00ed\u00f0 \u00e1 hendur og ey\u00f0ileggja hana.<a name=\"9\"><span class=\"versanumer\">9<\/span><\/a>En v\u00e9r gj\u00f6r\u00f0um b\u00e6n vora til Gu\u00f0s vors og h\u00e9ldum v\u00f6r\u00f0 n\u00f3tt og dag m\u00f3ti \u00feeim.<a name=\"10\"><span class=\"versanumer\">10<\/span><\/a>N\u00fa s\u00f6g\u00f0u Gy\u00f0ingarnir: kraftar \u00feeirra er bera, veikjast og r\u00fastirnar eru miklar; v\u00e9r getum ekki byggt borgarveggina.<a name=\"11\"><span class=\"versanumer\">11<\/span><\/a>En \u00f3vinir vorir s\u00f6g\u00f0u: ekki skulu \u00feeir vita \u00fea\u00f0, og ekki sj\u00e1 \u00fea\u00f0, fyrr en v\u00e9r erum mitt \u00e1 me\u00f0al \u00feeirra og brytjum \u00fe\u00e1 ni\u00f0ur \u00ed str\u00e1 og gj\u00f6rum enda \u00e1 verkinu.<a name=\"12\"><span class=\"versanumer\">12<\/span><\/a>En me\u00f0 \u00fev\u00ed a\u00f0 Gy\u00f0ingarnir, sem bjuggu \u00ed grennd vi\u00f0 \u00fe\u00e1, komu og s\u00f6g\u00f0u okkur t\u00edusinnum fr\u00e1 \u00f6llum st\u00f6\u00f0um, hva\u00f0an \u00feeir \u00e6tlu\u00f0u a\u00f0 sn\u00faast \u00e1 m\u00f3ti oss.<a name=\"13\"><span class=\"versanumer\">13<\/span><\/a>\u00de\u00e1 setta eg fyrir ne\u00f0an \u00e1 vissum sta\u00f0 \u00e1 bakvi\u00f0 borgarvegginn \u00fear sem \u00feurrlent var, \u00fear setti eg f\u00f3lki\u00f0 eftir \u00e6ttkv\u00edslum, me\u00f0 sver\u00f0um s\u00ednum, skotspj\u00f3tum og bogum.<a name=\"14\"><span class=\"versanumer\">14<\/span><\/a>Og eg leit eftir \u00f6llu og gekk fram og sag\u00f0i til enna heldri og yfirmannanna og hins annars af f\u00f3lkinu: ekki skulu \u00fe\u00e9r \u00f3ttast \u00fe\u00e1! minnist heldur Drottins, ens mikla og \u00f3ttalega, og berjist fyrir br\u00e6\u00f0ur y\u00f0ar, sonu y\u00f0ar, konur y\u00f0ar og heimili y\u00f0ar.<br \/><a name=\"15\"><span class=\"versanumer\">15<\/span><\/a>Og \u00fea\u00f0 ske\u00f0i \u00feegar \u00f3vinir vorir heyr\u00f0u \u00fea\u00f0 a\u00f0 oss var kunnugt <span class='VideyAth'>a)<\/span> og a\u00f0 Gu\u00f0 haf\u00f0i \u00f3n\u00fdtt \u00feeirra r\u00e1\u00f0agj\u00f6r\u00f0ir, snerum v\u00e9r oss a\u00f0 \u00fev\u00ed a\u00f0 fullgj\u00f6ra borgarvegginn, hv\u00f6r til sinnar vinnu.<a name=\"16\"><span class=\"versanumer\">16<\/span><\/a>Og \u00fea\u00f0 ske\u00f0i upp fr\u00e1 \u00feessum degi, a\u00f0 helmingur sveina minna st\u00f6rfu\u00f0u a\u00f0 veggjunum, en hinn helmingurinn h\u00e9lt \u00e1 skotspj\u00f3tum, skj\u00f6ldum, bogum og brynjum, en yfirmennirnir st\u00f3\u00f0u \u00e1 bakvi\u00f0 f\u00f3lki\u00f0.<a name=\"17\"><span class=\"versanumer\">17<\/span><\/a>\u00deeir sem bygg\u00f0u m\u00farana og \u00feeir sem settir voru yfir \u00fe\u00e1 sem byr\u00f0ir b\u00e1ru, unnu verk sitt me\u00f0 annarri hendinni, en me\u00f0 hinni h\u00e9ldu \u00feeir \u00e1 skotspj\u00f3ti.<a name=\"18\"><span class=\"versanumer\">18<\/span><\/a>Hv\u00f6r og einn byggingarmannanna var girtur sver\u00f0i og bygg\u00f0u svo, en trumbuslagarinn var hj\u00e1 m\u00e9r.<a name=\"19\"><span class=\"versanumer\">19<\/span><\/a>Og eg sag\u00f0i vi\u00f0 \u00fe\u00e1 heldri, vi\u00f0 yfirmennina og vi\u00f0 hina a\u00f0ra af f\u00f3lkinu: verki\u00f0 er miki\u00f0 og st\u00f3rgert og v\u00e9r h\u00f6fum tv\u00edstra\u00f0 oss um borgarveggina langt hv\u00f6r fr\u00e1 \u00f6\u00f0rum;<a name=\"20\"><span class=\"versanumer\">20<\/span><\/a>hvar helst \u00fe\u00e9r heyri\u00f0 trumbuhlj\u00f3\u00f0i\u00f0, \u00feanga\u00f0 skulu\u00f0 \u00fe\u00e9r safnast; Gu\u00f0 vor mun berjast fyrir oss.<a name=\"21\"><span class=\"versanumer\">21<\/span><\/a>V\u00e9r unnum n\u00fa a\u00f0 verki voru og h\u00e9lt helmingur \u00feeirra \u00e1 skotspj\u00f3tum allt fr\u00e1 morgunro\u00f0ans uppg\u00f6ngu, til \u00feess stj\u00f6rnurnar uppkomu.<a name=\"22\"><span class=\"versanumer\">22<\/span><\/a>S\u00f6mulei\u00f0is sag\u00f0i eg um s\u00f6mu mundir vi\u00f0 f\u00f3lki\u00f0: hv\u00f6r og einn me\u00f0 \u00fej\u00f3num s\u00ednum n\u00e1tti inn \u00ed Jer\u00fasalem, a\u00f0 \u00feeir \u00e1 n\u00e6turnar s\u00e9u oss til varnar, en \u00e1 daginn a\u00f0 vinna;<a name=\"23\"><span class=\"versanumer\">23<\/span><\/a>og ekki f\u00f3r eg n\u00e9 \u00e6ttingjar m\u00ednir, e\u00f0a sveinar m\u00ednir, n\u00e9 var\u00f0menn m\u00ednir, \u00far kl\u00e6\u00f0um vorum, hv\u00f6r og einn haf\u00f0i skotspj\u00f3t sitt og vatnssta\u00f0 <span class='VideyAth'>b)<\/span>.<\/p>\n<div class=\"footnoteVidey\">V. 15. a. Nefnilega: hv\u00f6rnig \u00e1st\u00f3\u00f0.  V. 28. b. Menn pl\u00f6gu\u00f0u a\u00f0 lauga sig \u00e1\u00f0ur en l\u00f6g\u00f0ust til svefns \u00e1 kv\u00f6ldum.<\/div>\n","protected":false},"excerpt":{"rendered":"<p>N\u00e1b\u00faa \u00fej\u00f3\u00f0ir spottast a\u00f0 borgarveggjahle\u00f0slunni, og leitast vi\u00f0 a\u00f0 hindra hana. 1Og \u00fea\u00f0 ske\u00f0i \u00feegar Sanballat heyr\u00f0i a\u00f0 v\u00e9r bygg\u00f0um borgarveggina, \u00fe\u00e1 brann hann af rei\u00f0i og eir\u00f0i \u00fev\u00ed mj\u00f6g illa og gj\u00f6r\u00f0i gys a\u00f0 Gy\u00f0ingunum;2og hann m\u00e6lti vi\u00f0 landa s\u00edna og \u00fe\u00e1 voldugu \u00ed Samar\u00edu, hva\u00f0 er \u00fea\u00f0 sem \u00feessir veslings Gy\u00f0ingar hafa fyrir stafni? \u00e1 \u00feeim a\u00f0 leyfast \u00fea\u00f0? munu \u00feeir \u00e6tla a\u00f0 f\u00e6ra sl\u00e1trunarf\u00f3rnir? e\u00f0a aflj\u00faka verkinu \u00ed dag? \u00e6tli \u00feeir gj\u00f6ri lifandi steinana \u00ed \u00f6skuhr\u00fagunni, \u00fear e\u00f0 \u00feeir \u00fe\u00f3 eru brunnir?3Og Tobias, Ammon\u00edti, st\u00f3\u00f0 hj\u00e1 honum, og hann sag\u00f0i: j\u00e1! \u00fea\u00f0 sem \u00feeir byggja, ef a\u00f0 <a href=\"https:\/\/biblian.is\/videy\/nehemiabok-4-kafli\/\"> [&#8230;]<\/a><\/p>\n","protected":false},"author":1,"featured_media":0,"parent":0,"menu_order":0,"comment_status":"open","ping_status":"open","template":"bibliukaflar.php","meta":{"footnotes":""},"class_list":["post-21266","page","type-page","status-publish","hentry"],"_links":{"self":[{"href":"https:\/\/biblian.is\/videy\/wp-json\/wp\/v2\/pages\/21266","targetHints":{"allow":["GET"]}}],"collection":[{"href":"https:\/\/biblian.is\/videy\/wp-json\/wp\/v2\/pages"}],"about":[{"href":"https:\/\/biblian.is\/videy\/wp-json\/wp\/v2\/types\/page"}],"author":[{"embeddable":true,"href":"https:\/\/biblian.is\/videy\/wp-json\/wp\/v2\/users\/1"}],"replies":[{"embeddable":true,"href":"https:\/\/biblian.is\/videy\/wp-json\/wp\/v2\/comments?post=21266"}],"version-history":[{"count":0,"href":"https:\/\/biblian.is\/videy\/wp-json\/wp\/v2\/pages\/21266\/revisions"}],"wp:attachment":[{"href":"https:\/\/biblian.is\/videy\/wp-json\/wp\/v2\/media?parent=21266"}],"curies":[{"name":"wp","href":"https:\/\/api.w.org\/{rel}","templated":true}]}}